{"id":4080,"date":"2022-03-03T13:55:08","date_gmt":"2022-03-03T12:55:08","guid":{"rendered":"http:\/\/mariangorynia.pl\/?page_id=4080"},"modified":"2023-06-06T07:47:56","modified_gmt":"2023-06-06T05:47:56","slug":"publikacje-i-media-dot-rosyjskiej-inwazji-na-ukraine","status":"publish","type":"page","link":"https:\/\/mariangorynia.pl\/?page_id=4080","title":{"rendered":"Publikacje i media dotycz\u0105ce rosyjskiej inwazji na Ukrain\u0119"},"content":{"rendered":"\n<p span=\"\" style=\"color: black\">24 lutego Rosja dokona\u0142a inwazji na Ukrain\u0119. Nad ranem si\u0142y zbrojne Rosji zaatakowa\u0142y granic\u0119 ukrai\u0144sk\u0105 w kilku miejscach. Jak podaj\u0105 agencje zaatakowano punkty kontrolne przy u\u017cyciu m.in. pojazd\u00f3w opancerzonych i wyrzutni rakietowych.<\/p>\n\n\n\n<ul class=\"wp-block-gallery columns-2 is-cropped wp-block-gallery-1 is-layout-flex wp-block-gallery-is-layout-flex\"><li class=\"blocks-gallery-item\"><figure><img loading=\"lazy\" decoding=\"async\" width=\"452\" height=\"364\" src=\"https:\/\/mariangorynia.pl\/wp-content\/uploads\/Zrzut-ekranu-2022-03-04-090848.jpg\" alt=\"\" data-id=\"4100\" data-link=\"https:\/\/mariangorynia.pl\/?attachment_id=4100\" class=\"wp-image-4100\" srcset=\"https:\/\/mariangorynia.pl\/wp-content\/uploads\/Zrzut-ekranu-2022-03-04-090848.jpg 452w, https:\/\/mariangorynia.pl\/wp-content\/uploads\/Zrzut-ekranu-2022-03-04-090848-300x242.jpg 300w, https:\/\/mariangorynia.pl\/wp-content\/uploads\/Zrzut-ekranu-2022-03-04-090848-335x270.jpg 335w\" sizes=\"(max-width: 452px) 100vw, 452px\" \/><\/figure><\/li><li class=\"blocks-gallery-item\"><figure><img loading=\"lazy\" decoding=\"async\" width=\"375\" height=\"454\" src=\"https:\/\/mariangorynia.pl\/wp-content\/uploads\/Zrzut-ekranu-2022-03-04-090757.jpg\" alt=\"\" data-id=\"4101\" data-link=\"https:\/\/mariangorynia.pl\/?attachment_id=4101\" class=\"wp-image-4101\" srcset=\"https:\/\/mariangorynia.pl\/wp-content\/uploads\/Zrzut-ekranu-2022-03-04-090757.jpg 375w, https:\/\/mariangorynia.pl\/wp-content\/uploads\/Zrzut-ekranu-2022-03-04-090757-248x300.jpg 248w, https:\/\/mariangorynia.pl\/wp-content\/uploads\/Zrzut-ekranu-2022-03-04-090757-223x270.jpg 223w\" sizes=\"(max-width: 375px) 100vw, 375px\" \/><\/figure><\/li><\/ul>\n\n\n\n<p span=\"\" style=\"color: black\"><em>Jaka jest skuteczno\u015b\u0107 na\u0142o\u017conych przez Europ\u0119 sankcji na Rosj\u0119? Jakie nast\u0119pstwa to niesie dla europejskiej i \u015bwiatowej gospodarki.<\/em><\/p>\n\n\n\n<p span=\"\" style=\"color: black\">Poni\u017cej opinie prof. Goryni w prasie i mediach:<\/p>\n\n\n\n<ul span style=\"color: black\"><\/li><li>Marian Gorynia, Piotr Tr\u0105pczy\u0144ski, <em>Polscy eksporterzy w obliczu wojny w Ukrainie<\/em>, Rzeczpospolita z dn. 16.09.2022, <a href=\"https:\/\/www.rp.pl\/opinie-ekonomiczne\/art37066841-gorynia-trapczynski-polscy-eksporterzy-w-obliczu-wojny-w-ukrainie\"><strong><span style=\"color: blue\">[czytaj wi\u0119cej na stronie rz.pl]<\/strong><\/a> <a href=\"https:\/\/mariangorynia.pl\/wp-content\/uploads\/RZ_Polscy_eksporterzy_16.09.2022.pdf\"><strong><span style=\"color: blue\">[pobierz]<\/strong><\/a><\/li><li>Marian Gorynia, Piotr Tr\u0105pczy\u0144ski, <em>Pocovidowe przesilenie w cieniu wojny \u2013 konsekwencje dla globalizacji<\/em>, obserwatorfinansowy.pl z dn. 22.08.2022, <a href=\"https:\/\/www.obserwatorfinansowy.pl\/tematyka\/makroekonomia\/trendy-gospodarcze\/pocovidowe-przesilenie-w-cieniu-wojny-konsekwencje-dla-globalizacji\/\"><strong><span style=\"color: blue\">[czytaj wi\u0119cej na stronie obserwatorfinansowy.pl]<\/strong><\/a> <a href=\"https:\/\/mariangorynia.pl\/wp-content\/uploads\/Gorynia_Trapczynski_Pocovidowe_OF_22.08.2022.pdf\"><strong><span style=\"color: blue\">[pobierz]<\/strong><\/a><\/li><li>Marian Gorynia, Piotr Tr\u0105pczy\u0144ski, <em>Pandemia i wojna rw\u0105 \u0142a\u0144cuchy warto\u015bci<\/em>, Rzeczpospolita z dn. 31.05.2022, <a href=\"https:\/\/www.rp.pl\/opinie-ekonomiczne\/art36421511-gorynia-trapczynski-pandemia-i-wojna-rwa-lancuchy-wartosci\"><strong><span style=\"color: blue\">[czytaj wi\u0119cej na stronie RZ.pl]<\/strong><\/a> <a href=\"https:\/\/mariangorynia.pl\/wp-content\/uploads\/Gorynia_Trapczynski_Pandemia_i_wojna_RZ_31.05.2022.pdf\"><strong><span style=\"color: blue\">[pobierz]<\/strong><\/a><\/li><li>Marian Gorynia, Bronis\u0142aw Sitek, <em>P\u0119kni\u0119ta solidarno\u015b\u0107 na rzecz pokoju<\/em>, Rzeczpospolita z dn. 01.05.2022, <a href=\"https:\/\/www.rp.pl\/opinie-ekonomiczne\/art36216721-gorynia-sitek-peknieta-solidarnosc-na-rzecz-pokoju\"><strong><span style=\"color: blue\">[czytaj wi\u0119cej na stronie RZ.pl]<\/strong><\/a> <a href=\"https:\/\/mariangorynia.pl\/wp-content\/uploads\/Gorynia_Sitek_Peknieta_solidarnosc_RZ_1.05.2022.pdf\"><strong><span style=\"color: blue\">[pobierz]<\/strong><\/a><\/li><li><em>Ta wojna zmieni\ndotychczasowe relacje gospodarcze<\/em> rozm. przepr. Maciej Ma\u0142ek, &#8222;Miesi\u0119cznik Finansowy BANK&#8221;, 2022, nr 4, s. 16-19 <strong><a href=\"https:\/\/mariangorynia.pl\/wp-content\/uploads\/Gorynia_WYW_Ta_wojna_zmieni_BANK_2022_16-19.pdf\"><span style=\"color: blue\">[pobierz]<\/a><\/strong><\/li><li>Marian Gorynia, <em>Wojna w Ukrainie i ekonomia<\/em>, obserwatorfinansowy.pl z dn. 14.04.2022, <a href=\"https:\/\/forsal.pl\/gospodarka\/artykuly\/8400095,wojna-w-ukrainie-i-ekonomia.html\"><strong><span style=\"color: blue\">[czytaj wi\u0119cej na stronie obserwatorfinansowy.pl]<\/strong><\/a> <a href=\"https:\/\/mariangorynia.pl\/wp-content\/uploads\/Gorynia_M_Wojna_w_Ukrainie_obserwator_finansowy_2022.pdf\"><strong><span style=\"color: blue\">[pobierz]<\/strong><\/a><\/li><li>Marian Gorynia, <em>Wojenne przebudzenie Zachodu<\/em>, Rzeczpospolita z dn. 09.03.2022, <a href=\"https:\/\/www.rp.pl\/opinie-ekonomiczne\/art35828971-marian-gorynia-wojenne-przebudzenie-zachodu\"><strong><span style=\"color: blue\">[czytaj wi\u0119cej na stronie RZ.pl]<\/strong><\/a> <a href=\"https:\/\/mariangorynia.pl\/wp-content\/uploads\/Gorynia_Wojenne_przebudzenie_RZ_8.03.2022.pdf\"><strong><span style=\"color: blue\">[pobierz]<\/strong><\/a><\/li><li><em>Apel grupy akademik\u00f3w do Prezydenta RP<\/em>, Rzeczpospolita z dn. 07.03.2022, <a href=\"https:\/\/mariangorynia.pl\/wp-content\/uploads\/20220306_RZECZPOSPOLITA_APEL_GRUPY_AKADEMIKO_5504396345_2d201-1-1.pdf\"><strong><span style=\"color: blue\">[pobierz]<\/strong><\/a><\/li><li>Wypowied\u017a prof. Goryni w programie Lustra z dn. 04.03.2022 r., <a href=\"https:\/\/poznan.tvp.pl\/58868822\/co-z-sankcjami-04032022\"><strong><span style=\"color: blue\">[obejrzyj]<\/strong><\/a><\/li><li>Udzia\u0142 prof. Goryni w programie Otwarta Antena w telewizji WTK z dn. 03.03.2022 r., <a href=\"https:\/\/www.youtube.com\/watch?v=6DkFXiT8DB8\"><strong><span style=\"color: blue\">[obejrzyj]<\/strong><\/a><\/li><li>Wypowied\u017a prof. Goryni w programie Puls Dnia w telewizji WTK z dn. 03.03.2022 r., <a href=\"https:\/\/www.youtube.com\/watch?v=qccegJBLS-c&#038;t=1013s\"><strong><span style=\"color: blue\">[obejrzyj]<\/strong><\/a><\/li><li>Marian Gorynia, <em>Jeszcze o sankcjach na Rosj\u0119 [KOMENTARZ]<\/em>, G\u0142os Wielkopolski z dn. 03.03.2022, <a href=\"https:\/\/mariangorynia.pl\/wp-content\/uploads\/Gorynia_Jeszcze_o_sankcjach_G\u0142os_Wlkp_2.03.2022.pdf\"><strong><span style=\"color: blue\">[pobierz]<\/strong><\/a>, fragment artyku\u0142u opublikowany na \u0142amach Biuletynu PTE, nr 1(96), 2022, s. 189 dost\u0119pny <a href=\"https:\/\/mariangorynia.pl\/wp-content\/uploads\/Fragment_z_Glosu_Wlkp._Biuletyn_PTE_2022_s.189.pdf\"><strong><span style=\"color: blue\">[TUTAJ]<\/strong><\/a><\/li><li>Wypowied\u017a prof. Goryni w programie Teleskop z dn. 02.03.2022 r., <a href=\"https:\/\/poznan.tvp.pl\/58814329\/02.03.2022-godz.9:30\"><strong><span style=\"color: blue\">[obejrzyj]<\/strong><\/a><\/li><li>Podcast Forum Dialog Plus &#8211; #12 Wojna to straszne marnowanie zasob\u00f3w gospodarczych pa\u0144stwa, <a href=\"https:\/\/open.spotify.com\/episode\/653iFtlXJXANlyHUYHCiNn\"><strong><span style=\"color: blue\">[obejrzyj]<\/strong><\/a><\/li><li>Marian Gorynia, Bronis\u0142aw Sitek, <em>Uciekinierzy z Ukrainy i co dalej?<\/em>, Rzeczpospolita z dn. 01.03.2022, <a href=\"https:\/\/www.rp.pl\/opinie-ekonomiczne\/art35785791-uciekinierzy-z-ukrainy-i-co-dalej\"><strong><span style=\"color: blue\">[czytaj wi\u0119cej na stronie RZ.pl]<\/strong><\/a> <a href=\"https:\/\/mariangorynia.pl\/wp-content\/uploads\/Gorynia_Sitek_Uciekinierzy_RZ_01.03.2022.pdf\"><strong><span style=\"color: blue\">[pobierz]<\/strong><\/a><\/li><li>Wypowied\u017a prof. Goryni w programie Teleskop z dn. 01.03.2022 r., <a href=\"https:\/\/poznan.tvp.pl\/58800962\/01.03.2022-godz.18:30\"><strong><span style=\"color: blue\">[obejrzyj]<\/strong><\/a><\/li><li><em>Rosja zabezpieczy\u0142a si\u0119 na sankcje Zachodu<\/em> rozm. przepr. Emilia Bromber, &#8222;G\u0142os Wielkopolski&#8221;, 2022, nr 47, s. 2 <strong><a href=\"https:\/\/mariangorynia.pl\/wp-content\/uploads\/Gorynia_WYWIAD_Rosja_zabezpieczyla_Glos_Wlkp_2022.pdf\"><span style=\"color: blue\">[pobierz]<\/a><\/strong><\/li>\n<\/ul>\n","protected":false},"excerpt":{"rendered":"<p>24 lutego Rosja dokona\u0142a inwazji na Ukrain\u0119. Nad ranem si\u0142y zbrojne Rosji zaatakowa\u0142y granic\u0119 ukrai\u0144sk\u0105 w kilku miejscach. Jak podaj\u0105 agencje zaatakowano punkty kontrolne przy u\u017cyciu m.in. pojazd\u00f3w opancerzonych i wyrzutni rakietowych. Jaka jest skuteczno\u015b\u0107 na\u0142o\u017conych przez Europ\u0119 sankcji na&hellip;&nbsp;<a href=\"https:\/\/mariangorynia.pl\/?page_id=4080\" class=\"more-link\">Read More<\/a><\/p>\n","protected":false},"author":1,"featured_media":0,"parent":0,"menu_order":0,"comment_status":"closed","ping_status":"closed","template":"","meta":{"footnotes":""},"class_list":["post-4080","page","type-page","status-publish","hentry"],"_links":{"self":[{"href":"https:\/\/mariangorynia.pl\/index.php?rest_route=\/wp\/v2\/pages\/4080"}],"collection":[{"href":"https:\/\/mariangorynia.pl\/index.php?rest_route=\/wp\/v2\/pages"}],"about":[{"href":"https:\/\/mariangorynia.pl\/index.php?rest_route=\/wp\/v2\/types\/page"}],"author":[{"embeddable":true,"href":"https:\/\/mariangorynia.pl\/index.php?rest_route=\/wp\/v2\/users\/1"}],"replies":[{"embeddable":true,"href":"https:\/\/mariangorynia.pl\/index.php?rest_route=%2Fwp%2Fv2%2Fcomments&post=4080"}],"version-history":[{"count":14,"href":"https:\/\/mariangorynia.pl\/index.php?rest_route=\/wp\/v2\/pages\/4080\/revisions"}],"predecessor-version":[{"id":5107,"href":"https:\/\/mariangorynia.pl\/index.php?rest_route=\/wp\/v2\/pages\/4080\/revisions\/5107"}],"wp:attachment":[{"href":"https:\/\/mariangorynia.pl\/index.php?rest_route=%2Fwp%2Fv2%2Fmedia&parent=4080"}],"curies":[{"name":"wp","href":"https:\/\/api.w.org\/{rel}","templated":true}]}}