{"id":8166,"date":"2024-09-15T11:12:50","date_gmt":"2024-09-15T09:12:50","guid":{"rendered":"https:\/\/mariangorynia.pl\/?page_id=8166"},"modified":"2024-09-15T11:57:57","modified_gmt":"2024-09-15T09:57:57","slug":"archiwum-aktualnosci-z-lat-2017-2019","status":"publish","type":"page","link":"https:\/\/mariangorynia.pl\/?page_id=8166","title":{"rendered":"Archiwum aktualno\u015bci z lat 2017-2019"},"content":{"rendered":"\n<hr class=\"wp-block-separator has-alpha-channel-opacity\"\/>\n\n\n\n<h4 class=\"wp-block-heading\">Nowa publikacja: LES CHANGEMENTS DE LA COMPETITIVITE DE L\u2019ECONOMIE POLONAISE DANS L\u2019ECONOMIE MONDIALE DURANT LA PERIODE 1990-2017<\/h4>\n\n\n\n<p span style=\"color: black\">Ksi\u0105\u017cka &#8222;<em>Pour une recherche \u00e9conomique efficace: 61\u00ba Congr\u00e8s de l\u2019Association Internationale des \u00c9conomistes de Langue Fran\u00e7aise&#8221; <\/em><br>jest podsumowaniem spotkania <a href=\"http:\/\/www.ubo.cl\/aielf\"><span style=\"color: blue\"> Le 61\u00e8me Congr\u00e8s de l&#8217;AIELF<\/a>: <br>&#8222;Pour une Recherche \u00c9conomique Efficace&#8221;, kt\u00f3re odby\u0142o si\u0119 w lipcu ubieg\u0142ego roku w Santiago. <\/p>\n\n\n\n<p span=\"\" style=\"color: black\"> Stowarzyszenie AIELF zrzesza naukowc\u00f3w <br>z dziedziny ekonomii oraz pokrewnych dyscyplin i pracuje nad szerokim rozpowszechnianiem temat\u00f3w badanych przez jego cz\u0142onk\u00f3w, <br>bez ogranicze\u0144 w terenie lub zasi\u0119gu geograficznym. Dzia\u0142ania Stowarzyszenia obejmuj\u0105 zatem organizowanie wydarze\u0144 naukowych, promowanie bada\u0144 z dziedziny ekonomii w j\u0119zyku francuskim.<\/p>\n\n\n\n<p span style=\"color: black\">\n\nW publikacji zaprezentowany zosta\u0142 rozdzia\u0142 autorstwa prof. Mariana Goryni oraz prof. Krzysztofa Malagi: <a href=\"https:\/\/mariangorynia.pl\/wp-content\/uploads\/Gorynia_M_Malaga_K_Les_Changements_de_la_Competitivite_AIELF_2020.pdf\"><strong><span style=\"color: blue\"> Les Changements de la Competitivite de L\u2019economie Polonaise dans L\u2019economie Mondiale Durant la Periode 1990-2017<\/strong><\/a>.\n\n<\/p>\n\n\n\n<figure class=\"wp-block-gallery has-nested-images columns-default is-cropped wp-block-gallery-1 is-layout-flex wp-block-gallery-is-layout-flex\">\n<figure class=\"wp-block-image size-large\"><img loading=\"lazy\" decoding=\"async\" width=\"682\" height=\"1024\" data-id=\"1068\" src=\"https:\/\/mariangorynia.pl\/wp-content\/uploads\/updated_Gorynia_M_Malaga_Krzysztof_Les_Changements_de_la_Competitivite_AIELF_2020-1-1-682x1024.jpg\" alt=\"\" class=\"wp-image-1068\" srcset=\"https:\/\/mariangorynia.pl\/wp-content\/uploads\/updated_Gorynia_M_Malaga_Krzysztof_Les_Changements_de_la_Competitivite_AIELF_2020-1-1-682x1024.jpg 682w, https:\/\/mariangorynia.pl\/wp-content\/uploads\/updated_Gorynia_M_Malaga_Krzysztof_Les_Changements_de_la_Competitivite_AIELF_2020-1-1-200x300.jpg 200w, https:\/\/mariangorynia.pl\/wp-content\/uploads\/updated_Gorynia_M_Malaga_Krzysztof_Les_Changements_de_la_Competitivite_AIELF_2020-1-1-768x1153.jpg 768w, https:\/\/mariangorynia.pl\/wp-content\/uploads\/updated_Gorynia_M_Malaga_Krzysztof_Les_Changements_de_la_Competitivite_AIELF_2020-1-1-180x270.jpg 180w, https:\/\/mariangorynia.pl\/wp-content\/uploads\/updated_Gorynia_M_Malaga_Krzysztof_Les_Changements_de_la_Competitivite_AIELF_2020-1-1.jpg 944w\" sizes=\"(max-width: 682px) 100vw, 682px\" \/><\/figure>\n\n\n\n<figure class=\"wp-block-image size-large\"><img loading=\"lazy\" decoding=\"async\" width=\"682\" height=\"1024\" data-id=\"1064\" src=\"https:\/\/mariangorynia.pl\/wp-content\/uploads\/updated_Gorynia_M_Malaga_Krzysztof_Les_Changements_de_la_Competitivite_AIELF_2020-3-682x1024.jpg\" alt=\"\" class=\"wp-image-1064\" srcset=\"https:\/\/mariangorynia.pl\/wp-content\/uploads\/updated_Gorynia_M_Malaga_Krzysztof_Les_Changements_de_la_Competitivite_AIELF_2020-3-682x1024.jpg 682w, https:\/\/mariangorynia.pl\/wp-content\/uploads\/updated_Gorynia_M_Malaga_Krzysztof_Les_Changements_de_la_Competitivite_AIELF_2020-3-200x300.jpg 200w, https:\/\/mariangorynia.pl\/wp-content\/uploads\/updated_Gorynia_M_Malaga_Krzysztof_Les_Changements_de_la_Competitivite_AIELF_2020-3-768x1153.jpg 768w, https:\/\/mariangorynia.pl\/wp-content\/uploads\/updated_Gorynia_M_Malaga_Krzysztof_Les_Changements_de_la_Competitivite_AIELF_2020-3-180x270.jpg 180w, https:\/\/mariangorynia.pl\/wp-content\/uploads\/updated_Gorynia_M_Malaga_Krzysztof_Les_Changements_de_la_Competitivite_AIELF_2020-3.jpg 944w\" sizes=\"(max-width: 682px) 100vw, 682px\" \/><\/figure>\n<\/figure>\n\n\n\n<p span=\"\" style=\"color: black\">G\u0142\u00f3wnym celem tego artyku\u0142u jest przedstawienie wynik\u00f3w analizy zmian mi\u0119dzynarodowej pozycji konkurencyjnej polskiej gospodarki w stosunku do gospodarki \u015bwiatowej. Okres analizy obejmuje lata 1990\u20132017. Artyku\u0142 ten uwzgl\u0119dnia podstawowe zmiany i najwa\u017cniejsze trendy w internacjonalizacji polskiej gospodarki w wy\u017cej wspomnianym okresie, tzw. Okresie przej\u015bciowym. Te sposoby umi\u0119dzynarodowienia polskiej gospodarki pojawiaj\u0105 si\u0119 w danych globalnych, wzgl\u0119dnych i por\u00f3wnawczych, krzy\u017cowych przep\u0142ywach inwestycji bezpo\u015brednich, towar\u00f3w i us\u0142ug. Analiza koncentruje si\u0119 g\u0142\u00f3wnie na zmianach produktu krajowego brutto Polski, polskim eksporcie i nap\u0142ywach bezpo\u015brednich inwestycji zagranicznych z Polski, polskim imporcie i nap\u0142ywach bezpo\u015brednich inwestycji zagranicznych przybywaj\u0105cych do Polski, ale tak\u017ce na zestawie wska\u017anik\u00f3w wolno\u015bci gospodarczej. <br><br><em>\u017bycz\u0119 mi\u0142ej i owocnej lektury!<\/em><\/p>\n\n\n\n<hr class=\"wp-block-separator has-css-opacity\"\/>\n\n\n\n<h6 class=\"wp-block-heading\">15.12.2019 r.<\/h6>\n\n\n\n<h4 class=\"wp-block-heading\">45th EIBA Annual Conference 2019<\/h4>\n\n\n\n<figure class=\"wp-block-image size-large is-resized\"><img loading=\"lazy\" decoding=\"async\" width=\"576\" height=\"1024\" src=\"https:\/\/mariangorynia.pl\/wp-content\/uploads\/1-1-576x1024.jpg\" alt=\"\" class=\"wp-image-989\" style=\"width:287px;height:auto\" srcset=\"https:\/\/mariangorynia.pl\/wp-content\/uploads\/1-1-576x1024.jpg 576w, https:\/\/mariangorynia.pl\/wp-content\/uploads\/1-1-169x300.jpg 169w, https:\/\/mariangorynia.pl\/wp-content\/uploads\/1-1-768x1365.jpg 768w, https:\/\/mariangorynia.pl\/wp-content\/uploads\/1-1-152x270.jpg 152w\" sizes=\"(max-width: 576px) 100vw, 576px\" \/><\/figure>\n\n\n\n<p span=\"\" style=\"color: black\">W dniach 13-15 grudnia br. odby\u0142a si\u0119 konferencja: 45th EIBA Annual Conference 2019 &#8222;What now? International Business in a Confused World Order&#8221; w University of Leeds, Wielka Brytania.<\/p>\n\n\n\n<p span=\"\" style=\"color: black\">Podczas seminarium zosta\u0142y poruszone tematy zwi\u0105zane z biznesem mi\u0119dzynarodowym i wyzwaniami stoj\u0105cymi przed nim w nowym zmieniaj\u0105cym si\u0119 \u015bwiecie.<\/p>\n\n\n\n<p span=\"\" style=\"color: black\">W\u015br\u00f3d panelist\u00f3w znajdowa\u0142 si\u0119 prof. Marian Gorynia wraz ze wsp\u00f3\u0142autorami: Janem Nowakiem, Piotrem Tr\u0105pczy\u0144skim oraz Rados\u0142awem Wolniakiem zaprezentowali referat pt.: <br>&#8222;Integration and Investment Development Paths of CEE Countries. Does EU-Membership Make a Difference?&#8221;.<\/p>\n\n\n\n<p>Tre\u015b\u0107 referatu &#8211; <strong><a href=\"http:\/\/centaur2.ue.poznan.pl\/mgorynia\/?page_id=154\">tutaj<\/a><\/strong>.<br>Wzmianka o wydarzeniu &#8211; <strong><a href=\"https:\/\/eiba2019.eiba.org\/\">link<\/a><\/strong>. <br>Wzmianka o wydarzeniu na stronie UEP &#8211; <a href=\"https:\/\/ue.poznan.pl\/pl\/uniwersytet,c13\/instytut-gospodarki-miedzynarodowej,c13034\/katedra-konkurencyjnosci-miedzynarodowej,c1985\/aktualnosci,c1992\/grudzien-2019,a91441.html\"><strong>link<\/strong><\/a>.<\/p>\n\n\n\n<hr class=\"wp-block-separator has-css-opacity\"\/>\n\n\n\n<h4 class=\"wp-block-heading\">Rozmowa z prof. Marianem Goryni\u0105<\/h4>\n\n\n\n<figure class=\"wp-block-image size-full is-resized\"><img loading=\"lazy\" decoding=\"async\" width=\"541\" height=\"123\" src=\"https:\/\/mariangorynia.pl\/wp-content\/uploads\/image-1.png\" alt=\"\" class=\"wp-image-965\" style=\"width:266px;height:auto\" srcset=\"https:\/\/mariangorynia.pl\/wp-content\/uploads\/image-1.png 541w, https:\/\/mariangorynia.pl\/wp-content\/uploads\/image-1-300x68.png 300w, https:\/\/mariangorynia.pl\/wp-content\/uploads\/image-1-360x82.png 360w\" sizes=\"(max-width: 541px) 100vw, 541px\" \/><\/figure>\n\n\n\n<p span style=\"color: black\">Na \u0142amach &#8222;Obserwatora Finansowego&#8221; opublikowano rozmow\u0119 z prof. Marianem Goryni\u0105 na temat globalizacji oraz gospodarki rynkowej.<br>Ca\u0142a rozmowa dost\u0119pna jest pod <a href=\"https:\/\/www.obserwatorfinansowy.pl\/tematyka\/handel-bedzie-silniejszy-od-polityki\/\"><strong><span style=\"color: blue\"> tym linkiem<\/strong><\/a>.<\/p>\n\n\n\n<hr class=\"wp-block-separator has-css-opacity\"\/>\n\n\n\n<h6 class=\"wp-block-heading\">5.12.2019 r.<\/h6>\n\n\n\n<h4 class=\"wp-block-heading\">Seminarium  \u201eModele i modelowanie w ekonomii w perspektywie filozoficznej\u201d <\/h4>\n\n\n\n<p span=\"\" style=\"color: black\">5 grudnia 2019 r. odby\u0142o si\u0119 seminarium &#8222;Modele i modelowanie w ekonomii w perspektywie filozoficznej&#8221; w Instytucie Nauk Ekonomicznych Polskiej Akademii Nauk (PAN).<\/p>\n\n\n\n<p span=\"\" style=\"color: black\">Seminarium prezentuje teksty opublikowane w Studiach Ekonomicznych (nr 1-2\/2018), w ca\u0142o\u015bci po\u015bwi\u0119conych analizie modeli i modelowania w ekonomii z wykorzystaniem perspektywy filozofii ekonomii.  <\/p>\n\n\n\n<p span=\"\" style=\"color: black\">W\u015br\u00f3d panelist\u00f3w znajdowa\u0142 si\u0119 prof. Marian Gorynia, kt\u00f3ry zaprezentowa\u0142 wyst\u0105pienie pt.: &#8222;O pi\u0119knie nauk ekonomicznych&#8221;.<\/p>\n\n\n\n<p span style=\"color: black\">Ca\u0142a prezentacja &#8211; <a href=\"https:\/\/www.researchgate.net\/publication\/337856937_O_pieknie_nauk_ekonomicznych_ESEJ\"><strong><span style=\"color: blue\">tutaj<\/strong><\/a>.<br>Wzmianka o wydarzeniu &#8211; <a href=\"http:\/\/inepan.pl\/05-12-2019-seminarium-pt-modele-i-modelowanie-w-ekonomii-w-perspektywie-filozoficznej\/\"><strong><span style=\"color: blue\">link<\/strong><\/a>.<\/p>\n\n\n\n<hr class=\"wp-block-separator has-css-opacity\"\/>\n\n\n\n<h4 class=\"wp-block-heading\">X Kongres Ekonomist\u00f3w Polskich &#8222;Ekonomi\u015bci dla rozwoju&#8221;<\/h4>\n\n\n\n<figure class=\"wp-block-image size-full\"><img loading=\"lazy\" decoding=\"async\" width=\"261\" height=\"127\" src=\"https:\/\/mariangorynia.pl\/wp-content\/uploads\/image.png\" alt=\"\" class=\"wp-image-946\"\/><\/figure>\n\n\n\n<p span=\"\" style=\"color: black\"> X Kongres Ekonomist\u00f3w Polskich, kt\u00f3ry odby\u0142 si\u0119 pod has\u0142em: <em>EKONOMI\u015aCI DLA ROZWOJU<\/em> ukierunkowany by\u0142 na debaty nad istot\u0105 i przyczynami nowych zjawisk w gospodarce \u015bwiatowej, regionalnej i krajowej, z uwzgl\u0119dnieniem wyzwa\u0144 globalnych oraz aspekt\u00f3w prognostycznych. Celem tego Kongresu, podobnie jak poprzednich, jest prezentacja najnowszych wynik\u00f3w bada\u0144 naukowych, wymiana na tym tle pogl\u0105d\u00f3w oraz do\u015bwiadcze\u0144 ekonomist\u00f3w reprezentuj\u0105cych \u015brodowiska naukowc\u00f3w i praktyk\u00f3w, polityk\u00f3w oraz przedstawicieli innych dyscyplin nauki. <br>Jedn\u0105 z os\u00f3b, b\u0119d\u0105c\u0105 w Radzie Programowej by\u0142 profesor Marian Gorynia.<br>W ramach aktywno\u015bci kongresowych:<\/p>\n\n\n\n<ul span style=\"color: black\"><li>pe\u0142ni\u0142 funkcj\u0119 Przewodnicz\u0105cego Rady Programowej Kongresu,<\/li><li>przygotowa\u0142 wraz z Bogus\u0142awem Fiedorem referat pt. <em><a href=\"https:\/\/www.researchgate.net\/publication\/337731360_O_silnych_i_slabych_stronach_wspolczesnych_nauk_ekonomicznych\"><span style=\"color: blue\"> O silnych i s\u0142abych stronach wsp\u00f3\u0142czesnych nauk ekonomicznych<\/a><\/em>, opublikowany w Biuletynie PTE nr 4 (87), 2019,<\/li><li>przygotowa\u0142 wraz z Tomaszem Go\u0142\u0119biowskim, Barbar\u0105 Jankowsk\u0105, Lidi\u0105 Danik, Marlen\u0105 Dzikowsk\u0105 oraz Ma\u0142gorzat\u0105 Lewandowsk\u0105, referat pt: <em><a href=\"https:\/\/www.researchgate.net\/publication\/336374818_ZNACZENIE_POWIAZAN_WEWNETRZNYCH_W_PRZEDSIEBIORSTWIE_MIEDZYNARODOWYM_DLA_SPRAWNOSCI_INNOWACYJNEJ_JEGO_FILII_ZAGRANICZNYCH_PERSPEKTYWA_FILII_ZAGRANICZNYCH_UTWORZONYCH_W_POLSCE\"><span style=\"color: blue\"> Znaczenie powi\u0105za\u0144 wewn\u0119trznych w przedsi\u0119biorstwie mi\u0119dzynarodowym dla sprawno\u015bci innowacyjnej jego filii zagranicznych. Perspektywa filii zagranicznych utworzonych w Polsce<\/a><\/em><\/li><li>przygotowa\u0142 wraz z Ann\u0105 Matysek-J\u0119drych, Katarzyn\u0105 Mroczek-D\u0105browsk\u0105,referat pt. <a href=\"https:\/\/www.researchgate.net\/publication\/337652098_Ekonomiczne_wyzwania_Polski_wobec_Brexitu_X_Kongres_Ekonomistow_Polskich\"><em><span style=\"color: blue\"> Ekonomiczne wyzwania Polski wobec Brexitu<\/em><\/a>,<\/li><li>wsp\u00f3lnie z Bogus\u0142awem Fiedorem moderowa\u0142 sesj\u0119 plenarn\u0105 pt. <em>Fundamentalne problemy w teorii i w praktyce gospodarczej<\/em>,<\/li><li>wsp\u00f3lnie z Bogus\u0142awem Fiedorem moderowa\u0142 panel 1 \u2013 <em><a href=\"https:\/\/www.researchgate.net\/publication\/337731618_X_KONGRES_EKONOMISTOW_POLSKICH_PANEL_1_POMYSLEC_EKONOMIE_NAUKI_EKONOMICZNE_OD_NOWA_MODERATORZY_Boguslaw_Fiedor_Marian_Gorynia\"><span style=\"color: blue\"> Pomy\u015ble\u0107 nauki ekonomiczne od nowa (?)<\/a><\/em><a href=\"https:\/\/www.researchgate.net\/publication\/337731618_X_KONGRES_EKONOMISTOW_POLSKICH_PANEL_1_POMYSLEC_EKONOMIE_NAUKI_EKONOMICZNE_OD_NOWA_MODERATORZY_Boguslaw_Fiedor_Marian_Gorynia\">&nbsp;<\/a>w ramach sesji I:&nbsp;<em>Jednorodno\u015b\u0107 czy pluralizm<\/em>,<\/li><li>uczestniczy\u0142 jako panelista w panelu 5 \u2013 <em>Nauki ekonomiczne \u2013 \u015bcis\u0142e, spo\u0142eczne czy humanistyczne?<\/em>&nbsp;w ramach sesji I:&nbsp;<em>Jednorodno\u015b\u0107 czy pluralizm<\/em>,<\/li><li>wsp\u00f3lnie z Bogus\u0142awem Fiedorem moderowa\u0142 cz\u0119\u015b\u0107 II sesji plenarnej pt. <em>Prezentacja wynik\u00f3w obrad sesji panelowych.<\/em><\/li><\/ul>\n\n\n\n<p span style=\"color: black\">  Wi\u0119cej informacji na stronie <a href=\"https:\/\/kongresekonomistow.pl\/\"><span style=\"color: blue\"> X Kongres Ekonomist\u00f3w Polskich<\/a>. <\/p>\n\n\n\n<hr class=\"wp-block-separator has-css-opacity\"\/>\n\n\n\n<h6 class=\"wp-block-heading\">20.11.2019 r.<\/h6>\n\n\n\n<h4 class=\"wp-block-heading\"> Jubileusz 30-lecia Wielkopolskiej Izby Przemys\u0142owo-Handlowej <\/h4>\n\n\n\n<p span=\"\" style=\"color: black\">W dniu 20 listopada Wielkopolska Izba Przemys\u0142owo-Handlowa \u015bwi\u0119towa\u0142a Jubileusz 30-lecia swojej dzia\u0142alno\u015bci we wn\u0119trzach znakomitej Auli Artis \u2013 Collegium Da Vinci <\/p>\n\n\n\n<figure class=\"wp-block-gallery alignleft has-nested-images columns-default is-cropped wp-block-gallery-2 is-layout-flex wp-block-gallery-is-layout-flex\">\n<figure class=\"wp-block-image\"><img loading=\"lazy\" decoding=\"async\" width=\"508\" height=\"245\" data-id=\"938\" src=\"https:\/\/mariangorynia.pl\/wp-content\/uploads\/logo-WIPH.png\" alt=\"\" class=\"wp-image-938\" srcset=\"https:\/\/mariangorynia.pl\/wp-content\/uploads\/logo-WIPH.png 508w, https:\/\/mariangorynia.pl\/wp-content\/uploads\/logo-WIPH-300x145.png 300w, https:\/\/mariangorynia.pl\/wp-content\/uploads\/logo-WIPH-360x174.png 360w\" sizes=\"(max-width: 508px) 100vw, 508px\" \/><\/figure>\n<\/figure>\n\n\n\n<p span=\"\" style=\"color: black\">Podczas uroczystej gali przedstawiciele Izby wr\u0119czyli wyr\u00f3\u017cnienia za wk\u0142ad <br>i zaanga\u017cowanie w rozw\u00f3j dzia\u0142alno\u015bci Wielkopolskiej Izby Przemys\u0142owo-Handlowej osobom ze \u015bwiata nauki, biznesu, kultury i polityki. Jedno z wyr\u00f3\u017cnie\u0144 otrzyma\u0142 <br>prof. dr hab. Marian Gorynia.<br> <br>Profesor by\u0142 r\u00f3wnie\u017c jednym z panelist\u00f3w na towarzysz\u0105cej jubileuszowi debacie \u201e30 lat przemian gospodarczych w Polsce i na \u015bwiecie&#8221;. <br><\/p>\n\n\n\n<figure class=\"wp-block-gallery has-nested-images columns-3 is-cropped wp-block-gallery-3 is-layout-flex wp-block-gallery-is-layout-flex\">\n<figure class=\"wp-block-image\"><img loading=\"lazy\" decoding=\"async\" width=\"1024\" height=\"683\" data-id=\"933\" src=\"https:\/\/mariangorynia.pl\/wp-content\/uploads\/3F1A2692-1024x683.jpg\" alt=\"\" class=\"wp-image-933\" srcset=\"https:\/\/mariangorynia.pl\/wp-content\/uploads\/3F1A2692-1024x683.jpg 1024w, https:\/\/mariangorynia.pl\/wp-content\/uploads\/3F1A2692-300x200.jpg 300w, https:\/\/mariangorynia.pl\/wp-content\/uploads\/3F1A2692-768x512.jpg 768w, https:\/\/mariangorynia.pl\/wp-content\/uploads\/3F1A2692-360x240.jpg 360w\" sizes=\"(max-width: 1024px) 100vw, 1024px\" \/><\/figure>\n\n\n\n<figure class=\"wp-block-image\"><img loading=\"lazy\" decoding=\"async\" width=\"1024\" height=\"683\" data-id=\"932\" src=\"https:\/\/mariangorynia.pl\/wp-content\/uploads\/3F1A2523-1024x683.jpg\" alt=\"\" class=\"wp-image-932\" srcset=\"https:\/\/mariangorynia.pl\/wp-content\/uploads\/3F1A2523-1024x683.jpg 1024w, https:\/\/mariangorynia.pl\/wp-content\/uploads\/3F1A2523-300x200.jpg 300w, https:\/\/mariangorynia.pl\/wp-content\/uploads\/3F1A2523-768x512.jpg 768w, https:\/\/mariangorynia.pl\/wp-content\/uploads\/3F1A2523-360x240.jpg 360w\" sizes=\"(max-width: 1024px) 100vw, 1024px\" \/><\/figure>\n\n\n\n<figure class=\"wp-block-image\"><img loading=\"lazy\" decoding=\"async\" width=\"1024\" height=\"683\" data-id=\"934\" src=\"https:\/\/mariangorynia.pl\/wp-content\/uploads\/BC7P8263-1024x683.jpg\" alt=\"\" class=\"wp-image-934\" srcset=\"https:\/\/mariangorynia.pl\/wp-content\/uploads\/BC7P8263-1024x683.jpg 1024w, https:\/\/mariangorynia.pl\/wp-content\/uploads\/BC7P8263-300x200.jpg 300w, https:\/\/mariangorynia.pl\/wp-content\/uploads\/BC7P8263-768x512.jpg 768w, https:\/\/mariangorynia.pl\/wp-content\/uploads\/BC7P8263-360x240.jpg 360w\" sizes=\"(max-width: 1024px) 100vw, 1024px\" \/><\/figure>\n\n\n\n<figure class=\"wp-block-image\"><img loading=\"lazy\" decoding=\"async\" width=\"1024\" height=\"683\" data-id=\"935\" src=\"https:\/\/mariangorynia.pl\/wp-content\/uploads\/BC7P8289-1024x683.jpg\" alt=\"\" class=\"wp-image-935\" srcset=\"https:\/\/mariangorynia.pl\/wp-content\/uploads\/BC7P8289-1024x683.jpg 1024w, https:\/\/mariangorynia.pl\/wp-content\/uploads\/BC7P8289-300x200.jpg 300w, https:\/\/mariangorynia.pl\/wp-content\/uploads\/BC7P8289-768x512.jpg 768w, https:\/\/mariangorynia.pl\/wp-content\/uploads\/BC7P8289-360x240.jpg 360w\" sizes=\"(max-width: 1024px) 100vw, 1024px\" \/><\/figure>\n<\/figure>\n\n\n\n<p span style=\"color: black\"> Wi\u0119cej informacji na stronie <a href=\"https:\/\/wiph.pl\/wyroznione\/jubileusz-30-lecia-wielkopolskiej-izby-przemyslowo-handlowej\/\"><span style=\"color: blue\"> Wielkopolskiej Izby Przemys\u0142owo-Handlowej<\/a>. <\/p>\n\n\n\n<hr class=\"wp-block-separator has-css-opacity\"\/>\n\n\n\n<h6 class=\"wp-block-heading\">01.10.2019 r.<\/h6>\n\n\n\n<h4 class=\"wp-block-heading\">Prof. dr hab. Marian Gorynia z tytu\u0142em Honorowego Profesora Uniwersytetu Warmi\u0144sko-Mazurskiego w Olsztynie <\/h4>\n\n\n\n<p span=\"\" style=\"color: black\">W Centrum Konferencyjnym UWM w niezwykle uroczystej oprawie odby\u0142a si\u0119 inauguracja roku akademickiego 2019\/2020. <br>Gal\u0119 rozpocz\u0105\u0142 Jego Magnificencja Rektor UWM prof. Ryszard G\u00f3recki, kt\u00f3ry podkre\u015bli\u0142,  <br>\u017ce Uniwersytet rozpocz\u0105\u0142 w\u0142a\u015bnie trzeci\u0105 dekad\u0119 swojej dzia\u0142alno\u015bci.   Wa\u017cnym punktem programu uroczysto\u015bci by\u0142y \u015blubowania sk\u0142adane rozpoczynaj\u0105cych nauk\u0119 student\u00f3w studi\u00f3w dziennych, magistr\u00f3w rozpoczynaj\u0105cych studia doktorskie oraz doktor\u00f3w rozpoczynaj\u0105cych pisanie habilitacji. Rektor uroczy\u015bcie pasowa\u0142 po jednym przedstawicielu ka\u017cdego z wydzia\u0142\u00f3w.  <br>Wyk\u0142ad inauguracyjny pt. \u201eDlaczego nauki ekonomiczne s\u0105 fascynuj\u0105ce?&#8221; wyg\u0142osi\u0142 prof. dr. hab. Marian Gorynia z Uniwersytetu Ekonomicznego w Poznaniu, kt\u00f3ry w trakcie inauguracji otrzyma\u0142 tytu\u0142 profesora honorowego UWM. <\/p>\n\n\n\n<figure class=\"wp-block-image size-large is-resized\"><img loading=\"lazy\" decoding=\"async\" width=\"751\" height=\"1024\" src=\"https:\/\/mariangorynia.pl\/wp-content\/uploads\/dyplom-1-751x1024.jpg\" alt=\"\" class=\"wp-image-929\" style=\"width:265px;height:auto\" srcset=\"https:\/\/mariangorynia.pl\/wp-content\/uploads\/dyplom-1-751x1024.jpg 751w, https:\/\/mariangorynia.pl\/wp-content\/uploads\/dyplom-1-220x300.jpg 220w, https:\/\/mariangorynia.pl\/wp-content\/uploads\/dyplom-1-768x1048.jpg 768w, https:\/\/mariangorynia.pl\/wp-content\/uploads\/dyplom-1-198x270.jpg 198w\" sizes=\"(max-width: 751px) 100vw, 751px\" \/><\/figure>\n\n\n\n<p>Wi\u0119cej informacji na \u0142amach czasopisma <a href=\"http:\/\/www.uwm.edu.pl\/sites\/default\/files\/wiad-uniwer\/2019\/wu-2019-10.pdf\">&#8222;Wiadomo\u015bci Uniwersyteckich&#8221;<\/a>.<\/p>\n\n\n\n<p><strong>Wzmianki o uroczysto\u015bci:<\/strong><br>Wzmianka w Gazecie Wyborczej <a href=\"https:\/\/olsztyn.wyborcza.pl\/olsztyn\/7,48726,25258683,20-inauguracja-roku-akademickiego-na-uwm.html?disableRedirects=true\">LINK<\/a><br>Program uroczysto\u015bci w eGazeta UWM <a href=\"http:\/\/www.uwm.edu.pl\/egazeta\/inauguracja-roku-akademickiego-20192020\">LINK<\/a><br>Artyku\u0142 w Gazecie Olszty\u0144skiej <a href=\"http:\/\/gazetaolsztynska.pl\/609529,Nowy-rok-akademicki-zainaugurowany-ZDJECIA.html\">LINK<\/a><\/p>\n\n\n\n<div class=\"wp-block-file\"><a id=\"wp-block-file--media-b5bffb6a-2a9f-4d19-864d-3a1ef2ac5bf7\" href=\"https:\/\/mariangorynia.pl\/wp-content\/uploads\/Gorynia_Dlaczego_nauki_ekon_OLSZTYN_01.10.2019-1.pdf\">Gorynia_Dlaczego_nauki_ekon_OLSZTYN_01.10.2019 (1)<\/a><a href=\"https:\/\/mariangorynia.pl\/wp-content\/uploads\/Gorynia_Dlaczego_nauki_ekon_OLSZTYN_01.10.2019-1.pdf\" class=\"wp-block-file__button wp-element-button\" download aria-describedby=\"wp-block-file--media-b5bffb6a-2a9f-4d19-864d-3a1ef2ac5bf7\">Pobierz<\/a><\/div>\n\n\n\n<hr class=\"wp-block-separator has-css-opacity\"\/>\n\n\n\n<h6 class=\"wp-block-heading\">25.06.2019 r.<\/h6>\n\n\n\n<h4 class=\"wp-block-heading\">Prof. dr hab. Marian Gorynia, prof. zw. UEP zosta\u0142 wybrany wiceprzewodnicz\u0105cym Rady Doskona\u0142o\u015bci Naukowej.  <\/h4>\n\n\n\n<p span=\"\" style=\"color: black\">T\u0119 funkcj\u0119 b\u0119dzie pe\u0142ni\u0107 razem z prof. dr. hab. Bogus\u0142awem Buszewskim <br>z UMK w Toruniu. Radzie b\u0119dzie przewodniczy\u0107 prof. dr hab. Grzegorz W\u0119grzyn z Uniwersytetu Gda\u0144skiego. Inauguracyjne posiedzenie Rady odby\u0142o si\u0119 25 czerwca 2019 roku. <\/p>\n\n\n\n<p span=\"\" style=\"color: black\">Pierwsza kadencja Rady rozpocz\u0119\u0142a si\u0119 1 czerwca br. Organ ma dba\u0107 o rozw\u00f3j kadry naukowej, mi\u0119dzy innymi przez zapewnienie najwy\u017cszych standard\u00f3w jako\u015bci dzia\u0142alno\u015bci naukowej wymaganych <br>do uzyskania stopni naukowych, stopni w zakresie sztuki i tytu\u0142u profesora. <\/p>\n\n\n\n<p span=\"\" style=\"color: black\">Rad\u0119 Doskona\u0142o\u015bci Naukowej powo\u0142a\u0142a do \u017cycia nowa ustawa Prawo <br>o szkolnictwie wy\u017cszym i nauce. Wcze\u015bniej obszar jej dzia\u0142ania regulowa\u0142a Centralna Komisja ds.&nbsp;Stopni i&nbsp;Tytu\u0142\u00f3w. <\/p>\n\n\n\n<p span style=\"color: black\">Wi\u0119cej informacji na temat dzia\u0142alno\u015bci Rady Doskona\u0142o\u015bci Naukowej <br>po adresem: <a href=\"https:\/\/konstytucjadlanauki.gov.pl\/rdn\"><span style=\"color: blue\"> https:\/\/konstytucjadlanauki.gov.pl\/rdn<\/a><\/p>\n\n\n\n<hr class=\"wp-block-separator has-css-opacity\"\/>\n\n\n\n<h6 class=\"wp-block-heading\">27.06.2019 r.<\/h6>\n\n\n\n<h4 class=\"wp-block-heading\">Academy of International Business 2019 &#8211; Annual Meeting <\/h4>\n\n\n\n<figure class=\"wp-block-image size-full is-resized\"><img loading=\"lazy\" decoding=\"async\" width=\"337\" height=\"239\" src=\"https:\/\/mariangorynia.pl\/wp-content\/uploads\/image-5.png\" alt=\"\" class=\"wp-image-974\" style=\"width:185px;height:auto\" srcset=\"https:\/\/mariangorynia.pl\/wp-content\/uploads\/image-5.png 337w, https:\/\/mariangorynia.pl\/wp-content\/uploads\/image-5-300x213.png 300w\" sizes=\"(max-width: 337px) 100vw, 337px\" \/><\/figure>\n\n\n\n<p span style=\"color: black\">W dniach 24-27 czerwca 2019 odby\u0142a si\u0119 konferencja: Academy of International Business 2019 &#8211; Annual Meeting. Zebrani go\u015bcie spotkali si\u0119 w Copenhagen Business School.<br>Jednym z go\u015bci by\u0142 prof. Marian Gorynia, kt\u00f3ry wyg\u0142osi\u0142 prezentacje wraz z wsp\u00f3\u0142autorem Piotrem Tr\u0105pczy\u0144skim. <br>Ca\u0142a prezentacja dost\u0119pna pod <a href=\"https:\/\/www.researchgate.net\/publication\/334130643_Panel_Challenges_for_Innovation_Cooperation_in_the_CEE_region_Business_and_Academia_perspective\"><strong><span style=\"color: blue\"> tym linkiem<\/strong><\/a>.<br><\/p>\n\n\n<div class=\"wp-block-image\">\n<figure class=\"aligncenter size-large is-resized\"><img loading=\"lazy\" decoding=\"async\" width=\"1024\" height=\"768\" src=\"https:\/\/mariangorynia.pl\/wp-content\/uploads\/DSC_1215-1024x768.jpg\" alt=\"\" class=\"wp-image-969\" style=\"width:446px;height:auto\" srcset=\"https:\/\/mariangorynia.pl\/wp-content\/uploads\/DSC_1215-1024x768.jpg 1024w, https:\/\/mariangorynia.pl\/wp-content\/uploads\/DSC_1215-300x225.jpg 300w, https:\/\/mariangorynia.pl\/wp-content\/uploads\/DSC_1215-768x576.jpg 768w, https:\/\/mariangorynia.pl\/wp-content\/uploads\/DSC_1215-360x270.jpg 360w\" sizes=\"(max-width: 1024px) 100vw, 1024px\" \/><\/figure><\/div>\n\n\n<p span style=\"color: black\"> Wi\u0119cej informacji o wydarzeniu pod <a href=\"https:\/\/aib.msu.edu\/events\/2019\/\"><strong><span style=\"color: blue\"> tym linkiem<\/strong><\/a>.<\/p>\n\n\n\n<hr class=\"wp-block-separator has-css-opacity\"\/>\n\n\n\n<h6 class=\"wp-block-heading\">29.05.2019 r.<\/h6>\n\n\n\n<figure class=\"wp-block-image size-large is-resized\"><img loading=\"lazy\" decoding=\"async\" width=\"1024\" height=\"170\" src=\"https:\/\/mariangorynia.pl\/wp-content\/uploads\/image-6-1024x170.png\" alt=\"\" class=\"wp-image-976\" style=\"width:632px;height:auto\" srcset=\"https:\/\/mariangorynia.pl\/wp-content\/uploads\/image-6-1024x170.png 1024w, https:\/\/mariangorynia.pl\/wp-content\/uploads\/image-6-300x50.png 300w, https:\/\/mariangorynia.pl\/wp-content\/uploads\/image-6-768x128.png 768w, https:\/\/mariangorynia.pl\/wp-content\/uploads\/image-6-360x60.png 360w, https:\/\/mariangorynia.pl\/wp-content\/uploads\/image-6.png 1046w\" sizes=\"(max-width: 1024px) 100vw, 1024px\" \/><\/figure>\n\n\n\n<h4 class=\"wp-block-heading\">Le 61eme Congres de L&#8217;AIELF<\/h4>\n\n\n\n<p span style=\"color: black\"> W dniach 27-29 maja 2019 odby\u0142a si\u0119 konferencja: Le 61eme Congres de L&#8217;AIELF. Zebrani go\u015bcie spotkali si\u0119 w Santiago w Chile.<br>Jednym z go\u015bci by\u0142 prof. Marian Gorynia, kt\u00f3ry wyg\u0142osi\u0142 prezentacje wraz z wsp\u00f3\u0142autorem prof. Krzysztofem Malag\u0105. <br>Ca\u0142a prezentacja dost\u0119pna pod <a href=\"https:\/\/www.researchgate.net\/publication\/333507947_Les_changements_de_la_competitivite_de_l'economie_polonaise_dans_l'economie_mondiale_durant_la_periode_1990-2017\"><strong><span style=\"color: blue\"> tym linkiem<\/strong><\/a>.<\/p>\n\n\n<div class=\"wp-block-image\">\n<figure class=\"aligncenter size-large is-resized\"><img loading=\"lazy\" decoding=\"async\" width=\"1024\" height=\"498\" src=\"https:\/\/mariangorynia.pl\/wp-content\/uploads\/20190527_181002-1024x498.jpg\" alt=\"\" class=\"wp-image-978\" style=\"width:556px;height:auto\" srcset=\"https:\/\/mariangorynia.pl\/wp-content\/uploads\/20190527_181002-1024x498.jpg 1024w, https:\/\/mariangorynia.pl\/wp-content\/uploads\/20190527_181002-300x146.jpg 300w, https:\/\/mariangorynia.pl\/wp-content\/uploads\/20190527_181002-768x373.jpg 768w, https:\/\/mariangorynia.pl\/wp-content\/uploads\/20190527_181002-360x175.jpg 360w\" sizes=\"(max-width: 1024px) 100vw, 1024px\" \/><\/figure><\/div>\n\n\n<p span style=\"color: black\">Wi\u0119cej informacji o wydarzeniu pod <a href=\"http:\/\/www.ubo.cl\/aielf\/#bienvenue\"><strong><span style=\"color: blue\"> tym linkiem<\/strong><\/a>.<\/p>\n\n\n\n<hr class=\"wp-block-separator has-css-opacity\"\/>\n\n\n\n<h6 class=\"wp-block-heading\">10.05.2019 r.<\/h6>\n\n\n\n<h4 class=\"wp-block-heading\">International Conference World Economy 2019: <br>&#8222;Learning from the Past and Designing the Future Collegium of World Economy&#8221; <\/h4>\n\n\n\n<p span=\"\" style=\"color: black\">W dniach 9-10 maja br. odby\u0142a si\u0119 konferencja:  <br>International Conference World Economy 2019: &#8222;Learning from the Past and Designing the Future Collegium of World Economy&#8221;. <br>Spotkanie odby\u0142o si\u0119 Szkole G\u0142\u00f3wnej Handlowej w Warszawie.  <\/p>\n\n\n\n<figure class=\"wp-block-gallery has-nested-images columns-default is-cropped wp-block-gallery-4 is-layout-flex wp-block-gallery-is-layout-flex\">\n<figure class=\"wp-block-image\"><img loading=\"lazy\" decoding=\"async\" width=\"1024\" height=\"684\" data-id=\"980\" src=\"https:\/\/mariangorynia.pl\/wp-content\/uploads\/40900728473_724aa892b6_o-1024x684.jpg\" alt=\"\" class=\"wp-image-980\" srcset=\"https:\/\/mariangorynia.pl\/wp-content\/uploads\/40900728473_724aa892b6_o-1024x684.jpg 1024w, https:\/\/mariangorynia.pl\/wp-content\/uploads\/40900728473_724aa892b6_o-300x200.jpg 300w, https:\/\/mariangorynia.pl\/wp-content\/uploads\/40900728473_724aa892b6_o-768x513.jpg 768w, https:\/\/mariangorynia.pl\/wp-content\/uploads\/40900728473_724aa892b6_o-360x240.jpg 360w\" sizes=\"(max-width: 1024px) 100vw, 1024px\" \/><\/figure>\n\n\n\n<figure class=\"wp-block-image\"><img loading=\"lazy\" decoding=\"async\" width=\"1024\" height=\"684\" data-id=\"982\" src=\"https:\/\/mariangorynia.pl\/wp-content\/uploads\/47815095782_66795b2ec6_o-1024x684.jpg\" alt=\"\" class=\"wp-image-982\" srcset=\"https:\/\/mariangorynia.pl\/wp-content\/uploads\/47815095782_66795b2ec6_o-1024x684.jpg 1024w, https:\/\/mariangorynia.pl\/wp-content\/uploads\/47815095782_66795b2ec6_o-300x200.jpg 300w, https:\/\/mariangorynia.pl\/wp-content\/uploads\/47815095782_66795b2ec6_o-768x513.jpg 768w, https:\/\/mariangorynia.pl\/wp-content\/uploads\/47815095782_66795b2ec6_o-360x240.jpg 360w\" sizes=\"(max-width: 1024px) 100vw, 1024px\" \/><\/figure>\n<\/figure>\n\n\n\n<p span style=\"color: black\">Jednym z go\u015bci by\u0142 prof. Marian Gorynia, kt\u00f3ry wyg\u0142osi\u0142 prezentacje wraz <br>z wsp\u00f3\u0142autork\u0105 Marlen\u0105 Dzikowsk\u0105. <br>Ca\u0142a prezentacja dost\u0119pna pod <a href=\"https:\/\/www.researchgate.net\/publication\/333263531_Evolution_of_the_Subsidiary's_Role_-_a_Qualitative_Perspective_on_a_Subsidiary_Located_in_Poland\"><strong><span style=\"color: blue\"> tym linkiem<\/strong><\/a>.<\/p>\n\n\n\n<p span style=\"color: black\">Wi\u0119cej informacji na temat konferencji pod <a href=\"http:\/\/centaur2.ue.poznan.pl\/mgorynia\/wp-content\/uploads\/International-Conference.-World-Economy-2019.pdf\"><strong><span style=\"color: blue\"> tym linkiem<\/strong><\/a>.<\/p>\n\n\n\n<hr class=\"wp-block-separator has-css-opacity\"\/>\n\n\n\n<h6 class=\"wp-block-heading\">24.04.2019 r.<\/h6>\n\n\n\n<h4 class=\"wp-block-heading\">Uroczysto\u015b\u0107 nadania tytu\u0142u <br>DOKTORA HONORIS CAUSA UNIWERSYTETU W BIA\u0141YMSTOKU<br>Profesorowi Marianowi Goryni<br><\/h4>\n\n\n\n<p span=\"\" style=\"color: black\">Rada Wydzia\u0142u Ekonomii i Zarz\u0105dzania <br>w dniu 22 pa\u017adziernika 2018 r. <br>wyst\u0105pi\u0142a z wnioskiem o wszcz\u0119cie procedury o nadanie tytu\u0142u Doktora Honoris Causa Uniwersytetu <br>w Bia\u0142ymstoku Profesorowi Marianowi Goryni w uznaniu niekwestionowanego wk\u0142adu w rozw\u00f3j nauk ekonomicznych oraz zas\u0142ug dla rozwoju naukowego Wydzia\u0142u Ekonomii i Zarz\u0105dzania Uniwersytetu w Bia\u0142ymstoku. <br>W dniu 27 lutego 2019 r. Senat Uniwersytetu w Bia\u0142ymstoku podj\u0105\u0142 uchwa\u0142\u0119 o nadaniu tytu\u0142u Doktora Honoris Causa Profesorowi Marianowi Goryni.<\/p>\n\n\n<div class=\"wp-block-image\">\n<figure class=\"alignleft size-full is-resized\"><img loading=\"lazy\" decoding=\"async\" width=\"463\" height=\"629\" src=\"https:\/\/mariangorynia.pl\/wp-content\/uploads\/plik.png\" alt=\"\" class=\"wp-image-699\" style=\"width:384px;height:auto\" srcset=\"https:\/\/mariangorynia.pl\/wp-content\/uploads\/plik.png 463w, https:\/\/mariangorynia.pl\/wp-content\/uploads\/plik-221x300.png 221w\" sizes=\"(max-width: 463px) 100vw, 463px\" \/><\/figure><\/div>\n\n\n<p span style=\"color: black\"><em>Poni\u017cej relacja z uroczysto\u015bci:  <\/em><br><strong>Ca\u0142a transmisja:&nbsp;&nbsp;&nbsp; <\/strong><a href=\"https:\/\/www.facebook.com\/KatedraPEiPR\/videos\/392389264946420\/\">https:\/\/www.facebook.com\/KatedraPEiPR\/videos\/392389264946420\/<\/a><br><span style=\"color: blue\">Wzmianka w telewizji &#8211; Obiektyw TVP3 Bia\u0142ystok <a href=\"http:\/\/bialystok.tvp.pl\/42334609\/prof-marian-gorynia-z-tytulem-doktora-honoris-causa-uwb\">LINK<\/a><br><span style=\"color: blue\">Wzmianka w aktualno\u015bciach radiowych &#8211; Polskie Radio Bia\u0142ystok <a href=\"https:\/\/www.radio.bialystok.pl\/wiadomosci\/index\/id\/168287\"><span style=\"color: blue\">LINK<\/a><\/p>\n\n\n\n<p span style=\"color: black\"><strong>Wzmianki o uroczysto\u015bci:<\/strong><br>Artyku\u0142 w czasopi\u015bmie &#8222;Kurier Poranny&#8221; <a href=\"https:\/\/plus.poranny.pl\/profesor-marian-gorynia-doktorem-honoris-causa-uniwersytetu-w-bialymstoku\/ar\/c5-14077027\"><span style=\"color: blue\">LINK <\/a><a href=\"http:\/\/centaur2.ue.poznan.pl\/mgorynia\/?attachment_id=789\"><span style=\"color: blue\">POBIERZ<\/a><br>Wzmianka w &#8222;Gazecie Wyborczej &#8211; Bia\u0142ystok&#8221; <a href=\"http:\/\/bialystok.wyborcza.pl\/bialystok\/7,35241,24697176,uniwersytet-w-bialymstoku-prof-marian-gorynia-doktorem-honoris.html\"><span style=\"color: blue\">LINK<\/a><br>Wzmianka o uroczysto\u015bci w &#8222;Nauka w Polsce &#8211; PAP&#8221; <a href=\"http:\/\/naukawpolsce.pap.pl\/aktualnosci\/news%2C33762%2Cprof-marian-gorynia-doktorem-honoris-causa-uniwersytetu-w-bialymstoku.html\"><span style=\"color: blue\"> LINK <\/a><a href=\"http:\/\/centaur2.ue.poznan.pl\/mgorynia\/?attachment_id=787\"><span style=\"color: blue\"> POBIERZ<\/a><br>Wzmianka o uroczysto\u015bci w &#8222;Forum Akademickim&#8221; <a href=\"https:\/\/forumakademickie.pl\/news\/prof-marian-gorynia-z-doktoratem-honoris-causa-uwb\/\"><span style=\"color: blue\"> LINK <\/a><a href=\"http:\/\/centaur2.ue.poznan.pl\/mgorynia\/?attachment_id=786\"><span style=\"color: blue\"> POBIERZ<\/a><br>Notka w czasopi\u015bmie &#8222;Forum Akademickie&#8221; <a href=\"https:\/\/prenumeruj.forumakademickie.pl\/fa\/2019\/05\/kronika-wydarzen\/wydarzenia\/\"><span style=\"color: blue\"> LINK <\/a><a href=\"http:\/\/centaur2.ue.poznan.pl\/mgorynia\/?attachment_id=788\"><span style=\"color: blue\"> POBIERZ<\/a><br>Wzmianka na stronie internetowej Uniwersytetu w Bia\u0142ymstoku <a href=\"http:\/\/weiz.uwb.edu.pl\/nowosci\/aktualnosci\/prof-marian-gorynia-odebral-tytul-doktora-honoris-causa-uniwersytetu-w-bialymstoku\/f52a2286\"><span style=\"color: blue\"> LINK<\/a><br>Wzmianka na stronie internetowej Uniwersytetu Ekonomicznego w Poznaniu <a href=\"https:\/\/ue.poznan.pl\/pl\/aktualnosci,c16\/kalendarz-wydarzen,c151\/tytul-doktora-honoris-causa-dla-prof-mariana-goryni,a82186.html\"><span style=\"color: blue\"> LINK<\/a><br>Wzmianka na portalu Wrota Podlasia <a href=\"https:\/\/www.wrotapodlasia.pl\/pl\/edukacja\/edukacja_nauka\/prof-marian-gorynia-odebral-tytul-doktora-honoris-causa-uniwersytetu-w-bialymstoku.html\"><span style=\"color: blue\"> LINK <\/a><a href=\"http:\/\/centaur2.ue.poznan.pl\/mgorynia\/?attachment_id=790\"><span style=\"color: blue\"> POBIERZ<\/a><a href=\"http:\/\/centaur2.ue.poznan.pl\/mgorynia\/wp-content\/uploads\/ulotka-DHC_2019_Marian_Gorynia.pdf\"> <\/a><br><br><a href=\"http:\/\/centaur2.ue.poznan.pl\/mgorynia\/wp-content\/uploads\/ulotka-DHC_2019_Marian_Gorynia.pdf\"><br><span style=\"color: blue\"> Ulotka &#8211; Nadanie tytu\u0142u DHC prof. Marianowi Goryni  Pobierz<\/a><br><a href=\"http:\/\/centaur2.ue.poznan.pl\/mgorynia\/wp-content\/uploads\/Prof.-M.Gorynia_Broszura-DHC_2019.pdf\"><span style=\"color: blue\"> Broszura &#8211; Nadanie tytu\u0142u DHC prof. Marianowi Goryni Pobierz<\/a><br><a href=\"http:\/\/centaur2.ue.poznan.pl\/mgorynia\/wp-content\/uploads\/Book_Prof.-Gorynia_M_DHC-_Bia\u0142ystok.pdf\"><span style=\"color: blue\"> Ksi\u0105\u017cka &#8211; Nadanie tytu\u0142u DHC prof. Marianowi Goryni LINK<\/a><\/p>\n\n\n\n<hr class=\"wp-block-separator has-css-opacity\"\/>\n\n\n\n<h6 class=\"wp-block-heading\">08.04.2019 r.<\/h6>\n\n\n\n<h4 class=\"wp-block-heading\">Victorie UEP 2019 &#8211; <strong>Poznaj naszych pracownik\u00f3w, kt\u00f3rzy w tym roku zostali nagrodzeni Victoriami UEP<\/strong><\/h4>\n\n\n\n<figure class=\"wp-block-image size-full is-resized\"><img loading=\"lazy\" decoding=\"async\" width=\"412\" height=\"459\" src=\"https:\/\/mariangorynia.pl\/wp-content\/uploads\/victorie.png\" alt=\"\" class=\"wp-image-706\" style=\"width:114px;height:auto\" srcset=\"https:\/\/mariangorynia.pl\/wp-content\/uploads\/victorie.png 412w, https:\/\/mariangorynia.pl\/wp-content\/uploads\/victorie-269x300.png 269w\" sizes=\"(max-width: 412px) 100vw, 412px\" \/><\/figure>\n\n\n\n<p span=\"\" style=\"color: black\">8 kwietnia 2019 r. na Uniwersytecie Ekonomicznym w Poznaniu odby\u0142a si\u0119 uroczysta jubileuszowa 20. Gala &#8222;Victorie UEP&#8221;, w kt\u00f3rej to studenci wybieraj\u0105 najlepszych pracownik\u00f3w naukowych, nienaukowych oraz jednostk\u0119 administracyjn\u0105. <br>Prof. Marian Gorynia wygra\u0142 w kategorii  <br><em>\u201eThe Best\u201d, czyli Mentor Wydzia\u0142u Gospodarki Mi\u0119dzynarodowej<\/em>.<br>Plebiscyt organizowany jest przez Parlament Studenci UEP. <\/p><br><br><br>\n\n\n\n<hr class=\"wp-block-separator has-css-opacity\"\/>\n\n\n\n<h6 class=\"wp-block-heading\">19.01.2019 r.<\/h6>\n\n\n\n<h4 class=\"wp-block-heading\">Uroczysto\u015b\u0107 wr\u0119czenia XXVII Laur\u00f3w Umiej\u0119tno\u015bci i Kompetencji <br><\/h4>\n\n\n\n<figure class=\"wp-block-image size-full is-resized\"><img loading=\"lazy\" decoding=\"async\" width=\"396\" height=\"138\" src=\"https:\/\/mariangorynia.pl\/wp-content\/uploads\/laur.png\" alt=\"\" class=\"wp-image-703\" style=\"width:196px;height:auto\" srcset=\"https:\/\/mariangorynia.pl\/wp-content\/uploads\/laur.png 396w, https:\/\/mariangorynia.pl\/wp-content\/uploads\/laur-300x105.png 300w\" sizes=\"(max-width: 396px) 100vw, 396px\" \/><\/figure>\n\n\n\n<p span=\"\" style=\"color: black\">Profesor dr hab. Marian Gorynia, prof. zw. UEP otrzyma\u0142 <em>Platynowy Laur<\/em> w kategorii \u201eNauka i innowacyjno\u015b\u0107\u201d podczas uroczysto\u015bci wr\u0119czania XXVII Laur\u00f3w Umiej\u0119tno\u015bci i Kompetencji za wybitne osi\u0105gni\u0119cia w dziedzinie ekonomii.  <br>Wyr\u00f3\u017cnienia przyznawane s\u0105 od 27 lat przez Regionaln\u0105 Izb\u0119 Gospodarcz\u0105 w Katowicach i stanowi\u0105 wyraz uznania dla osobisto\u015bci \u015bwiata nauki, biznesu, kultury i polityki.&nbsp; Profesor dr hab. Marian Gorynia, prof. zw. UEP otrzyma\u0142 <em>Platynowy Laur<\/em> w kategorii \u201eNauka i innowacyjno\u015b\u0107\u201d podczas uroczysto\u015bci wr\u0119czania XXVII Laur\u00f3w Umiej\u0119tno\u015bci i Kompetencji <br>za wybitne osi\u0105gni\u0119cia w dziedzinie ekonomii.  <br>Wyr\u00f3\u017cnienia przyznawane s\u0105 od 27 lat przez Regionaln\u0105 Izb\u0119 Gospodarcz\u0105 w Katowicach i stanowi\u0105 wyraz uznania dla osobisto\u015bci \u015bwiata nauki, biznesu, kultury i polityki.&nbsp; <\/p>\n\n\n\n<p><strong>Wzmianki o uroczysto\u015bci:<\/strong><\/p>\n\n\n\n<ul class=\"wp-block-list\">\n<li><a href=\"https:\/\/ue.poznan.pl\/pl\/aktualnosci,c16\/aktualnosci,c15\/prof-marian-gorynia-wyrozniony-laurem-umiejetnosci-i,a80609.html\">https:\/\/ue.poznan.pl\/pl\/aktualnosci,c16\/aktualnosci,c15\/prof-marian-gorynia-wyrozniony-laurem-umiejetnosci-i,a80609.html<\/a><\/li>\n\n\n\n<li><a href=\"http:\/\/www.laury.rig.katowice.pl\/index.php\/laureaci\/laureaci-2011\/2018\">http:\/\/www.laury.rig.katowice.pl\/index.php\/laureaci\/laureaci-2011\/2018<\/a>  <\/li>\n\n\n\n<li><a href=\"https:\/\/dziennikzachodni.pl\/xxvii-gala-laurow-umiejetnosci-i-kompetencji-zobacz-zdjecia\/ar\/13821456\">https:\/\/dziennikzachodni.pl\/xxvii-gala-laurow-umiejetnosci-i-kompetencji-zobacz-zdjecia\/ar\/13821456<\/a> <\/li>\n<\/ul>\n\n\n\n<hr class=\"wp-block-separator has-css-opacity\"\/>\n\n\n\n<h6 class=\"wp-block-heading\">11.04.2018 r. <\/h6>\n\n\n\n<h4 class=\"wp-block-heading\">Victorie Parlamentu Studenckiego UEP 2018<\/h4>\n\n\n\n<figure class=\"wp-block-image size-full is-resized\"><img loading=\"lazy\" decoding=\"async\" width=\"412\" height=\"459\" src=\"https:\/\/mariangorynia.pl\/wp-content\/uploads\/victorie.png\" alt=\"\" class=\"wp-image-706\" style=\"width:111px;height:auto\" srcset=\"https:\/\/mariangorynia.pl\/wp-content\/uploads\/victorie.png 412w, https:\/\/mariangorynia.pl\/wp-content\/uploads\/victorie-269x300.png 269w\" sizes=\"(max-width: 412px) 100vw, 412px\" \/><\/figure>\n\n\n\n<p span=\"\" style=\"color: black\">11 kwietnia 2018 r. na Uniwersytecie Ekonomicznym w Poznaniu odby\u0142a si\u0119 uroczysta jubileuszowa 19. Gala &#8222;Victorie UEP&#8221;, w kt\u00f3rej to studenci wybieraj\u0105 najlepszych pracownik\u00f3w naukowych, nienaukowych oraz jednostk\u0119 administracyjn\u0105. <br>Prof. Marian Gorynia wygra\u0142 w kategorii  <br><em>\u201eJestem Legend\u0105\u201d, czyli Mentor Wydzia\u0142u Gospodarki Mi\u0119dzynarodowej<\/em>.<br>Plebiscyt organizowany jest przez Parlament Studenci UEP. <\/p>\n\n\n\n<figure class=\"wp-block-gallery has-nested-images columns-default is-cropped wp-block-gallery-5 is-layout-flex wp-block-gallery-is-layout-flex\">\n<figure class=\"wp-block-image\"><img loading=\"lazy\" decoding=\"async\" width=\"576\" height=\"1024\" data-id=\"5649\" src=\"https:\/\/mariangorynia.pl\/wp-content\/uploads\/20180414_085544-576x1024.jpg\" alt=\"\" class=\"wp-image-5649\" srcset=\"https:\/\/mariangorynia.pl\/wp-content\/uploads\/20180414_085544-576x1024.jpg 576w, https:\/\/mariangorynia.pl\/wp-content\/uploads\/20180414_085544-169x300.jpg 169w, https:\/\/mariangorynia.pl\/wp-content\/uploads\/20180414_085544-768x1365.jpg 768w, https:\/\/mariangorynia.pl\/wp-content\/uploads\/20180414_085544-152x270.jpg 152w\" sizes=\"(max-width: 576px) 100vw, 576px\" \/><\/figure>\n\n\n\n<figure class=\"wp-block-image\"><img loading=\"lazy\" decoding=\"async\" width=\"683\" height=\"1024\" data-id=\"5650\" src=\"https:\/\/mariangorynia.pl\/wp-content\/uploads\/30726857_2119753494708528_1703245276380135424_o-683x1024.jpg\" alt=\"\" class=\"wp-image-5650\" srcset=\"https:\/\/mariangorynia.pl\/wp-content\/uploads\/30726857_2119753494708528_1703245276380135424_o-683x1024.jpg 683w, https:\/\/mariangorynia.pl\/wp-content\/uploads\/30726857_2119753494708528_1703245276380135424_o-200x300.jpg 200w, https:\/\/mariangorynia.pl\/wp-content\/uploads\/30726857_2119753494708528_1703245276380135424_o-768x1151.jpg 768w, https:\/\/mariangorynia.pl\/wp-content\/uploads\/30726857_2119753494708528_1703245276380135424_o-180x270.jpg 180w, https:\/\/mariangorynia.pl\/wp-content\/uploads\/30726857_2119753494708528_1703245276380135424_o.jpg 1262w\" sizes=\"(max-width: 683px) 100vw, 683px\" \/><\/figure>\n<\/figure>\n\n\n\n<hr class=\"wp-block-separator has-css-opacity\"\/>\n\n\n\n<h6 class=\"wp-block-heading\">25.04.2017 r.<\/h6>\n\n\n\n<h4 class=\"wp-block-heading\">Victorie Parlamentu Studenckiego UEP 2017<\/h4>\n\n\n\n<figure class=\"wp-block-image size-full is-resized\"><img loading=\"lazy\" decoding=\"async\" width=\"412\" height=\"459\" src=\"https:\/\/mariangorynia.pl\/wp-content\/uploads\/victorie.png\" alt=\"\" class=\"wp-image-706\" style=\"width:114px;height:auto\" srcset=\"https:\/\/mariangorynia.pl\/wp-content\/uploads\/victorie.png 412w, https:\/\/mariangorynia.pl\/wp-content\/uploads\/victorie-269x300.png 269w\" sizes=\"(max-width: 412px) 100vw, 412px\" \/><\/figure>\n\n\n\n<p span=\"\" style=\"color: black\">25 kwietnia 2017 r. na Uniwersytecie Ekonomicznym w Poznaniu odby\u0142a si\u0119 uroczysta jubileuszowa 18. Gala &#8222;Victorie UEP&#8221;, w kt\u00f3rej to studenci wybieraj\u0105 najlepszych pracownik\u00f3w naukowych, nienaukowych oraz jednostk\u0119 administracyjn\u0105. <br>Prof. Marian Gorynia wygra\u0142 w kategorii  <br><em>\u201ePi\u0119kny Umys\u0142\u201d, czyli Mentor Wydzia\u0142u Gospodarki Mi\u0119dzynarodowej<\/em>.<br>Plebiscyt organizowany jest przez Parlament Studenci UEP. <\/p>\n\n\n\n<figure class=\"wp-block-image\"><img loading=\"lazy\" decoding=\"async\" width=\"300\" height=\"244\" src=\"https:\/\/mariangorynia.pl\/wp-content\/uploads\/20230301_120259_new-300x244.jpg\" alt=\"\" class=\"wp-image-5647\" srcset=\"https:\/\/mariangorynia.pl\/wp-content\/uploads\/20230301_120259_new-300x244.jpg 300w, https:\/\/mariangorynia.pl\/wp-content\/uploads\/20230301_120259_new-768x625.jpg 768w, https:\/\/mariangorynia.pl\/wp-content\/uploads\/20230301_120259_new-1024x833.jpg 1024w, https:\/\/mariangorynia.pl\/wp-content\/uploads\/20230301_120259_new-332x270.jpg 332w\" sizes=\"(max-width: 300px) 100vw, 300px\" \/><\/figure>\n\n\n\n<p><\/p>\n","protected":false},"excerpt":{"rendered":"<p>Nowa publikacja: LES CHANGEMENTS DE LA COMPETITIVITE DE L\u2019ECONOMIE POLONAISE DANS L\u2019ECONOMIE MONDIALE DURANT LA PERIODE 1990-2017 Ksi\u0105\u017cka &#8222;Pour une recherche \u00e9conomique efficace: 61\u00ba Congr\u00e8s de l\u2019Association Internationale des \u00c9conomistes de Langue Fran\u00e7aise&#8221; jest podsumowaniem spotkania Le 61\u00e8me Congr\u00e8s de&hellip;&nbsp;<a href=\"https:\/\/mariangorynia.pl\/?page_id=8166\" class=\"more-link\">Read More<\/a><\/p>\n","protected":false},"author":1,"featured_media":0,"parent":0,"menu_order":0,"comment_status":"closed","ping_status":"closed","template":"","meta":{"footnotes":""},"class_list":["post-8166","page","type-page","status-publish","hentry"],"_links":{"self":[{"href":"https:\/\/mariangorynia.pl\/index.php?rest_route=\/wp\/v2\/pages\/8166"}],"collection":[{"href":"https:\/\/mariangorynia.pl\/index.php?rest_route=\/wp\/v2\/pages"}],"about":[{"href":"https:\/\/mariangorynia.pl\/index.php?rest_route=\/wp\/v2\/types\/page"}],"author":[{"embeddable":true,"href":"https:\/\/mariangorynia.pl\/index.php?rest_route=\/wp\/v2\/users\/1"}],"replies":[{"embeddable":true,"href":"https:\/\/mariangorynia.pl\/index.php?rest_route=%2Fwp%2Fv2%2Fcomments&post=8166"}],"version-history":[{"count":9,"href":"https:\/\/mariangorynia.pl\/index.php?rest_route=\/wp\/v2\/pages\/8166\/revisions"}],"predecessor-version":[{"id":8187,"href":"https:\/\/mariangorynia.pl\/index.php?rest_route=\/wp\/v2\/pages\/8166\/revisions\/8187"}],"wp:attachment":[{"href":"https:\/\/mariangorynia.pl\/index.php?rest_route=%2Fwp%2Fv2%2Fmedia&parent=8166"}],"curies":[{"name":"wp","href":"https:\/\/api.w.org\/{rel}","templated":true}]}}