{"id":8189,"date":"2024-09-15T12:01:13","date_gmt":"2024-09-15T10:01:13","guid":{"rendered":"https:\/\/mariangorynia.pl\/?page_id=8189"},"modified":"2024-09-15T12:06:56","modified_gmt":"2024-09-15T10:06:56","slug":"archiwum-aktualnosci-z-2020-roku","status":"publish","type":"page","link":"https:\/\/mariangorynia.pl\/?page_id=8189","title":{"rendered":"Archiwum aktualno\u015bci z 2020 roku"},"content":{"rendered":"\n<hr class=\"wp-block-separator has-css-opacity\"\/>\n\n\n\n<h6 class=\"wp-block-heading\">21.12.2020 r.<\/h6>\n\n\n\n<h4 class=\"wp-block-heading\">Monografia Centralnej Komisji do Spraw Stopni i Tytu\u0142\u00f3w<\/h4>\n\n\n\n<figure class=\"wp-block-image is-resized\"><img loading=\"lazy\" decoding=\"async\" width=\"319\" height=\"101\" src=\"https:\/\/mariangorynia.pl\/wp-content\/uploads\/image-7.png\" alt=\"\" class=\"wp-image-2066\" style=\"width:239px;height:76px\" srcset=\"https:\/\/mariangorynia.pl\/wp-content\/uploads\/image-7.png 319w, https:\/\/mariangorynia.pl\/wp-content\/uploads\/image-7-300x95.png 300w\" sizes=\"(max-width: 319px) 100vw, 319px\" \/><\/figure>\n\n\n<div class=\"wp-block-image\">\n<figure class=\"alignleft is-resized\"><img loading=\"lazy\" decoding=\"async\" width=\"356\" height=\"502\" src=\"https:\/\/mariangorynia.pl\/wp-content\/uploads\/image-8.png\" alt=\"\" class=\"wp-image-2068\" style=\"width:177px;height:250px\" srcset=\"https:\/\/mariangorynia.pl\/wp-content\/uploads\/image-8.png 356w, https:\/\/mariangorynia.pl\/wp-content\/uploads\/image-8-213x300.png 213w, https:\/\/mariangorynia.pl\/wp-content\/uploads\/image-8-191x270.png 191w\" sizes=\"(max-width: 356px) 100vw, 356px\" \/><\/figure><\/div>\n\n\n<p span=\"\" style=\"color: black\">W dniu&nbsp; 21 grudnia 2020 r. odby\u0142o si\u0119 posiedzenie online Centralnej Komisji do Spraw Stopni i Tytu\u0142\u00f3w. <br>G\u0142\u00f3wnym celem ostatniego posiedzenia IX kadencji Centralnej Komisji do Spraw Stopni i Tytu\u0142\u00f3w na lata 2017-2020 by\u0142o podsumowanie podejmowanych i realizowanych dzia\u0142a\u0144. By\u0142o to r\u00f3wnie\u017c ostatnie posiedzenie plenarne ko\u0144cz\u0105ce trzydziestoletni okres funkcjonowania CK. <\/p>\n\n\n\n<p span=\"\" style=\"color: black\">W zwi\u0105zku z zako\u0144czeniem dzia\u0142alno\u015bci z dniem 31 grudnia 2020 roku, w kt\u00f3rej prawa wst\u0105pi 1 stycznia 2021 roku Rada Doskona\u0142o\u015bci Naukowej  powsta\u0142a monografia podsumowuj\u0105ca histori\u0119 i dzia\u0142alno\u015b\u0107 Centralnej Komisji ds. Stopni i Tytu\u0142\u00f3w. Opracowanie to pozwoli czytelnikom zapozna\u0107 si\u0119 z kr\u00f3tkim rysem historycznym, zwi\u0119z\u0142ym opisem organ\u00f3w poprzedzaj\u0105cych powstanie Centralnej Komisji, podstaw prawnych jej funkcjonowania oraz historii orzecznictwa. <\/p>\n\n\n\n<p>Monografia dost\u0119pna <span style=\"color: blue\"><strong><a href=\"https:\/\/mariangorynia.pl\/wp-content\/uploads\/Book_Centralna_Komisja_2020.pdf\">TUTAJ<\/a><\/strong><a href=\"https:\/\/mariangorynia.pl\/wp-content\/uploads\/Book_Centralna_Komisja_2020.pdf\">.<\/a><\/span><\/p>\n\n\n\n<hr class=\"wp-block-separator has-css-opacity\"\/>\n\n\n\n<h6 class=\"wp-block-heading\">15.12.2020 r.<\/h6>\n\n\n\n<h4 class=\"wp-block-heading\">Prof. dr hab. Marian Gorynia uczestnikiem Microeconomics of Competitiveness Course at Harvard <\/h4>\n\n\n\n<figure class=\"wp-block-image\"><img loading=\"lazy\" decoding=\"async\" width=\"612\" height=\"104\" src=\"https:\/\/mariangorynia.pl\/wp-content\/uploads\/harverd_logo.jpg\" alt=\"\" class=\"wp-image-2052\" srcset=\"https:\/\/mariangorynia.pl\/wp-content\/uploads\/harverd_logo.jpg 612w, https:\/\/mariangorynia.pl\/wp-content\/uploads\/harverd_logo-300x51.jpg 300w, https:\/\/mariangorynia.pl\/wp-content\/uploads\/harverd_logo-360x61.jpg 360w\" sizes=\"(max-width: 612px) 100vw, 612px\" \/><\/figure>\n\n\n\n<p span=\"\" style=\"color: black\">W dniach 7-9 oraz 14-15 grudnia 2020 roku odby\u0142o si\u0119 coroczne spotkanie w ramach kursu Microeconomics of Competitiveness Course at Harvard.<\/p>\n\n\n\n<p span=\"\" style=\"color: black\">Kurs MOC dotyczy konkurencyjno\u015bci i rozwoju gospodarczego, opracowany przez profesora Michaela Portera oraz pracownik\u00f3w i wsp\u00f3\u0142pracownik\u00f3w Instytutu Strategii i Konkurencyjno\u015bci. Kurs MOC koncentruje si\u0119 na \u017ar\u00f3d\u0142ach produktywno\u015bci krajowej lub regionalnej, kt\u00f3re s\u0105 zakorzenione w strategiach i praktykach operacyjnych firm lokalnych, witalno\u015bci klastr\u00f3w i jako\u015bci \u015brodowiska biznesowego, w kt\u00f3rym ma miejsce konkurencja. Wi\u0119cej informacji o programie <span style=\"color: blue\"><strong><a href=\"https:\/\/www.isc.hbs.edu\/resources\/courses\/moc-course-at-harvard\/Pages\/default.aspx\">pod tym adresem<\/a><\/strong>. <\/p>\n\n\n\n<p span=\"\" style=\"color: black\">Sie\u0107 afiliacyjna MOC to grupa ponad 100 instytucji edukacyjnych na ca\u0142ym \u015bwiecie, kt\u00f3re ucz\u0105 programu nauczania MOC i wsp\u00f3\u0142pracuj\u0105 w obszarze konkurencyjno\u015bci. Sie\u0107 zosta\u0142a stworzona z my\u015bl\u0105 o stworzeniu lokalnej zdolno\u015bci rozumienia, nauczania i ulepszania konkurencyjno\u015bci. Wykorzystuj\u0105c struktur\u0119 sieci, wyk\u0142adowcy wsp\u00f3\u0142pracuj\u0105 obecnie w nauczaniu, opracowywaniu przypadk\u00f3w i badaniach, aby poszerzy\u0107 zakres wiedzy i sta\u0107 si\u0119 liderami konkurencyjno\u015bci w swoich regionach. Wi\u0119cej informacji dot. sieci oraz jej uczestnik\u00f3w <span style=\"color: blue\"><strong><a href=\"https:\/\/www.isc.hbs.edu\/resources\/courses\/moc-affiliate-network\/Pages\/default.aspx\">pod tym adresem<\/a><\/strong>. <\/p>\n\n\n\n<p span=\"\" style=\"color: black\">Coroczne warsztaty wydzia\u0142owe MOC odbywaj\u0105 si\u0119 w Harvard Business School w grudniu dla profesor\u00f3w z instytucji stowarzyszonych. W Wydzia\u0142owych Warsztatach MOC bior\u0105 udzia\u0142 zar\u00f3wno nowi, jak i do\u015bwiadczeni wyk\u0142adowcy. Spotkanie stwarza wyj\u0105tkow\u0105 okazj\u0119 dla wszystkich wyk\u0142adowc\u00f3w MOC, aby uzyska\u0107 kontakt z najnowsz\u0105 wiedz\u0105 i badaniami zwi\u0105zanymi z konkurencyjno\u015bci\u0105 i rozwojem klastr\u00f3w. Program tegorocznego wydarzenia <span style=\"color: blue\"><strong><a href=\"https:\/\/mariangorynia.pl\/wp-content\/uploads\/2020-Virtual-MOC-Workshop-Schedule.pdf\">znajduje si\u0119 tutaj<\/a><\/strong>. <\/p>\n\n\n\n<hr class=\"wp-block-separator has-css-opacity\"\/>\n\n\n\n<h6 class=\"wp-block-heading\">12.12.2020 r.<\/h6>\n\n\n\n<h4 class=\"wp-block-heading\"><strong>46th Annual Conference of the European International Business Academy &#8211; EIBA 2020 online<\/strong><\/h4>\n\n\n<div class=\"wp-block-image\">\n<figure class=\"aligncenter is-resized\"><img loading=\"lazy\" decoding=\"async\" width=\"325\" height=\"162\" src=\"https:\/\/mariangorynia.pl\/wp-content\/uploads\/EIBA_2020_logo.jpg\" alt=\"\" class=\"wp-image-2046\" style=\"width:275px;height:137px\" srcset=\"https:\/\/mariangorynia.pl\/wp-content\/uploads\/EIBA_2020_logo.jpg 325w, https:\/\/mariangorynia.pl\/wp-content\/uploads\/EIBA_2020_logo-300x150.jpg 300w\" sizes=\"(max-width: 325px) 100vw, 325px\" \/><\/figure><\/div>\n\n\n<p span=\"\" style=\"color: black\">Nag\u0142e pojawienie si\u0119 Covid-19 natychmiast zmieni\u0142o krajobraz biznesu (i konferencji) na ca\u0142ym \u015bwiecie. Niekt\u00f3re z cech charakteryzuj\u0105cych otoczenie biznesowe w erze pandemii obejmuj\u0105 rosn\u0105c\u0105 niepewno\u015b\u0107 i z\u0142o\u017cono\u015b\u0107, rosn\u0105ce znaczenie \u0142\u0105czno\u015bci cyfrowej, zmiany na mi\u0119dzynarodowych rynkach pracy lub pojawiaj\u0105ce si\u0119 napi\u0119cia geopolityczne. <\/p>\n\n\n<div class=\"wp-block-image\">\n<figure class=\"aligncenter is-resized\"><img loading=\"lazy\" decoding=\"async\" width=\"993\" height=\"161\" src=\"https:\/\/mariangorynia.pl\/wp-content\/uploads\/EIBA_2020_baner.jpg\" alt=\"\" class=\"wp-image-2045\" style=\"width:474px;height:77px\" srcset=\"https:\/\/mariangorynia.pl\/wp-content\/uploads\/EIBA_2020_baner.jpg 993w, https:\/\/mariangorynia.pl\/wp-content\/uploads\/EIBA_2020_baner-300x49.jpg 300w, https:\/\/mariangorynia.pl\/wp-content\/uploads\/EIBA_2020_baner-768x125.jpg 768w, https:\/\/mariangorynia.pl\/wp-content\/uploads\/EIBA_2020_baner-360x58.jpg 360w\" sizes=\"(max-width: 993px) 100vw, 993px\" \/><\/figure><\/div>\n\n\n<p span=\"\" style=\"color: black\">W dniach 10-12 grudnia 2020 roku odby\u0142a si\u0119 mi\u0119dzynarodowa konferencja online:  <strong>46th Annual Conference of the European International Business Academy &#8211; EIBA 2020.\ufeff<\/strong><\/p>\n\n\n\n<p span=\"\" style=\"color: black\">Konferencja internetowa EIBA 2020 po\u015bwi\u0119cona jest om\u00f3wieniu trend\u00f3w, wyzwa\u0144 i nowej normy w mi\u0119dzynarodowym \u015brodowisku gospodarczym, technologicznym i spo\u0142ecznym, a tak\u017ce implikacji dla przedsi\u0119biorstw wielonarodowych i pracownik\u00f3w przedsi\u0119biorstw wielonarodowych.<\/p>\n\n\n\n<p span=\"\" style=\"color: black\">Marian Gorynia, Jan Nowak, Piotr Tr\u0105pczy\u0144ski oraz Rados\u0142aw Wolniak przedstawili prezentacj\u0119 p.t.: <em><strong>Globalization in a COVID-19 Afflicted World<\/strong><\/em>,  <a href=\"https:\/\/mariangorynia.pl\/wp-content\/uploads\/Gorynia_Nowak_Trapczynski_Wolniak_Globalization_in_COVID-19_EIBA_2020_presentation.pdf\"><span style=\"color: blue\"><strong>[prezentacja dost\u0119pna tutaj]<\/strong><\/a> <\/p>\n\n\n<div class=\"wp-block-image\">\n<figure class=\"aligncenter is-resized\"><img loading=\"lazy\" decoding=\"async\" width=\"1024\" height=\"403\" src=\"https:\/\/mariangorynia.pl\/wp-content\/uploads\/eiba2020-1024x403.jpg\" alt=\"\" class=\"wp-image-2049\" style=\"width:467px;height:184px\" srcset=\"https:\/\/mariangorynia.pl\/wp-content\/uploads\/eiba2020-1024x403.jpg 1024w, https:\/\/mariangorynia.pl\/wp-content\/uploads\/eiba2020-300x118.jpg 300w, https:\/\/mariangorynia.pl\/wp-content\/uploads\/eiba2020-768x302.jpg 768w, https:\/\/mariangorynia.pl\/wp-content\/uploads\/eiba2020-360x142.jpg 360w, https:\/\/mariangorynia.pl\/wp-content\/uploads\/eiba2020.jpg 1572w\" sizes=\"(max-width: 1024px) 100vw, 1024px\" \/><\/figure><\/div>\n\n\n<p span=\"\" style=\"color: black\">Wi\u0119cej informacji o wydarzeniu <span style=\"color: blue\"><strong><a href=\"https:\/\/www.eiba.online\/\">pod adresem<\/a><\/strong>. <\/p>\n\n\n\n<hr class=\"wp-block-separator has-css-opacity\"\/>\n\n\n\n<h6 class=\"wp-block-heading\">17.11.2020 r.<\/h6>\n\n\n\n<h4 class=\"wp-block-heading\">Seminarium nt.: Pandemia COVID-19 a finanse publiczne i stabilizacja makroekonomiczna \u2013 czy potrzebna jest zmiana paradygmat\u00f3w?<\/h4>\n\n\n\n<figure class=\"wp-block-image\"><img loading=\"lazy\" decoding=\"async\" width=\"815\" height=\"158\" src=\"https:\/\/mariangorynia.pl\/wp-content\/uploads\/logo_seminarium_17.11.2020.jpg\" alt=\"\" class=\"wp-image-1923\" srcset=\"https:\/\/mariangorynia.pl\/wp-content\/uploads\/logo_seminarium_17.11.2020.jpg 815w, https:\/\/mariangorynia.pl\/wp-content\/uploads\/logo_seminarium_17.11.2020-300x58.jpg 300w, https:\/\/mariangorynia.pl\/wp-content\/uploads\/logo_seminarium_17.11.2020-768x149.jpg 768w, https:\/\/mariangorynia.pl\/wp-content\/uploads\/logo_seminarium_17.11.2020-360x70.jpg 360w\" sizes=\"(max-width: 815px) 100vw, 815px\" \/><\/figure>\n\n\n\n<p span=\"\" style=\"color: black\">W dniu 17 listopada 2020 r. odby\u0142o si\u0119 seminarium w trybie online wsp\u00f3\u0142organizowanym przez Rad\u0119 Naukow\u0105 Polskiego Towarzystwa Ekonomicznego, Komitet Nauk Ekonomicznych PAN, Komitet Nauk o Finansach PAN oraz Instytut Nauk Ekonomicznych PAN. <\/p>\n\n\n\n<p span=\"\" style=\"color: black\">Temat seminarium: <em>PANDEMIA COVID-19 A FINANSE PUBLICZNE I STABILIZACJA MAKROEKONOMICZNA \u2013 CZY POTRZEBNA JEST ZMIANA PARADYGMAT\u00d3W?<\/em><\/p>\n\n\n\n<p span=\"\" style=\"color: black\">Naukowcy starali si\u0119 odpowiedzie\u0107 na to pytanie oraz da\u0107 wyraz przekonaniu o zmieniaj\u0105cej si\u0119 sytuacji gospodarczej w kraju i na \u015bwiecie, spowodowanej pandemi\u0105 COVID-19.<\/p>\n\n\n\n<p span=\"\" style=\"color: black\">W wydarzeniu wzi\u0119\u0142o udzia\u0142 wielu znanych ekonomist\u00f3w, a w gronie moderator\u00f3w znale\u017ali si\u0119: prof. Bogus\u0142aw Fiedor z Uniwersytetu Ekonomicznego we Wroc\u0142awiu oraz prof. Marian Gorynia z Uniwersytetu Ekonomicznego w Poznaniu. <\/p>\n\n\n\n<p span=\"\" style=\"color: black\">Wi\u0119cej informacji jak i zapis wideo z wydarzenia znajduj\u0105 si\u0119 na stronach internetowych wsp\u00f3\u0142organizator\u00f3w: <a href=\"http:\/www.pte.pl\/aktualno\u015bci\"><strong>PTE<\/strong><\/a>, <a href=\"http:\/www.knepan.pl\"><strong>KNE PAN<\/strong><\/a>, <a href=\"http:\/www.knfpan.pan.pl\"><strong>KNoF PAN<\/strong><\/a>, <a href=\"http:\/www.inepan.pl\"><strong>INE PAN<\/strong><\/a>.  <\/p>\n\n\n<div class=\"wp-block-image\">\n<figure class=\"aligncenter\"><img loading=\"lazy\" decoding=\"async\" width=\"436\" height=\"545\" src=\"https:\/\/mariangorynia.pl\/wp-content\/uploads\/zaproszenie_seminarium_17.11.2020.jpg\" alt=\"\" class=\"wp-image-1924\" srcset=\"https:\/\/mariangorynia.pl\/wp-content\/uploads\/zaproszenie_seminarium_17.11.2020.jpg 436w, https:\/\/mariangorynia.pl\/wp-content\/uploads\/zaproszenie_seminarium_17.11.2020-240x300.jpg 240w, https:\/\/mariangorynia.pl\/wp-content\/uploads\/zaproszenie_seminarium_17.11.2020-216x270.jpg 216w\" sizes=\"(max-width: 436px) 100vw, 436px\" \/><\/figure><\/div>\n\n\n<hr class=\"wp-block-separator has-css-opacity\"\/>\n\n\n\n<h6 class=\"wp-block-heading\">29.10.2020 r.<\/h6>\n\n\n\n<h4 class=\"wp-block-heading\">Wyk\u0142ad inauguracyjny prof. dr hab. Mariana Goryni w ramach I Szko\u0142y Zarz\u0105dzania Strategicznego w Szkolnictwie Wy\u017cszym dla Rektor\u00f3w\/Prorektor\u00f3w Uczelni Ukrai\u0144skich<\/h4>\n\n\n\n<p span=\"\" style=\"color: black\">W dniu 29 pa\u017adziernika 2020 roku odby\u0142o si\u0119 jedno z cyklu webinari\u00f3w w ramach I Szko\u0142y Zarz\u0105dzania Strategicznego w Szkolnictwie Wy\u017cszym dla Rektor\u00f3w\/Prorektor\u00f3w Uczelni Ukrai\u0144skich. <\/p>\n\n\n\n<p span=\"\" style=\"color: black\">Prof. dr hab. Marian Gorynia wyg\u0142osi\u0142 wyk\u0142ad inauguracyjny p.t.: <em>Analiza systemowa uwarunkowa\u0144 i skutk\u00f3w pandemii<\/em>.<\/p>\n\n\n<div class=\"wp-block-image\">\n<figure class=\"aligncenter is-resized\"><img loading=\"lazy\" decoding=\"async\" width=\"1024\" height=\"766\" src=\"https:\/\/mariangorynia.pl\/wp-content\/uploads\/analiza_sys_uwarukowan_pandemii_29.10.2020-1024x766.jpg\" alt=\"\" class=\"wp-image-1793\" style=\"width:315px;height:235px\" srcset=\"https:\/\/mariangorynia.pl\/wp-content\/uploads\/analiza_sys_uwarukowan_pandemii_29.10.2020-1024x766.jpg 1024w, https:\/\/mariangorynia.pl\/wp-content\/uploads\/analiza_sys_uwarukowan_pandemii_29.10.2020-300x224.jpg 300w, https:\/\/mariangorynia.pl\/wp-content\/uploads\/analiza_sys_uwarukowan_pandemii_29.10.2020-768x574.jpg 768w, https:\/\/mariangorynia.pl\/wp-content\/uploads\/analiza_sys_uwarukowan_pandemii_29.10.2020-360x270.jpg 360w, https:\/\/mariangorynia.pl\/wp-content\/uploads\/analiza_sys_uwarukowan_pandemii_29.10.2020.jpg 1137w\" sizes=\"(max-width: 1024px) 100vw, 1024px\" \/><\/figure><\/div>\n\n\n<p span=\"\" style=\"color: black\">I Szko\u0142a Zarz\u0105dzania Strategicznego w Szkolnictwie Wy\u017cszym dla Rektor\u00f3w\/Prorektor\u00f3w Uczelni Ukrai\u0144skich to element realizowanego projektu Politechniki Warszawskiej. Wi\u0119cej o projekcie <a href=\"https:\/\/www.ans.pw.edu.pl\/Nauka\/Projekty\/Polsko-ukrainska-wspolpraca-instytucji-przedstawicielskich-reprezentujacych-rektorow\"><span style=\"color: blue\"><strong>[TUTAJ].<\/strong><\/a><\/p>\n\n\n\n<hr class=\"wp-block-separator has-css-opacity\"\/>\n\n\n\n<h6 class=\"wp-block-heading\">29.10.2020 r.<\/h6>\n\n\n\n<h4 class=\"wp-block-heading\">Wyst\u0105pienie prof. dr hab. Mariana Goryni podczas konferencji naukowej online &#8222;Audyt wewn\u0119trzny w czasach kryzysu&#8221; <\/h4>\n\n\n\n<p span=\"\" style=\"color: black\">W dniu 29 pa\u017adziernika 2020 roku odby\u0142a si\u0119 konferencja naukowa online organizowana przez Instytut Audytor\u00f3w Wewn\u0119trznych IIA Polska oraz Uniwersytet Ekonomiczny w Poznaniu. Prof. dr hab. Marian Gorynia wyg\u0142osi\u0142 wyk\u0142ad p.t.: <em>Pandemia COVID-19 a gospodarka<\/em>.<\/p>\n\n\n<div class=\"wp-block-image\">\n<figure class=\"aligncenter is-resized\"><img loading=\"lazy\" decoding=\"async\" width=\"1024\" height=\"767\" src=\"https:\/\/mariangorynia.pl\/wp-content\/uploads\/slajd_tytulowy_pandemia_covid_a_gosp_29.10.2020-1024x767.jpg\" alt=\"\" class=\"wp-image-1789\" style=\"width:381px;height:284px\" srcset=\"https:\/\/mariangorynia.pl\/wp-content\/uploads\/slajd_tytulowy_pandemia_covid_a_gosp_29.10.2020-1024x767.jpg 1024w, https:\/\/mariangorynia.pl\/wp-content\/uploads\/slajd_tytulowy_pandemia_covid_a_gosp_29.10.2020-300x225.jpg 300w, https:\/\/mariangorynia.pl\/wp-content\/uploads\/slajd_tytulowy_pandemia_covid_a_gosp_29.10.2020-768x575.jpg 768w, https:\/\/mariangorynia.pl\/wp-content\/uploads\/slajd_tytulowy_pandemia_covid_a_gosp_29.10.2020-360x270.jpg 360w, https:\/\/mariangorynia.pl\/wp-content\/uploads\/slajd_tytulowy_pandemia_covid_a_gosp_29.10.2020.jpg 1140w\" sizes=\"(max-width: 1024px) 100vw, 1024px\" \/><\/figure><\/div>\n\n\n<hr class=\"wp-block-separator has-css-opacity\"\/>\n\n\n\n<h6 class=\"wp-block-heading\">19.10.2020 r.<\/h6>\n\n\n\n<h4 class=\"wp-block-heading\">Prof. dr hab. Marian Gorynia go\u015bciem programu Lustra TVP3 Pozna\u0144<\/h4>\n\n\n\n<p class=\"has-text-align-center\"><em>Jak koronawirus zmienia polsk\u0105 i zagraniczn\u0105 gospodark\u0119?<\/em><\/p>\n\n\n\n<p span=\"\" style=\"color: black\">Na to pytanie odpowiedzieli naukowcy w programie &#8222;Lustra&#8221;, emitowanego w dniu 19 pa\u017adziernika 2020 r. Gospodarzem by\u0142 redaktor \u0141ukasz Maciejewski, a go\u015b\u0107mi zostali: prof. dr hab. Marian Gorynia by\u0142y rektor Uniwersytetu Ekonomicznego w Poznaniu, zast\u0119pca przewodnicz\u0105cego Rady Doskona\u0142o\u015bci Naukowej i przewodnicz\u0105cy Rady Naukowej Polskiego Towarzystwa Ekonomicznego, a tak\u017ce prof. S\u0142awomir Jankiewicz z Wy\u017cszej Szko\u0142y Bankowej w Poznaniu oraz Miros\u0142aw Piasecki prezes Stowarzyszenia &#8222;Przedsi\u0119biorca Polski&#8221;.<\/p>\n\n\n\n<p span style=\"color: black\">Ca\u0142\u0105 rozmow\u0119 mo\u017cna obejrze\u0107 <a href=\"https:\/\/poznan.tvp.pl\/50410247\/jak-koronawirus-zmienia-polska-i-swiatowa-gospodarke-19102020\"><span style=\"color: blue\"><strong>[TUTAJ].<\/strong><\/a><\/p>\n\n\n\n<figure class=\"wp-block-gallery aligncenter has-nested-images columns-default is-cropped wp-block-gallery-1 is-layout-flex wp-block-gallery-is-layout-flex\">\n<figure class=\"wp-block-image\"><img loading=\"lazy\" decoding=\"async\" width=\"506\" height=\"300\" data-id=\"1779\" src=\"https:\/\/mariangorynia.pl\/wp-content\/uploads\/wywiad_1-1.jpg\" alt=\"\" class=\"wp-image-1779\" srcset=\"https:\/\/mariangorynia.pl\/wp-content\/uploads\/wywiad_1-1.jpg 506w, https:\/\/mariangorynia.pl\/wp-content\/uploads\/wywiad_1-1-300x178.jpg 300w, https:\/\/mariangorynia.pl\/wp-content\/uploads\/wywiad_1-1-360x213.jpg 360w\" sizes=\"(max-width: 506px) 100vw, 506px\" \/><\/figure>\n\n\n\n<figure class=\"wp-block-image\"><img loading=\"lazy\" decoding=\"async\" width=\"516\" height=\"299\" data-id=\"1780\" src=\"https:\/\/mariangorynia.pl\/wp-content\/uploads\/wywiad_2-1.jpg\" alt=\"\" class=\"wp-image-1780\" srcset=\"https:\/\/mariangorynia.pl\/wp-content\/uploads\/wywiad_2-1.jpg 516w, https:\/\/mariangorynia.pl\/wp-content\/uploads\/wywiad_2-1-300x174.jpg 300w, https:\/\/mariangorynia.pl\/wp-content\/uploads\/wywiad_2-1-360x209.jpg 360w\" sizes=\"(max-width: 516px) 100vw, 516px\" \/><\/figure>\n<\/figure>\n\n\n\n<hr class=\"wp-block-separator has-css-opacity\"\/>\n\n\n\n<h6 class=\"wp-block-heading\">13.10.2020 r.<\/h6>\n\n\n\n<h4 class=\"wp-block-heading\" id=\"mce_2\">Wyst\u0105pienie prof. dr hab. Mariana Goryni podczas posiedzenia Komitetu Nauk Ekonomicznych Polskiej Akademii Nauk<\/h4>\n\n\n\n<p span=\"\" style=\"color: black\">W dniu 13 pa\u017adziernika 2020 roku odby\u0142o si\u0119 posiedzenie Komitetu Nauk Ekonomicznych PAN. Prof. dr hab. Marian Gorynia wyg\u0142osi\u0142 wyk\u0142ad p.t.: <em>Pandemia COVID-19 perspektywa &#8211; nauk ekonomicznych<\/em> .<\/p>\n\n\n\n<p span style=\"color: black\">Prezentacja z wyk\u0142adu dost\u0119pna <a href=\"https:\/\/mariangorynia.pl\/wp-content\/uploads\/KNE_PAN_Gorynia_13.10.2020-1.pdf\"><span style=\"color: blue\"><strong>[tutaj].<\/strong><\/a><\/p>\n\n\n\n<hr class=\"wp-block-separator has-css-opacity\"\/>\n\n\n\n<h6 class=\"wp-block-heading\">18.05.2020 r.<\/h6>\n\n\n\n<h4 class=\"wp-block-heading\">Prof. dr hab. Marian Gorynia cz\u0142onkiem Prezydium Komitetu Nauk Ekonomicznych Polskiej Akademii Nauk <\/h4>\n\n\n\n<p span=\"\" style=\"color: black\">W dniu 18 maja 2020 roku prof. dr hab. Marian Gorynia zosta\u0142 wybrany na cz\u0142onka Prezydium Komitetu Nauk Ekonomicznych Polskiej Akademii Nauk. <\/p>\n\n\n\n<p span=\"\" style=\"color: black\">Zakres dzia\u0142a\u0144 Komitetu to: og\u00f3lna teoria ekonomiki, historia my\u015bli ekonomicznej, problematyka funkcjonowania i rozwoju gospodarki kraj\u00f3w Europy \u015arodkowej i Wschodniej. Komitet zosta\u0142 powo\u0142any w 1952 r. <\/p>\n\n\n\n<p span style=\"color: black\">Wi\u0119cej informacji na <a href=\"http:\/\/www.kne.pan.pl\/index.php?option=com_content&amp;view=article&amp;id=56&amp;Itemid=41\"><span style=\"color: blue\">stronie Komitetu Nauk Ekonomicznych PAN<\/a>.<\/p>\n\n\n\n<hr class=\"wp-block-separator has-css-opacity\"\/>\n\n\n\n<h6 class=\"wp-block-heading\">20.02.2020 r.<\/h6>\n\n\n\n<h4 class=\"wp-block-heading\">Spotkanie Klubu Adamieckiego <\/h4>\n\n\n\n<p span=\"\" style=\"color: black\">20 lutego 2020 roku w budynku Rektoratu odby\u0142o si\u0119 posiedzenie Klubu im. Karola Adamieckiego. O wybranych aspektach to\u017csamo\u015bci nauk ekonomicznych opowiedzia\u0142 m.in. prof. dr hab. Marian Gorynia. Dyskusj\u0119 prowadzili sekretarze Klubu: dr hab. Krystian Pera, prof. UE oraz dr hab. Artur Walasik, prof. UE.<br>Spotkanie Klubu Adamieckiego cieszy\u0142o si\u0119 du\u017cym zainteresowaniem przedstawicieli spo\u0142eczno\u015bci akademickiej, a tak\u017ce zach\u0119ca\u0142o do dyskusji nad to\u017csamo\u015bci\u0105 nauk ekonomicznych. <\/p>\n\n\n\n<figure class=\"wp-block-gallery has-nested-images columns-2 wp-block-gallery-2 is-layout-flex wp-block-gallery-is-layout-flex\">\n<figure class=\"wp-block-image\"><img loading=\"lazy\" decoding=\"async\" width=\"1024\" height=\"683\" data-id=\"1100\" src=\"https:\/\/mariangorynia.pl\/wp-content\/uploads\/IMG_9586-1-1024x683.jpg\" alt=\"\" class=\"wp-image-1100\" srcset=\"https:\/\/mariangorynia.pl\/wp-content\/uploads\/IMG_9586-1-1024x683.jpg 1024w, https:\/\/mariangorynia.pl\/wp-content\/uploads\/IMG_9586-1-300x200.jpg 300w, https:\/\/mariangorynia.pl\/wp-content\/uploads\/IMG_9586-1-768x512.jpg 768w, https:\/\/mariangorynia.pl\/wp-content\/uploads\/IMG_9586-1-360x240.jpg 360w, https:\/\/mariangorynia.pl\/wp-content\/uploads\/IMG_9586-1.jpg 1920w\" sizes=\"(max-width: 1024px) 100vw, 1024px\" \/><\/figure>\n\n\n\n<figure class=\"wp-block-image\"><img loading=\"lazy\" decoding=\"async\" width=\"1024\" height=\"683\" data-id=\"1118\" src=\"https:\/\/mariangorynia.pl\/wp-content\/uploads\/IMG_9637-1-1024x683.jpg\" alt=\"\" class=\"wp-image-1118\" srcset=\"https:\/\/mariangorynia.pl\/wp-content\/uploads\/IMG_9637-1-1024x683.jpg 1024w, https:\/\/mariangorynia.pl\/wp-content\/uploads\/IMG_9637-1-300x200.jpg 300w, https:\/\/mariangorynia.pl\/wp-content\/uploads\/IMG_9637-1-768x512.jpg 768w, https:\/\/mariangorynia.pl\/wp-content\/uploads\/IMG_9637-1-360x240.jpg 360w, https:\/\/mariangorynia.pl\/wp-content\/uploads\/IMG_9637-1.jpg 1920w\" sizes=\"(max-width: 1024px) 100vw, 1024px\" \/><\/figure>\n\n\n\n<figure class=\"wp-block-image\"><img loading=\"lazy\" decoding=\"async\" width=\"1024\" height=\"683\" data-id=\"1113\" src=\"https:\/\/mariangorynia.pl\/wp-content\/uploads\/IMG_9617-1-1024x683.jpg\" alt=\"\" class=\"wp-image-1113\" srcset=\"https:\/\/mariangorynia.pl\/wp-content\/uploads\/IMG_9617-1-1024x683.jpg 1024w, https:\/\/mariangorynia.pl\/wp-content\/uploads\/IMG_9617-1-300x200.jpg 300w, https:\/\/mariangorynia.pl\/wp-content\/uploads\/IMG_9617-1-768x512.jpg 768w, https:\/\/mariangorynia.pl\/wp-content\/uploads\/IMG_9617-1-360x240.jpg 360w, https:\/\/mariangorynia.pl\/wp-content\/uploads\/IMG_9617-1.jpg 1920w\" sizes=\"(max-width: 1024px) 100vw, 1024px\" \/><\/figure>\n<\/figure>\n\n\n\n<figure class=\"wp-block-gallery has-nested-images columns-2 is-cropped wp-block-gallery-3 is-layout-flex wp-block-gallery-is-layout-flex\">\n<figure class=\"wp-block-image\"><img loading=\"lazy\" decoding=\"async\" width=\"1024\" height=\"683\" data-id=\"1116\" src=\"https:\/\/mariangorynia.pl\/wp-content\/uploads\/IMG_9633-1-1024x683.jpg\" alt=\"\" class=\"wp-image-1116\" srcset=\"https:\/\/mariangorynia.pl\/wp-content\/uploads\/IMG_9633-1-1024x683.jpg 1024w, https:\/\/mariangorynia.pl\/wp-content\/uploads\/IMG_9633-1-300x200.jpg 300w, https:\/\/mariangorynia.pl\/wp-content\/uploads\/IMG_9633-1-768x512.jpg 768w, https:\/\/mariangorynia.pl\/wp-content\/uploads\/IMG_9633-1-360x240.jpg 360w, https:\/\/mariangorynia.pl\/wp-content\/uploads\/IMG_9633-1.jpg 1920w\" sizes=\"(max-width: 1024px) 100vw, 1024px\" \/><\/figure>\n\n\n\n<figure class=\"wp-block-image\"><img loading=\"lazy\" decoding=\"async\" width=\"1024\" height=\"683\" data-id=\"1114\" src=\"https:\/\/mariangorynia.pl\/wp-content\/uploads\/IMG_9631-1-1024x683.jpg\" alt=\"\" class=\"wp-image-1114\" srcset=\"https:\/\/mariangorynia.pl\/wp-content\/uploads\/IMG_9631-1-1024x683.jpg 1024w, https:\/\/mariangorynia.pl\/wp-content\/uploads\/IMG_9631-1-300x200.jpg 300w, https:\/\/mariangorynia.pl\/wp-content\/uploads\/IMG_9631-1-768x512.jpg 768w, https:\/\/mariangorynia.pl\/wp-content\/uploads\/IMG_9631-1-360x240.jpg 360w, https:\/\/mariangorynia.pl\/wp-content\/uploads\/IMG_9631-1.jpg 1920w\" sizes=\"(max-width: 1024px) 100vw, 1024px\" \/><\/figure>\n\n\n\n<figure class=\"wp-block-image\"><img loading=\"lazy\" decoding=\"async\" width=\"1024\" height=\"683\" data-id=\"1111\" src=\"https:\/\/mariangorynia.pl\/wp-content\/uploads\/IMG_9613-1-1024x683.jpg\" alt=\"\" class=\"wp-image-1111\" srcset=\"https:\/\/mariangorynia.pl\/wp-content\/uploads\/IMG_9613-1-1024x683.jpg 1024w, https:\/\/mariangorynia.pl\/wp-content\/uploads\/IMG_9613-1-300x200.jpg 300w, https:\/\/mariangorynia.pl\/wp-content\/uploads\/IMG_9613-1-768x512.jpg 768w, https:\/\/mariangorynia.pl\/wp-content\/uploads\/IMG_9613-1-360x240.jpg 360w, https:\/\/mariangorynia.pl\/wp-content\/uploads\/IMG_9613-1.jpg 1920w\" sizes=\"(max-width: 1024px) 100vw, 1024px\" \/><\/figure>\n\n\n\n<figure class=\"wp-block-image\"><img loading=\"lazy\" decoding=\"async\" width=\"1024\" height=\"768\" data-id=\"1094\" src=\"https:\/\/mariangorynia.pl\/wp-content\/uploads\/IMG_4272-1-1024x768.jpg\" alt=\"\" class=\"wp-image-1094\" srcset=\"https:\/\/mariangorynia.pl\/wp-content\/uploads\/IMG_4272-1-1024x768.jpg 1024w, https:\/\/mariangorynia.pl\/wp-content\/uploads\/IMG_4272-1-300x225.jpg 300w, https:\/\/mariangorynia.pl\/wp-content\/uploads\/IMG_4272-1-768x576.jpg 768w, https:\/\/mariangorynia.pl\/wp-content\/uploads\/IMG_4272-1-360x270.jpg 360w, https:\/\/mariangorynia.pl\/wp-content\/uploads\/IMG_4272-1.jpg 2016w\" sizes=\"(max-width: 1024px) 100vw, 1024px\" \/><\/figure>\n\n\n\n<figure class=\"wp-block-image\"><img loading=\"lazy\" decoding=\"async\" width=\"1024\" height=\"683\" data-id=\"1084\" src=\"https:\/\/mariangorynia.pl\/wp-content\/uploads\/IMG_9611-1024x683.jpg\" alt=\"\" class=\"wp-image-1084\" srcset=\"https:\/\/mariangorynia.pl\/wp-content\/uploads\/IMG_9611-1024x683.jpg 1024w, https:\/\/mariangorynia.pl\/wp-content\/uploads\/IMG_9611-300x200.jpg 300w, https:\/\/mariangorynia.pl\/wp-content\/uploads\/IMG_9611-768x512.jpg 768w, https:\/\/mariangorynia.pl\/wp-content\/uploads\/IMG_9611-360x240.jpg 360w, https:\/\/mariangorynia.pl\/wp-content\/uploads\/IMG_9611.jpg 1920w\" sizes=\"(max-width: 1024px) 100vw, 1024px\" \/><\/figure>\n<\/figure>\n\n\n\n<p span style=\"color: black\">Wi\u0119cej o wydarzeniu pod adresem:  <br><a href=\"https:\/\/www.ue.katowice.pl\/uczelnia\/aktualnosci\/article\/prof-m-gorynia-gosciem-kolejnego-spotkania-klubu-adamieckiego-relacja.html\"><span style=\"color: blue\"> https:\/\/www.ue.katowice.pl\/uczelnia\/aktualnosci\/article\/prof-m-gorynia-gosciem-kolejnego-spotkania-klubu-adamieckiego-relacja.html<\/a> <\/p>\n","protected":false},"excerpt":{"rendered":"<p>21.12.2020 r. Monografia Centralnej Komisji do Spraw Stopni i Tytu\u0142\u00f3w W dniu&nbsp; 21 grudnia 2020 r. odby\u0142o si\u0119 posiedzenie online Centralnej Komisji do Spraw Stopni i Tytu\u0142\u00f3w. G\u0142\u00f3wnym celem ostatniego posiedzenia IX kadencji Centralnej Komisji do Spraw Stopni i Tytu\u0142\u00f3w&hellip;&nbsp;<a href=\"https:\/\/mariangorynia.pl\/?page_id=8189\" class=\"more-link\">Read More<\/a><\/p>\n","protected":false},"author":1,"featured_media":0,"parent":0,"menu_order":0,"comment_status":"closed","ping_status":"closed","template":"","meta":{"footnotes":""},"class_list":["post-8189","page","type-page","status-publish","hentry"],"_links":{"self":[{"href":"https:\/\/mariangorynia.pl\/index.php?rest_route=\/wp\/v2\/pages\/8189"}],"collection":[{"href":"https:\/\/mariangorynia.pl\/index.php?rest_route=\/wp\/v2\/pages"}],"about":[{"href":"https:\/\/mariangorynia.pl\/index.php?rest_route=\/wp\/v2\/types\/page"}],"author":[{"embeddable":true,"href":"https:\/\/mariangorynia.pl\/index.php?rest_route=\/wp\/v2\/users\/1"}],"replies":[{"embeddable":true,"href":"https:\/\/mariangorynia.pl\/index.php?rest_route=%2Fwp%2Fv2%2Fcomments&post=8189"}],"version-history":[{"count":4,"href":"https:\/\/mariangorynia.pl\/index.php?rest_route=\/wp\/v2\/pages\/8189\/revisions"}],"predecessor-version":[{"id":8197,"href":"https:\/\/mariangorynia.pl\/index.php?rest_route=\/wp\/v2\/pages\/8189\/revisions\/8197"}],"wp:attachment":[{"href":"https:\/\/mariangorynia.pl\/index.php?rest_route=%2Fwp%2Fv2%2Fmedia&parent=8189"}],"curies":[{"name":"wp","href":"https:\/\/api.w.org\/{rel}","templated":true}]}}