{"id":8210,"date":"2024-09-15T12:33:05","date_gmt":"2024-09-15T10:33:05","guid":{"rendered":"https:\/\/mariangorynia.pl\/?page_id=8210"},"modified":"2024-09-15T13:02:57","modified_gmt":"2024-09-15T11:02:57","slug":"archiwum-aktualnosci-z-2022-roku","status":"publish","type":"page","link":"https:\/\/mariangorynia.pl\/?page_id=8210","title":{"rendered":"Archiwum aktualno\u015bci z 2022 roku"},"content":{"rendered":"\n<hr class=\"wp-block-separator has-css-opacity\"\/>\n\n\n\n<h6 class=\"wp-block-heading\">20.12.2022 r.<\/h6>\n\n\n\n<h4 class=\"wp-block-heading\">Prof. Gorynia laureatem Nagrody Premiera<\/h4>\n\n\n\n<p span=\"\" style=\"color: black\">W dniu 20.12.2022 r. zosta\u0142a og\u0142oszona lista Laureat\u00f3w Prezesa Rady Ministr\u00f3w w roku 2022 &#8211; XXIX edycja. W\u015br\u00f3d nagrodzonych znalaz\u0142 si\u0119 prof. Marian Gorynia z Uniwersytetu Ekonomicznego w Poznaniu.<br> Doceniono cykl publikacji po\u015bwi\u0119conych mikro-, mezo- i makroekonomicznym uwarunkowaniom osi\u0105gania korzy\u015bci z mi\u0119dzynarodowej wsp\u00f3\u0142pracy gospodarczej.<\/p>\n\n\n\n<p span=\"\" style=\"color: black\">Wi\u0119cej informacji oraz lista os\u00f3b nagrodzonych <a href=\"https:\/\/www.gov.pl\/web\/premier\/nagrody-premiera\"><span style=\"color: blue\"><strong>[TUTAJ]<\/strong><\/a> <br>\ninformacja na stronie UEP <a href=\"https:\/\/ue.poznan.pl\/pl\/aktualnosci,c16\/aktualnosci,c15\/prof-marian-gorynia-z-nagroda-prezesa-rady-ministrow,a107747.html\"><span style=\"color: blue\"><strong>[TUTAJ]<\/strong><\/a> <br>\ninformacja na stronie Polish Science <a href=\"http:\/\/polishscience.pl\/pl\/naukowiec-uniwersytetu-ekonomicznego-w-poznaniu-z-nagroda-prezesa-rady-ministrow\/\"><span style=\"color: blue\"><strong>[TUTAJ]<\/strong><\/a><\/p>\n\n\n\n<hr class=\"wp-block-separator has-css-opacity\"\/>\n\n\n\n<h6 class=\"wp-block-heading\">15.12.2022 r.<\/h6>\n\n\n\n<h4 class=\"wp-block-heading\">Jerzy Hausner pierwszym Profesorem Honorowym Uniwersytetu Ekonomicznego w Krakowie  <\/h4>\n\n\n<div class=\"wp-block-image\">\n<figure class=\"alignleft\"><img loading=\"lazy\" decoding=\"async\" width=\"159\" height=\"90\" src=\"https:\/\/mariangorynia.pl\/wp-content\/uploads\/logo_uek-1.jpg\" alt=\"\" class=\"wp-image-5216\"\/><\/figure><\/div>\n\n\n<p span=\"\" style=\"color: black\">W dniu 15.12.2022 r. odby\u0142a si\u0119 uroczysto\u015b\u0107 nadania tytu\u0142u Profesora Honorowego Uniwersytetu Ekonomicznego w Krakowie. Prof. Jerzy Hausner odebra\u0142 tytu\u0142 Profesora Honorowego Uniwersytetu Ekonomicznego w Krakowie, swojej alma mater.<br> By\u0142o to wyj\u0105tkowe wydarzenie zwa\u017cywszy na fakt, \u017ce by\u0142o to pierwsze wyr\u00f3\u017cnienie w niemal stuletniej historii tej uczelni, przyznane za wybitne zas\u0142ugi, istotny wk\u0142ad w rozw\u00f3j dyscyplin naukowych, dorobek naukowy, a tak\u017ce aktywno\u015b\u0107 spo\u0142eczn\u0105 i publiczn\u0105, kt\u00f3ra przyczyni\u0142a si\u0119 do rozwoju i rozs\u0142awienia Uniwersytetu Ekonomicznego w Krakowie.<\/p>\n\n\n\n<p span=\"\" style=\"color: black\">W uroczysto\u015bci wzi\u0119\u0142o udzia\u0142 wielu znamienitych go\u015bci ze \u015bwiata nauki, polityki, sztuki, a tak\u017ce bliskich prof. Hausnera.<br>W\u015br\u00f3d zaproszonych go\u015bci znale\u017ali si\u0119 r\u00f3wnie\u017c laudatorzy: prof. dr hab. Leszek Balcerowicz, prof. dr hab. Juliusz Gardawski oraz prof. dr hab. Marian Gorynia. Prof. dr hab. Marian Gorynia zwr\u00f3ci\u0142 uwag\u0119 na nietypowe podej\u015bcie uhonorowanego Profesora, jego spojrzenie na ekonomi\u0119 szersze ni\u017c jako na sam\u0105 efektywno\u015b\u0107, a tak\u017ce wychodzenie poza zwyczajowe standardy wymaga\u0144 w stosunku do pracownika naukowo-dydaktycznego i podejmowanie rozmaitych inicjatyw wykraczaj\u0105cych poza przyj\u0119te ramy.<\/p>\n\n\n\n<p span=\"\" style=\"color: black\"> W przem\u00f3wieniach go\u015bci przewodzi\u0142o stanowisko, \u017ce ekonomia warto\u015bci &#8211; propagowana przez prof. Hausnera jest bardzo wa\u017cnym elementem dla gospodarki w obecnych czasach.<\/p>\n\n\n\n<figure class=\"wp-block-gallery has-nested-images columns-default is-cropped wp-block-gallery-1 is-layout-flex wp-block-gallery-is-layout-flex\">\n<figure class=\"wp-block-image\"><img loading=\"lazy\" decoding=\"async\" width=\"1024\" height=\"684\" data-id=\"5556\" src=\"https:\/\/mariangorynia.pl\/wp-content\/uploads\/PM_0026-1024x684.jpg\" alt=\"\" class=\"wp-image-5556\" srcset=\"https:\/\/mariangorynia.pl\/wp-content\/uploads\/PM_0026-1024x684.jpg 1024w, https:\/\/mariangorynia.pl\/wp-content\/uploads\/PM_0026-300x200.jpg 300w, https:\/\/mariangorynia.pl\/wp-content\/uploads\/PM_0026-768x513.jpg 768w, https:\/\/mariangorynia.pl\/wp-content\/uploads\/PM_0026-360x240.jpg 360w\" sizes=\"(max-width: 1024px) 100vw, 1024px\" \/><\/figure>\n\n\n\n<figure class=\"wp-block-image\"><img loading=\"lazy\" decoding=\"async\" width=\"1024\" height=\"684\" data-id=\"5557\" src=\"https:\/\/mariangorynia.pl\/wp-content\/uploads\/PM_0088-1024x684.jpg\" alt=\"\" class=\"wp-image-5557\" srcset=\"https:\/\/mariangorynia.pl\/wp-content\/uploads\/PM_0088-1024x684.jpg 1024w, https:\/\/mariangorynia.pl\/wp-content\/uploads\/PM_0088-300x200.jpg 300w, https:\/\/mariangorynia.pl\/wp-content\/uploads\/PM_0088-768x513.jpg 768w, https:\/\/mariangorynia.pl\/wp-content\/uploads\/PM_0088-360x240.jpg 360w\" sizes=\"(max-width: 1024px) 100vw, 1024px\" \/><\/figure>\n\n\n\n<figure class=\"wp-block-image\"><img loading=\"lazy\" decoding=\"async\" width=\"1024\" height=\"684\" data-id=\"5558\" src=\"https:\/\/mariangorynia.pl\/wp-content\/uploads\/PM_0090-1024x684.jpg\" alt=\"\" class=\"wp-image-5558\" srcset=\"https:\/\/mariangorynia.pl\/wp-content\/uploads\/PM_0090-1024x684.jpg 1024w, https:\/\/mariangorynia.pl\/wp-content\/uploads\/PM_0090-300x200.jpg 300w, https:\/\/mariangorynia.pl\/wp-content\/uploads\/PM_0090-768x513.jpg 768w, https:\/\/mariangorynia.pl\/wp-content\/uploads\/PM_0090-360x240.jpg 360w\" sizes=\"(max-width: 1024px) 100vw, 1024px\" \/><\/figure>\n\n\n\n<figure class=\"wp-block-image\"><img loading=\"lazy\" decoding=\"async\" width=\"1024\" height=\"681\" data-id=\"5559\" src=\"https:\/\/mariangorynia.pl\/wp-content\/uploads\/PM_0298-1024x681.jpg\" alt=\"\" class=\"wp-image-5559\" srcset=\"https:\/\/mariangorynia.pl\/wp-content\/uploads\/PM_0298-1024x681.jpg 1024w, https:\/\/mariangorynia.pl\/wp-content\/uploads\/PM_0298-300x200.jpg 300w, https:\/\/mariangorynia.pl\/wp-content\/uploads\/PM_0298-768x511.jpg 768w, https:\/\/mariangorynia.pl\/wp-content\/uploads\/PM_0298-360x240.jpg 360w\" sizes=\"(max-width: 1024px) 100vw, 1024px\" \/><\/figure>\n\n\n\n<figure class=\"wp-block-image\"><img loading=\"lazy\" decoding=\"async\" width=\"1024\" height=\"681\" data-id=\"5560\" src=\"https:\/\/mariangorynia.pl\/wp-content\/uploads\/PM_0341-1024x681.jpg\" alt=\"\" class=\"wp-image-5560\" srcset=\"https:\/\/mariangorynia.pl\/wp-content\/uploads\/PM_0341-1024x681.jpg 1024w, https:\/\/mariangorynia.pl\/wp-content\/uploads\/PM_0341-300x200.jpg 300w, https:\/\/mariangorynia.pl\/wp-content\/uploads\/PM_0341-768x511.jpg 768w, https:\/\/mariangorynia.pl\/wp-content\/uploads\/PM_0341-360x240.jpg 360w\" sizes=\"(max-width: 1024px) 100vw, 1024px\" \/><\/figure>\n<\/figure>\n\n\n\n<p span=\"\" style=\"color: black\">Wi\u0119cej informacji o wydarzeniu:<br> &#8211; <a href=\"https:\/\/uek.krakow.pl\/artykuly\/wydarzenia\/prof-dr-hab-jerzy-hausner-honorowym-profesorem-uek\"><span style=\"color: blue\"><strong>[strona UEK],<\/strong><\/a><br> &#8211;  <a href=\"https:\/\/fundacjagap.pl\/jerzy-hausner-profesorem-honorowym-uek\/\"><span style=\"color: blue\"><strong>[strona Fundacji GAP],<\/strong><\/a><br>&#8211; <a href=\"https:\/\/www.linkedin.com\/comm\/feed\/update\/urn%3Ali%3Aactivity%3A7009599799360425984?midToken=AQFCVnCuVT83gg&#038;midSig=2paXrESHxu0WA1&#038;trk=eml-email_notification_single_mentioned_you_in_this_01-notifications-1-hero%7Ecard%7Efeed&#038;trkEmail=eml-email_notification_single_mentioned_you_in_this_01-notifications-1-hero%7Ecard%7Efeed-null-1geliq%7Elbqx2xhs%7Ef0-null-voyagerOffline&#038;lipi=urn%3Ali%3Apage%3Aemail_email_notification_single_mentioned_you_in_this_01%3B77aMLrpvR2qGEuyc7rBJ4w%3D%3D\"><span style=\"color: blue\"><strong>[profil Linkedin: Open Eyes Economy],<\/strong><\/a><br> &#8211; <a href=\"https:\/\/mariangorynia.pl\/wp-content\/uploads\/Gorynia_prof_Hausner_laudacja_15.12.2022.pdf\"><span style=\"color: blue\"><strong>[tekst wyst\u0105pienia laudatora prof. Mariana Goryni],<\/strong><\/a><\/p>\n\n\n\n<hr class=\"wp-block-separator has-css-opacity\"\/>\n\n\n\n<h6 class=\"wp-block-heading\">24.11.2022 r.<\/h6>\n\n\n\n<h4 class=\"wp-block-heading\">Nominacje profesorskie<\/h4>\n\n\n\n<p span=\"\" style=\"color: black\">W dniu 24.11.2022 r. Prezydent Rzeczypospolitej Polskiej Andrzej Duda wr\u0119czy\u0142 akty nominacyjne 61 nauczycielom akademickim oraz pracownikom nauki i sztuki. W uroczysto\u015bci uczestniczy\u0142 prof. Marian Gorynia, kt\u00f3ry reprezentowa\u0142 Rad\u0119 Doskona\u0142o\u015bci Naukowej jako jej wiceprzewodnicz\u0105cy. <\/p>\n\n\n\n<figure class=\"wp-block-image is-resized\"><img loading=\"lazy\" decoding=\"async\" width=\"1024\" height=\"682\" src=\"https:\/\/mariangorynia.pl\/wp-content\/uploads\/009_20221124_PAD_Nominacje_Profesorskie_PK1_8286-1024x682.jpg\" alt=\"\" class=\"wp-image-5212\" style=\"width:469px;height:312px\" srcset=\"https:\/\/mariangorynia.pl\/wp-content\/uploads\/009_20221124_PAD_Nominacje_Profesorskie_PK1_8286-1024x682.jpg 1024w, https:\/\/mariangorynia.pl\/wp-content\/uploads\/009_20221124_PAD_Nominacje_Profesorskie_PK1_8286-300x200.jpg 300w, https:\/\/mariangorynia.pl\/wp-content\/uploads\/009_20221124_PAD_Nominacje_Profesorskie_PK1_8286-768x512.jpg 768w, https:\/\/mariangorynia.pl\/wp-content\/uploads\/009_20221124_PAD_Nominacje_Profesorskie_PK1_8286-360x240.jpg 360w, https:\/\/mariangorynia.pl\/wp-content\/uploads\/009_20221124_PAD_Nominacje_Profesorskie_PK1_8286.jpg 2000w\" sizes=\"(max-width: 1024px) 100vw, 1024px\" \/><\/figure>\n\n\n\n<p span=\"\" style=\"color: black\">Wi\u0119cej informacji oraz lista os\u00f3b z nominacjami profesorskimi <a href=\"https:\/\/www.prezydent.pl\/aktualnosci\/nominacje\/nominacje-profesorskie-w-palacu-prezydenckim,61528\"><span style=\"color: blue\"><strong>[TUTAJ]<\/strong><\/a>.<\/p>\n\n\n\n<hr class=\"wp-block-separator has-css-opacity\"\/>\n\n\n\n<h6 class=\"wp-block-heading\">22.11.2022 r.<\/h6>\n\n\n\n<h4 class=\"wp-block-heading\">Konferencja PTE: Ewolucja Nauk Ekonomicznych II &#8211; ekonomia a pandemia COVID-19: potrzeba bie\u017c\u0105cych dostosowa\u0144 czy zmiany paradygmatu? <\/h4>\n\n\n\n<figure class=\"wp-block-image is-resized\"><img loading=\"lazy\" decoding=\"async\" width=\"564\" height=\"101\" src=\"https:\/\/mariangorynia.pl\/wp-content\/uploads\/pte_logo_24.06.2021.jpg\" alt=\"\" class=\"wp-image-2817\" style=\"width:405px;height:72px\" srcset=\"https:\/\/mariangorynia.pl\/wp-content\/uploads\/pte_logo_24.06.2021.jpg 564w, https:\/\/mariangorynia.pl\/wp-content\/uploads\/pte_logo_24.06.2021-300x54.jpg 300w, https:\/\/mariangorynia.pl\/wp-content\/uploads\/pte_logo_24.06.2021-360x64.jpg 360w\" sizes=\"(max-width: 564px) 100vw, 564px\" \/><\/figure>\n\n\n\n<p span=\"\" style=\"color: black\">W dniu 22.11.2022 r. odby\u0142a si\u0119 Konferencja Polskiego Towarzystwa Ekonomicznego. Tematem przewodnim by\u0142o: &#8222;Ekonomia a pandemia COVID-19: potrzeba bie\u017c\u0105cych dostosowa\u0144 czy zmiany paradygmatu&#8221;.<\/p>\n\n\n\n<p span=\"\" style=\"color: black\">Konferencja ENE II zosta\u0142a po\u015bwi\u0119cona refleksji nad ewolucj\u0105 bada\u0144 wewn\u0105trz dyscyplin i subdyscyplin ekonomicznych, nad relacjami pomi\u0119dzy nimi, jak r\u00f3wnie\u017c nad relacjami nauk ekonomicznych z innymi dyscyplinami nauki, a tak\u017ce nad problemami interdyscyplinarno\u015bci w naukach ekonomicznych. Konferencja wpisuje si\u0119 w nurt szerszej dyskusji na temat zjawisk kryzysowych we wsp\u00f3\u0142czesnej gospodarce oraz nauce.<\/p>\n\n\n\n<p span=\"\" style=\"color: black\">Podczas spotkania prof. Gorynia wraz z prof. Fiedorem wyg\u0142osili prezentacj\u0119 na temat: <em>&#8222;Spo\u0142eczna sprawczo\u015b\u0107 i u\u017cyteczno\u015b\u0107 nauk ekonomicznych w kontek\u015bcie klasyfikacji\ndziedzin i dyscyplin naukowych&#8221;.<\/em><\/p><br><p span=\"\" style=\"color: black\">Prezentacja dost\u0119pna <a href=\"https:\/\/mariangorynia.pl\/wp-content\/uploads\/ENE-II-B.Fiedor-i-M.Gorynia.pdf\"><span style=\"color: blue\"><strong>[TUTAJ]<\/strong><\/a>.<\/p>\n\n\n\n<figure class=\"wp-block-gallery has-nested-images columns-default is-cropped wp-block-gallery-2 is-layout-flex wp-block-gallery-is-layout-flex\">\n<figure class=\"wp-block-image\"><img loading=\"lazy\" decoding=\"async\" width=\"1024\" height=\"768\" data-id=\"5205\" src=\"https:\/\/mariangorynia.pl\/wp-content\/uploads\/20221122_125401-1024x768.jpg\" alt=\"\" class=\"wp-image-5205\" srcset=\"https:\/\/mariangorynia.pl\/wp-content\/uploads\/20221122_125401-1024x768.jpg 1024w, https:\/\/mariangorynia.pl\/wp-content\/uploads\/20221122_125401-300x225.jpg 300w, https:\/\/mariangorynia.pl\/wp-content\/uploads\/20221122_125401-768x576.jpg 768w, https:\/\/mariangorynia.pl\/wp-content\/uploads\/20221122_125401-360x270.jpg 360w\" sizes=\"(max-width: 1024px) 100vw, 1024px\" \/><\/figure>\n\n\n\n<figure class=\"wp-block-image\"><img loading=\"lazy\" decoding=\"async\" width=\"1024\" height=\"768\" data-id=\"5206\" src=\"https:\/\/mariangorynia.pl\/wp-content\/uploads\/20221122_125404-1024x768.jpg\" alt=\"\" class=\"wp-image-5206\" srcset=\"https:\/\/mariangorynia.pl\/wp-content\/uploads\/20221122_125404-1024x768.jpg 1024w, https:\/\/mariangorynia.pl\/wp-content\/uploads\/20221122_125404-300x225.jpg 300w, https:\/\/mariangorynia.pl\/wp-content\/uploads\/20221122_125404-768x576.jpg 768w, https:\/\/mariangorynia.pl\/wp-content\/uploads\/20221122_125404-360x270.jpg 360w\" sizes=\"(max-width: 1024px) 100vw, 1024px\" \/><\/figure>\n\n\n\n<figure class=\"wp-block-image\"><img loading=\"lazy\" decoding=\"async\" width=\"1024\" height=\"768\" data-id=\"5207\" src=\"https:\/\/mariangorynia.pl\/wp-content\/uploads\/20221122_134919-1024x768.jpg\" alt=\"\" class=\"wp-image-5207\" srcset=\"https:\/\/mariangorynia.pl\/wp-content\/uploads\/20221122_134919-1024x768.jpg 1024w, https:\/\/mariangorynia.pl\/wp-content\/uploads\/20221122_134919-300x225.jpg 300w, https:\/\/mariangorynia.pl\/wp-content\/uploads\/20221122_134919-768x576.jpg 768w, https:\/\/mariangorynia.pl\/wp-content\/uploads\/20221122_134919-360x270.jpg 360w\" sizes=\"(max-width: 1024px) 100vw, 1024px\" \/><\/figure>\n\n\n\n<figure class=\"wp-block-image\"><img loading=\"lazy\" decoding=\"async\" width=\"1024\" height=\"768\" data-id=\"5208\" src=\"https:\/\/mariangorynia.pl\/wp-content\/uploads\/20221122_150645-1024x768.jpg\" alt=\"\" class=\"wp-image-5208\" srcset=\"https:\/\/mariangorynia.pl\/wp-content\/uploads\/20221122_150645-1024x768.jpg 1024w, https:\/\/mariangorynia.pl\/wp-content\/uploads\/20221122_150645-300x225.jpg 300w, https:\/\/mariangorynia.pl\/wp-content\/uploads\/20221122_150645-768x576.jpg 768w, https:\/\/mariangorynia.pl\/wp-content\/uploads\/20221122_150645-360x270.jpg 360w\" sizes=\"(max-width: 1024px) 100vw, 1024px\" \/><\/figure>\n\n\n\n<figure class=\"wp-block-image\"><img loading=\"lazy\" decoding=\"async\" width=\"1024\" height=\"768\" data-id=\"5209\" src=\"https:\/\/mariangorynia.pl\/wp-content\/uploads\/20221122_162353-1024x768.jpg\" alt=\"\" class=\"wp-image-5209\" srcset=\"https:\/\/mariangorynia.pl\/wp-content\/uploads\/20221122_162353-1024x768.jpg 1024w, https:\/\/mariangorynia.pl\/wp-content\/uploads\/20221122_162353-300x225.jpg 300w, https:\/\/mariangorynia.pl\/wp-content\/uploads\/20221122_162353-768x576.jpg 768w, https:\/\/mariangorynia.pl\/wp-content\/uploads\/20221122_162353-360x270.jpg 360w\" sizes=\"(max-width: 1024px) 100vw, 1024px\" \/><\/figure>\n<\/figure>\n\n\n\n<p span=\"\" style=\"color: black\">Wi\u0119cej o wydarzeniu oraz program konferencji dost\u0119pny na stronach organizator\u00f3w:<br>\n<a href=\"https:\/\/www.pte.pl\/aktualnosci\/posty\/konferencja-konferencja-ewolucja-nauk-ekonomicznych-ii-ekonomia-a-pandemia-covid-19-potrzeba-biezacych-dostosowan-czy-zmiany-paradygmatu\"><span style=\"color: blue\"><strong>[PTE],<\/strong><\/a><br>\n<a href=\"https:\/\/inepan.pl\/22-11-2022-konferencja-pt-ewolucja-nauk-ekonomicznych-ii-ene-ii-ekonomia-a-pandemia-covid-19-potrzeba-biezacych-dostosowan-czy-zmiany-paradygmatu\/\"><span style=\"color: blue\"><strong>[INE PAN],<\/strong><\/a><br>\n<a href=\"https:\/\/kne.pan.pl\/?view=article&#038;id=92:ewolucja-nauk-ekonomicznych-ii&#038;catid=42\"><span style=\"color: blue\"><strong>[KNE PAN],<\/strong><\/a><br>\n<a href=\"https:\/\/www.youtube.com\/watch?v=Ev9_13fNTng\"><span style=\"color: blue\"><strong>Relacja online na kanale YT,<\/strong><\/a><\/p>\n\n\n\n<hr class=\"wp-block-separator has-css-opacity\"\/>\n\n\n\n<h6 class=\"wp-block-heading\">21.11.2022 r.<\/h6>\n\n\n\n<h4 class=\"wp-block-heading\">Sesja naukowa z cyklu Dwug\u0142os Nauki \u2013 \u201eMigracje \u2013 historia i tera\u017aniejszo\u015b\u0107\u201d <\/h4>\n\n\n\n<figure class=\"wp-block-image is-resized\"><img loading=\"lazy\" decoding=\"async\" width=\"248\" height=\"150\" src=\"https:\/\/mariangorynia.pl\/wp-content\/uploads\/logo_PAN_poznan.jpg\" alt=\"\" class=\"wp-image-5193\" style=\"width:201px;height:122px\"\/><\/figure>\n\n\n\n<p span=\"\" style=\"color: black\">W dniu 21.11.2022 r. odby\u0142o si\u0119 spotkanie w ramach cyklu Dwug\u0142os Nauki. W tym roku tematem przednim by\u0142o: \u201eMigracje \u2013 historia i tera\u017aniejszo\u015b\u0107\u201d.<\/p>\n\n\n\n<figure class=\"wp-block-image is-resized\"><img loading=\"lazy\" decoding=\"async\" width=\"920\" height=\"686\" src=\"https:\/\/mariangorynia.pl\/wp-content\/uploads\/Zrzut-ekranu-2022-11-25-085205.jpg\" alt=\"\" class=\"wp-image-5197\" style=\"width:369px;height:275px\" srcset=\"https:\/\/mariangorynia.pl\/wp-content\/uploads\/Zrzut-ekranu-2022-11-25-085205.jpg 920w, https:\/\/mariangorynia.pl\/wp-content\/uploads\/Zrzut-ekranu-2022-11-25-085205-300x224.jpg 300w, https:\/\/mariangorynia.pl\/wp-content\/uploads\/Zrzut-ekranu-2022-11-25-085205-768x573.jpg 768w, https:\/\/mariangorynia.pl\/wp-content\/uploads\/Zrzut-ekranu-2022-11-25-085205-360x268.jpg 360w\" sizes=\"(max-width: 920px) 100vw, 920px\" \/><\/figure>\n\n\n\n<p span=\"\" style=\"color: black\">Uczestnicy wraz z zaproszonymi ekspertami rozmawiali m.in. w\u0119dr\u00f3wkach lud\u00f3w, cudzoziemcach, imigrantach i wspomnianych migracjach.<\/p>\n\n\n\n<p span=\"\" style=\"color: black\">Moderatorem spotkania zosta\u0142 prof. dr hab. Marian Gorynia (cz\u0142. koresp. PAN, Uniwersytet Ekonomiczny w Poznaniu).<\/p>\n\n\n\n<p span=\"\" style=\"color: black\">Wi\u0119cej o wydarzeniu oraz program spotkania dost\u0119pne <a href=\"https:\/\/poznan.pan.pl\/?page_id=3101\"><span style=\"color: blue\"><strong>[TUTAJ].<\/strong><\/a><\/p>\n\n\n\n<figure class=\"wp-block-gallery has-nested-images columns-default is-cropped wp-block-gallery-3 is-layout-flex wp-block-gallery-is-layout-flex\">\n<figure class=\"wp-block-image\"><img loading=\"lazy\" decoding=\"async\" width=\"1024\" height=\"768\" data-id=\"5199\" src=\"https:\/\/mariangorynia.pl\/wp-content\/uploads\/20221121_101408-1024x768.jpg\" alt=\"\" class=\"wp-image-5199\" srcset=\"https:\/\/mariangorynia.pl\/wp-content\/uploads\/20221121_101408-1024x768.jpg 1024w, https:\/\/mariangorynia.pl\/wp-content\/uploads\/20221121_101408-300x225.jpg 300w, https:\/\/mariangorynia.pl\/wp-content\/uploads\/20221121_101408-768x576.jpg 768w, https:\/\/mariangorynia.pl\/wp-content\/uploads\/20221121_101408-360x270.jpg 360w\" sizes=\"(max-width: 1024px) 100vw, 1024px\" \/><\/figure>\n\n\n\n<figure class=\"wp-block-image\"><img loading=\"lazy\" decoding=\"async\" width=\"1024\" height=\"768\" data-id=\"5201\" src=\"https:\/\/mariangorynia.pl\/wp-content\/uploads\/20221121_101532-1024x768.jpg\" alt=\"\" class=\"wp-image-5201\" srcset=\"https:\/\/mariangorynia.pl\/wp-content\/uploads\/20221121_101532-1024x768.jpg 1024w, https:\/\/mariangorynia.pl\/wp-content\/uploads\/20221121_101532-300x225.jpg 300w, https:\/\/mariangorynia.pl\/wp-content\/uploads\/20221121_101532-768x576.jpg 768w, https:\/\/mariangorynia.pl\/wp-content\/uploads\/20221121_101532-360x270.jpg 360w\" sizes=\"(max-width: 1024px) 100vw, 1024px\" \/><\/figure>\n<\/figure>\n\n\n\n<hr class=\"wp-block-separator has-css-opacity\"\/>\n\n\n\n<h6 class=\"wp-block-heading\">17.11.2022 r.<\/h6>\n\n\n\n<h4 class=\"wp-block-heading\">Wywiad prof. M. Goryni dla Obserwatora Gospodarczego<\/h4>\n\n\n\n<figure class=\"wp-block-image is-resized\"><img loading=\"lazy\" decoding=\"async\" width=\"437\" height=\"151\" src=\"https:\/\/mariangorynia.pl\/wp-content\/uploads\/Zrzut-ekranu-2022-11-18-112222.jpg\" alt=\"\" class=\"wp-image-5188\" style=\"width:329px;height:114px\" srcset=\"https:\/\/mariangorynia.pl\/wp-content\/uploads\/Zrzut-ekranu-2022-11-18-112222.jpg 437w, https:\/\/mariangorynia.pl\/wp-content\/uploads\/Zrzut-ekranu-2022-11-18-112222-300x104.jpg 300w, https:\/\/mariangorynia.pl\/wp-content\/uploads\/Zrzut-ekranu-2022-11-18-112222-360x124.jpg 360w\" sizes=\"(max-width: 437px) 100vw, 437px\" \/><\/figure>\n\n\n\n<figure class=\"wp-block-image is-resized\"><img loading=\"lazy\" decoding=\"async\" width=\"1024\" height=\"341\" src=\"https:\/\/mariangorynia.pl\/wp-content\/uploads\/Zrzut-ekranu-2022-11-18-112137-1024x341.jpg\" alt=\"\" class=\"wp-image-5187\" style=\"width:512px;height:170px\" srcset=\"https:\/\/mariangorynia.pl\/wp-content\/uploads\/Zrzut-ekranu-2022-11-18-112137-1024x341.jpg 1024w, https:\/\/mariangorynia.pl\/wp-content\/uploads\/Zrzut-ekranu-2022-11-18-112137-300x100.jpg 300w, https:\/\/mariangorynia.pl\/wp-content\/uploads\/Zrzut-ekranu-2022-11-18-112137-768x256.jpg 768w, https:\/\/mariangorynia.pl\/wp-content\/uploads\/Zrzut-ekranu-2022-11-18-112137-360x120.jpg 360w, https:\/\/mariangorynia.pl\/wp-content\/uploads\/Zrzut-ekranu-2022-11-18-112137.jpg 1181w\" sizes=\"(max-width: 1024px) 100vw, 1024px\" \/><\/figure>\n\n\n\n<p span=\"\" style=\"color: black\">Prof. Marian Gorynia by\u0142 go\u015bciem w rozmowie Obserwatora Gospodarczego. Wypowied\u017a dotyczy\u0142a planu na odbudow\u0119 Ukrainy.<br> Prof. Gorynia podkre\u015bla, \u017ce odbudowa Ukrainy b\u0119dzie kosztowa\u0107 setki miliard\u00f3w dolar\u00f3w i z ka\u017cdym dniem trwania wojny koszt ten si\u0119 zwi\u0119ksza. Ponadto prof. Marian Gorynia uwa\u017ca, \u017ce d\u0142ug zagraniczny Ukrainy powinien zosta\u0107 umorzony, a sam kraj, po wdro\u017ceniu odpowiednich reform wej\u015b\u0107 do UE.<\/p>\n\n\n\n<p span=\"\" style=\"color: black\">Cz\u0119\u015b\u0107 rozmowy dost\u0119pny <a href=\"https:\/\/obserwatorgospodarczy.pl\/2022\/11\/17\/m-gorynia-plan-marshalla-dla-ukrainy-powinien-byc-poprzedzony-umorzeniem-dlugow\/\"><span style=\"color: blue\"><strong>[TUTAJ]<\/strong><\/a> lub <a href=\"https:\/\/mariangorynia.pl\/wp-content\/uploads\/Gorynia_wywiad_obserwator_gospodarczy_listopad_2022.pdf\"><span style=\"color: blue\"><strong>[TUTAJ]<\/strong><\/a>.<\/p>\n\n\n\n<p span=\"\" style=\"color: black\">Ca\u0142a rozmowa dost\u0119pna <a href=\"https:\/\/www.youtube.com\/watch?v=iPTO6w95doI&#038;t=3s\"><span style=\"color: blue\"><strong>[TUTAJ]<\/strong><\/a>.<\/p>\n\n\n\n<hr class=\"wp-block-separator has-css-opacity\"\/>\n\n\n\n<h6 class=\"wp-block-heading\">8.11.2022 r.<\/h6>\n\n\n\n<h4 class=\"wp-block-heading\">KUJAWSKO-POMORSKIE FORUM INNOWACJI, NAUKI, BIZNESU I&nbsp;SAMORZ\u0104DU&nbsp;<strong>2022<\/strong><\/h4>\n\n\n\n<figure class=\"wp-block-image is-resized\"><img loading=\"lazy\" decoding=\"async\" width=\"1024\" height=\"310\" src=\"https:\/\/mariangorynia.pl\/wp-content\/uploads\/Zrzut-ekranu-2022-11-07-080330-1024x310.jpg\" alt=\"\" class=\"wp-image-5166\" style=\"width:468px;height:141px\" srcset=\"https:\/\/mariangorynia.pl\/wp-content\/uploads\/Zrzut-ekranu-2022-11-07-080330-1024x310.jpg 1024w, https:\/\/mariangorynia.pl\/wp-content\/uploads\/Zrzut-ekranu-2022-11-07-080330-300x91.jpg 300w, https:\/\/mariangorynia.pl\/wp-content\/uploads\/Zrzut-ekranu-2022-11-07-080330-768x233.jpg 768w, https:\/\/mariangorynia.pl\/wp-content\/uploads\/Zrzut-ekranu-2022-11-07-080330-360x109.jpg 360w, https:\/\/mariangorynia.pl\/wp-content\/uploads\/Zrzut-ekranu-2022-11-07-080330.jpg 1423w\" sizes=\"(max-width: 1024px) 100vw, 1024px\" \/><\/figure>\n\n\n\n<p span=\"\" style=\"color: black\">W dniach 6-8.11.2022 odby\u0142o si\u0119 Kujawsko-Pomorskie Forum Innowacji, Nauki, Biznesu i Samorz\u0105du. Organizatorem wydarzenia by\u0142o Kujawsko-Pomorskie Centrum Naukowo-Technologiczne im. prof. Jana Czochralskiego sp. z o.o., wspierane przez uznan\u0105, do\u015bwiadczon\u0105, regionaln\u0105 instytucj\u0119 otoczenia biznesu \u2013 Toru\u0144sk\u0105 Agencj\u0119 Rozwoju Regionalnego S.A.<\/p>\n\n\n\n<p span=\"\" style=\"color: black\">By\u0142o to wydarzenie o charakterze naukowo-technologicznym po\u015bwi\u0119cone nowym technologiom, innowacjom, wynalazkom i nowatorskim inwestycjom zmieniaj\u0105cym kraj i region w oparciu o inteligentne specjalizacje. Wiod\u0105cymi tematami dyskusji b\u0119d\u0105 wyzwania innowator\u00f3w zwi\u0105zane z transferem wiedzy z sektora nauki do biznesu oraz z pomy\u015blnym wprowadzeniem na rynek nowych lub ulepszonych produkt\u00f3w i us\u0142ug.<\/p>\n\n\n\n<p span=\"\" style=\"color: black\">Jednym z prelegent\u00f3w by\u0142 prof. Gorynia, kt\u00f3ry wyg\u0142osi\u0142 prezentacj\u0119 na temat: <em>&#8222;Czy potrzebna i mo\u017cliwa\njest ekonomia umiaru?&#8221;.<\/em><\/p>\n<p span=\"\" style=\"color: black\">Prezentacja dost\u0119pna <a href=\"https:\/\/mariangorynia.pl\/wp-content\/uploads\/Gorynia_umiar_TORUN_6.11.2022.pdf\"><span style=\"color: blue\"><strong>[TUTAJ]<\/strong><\/a>.<\/p>\n\n\n\n<figure class=\"wp-block-gallery has-nested-images columns-default is-cropped wp-block-gallery-4 is-layout-flex wp-block-gallery-is-layout-flex\">\n<figure class=\"wp-block-image\"><img loading=\"lazy\" decoding=\"async\" width=\"720\" height=\"720\" data-id=\"5169\" src=\"https:\/\/mariangorynia.pl\/wp-content\/uploads\/Resized_20221106_191557004.jpeg\" alt=\"\" class=\"wp-image-5169\" srcset=\"https:\/\/mariangorynia.pl\/wp-content\/uploads\/Resized_20221106_191557004.jpeg 720w, https:\/\/mariangorynia.pl\/wp-content\/uploads\/Resized_20221106_191557004-150x150.jpeg 150w, https:\/\/mariangorynia.pl\/wp-content\/uploads\/Resized_20221106_191557004-300x300.jpeg 300w, https:\/\/mariangorynia.pl\/wp-content\/uploads\/Resized_20221106_191557004-270x270.jpeg 270w\" sizes=\"(max-width: 720px) 100vw, 720px\" \/><\/figure>\n\n\n\n<figure class=\"wp-block-image\"><img loading=\"lazy\" decoding=\"async\" width=\"720\" height=\"720\" data-id=\"5170\" src=\"https:\/\/mariangorynia.pl\/wp-content\/uploads\/Resized_20221106_191633004.jpeg\" alt=\"\" class=\"wp-image-5170\" srcset=\"https:\/\/mariangorynia.pl\/wp-content\/uploads\/Resized_20221106_191633004.jpeg 720w, https:\/\/mariangorynia.pl\/wp-content\/uploads\/Resized_20221106_191633004-150x150.jpeg 150w, https:\/\/mariangorynia.pl\/wp-content\/uploads\/Resized_20221106_191633004-300x300.jpeg 300w, https:\/\/mariangorynia.pl\/wp-content\/uploads\/Resized_20221106_191633004-270x270.jpeg 270w\" sizes=\"(max-width: 720px) 100vw, 720px\" \/><\/figure>\n\n\n\n<figure class=\"wp-block-image\"><img loading=\"lazy\" decoding=\"async\" width=\"720\" height=\"720\" data-id=\"5171\" src=\"https:\/\/mariangorynia.pl\/wp-content\/uploads\/Resized_20221106_175409.jpeg\" alt=\"\" class=\"wp-image-5171\" srcset=\"https:\/\/mariangorynia.pl\/wp-content\/uploads\/Resized_20221106_175409.jpeg 720w, https:\/\/mariangorynia.pl\/wp-content\/uploads\/Resized_20221106_175409-150x150.jpeg 150w, https:\/\/mariangorynia.pl\/wp-content\/uploads\/Resized_20221106_175409-300x300.jpeg 300w, https:\/\/mariangorynia.pl\/wp-content\/uploads\/Resized_20221106_175409-270x270.jpeg 270w\" sizes=\"(max-width: 720px) 100vw, 720px\" \/><\/figure>\n<\/figure>\n\n\n\n<p span=\"\" style=\"color: black\">Wi\u0119cej o wydarzeniu <a href=\"https:\/\/rfi.biz.pl\/forum\"><span style=\"color: blue\"><strong>[TUTAJ]<\/strong><\/a><br>Sprawozdanie z Kujawsko-Pomorskiego Forum Innowacj, Nauki, Biznesu i Samorz\u0105du <a href=\"https:\/\/mariangorynia.pl\/wp-content\/uploads\/img964.pdf\"><span style=\"color: blue\"><strong>[TUTAJ]<\/strong><\/a>\n\n\n\n<hr class=\"wp-block-separator has-css-opacity\"\/>\n\n\n\n<h6 class=\"wp-block-heading\">27.10.2022 r.<\/h6>\n\n\n\n<h4 class=\"wp-block-heading\">Konferencja Naukowa z okazji Jubileuszu 60-lecia PTE &#8211; Oddzia\u0142 w Bydgoszczy<\/h4>\n\n\n\n<figure class=\"wp-block-image is-resized\"><img loading=\"lazy\" decoding=\"async\" width=\"1024\" height=\"724\" src=\"https:\/\/mariangorynia.pl\/wp-content\/uploads\/1-1024x724.png\" alt=\"\" class=\"wp-image-5146\" style=\"width:531px;height:375px\" srcset=\"https:\/\/mariangorynia.pl\/wp-content\/uploads\/1-1024x724.png 1024w, https:\/\/mariangorynia.pl\/wp-content\/uploads\/1-300x212.png 300w, https:\/\/mariangorynia.pl\/wp-content\/uploads\/1-768x543.png 768w, https:\/\/mariangorynia.pl\/wp-content\/uploads\/1-360x254.png 360w\" sizes=\"(max-width: 1024px) 100vw, 1024px\" \/><\/figure>\n\n\n\n<p span=\"\" style=\"color: black\">W dniu 27.10.2022 odby\u0142a si\u0119 Konferencja Naukowa z okazji Jubileuszu 60-lecia PTE &#8211; Oddzia\u0142 w Bydgoszczy. Tematem przewodnim by\u0142o: &#8222;Nauki ekonomiczne i zarz\u0105dzania. Dokonania i wyzwania&#8221;.<br>W\u015br\u00f3d zaproszonych go\u015bci znale\u017ali si\u0119 wybitni specjali\u015bci \u2013 przedstawiciele \u015brodowiska naukowego oraz praktycy.<\/p>\n\n\n\n<p span=\"\" style=\"color: black\">Konferencja mia\u0142a na celu podsumowanie 60-letniej tradycji dzia\u0142alno\u015bci Polskiego Towarzystwa Ekonomicznego \u2013 Oddzia\u0142 w Bydgoszczy, prezentacj\u0119 wynik\u00f3w bada\u0144 w zakresie szeroko rozumianej tematyki spo\u0142eczno-ekonomicznej oraz upowszechnianie wiedzy ekonomicznej w kontek\u015bcie dokona\u0144 oraz wyzwa\u0144 przysz\u0142o\u015bci.<\/p>\n\n\n\n<p span=\"\" style=\"color: black\">Podczas spotkania prof. Gorynia wraz z prof. Fiedorem wyg\u0142osili prezentacj\u0119 na temat: <em>&#8222;W poszukiwaniu to\u017csamo\u015bci nauk ekonomicznych&#8221;.<\/em><\/p><br><p span=\"\" style=\"color: black\">Prezentacja dost\u0119pna <a href=\"https:\/\/mariangorynia.pl\/wp-content\/uploads\/Fiedor_Gorynia_W-POSZUKIWANIU_TO\u017bSAMOSCI_NAUK_E_27.10.2022.pdf\"><span style=\"color: blue\"><strong>[TUTAJ]<\/strong><\/a>.<\/p>\n\n\n\n<p span=\"\" style=\"color: black\">Wi\u0119cej o wydarzeniu <a href=\"https:\/\/pte.bydgoszcz.pl\/konferencje\/nauki-ekonomiczne-i-zarzadzania-dokonania-i-wyzwania\/\"><span style=\"color: blue\"><strong>[TUTAJ],<\/strong><\/a> lub <a href=\"https:\/\/www.facebook.com\/ptebydgoszcz\/\"><span style=\"color: blue\"><strong>[TUTAJ],<\/strong><\/a>. \n<br> \nProgram konferencji dost\u0119pny <a href=\"https:\/\/mariangorynia.pl\/wp-content\/uploads\/program-konferencji-Nauki-ekonomiczne-i-zarz\u0105dzania-dokonania-i-wyzwania.pdf\"><span style=\"color: blue\"><strong>[TUTAJ],<\/strong><\/a>.\n\n\n\n<hr class=\"wp-block-separator has-css-opacity\"\/>\n\n\n\n<h6 class=\"wp-block-heading\">25.10.2022 r.<\/h6>\n\n\n\n<h4 class=\"wp-block-heading\">Wypowied\u017a prof. Goryni w programie Lustra<\/h4>\n\n\n\n<figure class=\"wp-block-image is-resized\"><img loading=\"lazy\" decoding=\"async\" width=\"742\" height=\"416\" src=\"https:\/\/mariangorynia.pl\/wp-content\/uploads\/Zrzut-ekranu-2022-10-27-114704.jpg\" alt=\"\" class=\"wp-image-5156\" style=\"width:507px;height:284px\" srcset=\"https:\/\/mariangorynia.pl\/wp-content\/uploads\/Zrzut-ekranu-2022-10-27-114704.jpg 742w, https:\/\/mariangorynia.pl\/wp-content\/uploads\/Zrzut-ekranu-2022-10-27-114704-300x168.jpg 300w, https:\/\/mariangorynia.pl\/wp-content\/uploads\/Zrzut-ekranu-2022-10-27-114704-360x202.jpg 360w\" sizes=\"(max-width: 742px) 100vw, 742px\" \/><\/figure>\n\n\n\n<p span=\"\" style=\"color: black\">Prof. Marian Gorynia by\u0142 go\u015bciem w programie Lustra. Wypowied\u017a dotyczy\u0142a wp\u0142ywu pandemii COVID-19 na \u017cycie spo\u0142eczne i jej ekonomiczne skutki.<\/p>\n\n\n\n<p span=\"\" style=\"color: black\">Ca\u0142e wydanie programu z tego dnia mo\u017cna obejrze\u0107 <a href=\"https:\/\/poznan.tvp.pl\/64147715\/koronawirus-zmienil-swiat-25102022\"><span style=\"color: blue\"><strong>[TUTAJ]<\/strong><\/a>.<\/p>\n\n\n\n<hr class=\"wp-block-separator has-css-opacity\"\/>\n\n\n\n<h6 class=\"wp-block-heading\">25.10.2022 r.<\/h6>\n\n\n\n<h4 class=\"wp-block-heading\">21 Mi\u0119dzynarodowa Konferencja z cyklu<br>EKONOMIA &#8211; FINANSE &#8211; ZARZ\u0104DZANIE (ICEFM2022) <\/h4>\n\n\n\n<figure class=\"wp-block-image\"><img loading=\"lazy\" decoding=\"async\" width=\"1024\" height=\"91\" src=\"https:\/\/mariangorynia.pl\/wp-content\/uploads\/logo_wieliczka_konferencja-1024x91.jpg\" alt=\"\" class=\"wp-image-5133\" srcset=\"https:\/\/mariangorynia.pl\/wp-content\/uploads\/logo_wieliczka_konferencja-1024x91.jpg 1024w, https:\/\/mariangorynia.pl\/wp-content\/uploads\/logo_wieliczka_konferencja-300x27.jpg 300w, https:\/\/mariangorynia.pl\/wp-content\/uploads\/logo_wieliczka_konferencja-768x68.jpg 768w, https:\/\/mariangorynia.pl\/wp-content\/uploads\/logo_wieliczka_konferencja-360x32.jpg 360w, https:\/\/mariangorynia.pl\/wp-content\/uploads\/logo_wieliczka_konferencja.jpg 1434w\" sizes=\"(max-width: 1024px) 100vw, 1024px\" \/><\/figure>\n\n\n\n<p span=\"\" style=\"color: black\">W dniach 23-25.10.2022 r. odby\u0142a si\u0119 XXI edycja polsko-peruwia\u0144skiej Konferencji z cyklu EKONOMIA-FINANSE-ZARZ\u0104DZANIE. Organizatorami tej konferencji by\u0142 Instytut Nauk Ekonomicznych Polskiej Akademii Nauk; Burmistrz Miasta i Gminy Wieliczka; Centrum PUCP, Pontificia Universidad Cat\u00f3lica del Per\u00fa, Lima, Per\u00fa; Fundacja Cognitione oraz Network Analysis Laboratory. Tematem przewodnim konferencji by\u0142o: &#8222;Wsp\u00f3\u0142czesne wyzwanie w polityce gospodarczej, biznesie i zarz\u0105dzaniu&#8221;.<\/p>\n\n\n\n<p span=\"\" style=\"color: black\">Polsko-peruwia\u0144ska edycja tej konferencji by\u0142a jedynym, tak du\u017cym wydarzeniem naukowo-biznesowym, kt\u00f3re do tej pory by\u0142o organizowane w Polsce. W\u015br\u00f3d uczestnik\u00f3w z 14 kraj\u00f3w pojawi\u0142o si\u0119 wielu badaczy, ludzi ze \u015bwiata nauki i biznesu.<br><br> Go\u015b\u0107mi honorowymi panelu naukowego byli: Pan Profesor Mariana Gorynia (Prezes Polskiego Towarzystwa Ekonomicznego), Doktor Percy Markina (Dyrektor Centrum PUCP, Pontificia Universidad Cat\u00f3lica del Per\u00fa, Lima, Per\u00fa), Profesor Uniwersytetu Jagiello\u0144skiego Wiktor Adamus oraz Profesor Mieczys\u0142aw Morawskiego z Politechniki Warszawskiej.<\/p>\n\n\n\n<p span=\"\" style=\"color: black\">Podczas dyskusji poruszono wiele temat\u00f3w zwi\u0105zanych z gospodark\u0105 po pandemii, inteligentnym miastem, transformacj\u0105 cyfrow\u0105 przedsi\u0119biorstw itp.<\/p>\n\n\n\n<p span=\"\" style=\"color: black\">Go\u015bciem spotkania by\u0142: prof. Marian Gorynia, kt\u00f3ry wyg\u0142osi\u0142 prezentacj\u0119 na temat: \u201eGospodarka po pandemii \n\u2013 kontynuacja czy zwrot strategiczny?\u201d.<br> Prezentacj\u0119 mo\u017cna zobaczy\u0107 w wersji w j\u0119zyku polskim <a href=\"https:\/\/mariangorynia.pl\/wp-content\/uploads\/Gorynia-prezetacja_1_PL.pdf\"><span style=\"color: blue\"><strong>[TUTAJ]<\/strong><\/a> w wersji w j\u0119zyku angielskim <a href=\"https:\/\/mariangorynia.pl\/wp-content\/uploads\/Gorynia-prezetacja_2_ENG.pdf\"><span style=\"color: blue\"><strong>[TUTAJ]<\/strong><\/a><\/p>\n\n\n\n<p span=\"\" style=\"color: black\">Strona konferencji: <a href=\"https:\/\/konferencja.jemi.edu.pl\/pl\/\"><span style=\"color: blue\"><strong>[TUTAJ],<\/strong><\/a><br> Program Konferencji:<a href=\"https:\/\/konferencja.jemi.edu.pl\/pl\/program\"><span style=\"color: blue\"><strong>[TUTAJ],<\/strong><\/a><\/p>\n\n\n\n<hr class=\"wp-block-separator has-css-opacity\"\/>\n\n\n\n<h6 class=\"wp-block-heading\">20.10.2022 r.<\/h6>\n\n\n\n<h4 class=\"wp-block-heading\">147. sesja Zgromadzenia Og\u00f3lnego PAN <\/h4>\n\n\n\n<figure class=\"wp-block-image is-resized\"><img loading=\"lazy\" decoding=\"async\" width=\"820\" height=\"355\" src=\"https:\/\/mariangorynia.pl\/wp-content\/uploads\/pan-logo-2021.jpg\" alt=\"\" class=\"wp-image-3954\" style=\"width:392px;height:170px\" srcset=\"https:\/\/mariangorynia.pl\/wp-content\/uploads\/pan-logo-2021.jpg 820w, https:\/\/mariangorynia.pl\/wp-content\/uploads\/pan-logo-2021-300x130.jpg 300w, https:\/\/mariangorynia.pl\/wp-content\/uploads\/pan-logo-2021-768x332.jpg 768w, https:\/\/mariangorynia.pl\/wp-content\/uploads\/pan-logo-2021-360x156.jpg 360w\" sizes=\"(max-width: 820px) 100vw, 820px\" \/><\/figure>\n\n\n\n<p span=\"\" style=\"color: black\">W dniu 20.10.2022 r. odby\u0142o si\u0119 147. Zgromadzenie Og\u00f3lne PAN. W Zgromadzeniu Og\u00f3lnym Akademii wzi\u0119li udzia\u0142, z g\u0142osem stanowi\u0105cym, cz\u0142onkowie krajowi Akademii.<\/p>\n\n\n\n<p span=\"\" style=\"color: black\">W\u015br\u00f3d uczestnik\u00f3w spotkania by\u0142 prof. Marian Gorynia.<\/p>\n\n\n\n<p span=\"\" style=\"color: black\">Program obrad obejmowa\u0142 takie tematy jak:<br>\n&#8211; wybory Prezesa PAN na kadencj\u0119 2023-2026,<br>\n&#8211; wyb\u00f3r Przewodnicz\u0105cego obrad sesji Zgromadzenia Og\u00f3lnego w cz\u0119\u015bci wyborczej,<br>\n&#8211; wyb\u00f3r Komisji Skrutacyjnej,<br>\n&#8211; sprawozdanie Komisji Wyborczej,<br>\n&#8211; wyst\u0105pienie kandydat\u00f3w na stanowisko Prezesa PAN,<br>\n&#8211; dyskusja po wyst\u0105pieniu kandydat\u00f3w,<br>\n&#8211; g\u0142osowanie,<br>\n&#8211; sprawy bie\u017c\u0105ce i wolne wnioski.<\/p><br><br>\n<p span=\"\" style=\"color: black\">Na podstawie g\u0142osowania cz\u0142onkowie Akademii zdecydowali, \u017ce w ci\u0105gu najbli\u017cszych czterech lat funkcj\u0119 Prezesa PAN b\u0119dzie pe\u0142ni\u0142 prof. Marek Konarzewski.<\/p>\n\n\n\n<figure class=\"wp-block-image\"><img loading=\"lazy\" decoding=\"async\" width=\"1024\" height=\"768\" src=\"https:\/\/mariangorynia.pl\/wp-content\/uploads\/20221020_143936-1024x768.jpg\" alt=\"\" class=\"wp-image-5131\" srcset=\"https:\/\/mariangorynia.pl\/wp-content\/uploads\/20221020_143936-1024x768.jpg 1024w, https:\/\/mariangorynia.pl\/wp-content\/uploads\/20221020_143936-300x225.jpg 300w, https:\/\/mariangorynia.pl\/wp-content\/uploads\/20221020_143936-768x576.jpg 768w, https:\/\/mariangorynia.pl\/wp-content\/uploads\/20221020_143936-360x270.jpg 360w\" sizes=\"(max-width: 1024px) 100vw, 1024px\" \/><\/figure>\n\n\n\n<p span=\"\" style=\"color: black\">Wi\u0119cej informacji na stronie internetowej PAN: <a href=\"https:\/\/informacje.pan.pl\/informacje\/materialy-dla-prasy\/3690-nowy-prezes-akademii\"><span style=\"color: blue\"><strong>[TUTAJ]<\/strong><\/a>.<\/p>\n\n\n\n<hr class=\"wp-block-separator has-css-opacity\"\/>\n\n\n\n<h6 class=\"wp-block-heading\">14.10.2022 r.<\/h6>\n\n\n\n<h4 class=\"wp-block-heading\">Organizacja uroczystego posiedzenia Zarz\u0105du Krajowego PTE <\/h4>\n\n\n\n<figure class=\"wp-block-image is-resized\"><img loading=\"lazy\" decoding=\"async\" width=\"813\" height=\"142\" src=\"https:\/\/mariangorynia.pl\/wp-content\/uploads\/image-12.png\" alt=\"\" class=\"wp-image-2783\" style=\"width:456px;height:79px\" srcset=\"https:\/\/mariangorynia.pl\/wp-content\/uploads\/image-12.png 813w, https:\/\/mariangorynia.pl\/wp-content\/uploads\/image-12-300x52.png 300w, https:\/\/mariangorynia.pl\/wp-content\/uploads\/image-12-768x134.png 768w, https:\/\/mariangorynia.pl\/wp-content\/uploads\/image-12-360x63.png 360w\" sizes=\"(max-width: 813px) 100vw, 813px\" \/><\/figure>\n\n\n\n<p span=\"\" style=\"color: black\">W dniach 13 -14. pa\u017adziernika 2022 r. w Bydgoszczy odby\u0142o si\u0119 uroczyste wyjazdowe posiedzenie Zarz\u0105du Krajowego Polskiego Towarzystwa Ekonomicznego.<\/p>\n\n\n\n<p span=\"\" style=\"color: black\">Podczas zgromadzenia om\u00f3wiono najwa\u017cniejsze kwestie dotycz\u0105ce funkcjonowania Polskiego Towarzystwa Ekonomicznego, a w drugiej cz\u0119\u015bci wraz z przedstawicielami bydgoskiego Oddzia\u0142u PTE zosta\u0142y om\u00f3wione sukcesy i wyzwania.<\/p>\n\n\n\n<p span=\"\" style=\"color: black\">Prezes PTE prof. Marian Gorynia wr\u0119czy\u0142 na r\u0119ce Prezesa Grzegorza Grze\u015bkiewicza gratulacje z okazji jubileuszu 60-lecia dzia\u0142alno\u015bci Oddzia\u0142u w Bydgoszczy, a tak\u017ce wr\u0119czy\u0142 pani prof. Miros\u0142awie Kwiecie\u0144 Z\u0142ot\u0105 Odznak\u0119 Honorow\u0105 PTE z Wie\u0144cem. Uroczysta cz\u0119\u015b\u0107 posiedzenia ZK PTE sta\u0142a si\u0119 r\u00f3wnie\u017c okazj\u0105 do otwartej dyskusji na temat sytuacji w Oddzia\u0142ach i mo\u017cliwo\u015bci nawi\u0105zania wsp\u00f3\u0142pracy i wzajemnej wymiany do\u015bwiadcze\u0144, co mog\u0142oby si\u0119 przyczyni\u0107 do rozwoju Stowarzyszenia<\/p>\n\n\n\n<figure class=\"wp-block-gallery has-nested-images columns-default is-cropped wp-block-gallery-5 is-layout-flex wp-block-gallery-is-layout-flex\">\n<figure class=\"wp-block-image\"><img loading=\"lazy\" decoding=\"async\" width=\"1024\" height=\"683\" data-id=\"5126\" src=\"https:\/\/mariangorynia.pl\/wp-content\/uploads\/33-1024x683-1024x683.jpg\" alt=\"\" class=\"wp-image-5126\" srcset=\"https:\/\/mariangorynia.pl\/wp-content\/uploads\/33-1024x683.jpg 1024w, https:\/\/mariangorynia.pl\/wp-content\/uploads\/33-1024x683-300x200.jpg 300w, https:\/\/mariangorynia.pl\/wp-content\/uploads\/33-1024x683-768x512.jpg 768w, https:\/\/mariangorynia.pl\/wp-content\/uploads\/33-1024x683-360x240.jpg 360w\" sizes=\"(max-width: 1024px) 100vw, 1024px\" \/><\/figure>\n\n\n\n<figure class=\"wp-block-image\"><img loading=\"lazy\" decoding=\"async\" width=\"1024\" height=\"976\" data-id=\"5127\" src=\"https:\/\/mariangorynia.pl\/wp-content\/uploads\/17-1024x976-1024x976.jpg\" alt=\"\" class=\"wp-image-5127\" srcset=\"https:\/\/mariangorynia.pl\/wp-content\/uploads\/17-1024x976.jpg 1024w, https:\/\/mariangorynia.pl\/wp-content\/uploads\/17-1024x976-300x286.jpg 300w, https:\/\/mariangorynia.pl\/wp-content\/uploads\/17-1024x976-768x732.jpg 768w, https:\/\/mariangorynia.pl\/wp-content\/uploads\/17-1024x976-283x270.jpg 283w\" sizes=\"(max-width: 1024px) 100vw, 1024px\" \/><\/figure>\n\n\n\n<figure class=\"wp-block-image\"><img loading=\"lazy\" decoding=\"async\" width=\"1024\" height=\"683\" data-id=\"5128\" src=\"https:\/\/mariangorynia.pl\/wp-content\/uploads\/12-1024x683-1024x683.jpg\" alt=\"\" class=\"wp-image-5128\" srcset=\"https:\/\/mariangorynia.pl\/wp-content\/uploads\/12-1024x683.jpg 1024w, https:\/\/mariangorynia.pl\/wp-content\/uploads\/12-1024x683-300x200.jpg 300w, https:\/\/mariangorynia.pl\/wp-content\/uploads\/12-1024x683-768x512.jpg 768w, https:\/\/mariangorynia.pl\/wp-content\/uploads\/12-1024x683-360x240.jpg 360w\" sizes=\"(max-width: 1024px) 100vw, 1024px\" \/><\/figure>\n\n\n\n<figure class=\"wp-block-image\"><img loading=\"lazy\" decoding=\"async\" width=\"1024\" height=\"683\" data-id=\"5129\" src=\"https:\/\/mariangorynia.pl\/wp-content\/uploads\/2-1024x683-1024x683.jpg\" alt=\"\" class=\"wp-image-5129\" srcset=\"https:\/\/mariangorynia.pl\/wp-content\/uploads\/2-1024x683.jpg 1024w, https:\/\/mariangorynia.pl\/wp-content\/uploads\/2-1024x683-300x200.jpg 300w, https:\/\/mariangorynia.pl\/wp-content\/uploads\/2-1024x683-768x512.jpg 768w, https:\/\/mariangorynia.pl\/wp-content\/uploads\/2-1024x683-360x240.jpg 360w\" sizes=\"(max-width: 1024px) 100vw, 1024px\" \/><\/figure>\n<\/figure>\n\n\n\n<p span=\"\" style=\"color: black\">Wi\u0119cej o wydarzeniu: <a href=\"https:\/\/pte.bydgoszcz.pl\/jubileusz\/organizacja-uroczystego-posiedzenia-zarzadu-krajowego-polskiego-towarzystwa-ekonomicznego\/\"><span style=\"color: blue\"><strong>[TUTAJ]<\/strong><\/a> oraz <a href=\"https:\/\/www.pte.pl\/aktualnosci\/posty\/organizacja-uroczystego-posiedzenia-zarzadu-krajowego-polskiego-towarzystwa-ekonomicznego\"><span style=\"color: blue\"><strong>[TUTAJ]<\/strong><\/a>\n\n\n\n<hr class=\"wp-block-separator has-css-opacity\"\/>\n\n\n\n<h6 class=\"wp-block-heading\">6.10.2022 r.<\/h6>\n\n\n\n<h4 class=\"wp-block-heading\">Konferencja: Policy mix for a turbulent time <\/h4>\n\n\n\n<figure class=\"wp-block-image is-resized\"><img loading=\"lazy\" decoding=\"async\" width=\"487\" height=\"162\" src=\"https:\/\/mariangorynia.pl\/wp-content\/uploads\/Zrzut-ekranu-2022-10-10-083528.jpg\" alt=\"\" class=\"wp-image-5118\" style=\"width:416px;height:138px\" srcset=\"https:\/\/mariangorynia.pl\/wp-content\/uploads\/Zrzut-ekranu-2022-10-10-083528.jpg 487w, https:\/\/mariangorynia.pl\/wp-content\/uploads\/Zrzut-ekranu-2022-10-10-083528-300x100.jpg 300w, https:\/\/mariangorynia.pl\/wp-content\/uploads\/Zrzut-ekranu-2022-10-10-083528-360x120.jpg 360w\" sizes=\"(max-width: 487px) 100vw, 487px\" \/><\/figure>\n\n\n\n<p span=\"\" style=\"color: black\">W dniu 6.10.2022 r. odby\u0142a si\u0119 konferencja pt. Policy mix for a turbulent time. Wydarzenie zosta\u0142o zorganizowane wsp\u00f3lnie z Polskim Towarzystwem Ekonomicznym, Polskim Instytutem Ekonomicznym, we wsp\u00f3\u0142pracy z narodowymi stowarzyszeniami ekonomicznymi z Czech, S\u0142owacji oraz W\u0119gier. <\/p>\n\n\n\n<p span=\"\" style=\"color: black\">Uczestnik\u00f3w seminarium przywita\u0142 m.in. prof. Gorynia z Uniwersytetu Ekonomicznego w Poznaniu, Prezes Polskiego Towarzystwa Ekonomicznego.<\/p>\n\n\n\n<figure class=\"wp-block-gallery has-nested-images columns-default is-cropped wp-block-gallery-6 is-layout-flex wp-block-gallery-is-layout-flex\">\n<figure class=\"wp-block-image\"><img loading=\"lazy\" decoding=\"async\" width=\"1024\" height=\"768\" data-id=\"5120\" src=\"https:\/\/mariangorynia.pl\/wp-content\/uploads\/20221006_093356-1024x768.jpg\" alt=\"\" class=\"wp-image-5120\" srcset=\"https:\/\/mariangorynia.pl\/wp-content\/uploads\/20221006_093356-1024x768.jpg 1024w, https:\/\/mariangorynia.pl\/wp-content\/uploads\/20221006_093356-300x225.jpg 300w, https:\/\/mariangorynia.pl\/wp-content\/uploads\/20221006_093356-768x576.jpg 768w, https:\/\/mariangorynia.pl\/wp-content\/uploads\/20221006_093356-360x270.jpg 360w\" sizes=\"(max-width: 1024px) 100vw, 1024px\" \/><\/figure>\n\n\n\n<figure class=\"wp-block-image\"><img loading=\"lazy\" decoding=\"async\" width=\"1024\" height=\"768\" data-id=\"5122\" src=\"https:\/\/mariangorynia.pl\/wp-content\/uploads\/20221006_114752-1024x768.jpg\" alt=\"\" class=\"wp-image-5122\" srcset=\"https:\/\/mariangorynia.pl\/wp-content\/uploads\/20221006_114752-1024x768.jpg 1024w, https:\/\/mariangorynia.pl\/wp-content\/uploads\/20221006_114752-300x225.jpg 300w, https:\/\/mariangorynia.pl\/wp-content\/uploads\/20221006_114752-768x576.jpg 768w, https:\/\/mariangorynia.pl\/wp-content\/uploads\/20221006_114752-360x270.jpg 360w\" sizes=\"(max-width: 1024px) 100vw, 1024px\" \/><\/figure>\n\n\n\n<figure class=\"wp-block-image\"><img loading=\"lazy\" decoding=\"async\" width=\"1024\" height=\"768\" data-id=\"5123\" src=\"https:\/\/mariangorynia.pl\/wp-content\/uploads\/20221006_124648-1024x768.jpg\" alt=\"\" class=\"wp-image-5123\" srcset=\"https:\/\/mariangorynia.pl\/wp-content\/uploads\/20221006_124648-1024x768.jpg 1024w, https:\/\/mariangorynia.pl\/wp-content\/uploads\/20221006_124648-300x225.jpg 300w, https:\/\/mariangorynia.pl\/wp-content\/uploads\/20221006_124648-768x576.jpg 768w, https:\/\/mariangorynia.pl\/wp-content\/uploads\/20221006_124648-360x270.jpg 360w\" sizes=\"(max-width: 1024px) 100vw, 1024px\" \/><\/figure>\n<\/figure>\n\n\n\n<p span=\"\" style=\"color: black\">Wi\u0119cej o wydarzeniu: <a href=\"https:\/\/konferencja.pte.pl\/\"><span style=\"color: blue\"><strong>[TUTAJ]<\/strong><\/a><br>\nProgram konferencji: <a href=\"https:\/\/cms.pte.pl\/uploads\/Policy_mix_program_1_2d80187863.pdf\"><span style=\"color: blue\"><strong>[TUTAJ]<\/strong><\/a><br>\n\n\n\n<hr class=\"wp-block-separator has-css-opacity\"\/>\n\n\n\n<h6 class=\"wp-block-heading\">30.09.2022 r.<\/h6>\n\n\n\n<h4 class=\"wp-block-heading\">75-lecie Uniwersytetu Ekonomicznego we Wroc\u0142awiu<\/h4>\n\n\n\n<figure class=\"wp-block-image\"><img loading=\"lazy\" decoding=\"async\" width=\"343\" height=\"120\" src=\"https:\/\/mariangorynia.pl\/wp-content\/uploads\/Zrzut-ekranu-2022-09-30-095616.png\" alt=\"\" class=\"wp-image-5113\" srcset=\"https:\/\/mariangorynia.pl\/wp-content\/uploads\/Zrzut-ekranu-2022-09-30-095616.png 343w, https:\/\/mariangorynia.pl\/wp-content\/uploads\/Zrzut-ekranu-2022-09-30-095616-300x105.png 300w\" sizes=\"(max-width: 343px) 100vw, 343px\" \/><\/figure>\n\n\n\n<p span=\"\" style=\"color: black\">W dniach 29-30.09.2022 r. odby\u0142a si\u0119 uroczysta konferencja z okazji 75-lecia Uniwersytetu Ekonomicznego we Wroc\u0142awiu.<\/p>\n\n\n\n<p span=\"\" style=\"color: black\">G\u0142\u00f3wnym tematem konferencji by\u0142y zmiany zachodz\u0105ce w gospodarce polskiej. Celem konferencji by\u0142a wymiana do\u015bwiadcze\u0144 i wiedzy w tym zakresie przez wybitnych specjalist\u00f3w z nauk ekonomicznych, przedstawicieli sektora publicznego oraz przedsi\u0119biorstw.<\/p>\n\n\n\n<p span=\"\" style=\"color: black\">Go\u015bciem spotkania by\u0142: prof. Marian Gorynia, kt\u00f3ry wyg\u0142osi\u0142 prezentacj\u0119 na temat: \u201eZmiany w gospodarce \u015bwiatowej. Co dalej z globalizacj\u0105? \u201d. Prezentacj\u0119 mo\u017cna zobaczy\u0107 <a href=\"https:\/\/mariangorynia.pl\/wp-content\/uploads\/Gorynia_WROC\u0141AW_29.09.2022.pdf\"><span style=\"color: blue\"><strong>[TUTAJ]<\/strong><\/a><br> Prof. Gorynia r\u00f3wnie\u017c z ramienia PTE z\u0142o\u017cy\u0142 gratulacje z okazji Jubileuszu Uczelni.<\/p>\n\n\n\n<figure class=\"wp-block-gallery has-nested-images columns-default is-cropped wp-block-gallery-7 is-layout-flex wp-block-gallery-is-layout-flex\">\n<figure class=\"wp-block-image\"><img loading=\"lazy\" decoding=\"async\" width=\"1024\" height=\"768\" data-id=\"5150\" src=\"https:\/\/mariangorynia.pl\/wp-content\/uploads\/20220929_102143-1024x768.jpg\" alt=\"\" class=\"wp-image-5150\" srcset=\"https:\/\/mariangorynia.pl\/wp-content\/uploads\/20220929_102143-1024x768.jpg 1024w, https:\/\/mariangorynia.pl\/wp-content\/uploads\/20220929_102143-300x225.jpg 300w, https:\/\/mariangorynia.pl\/wp-content\/uploads\/20220929_102143-768x576.jpg 768w, https:\/\/mariangorynia.pl\/wp-content\/uploads\/20220929_102143-360x270.jpg 360w\" sizes=\"(max-width: 1024px) 100vw, 1024px\" \/><\/figure>\n\n\n\n<figure class=\"wp-block-image\"><img loading=\"lazy\" decoding=\"async\" width=\"1024\" height=\"768\" data-id=\"5151\" src=\"https:\/\/mariangorynia.pl\/wp-content\/uploads\/20220929_102159-1024x768.jpg\" alt=\"\" class=\"wp-image-5151\" srcset=\"https:\/\/mariangorynia.pl\/wp-content\/uploads\/20220929_102159-1024x768.jpg 1024w, https:\/\/mariangorynia.pl\/wp-content\/uploads\/20220929_102159-300x225.jpg 300w, https:\/\/mariangorynia.pl\/wp-content\/uploads\/20220929_102159-768x576.jpg 768w, https:\/\/mariangorynia.pl\/wp-content\/uploads\/20220929_102159-360x270.jpg 360w\" sizes=\"(max-width: 1024px) 100vw, 1024px\" \/><\/figure>\n\n\n\n<figure class=\"wp-block-image\"><img loading=\"lazy\" decoding=\"async\" width=\"1024\" height=\"683\" data-id=\"5152\" src=\"https:\/\/mariangorynia.pl\/wp-content\/uploads\/CEM_0082-1024x683.jpg\" alt=\"\" class=\"wp-image-5152\" srcset=\"https:\/\/mariangorynia.pl\/wp-content\/uploads\/CEM_0082-1024x683.jpg 1024w, https:\/\/mariangorynia.pl\/wp-content\/uploads\/CEM_0082-300x200.jpg 300w, https:\/\/mariangorynia.pl\/wp-content\/uploads\/CEM_0082-768x512.jpg 768w, https:\/\/mariangorynia.pl\/wp-content\/uploads\/CEM_0082-360x240.jpg 360w\" sizes=\"(max-width: 1024px) 100vw, 1024px\" \/><\/figure>\n\n\n\n<figure class=\"wp-block-image\"><img loading=\"lazy\" decoding=\"async\" width=\"1024\" height=\"714\" data-id=\"5153\" src=\"https:\/\/mariangorynia.pl\/wp-content\/uploads\/CEM_9888-1024x714.jpg\" alt=\"\" class=\"wp-image-5153\" srcset=\"https:\/\/mariangorynia.pl\/wp-content\/uploads\/CEM_9888-1024x714.jpg 1024w, https:\/\/mariangorynia.pl\/wp-content\/uploads\/CEM_9888-300x209.jpg 300w, https:\/\/mariangorynia.pl\/wp-content\/uploads\/CEM_9888-768x535.jpg 768w, https:\/\/mariangorynia.pl\/wp-content\/uploads\/CEM_9888-360x251.jpg 360w\" sizes=\"(max-width: 1024px) 100vw, 1024px\" \/><\/figure>\n\n\n\n<figure class=\"wp-block-image\"><img loading=\"lazy\" decoding=\"async\" width=\"1024\" height=\"683\" data-id=\"5154\" src=\"https:\/\/mariangorynia.pl\/wp-content\/uploads\/CEM_0091-1024x683.jpg\" alt=\"\" class=\"wp-image-5154\" srcset=\"https:\/\/mariangorynia.pl\/wp-content\/uploads\/CEM_0091-1024x683.jpg 1024w, https:\/\/mariangorynia.pl\/wp-content\/uploads\/CEM_0091-300x200.jpg 300w, https:\/\/mariangorynia.pl\/wp-content\/uploads\/CEM_0091-768x512.jpg 768w, https:\/\/mariangorynia.pl\/wp-content\/uploads\/CEM_0091-360x240.jpg 360w\" sizes=\"(max-width: 1024px) 100vw, 1024px\" \/><\/figure>\n<\/figure>\n\n\n\n<p span=\"\" style=\"color: black\">Wi\u0119cej o wydarzeniu: <a href=\"https:\/\/75lat.ue.wroc.pl\/index.php\/wydarzenia\/debata-przyszlosc-edukacji-biznesowej-w-europie\/\"><span style=\"color: blue\"><strong>[TUTAJ]<\/strong><\/a><br>\nStrona Konferencji: <a href=\"https:\/\/zmiany-w-gospodarce.ue.wroc.pl\/\"><span style=\"color: blue\"><strong>[TUTAJ]<\/strong><\/a><br>\nKr\u00f3tkie podsumowanie konferencji: <a href=\"http:\/\/www.ue.wroc.pl\/aktualnosci\/26200\/podsumowanie_ogolnopolskiej_konferencji_zmiany_w_gospodarce.html#.YzvUmmdBy71\"><span style=\"color: blue\"><strong>[TUTAJ]<\/strong><\/a>\n\n\n\n<hr class=\"wp-block-separator has-css-opacity\"\/>\n\n\n\n<h6 class=\"wp-block-heading\">18.08.2022 r.<\/h6>\n\n\n\n<h4 class=\"wp-block-heading\">Spotkanie Klubu Polska 2025+<\/h4>\n\n\n\n<p span=\"\" style=\"color: black\">W dniu 18.08.2022 r. odby\u0142o si\u0119 kolejne spotkanie w ramach Klubu Polska 2025+ organizowane wsp\u00f3lnie przez Zwi\u0105zek Bank\u00f3w Polskich i Polskie Forum Akademicko-Gospodarcze.<\/p>\n\n\n\n<p span=\"\" style=\"color: black\">G\u0142\u00f3wn\u0105 ide\u0105 spotkania by\u0142a dyskusja na temat ekonomii umiaru &#8211;  nowego paradygmatu w ekonomii, kt\u00f3ry coraz cz\u0119\u015bciej pojawia si\u0119 jako potencjalna odpowied\u017a na szereg problem\u00f3w dzisiejszego \u015bwiata, rosn\u0105cej liczby ludzi na \u015bwiecie i ich potrzeb, a z drugiej strony \u2013 ograniczonych zasob\u00f3w i post\u0119puj\u0105cej degradacji klimatu.<\/p>\n\n\n\n<p span=\"\" style=\"color: black\">Go\u015bciem spotkania by\u0142: prof. Marian Gorynia, kt\u00f3ry wyg\u0142osi\u0142 prezentacj\u0119 na temat: \u201eCzy na \u015bwiecie i w Polsce mo\u017cliwa jest ekonomia umiaru\u201d. Prezentacj\u0119 mo\u017cna zobaczy\u0107 <a href=\"https:\/\/mariangorynia.pl\/wp-content\/uploads\/Gorynia_gospodarka_umiaru_Klub_PL_2025_26.09.2022.pdf\"><span style=\"color: blue\"><strong>[TUTAJ]<\/strong><\/a><\/p>\n\n\n\n<p span=\"\" style=\"color: black\">Wi\u0119cej o Klub Polska 2025+: <a href=\"https:\/\/www.zbp.pl\/o-zbp\/Klub-Polska-2025\/Cele\"><span style=\"color: blue\"><strong>[TUTAJ]<\/strong><\/a><br>\nWi\u0119cej o wydarzeniu: <a href=\"https:\/\/www.zbp.pl\/Aktualnosci\/Wydarzenia\/Klub-Polska-2025-Czy-na-swiecie-i-w-Polsce-mozliwa-jest-ekonomia-umiaru\"><span style=\"color: blue\"><strong>[TUTAJ]<\/strong><\/a> oraz <a href=\"https:\/\/pfag.pl\/2022-09-26-czy-na-swiecie-i-w-polsce-mozliwa-jest-ekonomia-umiaru\/\"><span style=\"color: blue\"><strong>[TUTAJ]<\/strong><\/a><br>\nRelacja online: <a href=\"https:\/\/www.youtube.com\/watch?v=raW0d6zFgrY&#038;t=325s\"><span style=\"color: blue\"><strong>[TUTAJ]<\/strong><\/a>\n\n\n\n<hr class=\"wp-block-separator has-css-opacity\"\/>\n\n\n\n<h4 class=\"wp-block-heading\">Prof. Gorynia cz\u0142onkiem Rady Teatru Muzycznego w Poznaniu<\/h4>\n\n\n\n<figure class=\"wp-block-image\"><img loading=\"lazy\" decoding=\"async\" width=\"293\" height=\"133\" src=\"https:\/\/mariangorynia.pl\/wp-content\/uploads\/teatr_muzyczny_logo.jpg\" alt=\"\" class=\"wp-image-5092\"\/><\/figure>\n\n\n\n<p span=\"\" style=\"color: black\"> Prof. Marian Gorynia zosta\u0142 wybrany na cz\u0142onka Rady Teatru Muzycznego w Poznaniu.<\/p>\n\n\n\n<p span=\"\" style=\"color: black\">Wi\u0119cej o Teatrze Muzycznym w Poznaniu <a href=\"https:\/\/teatr-muzyczny.pl\/teatr\"><span style=\"color: blue\"><strong>[TUTAJ].<\/strong><\/a><\/p>\n\n\n\n<hr class=\"wp-block-separator has-css-opacity\"\/>\n\n\n\n<h6 class=\"wp-block-heading\">18.08.2022 r.<\/h6>\n\n\n\n<h4 class=\"wp-block-heading\">Spotkanie Wielkopolskiego Klubu Kapita\u0142u<\/h4>\n\n\n\n<figure class=\"wp-block-image\"><img loading=\"lazy\" decoding=\"async\" width=\"168\" height=\"128\" src=\"https:\/\/mariangorynia.pl\/wp-content\/uploads\/WKK_logo.jpg\" alt=\"\" class=\"wp-image-5085\"\/><\/figure>\n\n\n\n<p span=\"\" style=\"color: black\">W dniu 18.08.2022 r. odby\u0142o si\u0119 spotkanie Wielkopolskiego Klubu Kapita\u0142u. Spotkanie odby\u0142o si\u0119 w Stajniach \u0141opuchowskich.<\/p>\n\n\n\n<p span=\"\" style=\"color: black\">Go\u015bciem spotkania by\u0142: prof. Marian Gorynia, kt\u00f3ry wyg\u0142osi\u0142 prezentacj\u0119 na temat: \u201eO inflacji wakacyjnie\u201d. Prezentacj\u0119 mo\u017cna zobaczy\u0107 <a href=\"https:\/\/mariangorynia.pl\/wp-content\/uploads\/Gorynia_o_inflacji_wakacyjnie_WKK_18.08.2022.pdf\"><span style=\"color: blue\"><strong>[TUTAJ]<\/strong><\/a><\/p>\n\n\n\n<p span=\"\" style=\"color: black\">Wi\u0119cej o WKK: <a href=\"https:\/\/wkk.poznan.pl\/\"><span style=\"color: blue\"><strong>[TUTAJ]<\/strong><\/a><br>Wi\u0119cej o Stajniach \u0141opuchowskich: <a href=\"http:\/\/www.stajnielopuchowskie.pl\/\"><span style=\"color: blue\"><strong>[TUTAJ]<\/strong><\/a>\n\n\n\n<hr class=\"wp-block-separator has-css-opacity\"\/>\n\n\n\n<h6 class=\"wp-block-heading\">6.08.2022 r.<\/h6>\n\n\n\n<h4 class=\"wp-block-heading\">Wywiad dla IBOMA.media<\/h4>\n\n\n\n<figure class=\"wp-block-image\"><img loading=\"lazy\" decoding=\"async\" width=\"295\" height=\"82\" src=\"https:\/\/mariangorynia.pl\/wp-content\/uploads\/logo.iboma_.media_.jpg\" alt=\"\" class=\"wp-image-5082\"\/><\/figure>\n\n\n\n<p span=\"\" style=\"color: black\">Prof. Marian Gorynia by\u0142 go\u015bciem w w cyklu wywiad\u00f3w \u201ePandemia czas pr\u00f3by \u2013 pomnik dla 200 tysi\u0119cy ofiar koronawirusa w Polsce\u201d IBOMA.media.<\/p>\n\n\n\n<p span=\"\" style=\"color: black\"><a href=\"https:\/\/www.iboma.media\/#?wix-vod-video-id=d8b97601a42b491b9e147982258ab250&#038;wix-vod-comp-id=comp-l6qcj71f\"><strong><span style=\"color: blue\">[obejrzyj skr\u00f3t wywiadu]<\/strong><\/a> <a href=\"https:\/\/www.youtube.com\/watch?v=tjAsGpwNEfw&#038;t=1s\"><strong><span style=\"color: blue\">[obejrzyj ca\u0142y wywiad]<\/strong><\/a><\/p>\n\n\n\n<hr class=\"wp-block-separator has-css-opacity\"\/>\n\n\n\n<h4 class=\"wp-block-heading\"><strong>Wspomnienie&nbsp;prof. Jerzego Kleera<\/strong><br><\/h4>\n\n\n\n<p span=\"\" style=\"color: black\">Na \u0142amach portalu polityka.pl ukaza\u0142o si\u0119 wspomnienie prof. Jerzego Kleera. Profesor Jerzy Kleer w marcu sko\u0144czy\u0142 94 lata. Z tygodnikiem \u201ePolityka\u201d by\u0142 zwi\u0105zany od 1958 r. Zawsze opowiada\u0142, \u017ce praca pozwala mu zachowa\u0107 dobre samopoczucie i stale intelektualnie si\u0119 rozwija\u0107.<\/p>\n\n\n\n<p span=\"\" style=\"color: black\">Niniejszy tekst prezentuje naukow\u0105 sylwetk\u0119 profesora oraz przytacza wspomnienia i opowie\u015bci os\u00f3b zwi\u0105zanych z profesorem. <\/p>\n\n\n\n<p span=\"\" style=\"color: black\">Swoim wspomnieniem na \u0142amach artyku\u0142u podzieli\u0142 si\u0119 r\u00f3wnie\u017c prof. Marian Gorynia &#8211; jeden z recenzent\u00f3w dorobku Profesora Jerzego Kleera w zwi\u0105zku z procedur\u0105 odnowienia doktoratu.<\/p>\n\n\n\n<figure class=\"wp-block-image is-resized\"><img loading=\"lazy\" decoding=\"async\" width=\"599\" height=\"510\" src=\"https:\/\/mariangorynia.pl\/wp-content\/uploads\/Zrzut-ekranu-2022-08-02-132433.png\" alt=\"\" class=\"wp-image-5073\" style=\"width:325px;height:276px\" srcset=\"https:\/\/mariangorynia.pl\/wp-content\/uploads\/Zrzut-ekranu-2022-08-02-132433.png 599w, https:\/\/mariangorynia.pl\/wp-content\/uploads\/Zrzut-ekranu-2022-08-02-132433-300x255.png 300w, https:\/\/mariangorynia.pl\/wp-content\/uploads\/Zrzut-ekranu-2022-08-02-132433-317x270.png 317w\" sizes=\"(max-width: 599px) 100vw, 599px\" \/><\/figure>\n\n\n\n<p span=\"\" style=\"color: black\">Fragment artyku\u0142u dost\u0119pny: <a href=\"https:\/\/mariangorynia.pl\/wp-content\/uploads\/20220727_POLITYKA_PL_ZMARL_PROF__JERZY_KL_5714040244_d233b.pdf\"><span style=\"color: blue\"><strong>[TUTAJ]<\/strong><\/a>\n\n\n\n<p span=\"\" style=\"color: black\">Artyku\u0142 dost\u0119pny jest r\u00f3wnie\u017c na stronie polityka.pl: <a href=\"https:\/\/www.polityka.pl\/tygodnikpolityka\/rynek\/2175523,1,zmarl-prof-jerzy-kleer-uznany-ekonomista-wieloletni-publicysta-polityki.read\"><span style=\"color: blue\"><strong>[TUTAJ]<\/strong><\/a>\n\n\n\n<hr class=\"wp-block-separator has-css-opacity\"\/>\n\n\n\n<h6 class=\"wp-block-heading\">18.07.2022 r.<\/h6>\n\n\n\n<h4 class=\"wp-block-heading\">Panel ekonomist\u00f3w: Nadzwyczajne zyski nieuchwytne dla fiskusa <\/h4>\n\n\n\n<p span=\"\" style=\"color: black\">Na \u0142amach dziennika Rzeczpospolita ukaza\u0142 si\u0119 artyku\u0142 autorstwa Grzegorza Siemionczyka w ramach cyklu panelu ekonomist\u00f3w.<\/p>\n\n\n\n<p span=\"\" style=\"color: black\">Jak mo\u017cemy przeczyta\u0107 na pocz\u0105tku artyku\u0142u: &#8222;Podatek od nadzwyczajnych zysk\u00f3w firm, zwi\u0105zany na przyk\u0142ad z wysok\u0105 inflacj\u0105 i jej przyczynami, jest atrakcyjny w teorii i kusz\u0105cy dla polityk\u00f3w. W praktyce by\u0142by trudny do uzasadnienia i wprowadzenia.&#8221;<\/p>\n\n\n\n<figure class=\"wp-block-image is-resized\"><img decoding=\"async\" src=\"https:\/\/mariangorynia.pl\/wp-content\/uploads\/3f0ee6e4fa912b6875f148de8272b39c.jpg\" alt=\"\" class=\"wp-image-5030\" style=\"width:374px;height:376px\"\/><\/figure>\n\n\n\n<p span=\"\" style=\"color: black\">Wi\u0119cej o artykule:<br>\n&#8211; rz.pl <a href=\"https:\/\/klubekspertow.rp.pl\/panel-ekonomistow\/art36714171-nadzwyczajne-zyski-nieuchwytne-dla-fiskusa\"><span style=\"color: blue\"><strong>[TUTAJ]<\/strong><\/a><br>\n&#8211; PDF <a href=\"https:\/\/mariangorynia.pl\/wp-content\/uploads\/20220717_RZECZPOSPOLITA_NADZWYCZAJNE_ZYSKI_N_5698169315_97f4b.pdf\"><span style=\"color: blue\"><strong>[pobierz]<\/strong><\/a><br><\/p>\n\n\n\n<hr class=\"wp-block-separator has-css-opacity\"\/>\n\n\n\n<h6 class=\"wp-block-heading\">4.07.2022 r.<\/h6>\n\n\n\n<h4 class=\"wp-block-heading\">Seminarium naukowe \u2013  PERSPEKTYWY ROZWOJU NAUKOWEGO W DYSCYPLINACH EKONOMICZNYCH <\/h4>\n\n\n\n<figure class=\"wp-block-image is-resized\"><img loading=\"lazy\" decoding=\"async\" width=\"717\" height=\"222\" src=\"https:\/\/mariangorynia.pl\/wp-content\/uploads\/Logo_PTE_Lublin.jpg\" alt=\"\" class=\"wp-image-4422\" style=\"width:454px;height:139px\" srcset=\"https:\/\/mariangorynia.pl\/wp-content\/uploads\/Logo_PTE_Lublin.jpg 717w, https:\/\/mariangorynia.pl\/wp-content\/uploads\/Logo_PTE_Lublin-300x93.jpg 300w, https:\/\/mariangorynia.pl\/wp-content\/uploads\/Logo_PTE_Lublin-360x111.jpg 360w\" sizes=\"(max-width: 717px) 100vw, 717px\" \/><\/figure>\n\n\n\n<p span=\"\" style=\"color: black\">W dniu 04.07.2022 r. odby\u0142o si\u0119 seminarium naukowe zorganizowane przez Polskie Towarzystwo Ekonomiczne \u2013 Oddzia\u0142 w Lublinie we wsp\u00f3\u0142pracy z Instytutem Ekonomii i Finans\u00f3w Wydzia\u0142u Ekonomicznego UMCS w Lublinie.<br>\nTematem przewodnim seminarium by\u0142o: &#8222;Perspektywy rozwoju naukowego w dyscyplinach ekonomicznych&#8221;.<\/p>\n\n\n\n<p span=\"\" style=\"color: black\">Podczas spotkania prof. Gorynia wyg\u0142osi\u0142 2 prezentacje na tematy: <em>&#8222;Awanse naukowe w \u015bwietle do\u015bwiadcze\u0144 Rady Doskona\u0142o\u015bci Naukowej&#8221;<\/em> oraz <em>&#8222;Polskie Towarzystwo Ekonomiczne \u2013 obszary dzia\u0142alno\u015bci, kierunki rozwoju\ni korzy\u015bci z cz\u0142onkostwa&#8221;.<\/em><\/p>\n\n\n\n<p span=\"\" style=\"color: black\">Prezentacja nr 1 dost\u0119pna <a href=\"https:\/\/mariangorynia.pl\/wp-content\/uploads\/RDN-Gorynia-04.07.2022.pdf\"><span style=\"color: blue\"><strong>[TUTAJ]<\/strong><\/a>,<br>Prezentacja nr 2 dost\u0119pna <a href=\"https:\/\/mariangorynia.pl\/wp-content\/uploads\/LUBLIN-PTE-Prezentacja_04.07.2022.pdf\"><span style=\"color: blue\"><strong>[TUTAJ]<\/strong><\/a>.<\/p>\n\n\n\n<p span=\"\" style=\"color: black\">Wi\u0119cej o wydarzeniu oraz program seminarium dost\u0119pne <a href=\"https:\/\/pte.umcs.lublin.pl\/2022\/06\/27\/seminarium-naukowe-pt-perspektywy-rozwoju-naukowego-w-dyscyplinach-ekonomicznych\/\"><span style=\"color: blue\"><strong>[TUTAJ],<\/strong><\/a>.<\/p>\n\n\n\n<hr class=\"wp-block-separator has-css-opacity\"\/>\n\n\n\n<h6 class=\"wp-block-heading\">23.06.2022 r.<\/h6>\n\n\n\n<h4 class=\"wp-block-heading\">Uroczysto\u015b\u0107 nadania tytu\u0142u DOKTORA HONORIS CAUSA SGH &#8211; Profesorowi <strong>Michelowi&nbsp;Librowiczowi<\/strong> <\/h4>\n\n\n<div class=\"wp-block-image\">\n<figure class=\"alignleft\"><img loading=\"lazy\" decoding=\"async\" width=\"318\" height=\"126\" src=\"https:\/\/mariangorynia.pl\/wp-content\/uploads\/logo_kon_18.11.2021.jpg\" alt=\"\" class=\"wp-image-3802\" srcset=\"https:\/\/mariangorynia.pl\/wp-content\/uploads\/logo_kon_18.11.2021.jpg 318w, https:\/\/mariangorynia.pl\/wp-content\/uploads\/logo_kon_18.11.2021-300x119.jpg 300w\" sizes=\"(max-width: 318px) 100vw, 318px\" \/><\/figure><\/div>\n\n\n<p span=\"\" style=\"color: black\"> W dniu 23.06.2022 r. odby\u0142a si\u0119 uroczysto\u015b\u0107 wr\u0119czenia dyplomu Honoris Causa SGH Profesorowi Michelowi Librowiczowi &#8211; dyrektorowi programu Canadian Executive MBA w UQAM, profesorowi Uniwersytetu Quebec w Montrealu. Z wnioskiem o nadanie tytu\u0142u wyst\u0105pi\u0142 prof. dr hab. Marek Gruszczy\u0144ski z Kolegium Analiz Ekonomicznych SGH. Wniosek wspar\u0142a dr hab. Maria Aluchna, prof. SGH, z Kolegium Zarz\u0105dzania i Finans\u00f3w SGH. Kolejny wniosek z\u0142o\u017cy\u0142 prof. dr hab. Jacek Miro\u0144ski z Kolegium Gospodarki \u015awiatowej SGH. Recenzentami byli: prof. zw. dr hab. dr h.c. multi Bogdan Nogalski, prof. dr hab. Marian Gorynia i dr hab. Piotr P\u0142oszajski. <br>W uroczysto\u015bci wzi\u0119li udzia\u0142 rektorzy i prorektorzy wi\u0119kszo\u015bci warszawskich uczelni, a tak\u017ce przedstawiciele \u015bwiata nauki z kraju i zagranicy. W\u015br\u00f3d nich by\u0142 r\u00f3wnie\u017c prof. Marian Gorynia z Uniwersytetu Ekonomicznego w Poznaniu.<\/p>\n\n\n\n<figure class=\"wp-block-gallery has-nested-images columns-default is-cropped wp-block-gallery-8 is-layout-flex wp-block-gallery-is-layout-flex\">\n<figure class=\"wp-block-image\"><img loading=\"lazy\" decoding=\"async\" width=\"1024\" height=\"768\" data-id=\"4405\" src=\"https:\/\/mariangorynia.pl\/wp-content\/uploads\/20220623_164852-1024x768.jpg\" alt=\"\" class=\"wp-image-4405\" srcset=\"https:\/\/mariangorynia.pl\/wp-content\/uploads\/20220623_164852-1024x768.jpg 1024w, https:\/\/mariangorynia.pl\/wp-content\/uploads\/20220623_164852-300x225.jpg 300w, https:\/\/mariangorynia.pl\/wp-content\/uploads\/20220623_164852-768x576.jpg 768w, https:\/\/mariangorynia.pl\/wp-content\/uploads\/20220623_164852-360x270.jpg 360w, https:\/\/mariangorynia.pl\/wp-content\/uploads\/20220623_164852.jpg 1600w\" sizes=\"(max-width: 1024px) 100vw, 1024px\" \/><\/figure>\n\n\n\n<figure class=\"wp-block-image\"><img loading=\"lazy\" decoding=\"async\" width=\"1024\" height=\"768\" data-id=\"4404\" src=\"https:\/\/mariangorynia.pl\/wp-content\/uploads\/20220623_164618-1024x768.jpg\" alt=\"\" class=\"wp-image-4404\" srcset=\"https:\/\/mariangorynia.pl\/wp-content\/uploads\/20220623_164618-1024x768.jpg 1024w, https:\/\/mariangorynia.pl\/wp-content\/uploads\/20220623_164618-300x225.jpg 300w, https:\/\/mariangorynia.pl\/wp-content\/uploads\/20220623_164618-768x576.jpg 768w, https:\/\/mariangorynia.pl\/wp-content\/uploads\/20220623_164618-360x270.jpg 360w, https:\/\/mariangorynia.pl\/wp-content\/uploads\/20220623_164618.jpg 1600w\" sizes=\"(max-width: 1024px) 100vw, 1024px\" \/><\/figure>\n\n\n\n<figure class=\"wp-block-image\"><img loading=\"lazy\" decoding=\"async\" width=\"1024\" height=\"768\" data-id=\"4406\" src=\"https:\/\/mariangorynia.pl\/wp-content\/uploads\/20220623_173053-1024x768.jpg\" alt=\"\" class=\"wp-image-4406\" srcset=\"https:\/\/mariangorynia.pl\/wp-content\/uploads\/20220623_173053-1024x768.jpg 1024w, https:\/\/mariangorynia.pl\/wp-content\/uploads\/20220623_173053-300x225.jpg 300w, https:\/\/mariangorynia.pl\/wp-content\/uploads\/20220623_173053-768x576.jpg 768w, https:\/\/mariangorynia.pl\/wp-content\/uploads\/20220623_173053-360x270.jpg 360w, https:\/\/mariangorynia.pl\/wp-content\/uploads\/20220623_173053.jpg 1600w\" sizes=\"(max-width: 1024px) 100vw, 1024px\" \/><\/figure>\n\n\n\n<figure class=\"wp-block-image\"><img loading=\"lazy\" decoding=\"async\" width=\"1024\" height=\"683\" data-id=\"4408\" src=\"https:\/\/mariangorynia.pl\/wp-content\/uploads\/DSC0185-1024x683.jpg\" alt=\"\" class=\"wp-image-4408\" srcset=\"https:\/\/mariangorynia.pl\/wp-content\/uploads\/DSC0185-1024x683.jpg 1024w, https:\/\/mariangorynia.pl\/wp-content\/uploads\/DSC0185-300x200.jpg 300w, https:\/\/mariangorynia.pl\/wp-content\/uploads\/DSC0185-768x513.jpg 768w, https:\/\/mariangorynia.pl\/wp-content\/uploads\/DSC0185-360x240.jpg 360w\" sizes=\"(max-width: 1024px) 100vw, 1024px\" \/><\/figure>\n\n\n\n<figure class=\"wp-block-image\"><img loading=\"lazy\" decoding=\"async\" width=\"1024\" height=\"683\" data-id=\"4409\" src=\"https:\/\/mariangorynia.pl\/wp-content\/uploads\/DSC9984-1024x683.jpg\" alt=\"\" class=\"wp-image-4409\" srcset=\"https:\/\/mariangorynia.pl\/wp-content\/uploads\/DSC9984-1024x683.jpg 1024w, https:\/\/mariangorynia.pl\/wp-content\/uploads\/DSC9984-300x200.jpg 300w, https:\/\/mariangorynia.pl\/wp-content\/uploads\/DSC9984-768x513.jpg 768w, https:\/\/mariangorynia.pl\/wp-content\/uploads\/DSC9984-360x240.jpg 360w\" sizes=\"(max-width: 1024px) 100vw, 1024px\" \/><\/figure>\n<\/figure>\n\n\n\n<p span=\"\" style=\"color: black\"><em>Wzmianki o uroczysto\u015bci:  <\/em><br><strong>Ca\u0142a transmisja:&nbsp;&nbsp;&nbsp; <\/strong><a href=\"https:\/\/www.youtube.com\/watch?v=lgrVva7nzcg\">Kana\u0142 SGH na Youtube<\/a><br><strong>Informacja na stronie internetowej SGH <\/strong><a href=\"https:\/\/ssl-www.sgh.waw.pl\/pl\/Strony\/dhc-Librowicz-graduacja-CEMBA.aspx\">LINK<\/a><br> <a href=\"https:\/\/gazeta.sgh.waw.pl\/ludzie-i-wydarzenia\/uroczystosc-wreczenia-doktoratu-honoris-causa-profesorowi-librowiczowi\">LINK<\/a><\/p>\n\n\n\n<p span=\"\" style=\"color: black\">M. Gorynia, <strong><em>Recenzja dorobku Profesora Michela Librowicza <\/em><\/strong> w zwi\u0105zku z procedur\u0105 nadania Mu tytu\u0142u doktora honoris causa przez Szko\u0142\u0119 G\u0142\u00f3wn\u0105 Handlow\u0105 <strong><a href=\"https:\/\/mariangorynia.pl\/wp-content\/uploads\/Gorynia_rec_DHC_prof_Librowicz_2022.pdf\"><span style=\"color: blue\"> [pobierz]<\/a><\/strong><\/p>\n\n\n\n<hr class=\"wp-block-separator has-css-opacity\"\/>\n\n\n\n<h6 class=\"wp-block-heading\">23.06.2022 r.<\/h6>\n\n\n\n<h4 class=\"wp-block-heading\">146. sesja Zgromadzenia Og\u00f3lnego PAN <\/h4>\n\n\n\n<figure class=\"wp-block-image is-resized\"><img loading=\"lazy\" decoding=\"async\" width=\"820\" height=\"355\" src=\"https:\/\/mariangorynia.pl\/wp-content\/uploads\/pan-logo-2021.jpg\" alt=\"\" class=\"wp-image-3954\" style=\"width:392px;height:170px\" srcset=\"https:\/\/mariangorynia.pl\/wp-content\/uploads\/pan-logo-2021.jpg 820w, https:\/\/mariangorynia.pl\/wp-content\/uploads\/pan-logo-2021-300x130.jpg 300w, https:\/\/mariangorynia.pl\/wp-content\/uploads\/pan-logo-2021-768x332.jpg 768w, https:\/\/mariangorynia.pl\/wp-content\/uploads\/pan-logo-2021-360x156.jpg 360w\" sizes=\"(max-width: 820px) 100vw, 820px\" \/><\/figure>\n\n\n\n<p span=\"\" style=\"color: black\">W dniu 23.06.2022 r. odby\u0142o si\u0119 146. Zgromadzenie Og\u00f3lne PAN. W Zgromadzeniu Og\u00f3lnym Akademii wzi\u0119li udzia\u0142, z g\u0142osem stanowi\u0105cym, cz\u0142onkowie krajowi Akademii.<\/p>\n\n\n\n<p span=\"\" style=\"color: black\">W\u015br\u00f3d uczestnik\u00f3w spotkania by\u0142 prof. Marian Gorynia.<\/p>\n\n\n\n<p span=\"\" style=\"color: black\">Program obrad obejmowa\u0142 takie tematy jak:<br>\n&#8211; informacja o nagrodach i wyr\u00f3\u017cnieniach cz\u0142onk\u00f3w Polskiej Akademii Nauk i Akademii M\u0142odych Uczonych,<br>\n&#8211; przyj\u0119cie protoko\u0142u Zgromadzenia Og\u00f3lnego PAN w dniach 2-3 grudnia 2021 r.,<br>\n&#8211; Uchwa\u0142a w sprawie wprowadzenia ujednoliconego tekstu statutu Polskiej\nAkademii Nauk, <br>\n&#8211; przyj\u0119cie rocznego sprawozdania finansowego wraz z opini\u0105 z badania sprawozdania finansowego oraz sprawozdania ze statutowej dzia\u0142alno\u015bci Akademii w 2021 roku, <br>\n&#8211; wyb\u00f3r Komisji Wyborczej do wyboru Prezesa i Wiceprezes\u00f3w PAN na kadencj\u0119 2023-2026, <br>\n&#8211; informacja o pomocy Polskiej Akademii Nauk dla naukowc\u00f3w z Ukrainy,<br>\n&#8211; Sprawozdanie z dzia\u0142alno\u015bci Komisji ds. etyki w nauce w 2021 roku,<br>\n&#8211; Sprawozdanie z dzia\u0142alno\u015bci Komisji Rewizyjnej w 2021 roku,<br>\n&#8211; oraz inne bie\u017c\u0105ce sprawy i wnioski.<\/p>\n\n\n\n<p span=\"\" style=\"color: black\">Wi\u0119cej informacji na stronie internetowej PAN: <a href=\"https:\/\/instytucja.pan.pl\/47-wladze-pan\/wladze-pan\/18-zgromadzenie-ogolne\"><span style=\"color: blue\"><strong>[TUTAJ]<\/strong><\/a>.<\/p>\n\n\n\n<hr class=\"wp-block-separator has-css-opacity\"\/>\n\n\n\n<h6 class=\"wp-block-heading\">22.06.2022 r.<\/h6>\n\n\n\n<h4 class=\"wp-block-heading\">VI Konferencja Rady FINSKILLS 2022<\/h4>\n\n\n\n<figure class=\"wp-block-image\"><img loading=\"lazy\" decoding=\"async\" width=\"380\" height=\"80\" src=\"https:\/\/mariangorynia.pl\/wp-content\/uploads\/logo_konferencja_finskills.jpg\" alt=\"\" class=\"wp-image-4395\" srcset=\"https:\/\/mariangorynia.pl\/wp-content\/uploads\/logo_konferencja_finskills.jpg 380w, https:\/\/mariangorynia.pl\/wp-content\/uploads\/logo_konferencja_finskills-300x63.jpg 300w, https:\/\/mariangorynia.pl\/wp-content\/uploads\/logo_konferencja_finskills-360x76.jpg 360w\" sizes=\"(max-width: 380px) 100vw, 380px\" \/><\/figure>\n\n\n\n<p span=\"\" style=\"color: black\">W dniu 22.06.2022 odby\u0142a si\u0119 konferencja Rady FINSKILLS 2022: &#8222;Wielka rezygnacja czy nowe otwarcie. Przysz\u0142o\u015b\u0107 kadr sektora finansowego. Mapa drogowa&#8221;. Orgranizatorem by\u0142a sektorowa Rada ds. Kompetencji PARP Grupa PFR.<\/p>\n\n\n\n<figure class=\"wp-block-image is-resized\"><img loading=\"lazy\" decoding=\"async\" width=\"848\" height=\"451\" src=\"https:\/\/mariangorynia.pl\/wp-content\/uploads\/logo_konferencja_finskills_2022.jpg\" alt=\"\" class=\"wp-image-4397\" style=\"width:496px;height:264px\" srcset=\"https:\/\/mariangorynia.pl\/wp-content\/uploads\/logo_konferencja_finskills_2022.jpg 848w, https:\/\/mariangorynia.pl\/wp-content\/uploads\/logo_konferencja_finskills_2022-300x160.jpg 300w, https:\/\/mariangorynia.pl\/wp-content\/uploads\/logo_konferencja_finskills_2022-768x408.jpg 768w, https:\/\/mariangorynia.pl\/wp-content\/uploads\/logo_konferencja_finskills_2022-360x191.jpg 360w\" sizes=\"(max-width: 848px) 100vw, 848px\" \/><\/figure>\n\n\n\n<p span=\"\" style=\"color: black\">G\u0142\u00f3wnym obszarem dyskusji by\u0142a odpowied\u017a na pytanie: Jak sektor finansowy sprosta wyzwaniu transformacji \u015brodowiska pracy do modelu atrakcyjnego dla m\u0142odych ludzi, tak aby zaanga\u017cowali si\u0119 w  wykorzystanie us\u0142ug finansowych dla budowy zr\u00f3wnowa\u017conego \u015bwiata?<\/p>\n\n\n\n<figure class=\"wp-block-image is-resized\"><img loading=\"lazy\" decoding=\"async\" width=\"1024\" height=\"481\" src=\"https:\/\/mariangorynia.pl\/wp-content\/uploads\/Finskills_panel_2022-1024x481.jpg\" alt=\"\" class=\"wp-image-4415\" style=\"width:486px;height:228px\" srcset=\"https:\/\/mariangorynia.pl\/wp-content\/uploads\/Finskills_panel_2022-1024x481.jpg 1024w, https:\/\/mariangorynia.pl\/wp-content\/uploads\/Finskills_panel_2022-300x141.jpg 300w, https:\/\/mariangorynia.pl\/wp-content\/uploads\/Finskills_panel_2022-768x360.jpg 768w, https:\/\/mariangorynia.pl\/wp-content\/uploads\/Finskills_panel_2022-360x169.jpg 360w, https:\/\/mariangorynia.pl\/wp-content\/uploads\/Finskills_panel_2022.jpg 1402w\" sizes=\"(max-width: 1024px) 100vw, 1024px\" \/><\/figure>\n\n\n\n<p span=\"\" style=\"color: black\">Uczestnikiem konferencji by\u0142 prof. Marian Gorynia z Uniwersytetu Ekonomicznego w Poznaniu.<\/p>\n\n\n\n<figure class=\"wp-block-image is-resized\"><img loading=\"lazy\" decoding=\"async\" width=\"1024\" height=\"404\" src=\"https:\/\/mariangorynia.pl\/wp-content\/uploads\/Zrzut-ekranu-2022-06-27-073814-1024x404.jpg\" alt=\"\" class=\"wp-image-4416\" style=\"width:488px;height:192px\" srcset=\"https:\/\/mariangorynia.pl\/wp-content\/uploads\/Zrzut-ekranu-2022-06-27-073814-1024x404.jpg 1024w, https:\/\/mariangorynia.pl\/wp-content\/uploads\/Zrzut-ekranu-2022-06-27-073814-300x118.jpg 300w, https:\/\/mariangorynia.pl\/wp-content\/uploads\/Zrzut-ekranu-2022-06-27-073814-768x303.jpg 768w, https:\/\/mariangorynia.pl\/wp-content\/uploads\/Zrzut-ekranu-2022-06-27-073814-360x142.jpg 360w, https:\/\/mariangorynia.pl\/wp-content\/uploads\/Zrzut-ekranu-2022-06-27-073814.jpg 1401w\" sizes=\"(max-width: 1024px) 100vw, 1024px\" \/><\/figure>\n\n\n\n<p span=\"\" style=\"color: black\">Wi\u0119cej o wydarzeniu <a href=\"https:\/\/konferencjasrk2022.wib.org.pl\/info\"><span style=\"color: blue\"><strong>[TUTAJ]<\/strong><\/a>, lub <a href=\"https:\/\/www.nzb.pl\/en\/aktualnosci\/618-6-konferencje-sektorowej-rady-ds-kompetencji-sektora-finansowego-finskills-22-czerwca-2022-r\"><span style=\"color: blue\"><strong>[TUTAJ]<\/strong><\/a>.<br>\nInformacja nt wydarzenia na portalu PapBIZNES <a href=\"https:\/\/biznes.pap.pl\/pl\/news\/all\/info\/3310071,6--doroczna-konferencja-sektorowej-rady-ds--kompetencji-sektora-finansowego-finskills-2022-online-(mediaroom)\"><span style=\"color: blue\"><strong>[TUTAJ]<\/strong><\/a><br>\nInformacja nt wydarzenia na portalu infosfera <a href=\"https:\/\/infostrefa.com\/infostrefa\/pl\/wiadomosci\/42890088,6-doroczna-konferencja-sektorowej-rady-ds-kompetencji-sektora-finansowego-finskills-2022-online-mediaroom\"><span style=\"color: blue\"><strong>[TUTAJ]<\/strong><\/a><br>\nRelacja online z wydarzenia <a href=\"https:\/\/www.youtube.com\/watch?v=bWSg1kgjcEw&#038;t=30s\"><span style=\"color: blue\"><strong>[TUTAJ]<\/strong><\/a>\n\n\n\n<hr class=\"wp-block-separator has-css-opacity\"\/>\n\n\n\n<h6 class=\"wp-block-heading\">21.06.2022 r.<\/h6>\n\n\n\n<h4 class=\"wp-block-heading\">Seminarium POLITYKA KLIMATYCZNA UNII EUROPEJSKIEJ. ANALIZA KORZY\u015aCI I KOSZT\u00d3W  <\/h4>\n\n\n\n<figure class=\"wp-block-image is-resized\"><img loading=\"lazy\" decoding=\"async\" width=\"770\" height=\"146\" src=\"https:\/\/mariangorynia.pl\/wp-content\/uploads\/logo_15.06.2021.jpg\" alt=\"\" class=\"wp-image-2799\" style=\"width:418px;height:78px\" srcset=\"https:\/\/mariangorynia.pl\/wp-content\/uploads\/logo_15.06.2021.jpg 770w, https:\/\/mariangorynia.pl\/wp-content\/uploads\/logo_15.06.2021-300x57.jpg 300w, https:\/\/mariangorynia.pl\/wp-content\/uploads\/logo_15.06.2021-768x146.jpg 768w, https:\/\/mariangorynia.pl\/wp-content\/uploads\/logo_15.06.2021-360x68.jpg 360w\" sizes=\"(max-width: 770px) 100vw, 770px\" \/><\/figure>\n\n\n\n<p span=\"\" style=\"color: black\">W dniu 21.06.2022 r. odby\u0142o si\u0119 seminarium naukowe w trybie online. Tematem przewodnim seminarium by\u0142o: &#8222;Polityka klimatyczna Unii Europejskiej. Analiza korzy\u015bci i koszt\u00f3w&#8221;. Spotkanie zosta\u0142o zorganizowane przez Rad\u0119 Naukow\u0105 Polskiego Towarzystwa Ekonomicznego, Komitet Nauk Ekonomicznych PAN oraz Instytut Nauk Ekonomicznych PAN.<\/p>\n\n\n\n<p span=\"\" style=\"color: black\">Wprowadzenie do tematu seminarium: <i>Rosn\u0105ca \u015bwiadomo\u015b\u0107 wagi problem\u00f3w klimatycznych znajduje bezpo\u015brednie odzwierciedlenie w kolejnych propozycjach i ju\u017c podejmowanych dzia\u0142aniach, formu\u0142owanych w poszczeg\u00f3lnych krajach,\nna poziomie Unii Europejskiej czy globalnym (Porozumienie Paryskie), kt\u00f3re za cel przyjmuj\u0105 przeciwdzia\u0142anie globalnym zmianom klimatycznym i zr\u00f3wnowa\u017cony \u2013 nie tylko w wymiarze ekologicznym \u2013 rozw\u00f3j. Ze wzgl\u0119du na skal\u0119 podejmowanych czy potrzebnych dzia\u0142a\u0144, maj\u0105 one bardzo znaczny wp\u0142yw na gospodarki \u2013 w szczeg\u00f3lno\u015bci ich konkurencyjno\u015b\u0107 oraz perspektywy wzrostu.<\/i> Wi\u0119cej <a href=\"https:\/\/www.pte.pl\/pliki\/2\/1\/Seminarium21.06.2022zwprowadzenie.pdf\"><span style=\"color: blue\"><strong>[TUTAJ],<\/strong><\/a><\/p>\n\n\n\n<p span=\"\" style=\"color: black\">Wsp\u00f3\u0142prowadz\u0105cym spotkanie by\u0142 m.in. prof. Gorynia z Uniwersytetu Ekonomicznego w Poznaniu, Prezes Polskiego Towarzystwa Ekonomicznego.<\/p>\n\n\n\n<p span=\"\" style=\"color: black\">Wi\u0119cej o wydarzeniu oraz program seminarium dost\u0119pne <a href=\"https:\/\/www.pte.pl\/pliki\/2\/1\/Seminarium21.06.2022Zaproszenie1.pdf\"><span style=\"color: blue\"><strong>[TUTAJ],<\/strong><\/a>.<\/p>\n\n\n\n<hr class=\"wp-block-separator has-css-opacity\"\/>\n\n\n\n<h6 class=\"wp-block-heading\">10.06.2022 r.<\/h6>\n\n\n\n<h4 class=\"wp-block-heading\">Jubileusz 25-lecia KRASP  <\/h4>\n\n\n\n<figure class=\"wp-block-image\"><img loading=\"lazy\" decoding=\"async\" width=\"151\" height=\"91\" src=\"https:\/\/mariangorynia.pl\/wp-content\/uploads\/logo_krasp.jpg\" alt=\"\" class=\"wp-image-4353\" srcset=\"https:\/\/mariangorynia.pl\/wp-content\/uploads\/logo_krasp.jpg 151w, https:\/\/mariangorynia.pl\/wp-content\/uploads\/logo_krasp-150x91.jpg 150w\" sizes=\"(max-width: 151px) 100vw, 151px\" \/><\/figure>\n\n\n\n<p span=\"\" style=\"color: black\">W dniach 9-10 czerwca odby\u0142 si\u0119 uroczysty Jubileusz 25-lecia Konferencji Rektor\u00f3w Akademickich Szk\u00f3\u0142 Polskich (KRASP).<\/p>\n\n\n\n<p span=\"\" style=\"color: black\">W programie obchod\u00f3w jubileuszu wpisa\u0142y si\u0119 takie wydarzenia jak:<br>\n&#8211; ods\u0142oni\u0119cie na Uniwersytecie Jagiello\u0144skim w Krakowie tablicy upami\u0119tniaj\u0105cej spotkanie za\u0142o\u017cycielskie Konferencji Rektor\u00f3w Akademickich Szk\u00f3\u0142 Polskich (7 czerwca 2022 r.),\n<br>\n&#8211; Jubileuszowe posiedzenie Prezydium i Zgromadzenia Plenarnego KRASP zorganizowane w murach Uniwersytetu Warszawskiego oraz Zamku Kr\u00f3lewskiego (9-10 czerwca 2022 r.),\n<br>\n&#8211; cykl wywiad\u00f3w z Przewodnicz\u0105cymi KRASP minionych i obecnej kadencji.\n<br>\nObchody zosta\u0142y obj\u0119te Patronatem Prezydenta Rzeczypospolitej Polskiej \u2013 Andrzeja Dudy.<\/p>\n\n\n\n<p span=\"\" style=\"color: black\">Na uroczysto\u015bci go\u015bcili badacze i ludzie ze \u015bwiata nauki. W\u015br\u00f3d go\u015bci by\u0142 r\u00f3wnie\u017c prof. Marian Gorynia.<\/p>\n\n\n\n<figure class=\"wp-block-gallery has-nested-images columns-default is-cropped wp-block-gallery-9 is-layout-flex wp-block-gallery-is-layout-flex\">\n<figure class=\"wp-block-image\"><img loading=\"lazy\" decoding=\"async\" width=\"1024\" height=\"768\" data-id=\"4355\" src=\"https:\/\/mariangorynia.pl\/wp-content\/uploads\/2-1-1024x768.jpg\" alt=\"\" class=\"wp-image-4355\" srcset=\"https:\/\/mariangorynia.pl\/wp-content\/uploads\/2-1-1024x768.jpg 1024w, https:\/\/mariangorynia.pl\/wp-content\/uploads\/2-1-300x225.jpg 300w, https:\/\/mariangorynia.pl\/wp-content\/uploads\/2-1-768x576.jpg 768w, https:\/\/mariangorynia.pl\/wp-content\/uploads\/2-1-360x270.jpg 360w\" sizes=\"(max-width: 1024px) 100vw, 1024px\" \/><\/figure>\n\n\n\n<figure class=\"wp-block-image\"><img loading=\"lazy\" decoding=\"async\" width=\"1024\" height=\"768\" data-id=\"4356\" src=\"https:\/\/mariangorynia.pl\/wp-content\/uploads\/1-2-1024x768.jpg\" alt=\"\" class=\"wp-image-4356\" srcset=\"https:\/\/mariangorynia.pl\/wp-content\/uploads\/1-2-1024x768.jpg 1024w, https:\/\/mariangorynia.pl\/wp-content\/uploads\/1-2-300x225.jpg 300w, https:\/\/mariangorynia.pl\/wp-content\/uploads\/1-2-768x576.jpg 768w, https:\/\/mariangorynia.pl\/wp-content\/uploads\/1-2-360x270.jpg 360w\" sizes=\"(max-width: 1024px) 100vw, 1024px\" \/><\/figure>\n\n\n\n<figure class=\"wp-block-image\"><img loading=\"lazy\" decoding=\"async\" width=\"1024\" height=\"768\" data-id=\"4357\" src=\"https:\/\/mariangorynia.pl\/wp-content\/uploads\/5-1024x768.jpg\" alt=\"\" class=\"wp-image-4357\" srcset=\"https:\/\/mariangorynia.pl\/wp-content\/uploads\/5-1024x768.jpg 1024w, https:\/\/mariangorynia.pl\/wp-content\/uploads\/5-300x225.jpg 300w, https:\/\/mariangorynia.pl\/wp-content\/uploads\/5-768x576.jpg 768w, https:\/\/mariangorynia.pl\/wp-content\/uploads\/5-360x270.jpg 360w\" sizes=\"(max-width: 1024px) 100vw, 1024px\" \/><\/figure>\n\n\n\n<figure class=\"wp-block-image\"><img loading=\"lazy\" decoding=\"async\" width=\"1024\" height=\"768\" data-id=\"4359\" src=\"https:\/\/mariangorynia.pl\/wp-content\/uploads\/20220609_203938-1024x768.jpg\" alt=\"\" class=\"wp-image-4359\" srcset=\"https:\/\/mariangorynia.pl\/wp-content\/uploads\/20220609_203938-1024x768.jpg 1024w, https:\/\/mariangorynia.pl\/wp-content\/uploads\/20220609_203938-300x225.jpg 300w, https:\/\/mariangorynia.pl\/wp-content\/uploads\/20220609_203938-768x576.jpg 768w, https:\/\/mariangorynia.pl\/wp-content\/uploads\/20220609_203938-360x270.jpg 360w\" sizes=\"(max-width: 1024px) 100vw, 1024px\" \/><\/figure>\n\n\n\n<figure class=\"wp-block-image\"><img loading=\"lazy\" decoding=\"async\" width=\"1024\" height=\"768\" data-id=\"4360\" src=\"https:\/\/mariangorynia.pl\/wp-content\/uploads\/4-1-1024x768.jpg\" alt=\"\" class=\"wp-image-4360\" srcset=\"https:\/\/mariangorynia.pl\/wp-content\/uploads\/4-1-1024x768.jpg 1024w, https:\/\/mariangorynia.pl\/wp-content\/uploads\/4-1-300x225.jpg 300w, https:\/\/mariangorynia.pl\/wp-content\/uploads\/4-1-768x576.jpg 768w, https:\/\/mariangorynia.pl\/wp-content\/uploads\/4-1-360x270.jpg 360w\" sizes=\"(max-width: 1024px) 100vw, 1024px\" \/><\/figure>\n\n\n\n<figure class=\"wp-block-image\"><img loading=\"lazy\" decoding=\"async\" width=\"1024\" height=\"768\" data-id=\"4362\" src=\"https:\/\/mariangorynia.pl\/wp-content\/uploads\/20220609_194432-1024x768.jpg\" alt=\"\" class=\"wp-image-4362\" srcset=\"https:\/\/mariangorynia.pl\/wp-content\/uploads\/20220609_194432-1024x768.jpg 1024w, https:\/\/mariangorynia.pl\/wp-content\/uploads\/20220609_194432-300x225.jpg 300w, https:\/\/mariangorynia.pl\/wp-content\/uploads\/20220609_194432-768x576.jpg 768w, https:\/\/mariangorynia.pl\/wp-content\/uploads\/20220609_194432-360x270.jpg 360w\" sizes=\"(max-width: 1024px) 100vw, 1024px\" \/><\/figure>\n<\/figure>\n\n\n\n<p span=\"\" style=\"color: black\">Patronat medialny nad wydarzeniem sprawuj\u0105: <a href=\"https:\/\/forumakademickie.pl\/szkoly-wyzsze\/jubileusz-25-lecia-krasp\/\"><span style=\"color: blue\"><strong>Forum Akademickie<\/strong><\/a> oraz Fundacja Edukacyjna \u201ePerspektywy\u201d.<\/p>\n\n\n\n<p span=\"\" style=\"color: black\">Wi\u0119cej o wydarzeniu <a href=\"https:\/\/www.krasp.org.pl\/pl\/Aktualnosci\/?id=22178\/Jubileusz_25-lecia_KRASP\"><span style=\"color: blue\"><strong>[TUTAJ]<\/strong><\/a> lub na stronie Ministerstwa Edukacji i Nauki <a href=\"https:\/\/www.gov.pl\/web\/edukacja-i-nauka\/jubileusz-25-lecia-krasp-z-udzialem-ministra-przemyslawa-czarnka\"><span style=\"color: blue\"><strong>[TUTAJ]<\/strong><\/a> lub na stronie Uniwersytetu Warszawskiego <a href=\"https:\/\/www.uw.edu.pl\/25-lecie-krasp\/\"><span style=\"color: blue\"><strong>[TUTAJ]<\/strong><\/a>.<\/p>\n\n\n\n<p span=\"\" style=\"color: black\">Podcasty dost\u0119pne w sieci, na kanale Konferencji Rektor\u00f3w Akademickich Szk\u00f3\u0142 Polskich w serwisie <a href=\"https:\/\/www.youtube.com\/channel\/UCIqFZl2iJpTjFwtDIIwvjEw\"><span style=\"color: blue\"><strong>YouTube<\/strong><\/a>.<\/p>\n\n\n\n<hr class=\"wp-block-separator has-css-opacity\"\/>\n\n\n\n<h6 class=\"wp-block-heading\">3.06.2022 r.<\/h6>\n\n\n\n<h4 class=\"wp-block-heading\"><strong>XXXV Olimpiada Wiedzy Ekonomicznej <\/strong>  <\/h4>\n\n\n\n<figure class=\"wp-block-image\"><img loading=\"lazy\" decoding=\"async\" width=\"399\" height=\"89\" src=\"https:\/\/mariangorynia.pl\/wp-content\/uploads\/owe_logo.jpg\" alt=\"\" class=\"wp-image-4337\" srcset=\"https:\/\/mariangorynia.pl\/wp-content\/uploads\/owe_logo.jpg 399w, https:\/\/mariangorynia.pl\/wp-content\/uploads\/owe_logo-300x67.jpg 300w, https:\/\/mariangorynia.pl\/wp-content\/uploads\/owe_logo-360x80.jpg 360w\" sizes=\"(max-width: 399px) 100vw, 399px\" \/><\/figure>\n\n\n\n<p span=\"\" style=\"color: black\">Dnia 3.06.2022 r. odby\u0142o si\u0119 uroczyste zako\u0144czenie XXXV Olimpiady Wiedzy Ekonomicznej z udzia\u0142em laureat\u00f3w Olimpiady i ich opiekun\u00f3w naukowych. Gospodarzem spotkania by\u0142 Prezes Zarz\u0105du GPW dr Marek Dietl. W trakcie uroczysto\u015bci uczniowie i ich opiekunowie spotkali si\u0119 r\u00f3wnie\u017c z Prezesem PTE prof. Marianem Goryni\u0105, Wiceprezesem PTE prof. Bogdanem \u015alusarzem, Prezesem Zarz\u0105du  Fundacji GPW Panem Piotrem Kryglem, Wiceprezes Zarz\u0105du Fundacji GPW Pani\u0105 Alin\u0105 B\u0105czar-Bednorz oraz cz\u0142onkiem Zarz\u0105du ds. handlowych PLL LOT dr Micha\u0142em Fijo\u0142em .<\/p>\n\n\n\n<p span=\"\" style=\"color: black\">Medali\u015bci IV Mi\u0119dzynarodowej Olimpiady Ekonomicznej (MOE) uczestniczyli w Gali Medalist\u00f3w Olimpiad Mi\u0119dzynarodowych, kt\u00f3ra odby\u0142a si\u0119 w dniu 6 czerwca br. w Kancelarii Prezesa Rady Ministr\u00f3w. Gospodarzem spotkania by\u0142 Premier Mateusz Morawiecki.<\/p>\n\n\n\n<figure class=\"wp-block-image is-resized\"><img loading=\"lazy\" decoding=\"async\" width=\"1024\" height=\"768\" src=\"https:\/\/mariangorynia.pl\/wp-content\/uploads\/20220603_130122-1024x768.jpg\" alt=\"\" class=\"wp-image-4338\" style=\"width:391px;height:293px\" srcset=\"https:\/\/mariangorynia.pl\/wp-content\/uploads\/20220603_130122-1024x768.jpg 1024w, https:\/\/mariangorynia.pl\/wp-content\/uploads\/20220603_130122-300x225.jpg 300w, https:\/\/mariangorynia.pl\/wp-content\/uploads\/20220603_130122-768x576.jpg 768w, https:\/\/mariangorynia.pl\/wp-content\/uploads\/20220603_130122-360x270.jpg 360w, https:\/\/mariangorynia.pl\/wp-content\/uploads\/20220603_130122.jpg 2016w\" sizes=\"(max-width: 1024px) 100vw, 1024px\" \/><\/figure>\n\n\n\n<p span=\"\" style=\"color: black\">Polsk\u0119 na IV Mi\u0119dzynarodowej Olimpiadzie Ekonomicznej reprezentowa\u0142a pi\u0105tka najlepszych laureat\u00f3w XXXIV Olimpiady Wiedzy Ekonomicznej. Nasi reprezentanci zdobyli pi\u0119\u0107 medali. Z\u0142ote medale zdobyli: Szymon Florek (VIII Liceum Og\u00f3lnokszta\u0142c\u0105cego w Warszawie) oraz Kinga Gruszka (Uniwersyteckie Liceum Og\u00f3lnokszta\u0142c\u0105ce w Toruniu). Srebrne medale zdobyli: Dawid Krzykawski (II Liceum Og\u00f3lnokszta\u0142c\u0105ce w Krakowie), Wiktor Sobiecki (II Liceum Og\u00f3lnokszta\u0142c\u0105ce w Warszawie) oraz Oliwer Wirkus (III Liceum Og\u00f3lnokszta\u0142c\u0105ce w Gdyni).<\/p>\n\n\n\n<figure class=\"wp-block-gallery has-nested-images columns-default wp-block-gallery-10 is-layout-flex wp-block-gallery-is-layout-flex\">\n<figure class=\"wp-block-image\"><img loading=\"lazy\" decoding=\"async\" width=\"1024\" height=\"768\" data-id=\"4339\" src=\"https:\/\/mariangorynia.pl\/wp-content\/uploads\/IMG_6474-1024x768.jpg\" alt=\"\" class=\"wp-image-4339\" srcset=\"https:\/\/mariangorynia.pl\/wp-content\/uploads\/IMG_6474-1024x768.jpg 1024w, https:\/\/mariangorynia.pl\/wp-content\/uploads\/IMG_6474-300x225.jpg 300w, https:\/\/mariangorynia.pl\/wp-content\/uploads\/IMG_6474-768x576.jpg 768w, https:\/\/mariangorynia.pl\/wp-content\/uploads\/IMG_6474-360x270.jpg 360w\" sizes=\"(max-width: 1024px) 100vw, 1024px\" \/><\/figure>\n\n\n\n<figure class=\"wp-block-image\"><img loading=\"lazy\" decoding=\"async\" width=\"1024\" height=\"768\" data-id=\"4340\" src=\"https:\/\/mariangorynia.pl\/wp-content\/uploads\/IMG_6436-1024x768.jpg\" alt=\"\" class=\"wp-image-4340\" srcset=\"https:\/\/mariangorynia.pl\/wp-content\/uploads\/IMG_6436-1024x768.jpg 1024w, https:\/\/mariangorynia.pl\/wp-content\/uploads\/IMG_6436-300x225.jpg 300w, https:\/\/mariangorynia.pl\/wp-content\/uploads\/IMG_6436-768x576.jpg 768w, https:\/\/mariangorynia.pl\/wp-content\/uploads\/IMG_6436-360x270.jpg 360w\" sizes=\"(max-width: 1024px) 100vw, 1024px\" \/><\/figure>\n\n\n\n<figure class=\"wp-block-image\"><img loading=\"lazy\" decoding=\"async\" width=\"1024\" height=\"768\" data-id=\"4341\" src=\"https:\/\/mariangorynia.pl\/wp-content\/uploads\/IMG_6398-1024x768.jpg\" alt=\"\" class=\"wp-image-4341\" srcset=\"https:\/\/mariangorynia.pl\/wp-content\/uploads\/IMG_6398-1024x768.jpg 1024w, https:\/\/mariangorynia.pl\/wp-content\/uploads\/IMG_6398-300x225.jpg 300w, https:\/\/mariangorynia.pl\/wp-content\/uploads\/IMG_6398-768x576.jpg 768w, https:\/\/mariangorynia.pl\/wp-content\/uploads\/IMG_6398-360x270.jpg 360w\" sizes=\"(max-width: 1024px) 100vw, 1024px\" \/><\/figure>\n\n\n\n<figure class=\"wp-block-image\"><img loading=\"lazy\" decoding=\"async\" width=\"1024\" height=\"768\" data-id=\"4342\" src=\"https:\/\/mariangorynia.pl\/wp-content\/uploads\/IMG_6395-1024x768.jpg\" alt=\"\" class=\"wp-image-4342\" srcset=\"https:\/\/mariangorynia.pl\/wp-content\/uploads\/IMG_6395-1024x768.jpg 1024w, https:\/\/mariangorynia.pl\/wp-content\/uploads\/IMG_6395-300x225.jpg 300w, https:\/\/mariangorynia.pl\/wp-content\/uploads\/IMG_6395-768x576.jpg 768w, https:\/\/mariangorynia.pl\/wp-content\/uploads\/IMG_6395-360x270.jpg 360w\" sizes=\"(max-width: 1024px) 100vw, 1024px\" \/><\/figure>\n\n\n\n<figure class=\"wp-block-image\"><img loading=\"lazy\" decoding=\"async\" width=\"1024\" height=\"768\" data-id=\"4344\" src=\"https:\/\/mariangorynia.pl\/wp-content\/uploads\/IMG_7132-1024x768.jpg\" alt=\"\" class=\"wp-image-4344\" srcset=\"https:\/\/mariangorynia.pl\/wp-content\/uploads\/IMG_7132-1024x768.jpg 1024w, https:\/\/mariangorynia.pl\/wp-content\/uploads\/IMG_7132-300x225.jpg 300w, https:\/\/mariangorynia.pl\/wp-content\/uploads\/IMG_7132-768x576.jpg 768w, https:\/\/mariangorynia.pl\/wp-content\/uploads\/IMG_7132-360x270.jpg 360w\" sizes=\"(max-width: 1024px) 100vw, 1024px\" \/><\/figure>\n<\/figure>\n\n\n\n<p span=\"\" style=\"color: black\">Wi\u0119cej o OWE <a href=\"http:\/\/www.owe.pte.pl\/\"><span style=\"color: blue\"><strong>[TUTAJ],<\/strong><\/a>.<br>\nInformacja o OWE na stronie organizatora PTE <a href=\"https:\/\/www.pte.pl\/6_aktualnosci.html\"><span style=\"color: blue\"><strong>[TUTAJ],<\/strong><\/a>.<br>\nWydarzenie na Facebooku <a href=\"https:\/\/www.facebook.com\/OlimpiadaWiedzyEkonomicznej\"><span style=\"color: blue\"><strong>[TUTAJ],<\/strong><\/a>.<\/p>\n\n\n\n<hr class=\"wp-block-separator has-css-opacity\"\/>\n\n\n\n<h6 class=\"wp-block-heading\">27.05.2022 r.<\/h6>\n\n\n\n<h4 class=\"wp-block-heading\">100 lat MTP \u2013 fina\u0142owa gala obchod\u00f3w jubileuszu <\/h4>\n\n\n\n<figure class=\"wp-block-image\"><img loading=\"lazy\" decoding=\"async\" width=\"322\" height=\"97\" src=\"https:\/\/mariangorynia.pl\/wp-content\/uploads\/mtp_2022_gala.jpg\" alt=\"\" class=\"wp-image-4325\" srcset=\"https:\/\/mariangorynia.pl\/wp-content\/uploads\/mtp_2022_gala.jpg 322w, https:\/\/mariangorynia.pl\/wp-content\/uploads\/mtp_2022_gala-300x90.jpg 300w\" sizes=\"(max-width: 322px) 100vw, 322px\" \/><\/figure>\n\n\n\n<p span=\"\" style=\"color: black\">W dniu 27.05.2022 odby\u0142a si\u0119 uroczysta Gala podsumowuj\u0105ca obchody 100-lecia Mi\u0119dzynarodowych Targ\u00f3w Pozna\u0144skich.<\/p>\n\n\n\n<p span=\"\" style=\"color: black\"><i>Jubileuszow\u0105 Gal\u0119 oficjalnie rozpocz\u0105\u0142 Tomasz Kobierski, prezes Grupy MTP. &#8211; Ta firma zacz\u0119\u0142a si\u0119 od marze\u0144 i od odrobiny szale\u0144stwa. By\u0142 rok 1917. Trwa\u0142a wielka wojna, nie by\u0142o jeszcze wida\u0107 jej ko\u0144ca. Polacy wci\u0105\u017c \u017cyli pod zaborami. Ale to w\u0142a\u015bnie w 1917 roku, w pruskim Poznaniu, na zje\u017adzie Zwi\u0105zku Towarzystw Kupieckich Edward Mazurkiewicz zaproponowa\u0142 zorganizowanie targ\u00f3w. W tamtej sytuacji politycznej musia\u0142 by\u0107 to szalony i odwa\u017cny pomys\u0142 &#8211; m\u00f3wi\u0142 Tomasz Kobierski. Prezes Grupy MTP zapowiada\u0142 te\u017c zmiany, kt\u00f3re nast\u0105pi\u0105 na terenie Mi\u0119dzynarodowych Targ\u00f3w Pozna\u0144skich w niedalekiej przysz\u0142o\u015bci m.in. otwarcie parkingu wielopoziomowego i og\u00f3lnodost\u0119pnego placu eventowego. &#8211; To b\u0119dzie nowa jako\u015b\u0107 dla miasta. To nie tylko otwarcie na miasto. To stworzenie zupe\u0142nie nowej miejskiej przestrzeni. To miejsce b\u0119dzie t\u0119tni\u0107 \u017cyciem nie tylko podczas targ\u00f3w. Serce targ\u00f3w b\u0119dzie bi\u0107 w rytmie miasta ka\u017cdego dnia &#8211; m\u00f3wi\u0142.<\/i><\/p>\n\n\n\n<p span=\"\" style=\"color: black\">Na Gali go\u015bcili badacze i ludzie ze \u015bwiata nauki, biznesu. W\u015br\u00f3d go\u015bci by\u0142 r\u00f3wnie\u017c prof. Marian Gorynia.<\/p>\n\n\n\n<figure class=\"wp-block-gallery has-nested-images columns-default is-cropped wp-block-gallery-11 is-layout-flex wp-block-gallery-is-layout-flex\">\n<figure class=\"wp-block-image\"><img loading=\"lazy\" decoding=\"async\" width=\"840\" height=\"560\" data-id=\"4329\" src=\"https:\/\/mariangorynia.pl\/wp-content\/uploads\/fotobueno_100_lat_mtp_gala_jubileuszowa_27-05-2022_-1223.jpg\" alt=\"\" class=\"wp-image-4329\" srcset=\"https:\/\/mariangorynia.pl\/wp-content\/uploads\/fotobueno_100_lat_mtp_gala_jubileuszowa_27-05-2022_-1223.jpg 840w, https:\/\/mariangorynia.pl\/wp-content\/uploads\/fotobueno_100_lat_mtp_gala_jubileuszowa_27-05-2022_-1223-300x200.jpg 300w, https:\/\/mariangorynia.pl\/wp-content\/uploads\/fotobueno_100_lat_mtp_gala_jubileuszowa_27-05-2022_-1223-768x512.jpg 768w, https:\/\/mariangorynia.pl\/wp-content\/uploads\/fotobueno_100_lat_mtp_gala_jubileuszowa_27-05-2022_-1223-360x240.jpg 360w\" sizes=\"(max-width: 840px) 100vw, 840px\" \/><\/figure>\n\n\n\n<figure class=\"wp-block-image\"><img loading=\"lazy\" decoding=\"async\" width=\"840\" height=\"560\" data-id=\"4327\" src=\"https:\/\/mariangorynia.pl\/wp-content\/uploads\/img_4889.jpg\" alt=\"\" class=\"wp-image-4327\" srcset=\"https:\/\/mariangorynia.pl\/wp-content\/uploads\/img_4889.jpg 840w, https:\/\/mariangorynia.pl\/wp-content\/uploads\/img_4889-300x200.jpg 300w, https:\/\/mariangorynia.pl\/wp-content\/uploads\/img_4889-768x512.jpg 768w, https:\/\/mariangorynia.pl\/wp-content\/uploads\/img_4889-360x240.jpg 360w\" sizes=\"(max-width: 840px) 100vw, 840px\" \/><\/figure>\n\n\n\n<figure class=\"wp-block-image\"><img loading=\"lazy\" decoding=\"async\" width=\"1024\" height=\"576\" data-id=\"4330\" src=\"https:\/\/mariangorynia.pl\/wp-content\/uploads\/obrazekpic11180181926328377with-ratio16_9-1024x576.jpg\" alt=\"\" class=\"wp-image-4330\" srcset=\"https:\/\/mariangorynia.pl\/wp-content\/uploads\/obrazekpic11180181926328377with-ratio16_9-1024x576.jpg 1024w, https:\/\/mariangorynia.pl\/wp-content\/uploads\/obrazekpic11180181926328377with-ratio16_9-300x169.jpg 300w, https:\/\/mariangorynia.pl\/wp-content\/uploads\/obrazekpic11180181926328377with-ratio16_9-768x432.jpg 768w, https:\/\/mariangorynia.pl\/wp-content\/uploads\/obrazekpic11180181926328377with-ratio16_9-360x202.jpg 360w, https:\/\/mariangorynia.pl\/wp-content\/uploads\/obrazekpic11180181926328377with-ratio16_9.jpg 1796w\" sizes=\"(max-width: 1024px) 100vw, 1024px\" \/><\/figure>\n\n\n\n<figure class=\"wp-block-image\"><img loading=\"lazy\" decoding=\"async\" width=\"840\" height=\"560\" data-id=\"4328\" src=\"https:\/\/mariangorynia.pl\/wp-content\/uploads\/img_4909.jpg\" alt=\"\" class=\"wp-image-4328\" srcset=\"https:\/\/mariangorynia.pl\/wp-content\/uploads\/img_4909.jpg 840w, https:\/\/mariangorynia.pl\/wp-content\/uploads\/img_4909-300x200.jpg 300w, https:\/\/mariangorynia.pl\/wp-content\/uploads\/img_4909-768x512.jpg 768w, https:\/\/mariangorynia.pl\/wp-content\/uploads\/img_4909-360x240.jpg 360w\" sizes=\"(max-width: 840px) 100vw, 840px\" \/><\/figure>\n<\/figure>\n\n\n\n<p span=\"\" style=\"color: black\">Wi\u0119cej o wydarzeniu <a href=\"https:\/\/www.mtp.pl\/pl\/aktualnosci\/sto-lat-targow-w-poznaniu-final-obchodow-jubileuszu\/\"><span style=\"color: blue\"><strong>[TUTAJ]<\/strong><\/a> lub na oficjalnej stronie Patrona wydarzenia &#8211; Prezydenta Poznania <a href=\"https:\/\/www.poznan.pl\/mim\/prezydent\/news\/gala-miedzynarodowych-targow-poznanskich,181926.html\"><span style=\"color: blue\"><strong>[TUTAJ]<\/strong><\/a> lub na stronie gov.pl <a href=\"https:\/\/www.gov.pl\/web\/irak\/100-rocznica-powstania-miedzynarodowych-targow-poznanskich-mtp\"><span style=\"color: blue\"><strong>[TUTAJ]<\/strong><\/a>.<\/p>\n\n\n\n<hr class=\"wp-block-separator has-css-opacity\"\/>\n\n\n\n<h6 class=\"wp-block-heading\">29.05.2022 r.<\/h6>\n\n\n\n<h4 class=\"wp-block-heading\">Komentarz prof. Goryni na \u0142amach artyku\u0142u: <em>Co nap\u0119dza inflacj\u0119 w Polsce?<\/em> <\/h4>\n\n\n\n<p span=\"\" style=\"color: black\">Na \u0142amach portalu obserwatorgospodarczy.pl ukaza\u0142 si\u0119 artyku\u0142 autorstwa G. Chrostowskiego p.t.: Co nap\u0119dza inflacj\u0119 w Polsce? Wiele wskazuje na spiral\u0119 mar\u017cowo-cenow\u0105 [RAPORT OG].<\/p>\n\n\n\n<p span=\"\" style=\"color: black\">Jak pisz\u0119 autor we wst\u0119pie: <i>Obecna inflacja w Polsce ma bardzo z\u0142o\u017cony charakter, gdy\u017c wynika jednakowo z czynnik\u00f3w wewn\u0119trznych, jak i zewn\u0119trznych, kt\u00f3re determinuj\u0105 dwucyfrowy ju\u017c wzrost cen w gospodarce narodowej. Jako dwie g\u0142\u00f3wne przyczyny wysokiej inflacji pochodz\u0105ce z zewn\u0105trz gospodarki wskazuje si\u0119 zerwane \u0142a\u0144cuchy dostaw oraz negatywne implikacje wynikaj\u0105ce z wojny w Ukrainie, m.in. wzrost cen surowc\u00f3w oraz deprecjacja z\u0142otego. Po stronie czynnik\u00f3w wewn\u0119trznych mo\u017cna wskaza\u0107 b\u0142\u0119dn\u0105 polityk\u0119 komunikacyjn\u0105 NBP z ubieg\u0142ego roku, silne odbicie popytu konsumpcyjnego w warunkach ogranicze\u0144 poda\u017cowych oraz proinflacyjny charakter polityki fiskalnej.<\/i> <\/p>\n\n\n\n<p span=\"\" style=\"color: black\">W raporcie znalaz\u0142y si\u0119 r\u00f3wnie\u017c komentarze badaczy i ludzi ze \u015bwiata nauki, kt\u00f3rzy odnie\u015bli si\u0119 do poruszanego tematu. Jednym z nich by\u0142 prof. Gorynia, kt\u00f3ry skomentowa\u0142:<\/p>\n\n\n\n<figure class=\"wp-block-image\"><img loading=\"lazy\" decoding=\"async\" width=\"1024\" height=\"613\" src=\"https:\/\/mariangorynia.pl\/wp-content\/uploads\/Gorynia_Komentarz_inflacja_30.05.2022-1024x613.jpg\" alt=\"\" class=\"wp-image-4323\" srcset=\"https:\/\/mariangorynia.pl\/wp-content\/uploads\/Gorynia_Komentarz_inflacja_30.05.2022-1024x613.jpg 1024w, https:\/\/mariangorynia.pl\/wp-content\/uploads\/Gorynia_Komentarz_inflacja_30.05.2022-300x180.jpg 300w, https:\/\/mariangorynia.pl\/wp-content\/uploads\/Gorynia_Komentarz_inflacja_30.05.2022-768x460.jpg 768w, https:\/\/mariangorynia.pl\/wp-content\/uploads\/Gorynia_Komentarz_inflacja_30.05.2022-360x215.jpg 360w, https:\/\/mariangorynia.pl\/wp-content\/uploads\/Gorynia_Komentarz_inflacja_30.05.2022.jpg 1243w\" sizes=\"(max-width: 1024px) 100vw, 1024px\" \/><\/figure>\n\n\n\n<p span=\"\" style=\"color: black\">Przytoczony wy\u017cej fragment dost\u0119pny <a href=\"https:\/\/mariangorynia.pl\/wp-content\/uploads\/Gorynia_Komentarz_inflacja_30.05.2022.pdff\"><span style=\"color: blue\"><strong>[TUTAJ]<\/strong><\/p>\n\n\n\n<p span=\"\" style=\"color: black\">Ca\u0142a tre\u015b\u0107 artyku\u0142u dost\u0119pna <a href=\"https:\/\/obserwatorgospodarczy.pl\/2022\/05\/29\/spirala-placowo-cenowa-czy-marzowo-cenowa-raport-og\/\"><span style=\"color: blue\"><strong>[TUTAJ]<\/strong><\/a><\/p>\n\n\n\n<hr class=\"wp-block-separator has-css-opacity\"\/>\n\n\n\n<h6 class=\"wp-block-heading\">27.05.2022 r.<\/h6>\n\n\n\n<h4 class=\"wp-block-heading\">20-lecie Fundacji Rozwoju i Promocji Wojew\u00f3dztwa Wielkopolskiego<\/h4>\n\n\n\n<figure class=\"wp-block-image is-resized\"><img loading=\"lazy\" decoding=\"async\" width=\"820\" height=\"360\" src=\"https:\/\/mariangorynia.pl\/wp-content\/uploads\/logo_FRIPWW.png\" alt=\"\" class=\"wp-image-4316\" style=\"width:326px;height:142px\" srcset=\"https:\/\/mariangorynia.pl\/wp-content\/uploads\/logo_FRIPWW.png 820w, https:\/\/mariangorynia.pl\/wp-content\/uploads\/logo_FRIPWW-300x132.png 300w, https:\/\/mariangorynia.pl\/wp-content\/uploads\/logo_FRIPWW-768x337.png 768w, https:\/\/mariangorynia.pl\/wp-content\/uploads\/logo_FRIPWW-360x158.png 360w\" sizes=\"(max-width: 820px) 100vw, 820px\" \/><\/figure>\n\n\n\n<p span=\"\" style=\"color: black\">W dniu 27.05.2022 r. odby\u0142a si\u0119 uroczysto\u015b\u0107 20-lecia Fundacji Rozwoju i Promocji Wojew\u00f3dztwa Wielkopolskiego.<\/p>\n\n\n\n<p span=\"\" style=\"color: black\"> W\u015br\u00f3d go\u015bci znajdowa\u0142 si\u0119 prof. Marian Gorynia, kt\u00f3ry wyg\u0142osi\u0142 prezentacj\u0119 p.t.: <i>&#8222;Polska droga do dobrobytu&#8221;<\/i>.<\/p>\n\n\n\n<figure class=\"wp-block-gallery has-nested-images columns-default is-cropped wp-block-gallery-12 is-layout-flex wp-block-gallery-is-layout-flex\">\n<figure class=\"wp-block-image\"><img loading=\"lazy\" decoding=\"async\" width=\"1024\" height=\"675\" data-id=\"4346\" src=\"https:\/\/mariangorynia.pl\/wp-content\/uploads\/162A7148-1024x675.jpg\" alt=\"\" class=\"wp-image-4346\" srcset=\"https:\/\/mariangorynia.pl\/wp-content\/uploads\/162A7148-1024x675.jpg 1024w, https:\/\/mariangorynia.pl\/wp-content\/uploads\/162A7148-300x198.jpg 300w, https:\/\/mariangorynia.pl\/wp-content\/uploads\/162A7148-768x506.jpg 768w, https:\/\/mariangorynia.pl\/wp-content\/uploads\/162A7148-360x237.jpg 360w, https:\/\/mariangorynia.pl\/wp-content\/uploads\/162A7148.jpg 2048w\" sizes=\"(max-width: 1024px) 100vw, 1024px\" \/><\/figure>\n\n\n\n<figure class=\"wp-block-image\"><img loading=\"lazy\" decoding=\"async\" width=\"1024\" height=\"691\" data-id=\"4347\" src=\"https:\/\/mariangorynia.pl\/wp-content\/uploads\/162A7145-1024x691.jpg\" alt=\"\" class=\"wp-image-4347\" srcset=\"https:\/\/mariangorynia.pl\/wp-content\/uploads\/162A7145-1024x691.jpg 1024w, https:\/\/mariangorynia.pl\/wp-content\/uploads\/162A7145-300x202.jpg 300w, https:\/\/mariangorynia.pl\/wp-content\/uploads\/162A7145-768x518.jpg 768w, https:\/\/mariangorynia.pl\/wp-content\/uploads\/162A7145-360x243.jpg 360w, https:\/\/mariangorynia.pl\/wp-content\/uploads\/162A7145.jpg 2048w\" sizes=\"(max-width: 1024px) 100vw, 1024px\" \/><\/figure>\n\n\n\n<figure class=\"wp-block-image\"><img loading=\"lazy\" decoding=\"async\" width=\"1024\" height=\"683\" data-id=\"4348\" src=\"https:\/\/mariangorynia.pl\/wp-content\/uploads\/162A7154-1024x683.jpg\" alt=\"\" class=\"wp-image-4348\" srcset=\"https:\/\/mariangorynia.pl\/wp-content\/uploads\/162A7154-1024x683.jpg 1024w, https:\/\/mariangorynia.pl\/wp-content\/uploads\/162A7154-300x200.jpg 300w, https:\/\/mariangorynia.pl\/wp-content\/uploads\/162A7154-768x512.jpg 768w, https:\/\/mariangorynia.pl\/wp-content\/uploads\/162A7154-360x240.jpg 360w, https:\/\/mariangorynia.pl\/wp-content\/uploads\/162A7154.jpg 2048w\" sizes=\"(max-width: 1024px) 100vw, 1024px\" \/><\/figure>\n\n\n\n<figure class=\"wp-block-image\"><img loading=\"lazy\" decoding=\"async\" width=\"1024\" height=\"683\" data-id=\"4349\" src=\"https:\/\/mariangorynia.pl\/wp-content\/uploads\/1B3A1694-1024x683.jpg\" alt=\"\" class=\"wp-image-4349\" srcset=\"https:\/\/mariangorynia.pl\/wp-content\/uploads\/1B3A1694-1024x683.jpg 1024w, https:\/\/mariangorynia.pl\/wp-content\/uploads\/1B3A1694-300x200.jpg 300w, https:\/\/mariangorynia.pl\/wp-content\/uploads\/1B3A1694-768x512.jpg 768w, https:\/\/mariangorynia.pl\/wp-content\/uploads\/1B3A1694-360x240.jpg 360w, https:\/\/mariangorynia.pl\/wp-content\/uploads\/1B3A1694.jpg 2048w\" sizes=\"(max-width: 1024px) 100vw, 1024px\" \/><\/figure>\n\n\n\n<figure class=\"wp-block-image\"><img loading=\"lazy\" decoding=\"async\" width=\"1024\" height=\"683\" data-id=\"4350\" src=\"https:\/\/mariangorynia.pl\/wp-content\/uploads\/162A7153-1024x683.jpg\" alt=\"\" class=\"wp-image-4350\" srcset=\"https:\/\/mariangorynia.pl\/wp-content\/uploads\/162A7153-1024x683.jpg 1024w, https:\/\/mariangorynia.pl\/wp-content\/uploads\/162A7153-300x200.jpg 300w, https:\/\/mariangorynia.pl\/wp-content\/uploads\/162A7153-768x512.jpg 768w, https:\/\/mariangorynia.pl\/wp-content\/uploads\/162A7153-360x240.jpg 360w, https:\/\/mariangorynia.pl\/wp-content\/uploads\/162A7153.jpg 2048w\" sizes=\"(max-width: 1024px) 100vw, 1024px\" \/><\/figure>\n<\/figure>\n\n\n\n<p span=\"\" style=\"color: black\">Prezentacja z wyst\u0105pienia dost\u0119pna <a href=\"https:\/\/mariangorynia.pl\/wp-content\/uploads\/Gorynia_Fundusz-Rozwoju-i-Promocji_27.05.2022.pdf\"><span style=\"color: blue\"><strong>[TUTAJ].<\/strong><\/a><\/p>\n\n<p span=\"\" style=\"color: black\">Wi\u0119cej o FRiPWW <a href=\"https:\/\/www.fripww.pl\/\"><span style=\"color: blue\"><strong>[TUTAJ].<\/strong><\/a><\/p>\n\n\n\n<hr class=\"wp-block-separator has-css-opacity\"\/>\n\n\n\n<h6 class=\"wp-block-heading\">25.05.2022 r.<\/h6>\n\n\n\n<h4 class=\"wp-block-heading\">Wypowied\u017a prof. Goryni w programie Puls Dnia WTK<\/h4>\n\n\n\n<figure class=\"wp-block-image is-resized\"><img loading=\"lazy\" decoding=\"async\" width=\"1024\" height=\"572\" src=\"https:\/\/mariangorynia.pl\/wp-content\/uploads\/WTK_25.05.2022-1024x572.jpg\" alt=\"\" class=\"wp-image-4312\" style=\"width:468px;height:260px\" srcset=\"https:\/\/mariangorynia.pl\/wp-content\/uploads\/WTK_25.05.2022-1024x572.jpg 1024w, https:\/\/mariangorynia.pl\/wp-content\/uploads\/WTK_25.05.2022-300x168.jpg 300w, https:\/\/mariangorynia.pl\/wp-content\/uploads\/WTK_25.05.2022-768x429.jpg 768w, https:\/\/mariangorynia.pl\/wp-content\/uploads\/WTK_25.05.2022-360x201.jpg 360w, https:\/\/mariangorynia.pl\/wp-content\/uploads\/WTK_25.05.2022.jpg 1131w\" sizes=\"(max-width: 1024px) 100vw, 1024px\" \/><\/figure>\n\n\n\n<p span=\"\" style=\"color: black\">Prof. Marian Gorynia by\u0142 go\u015bciem w programie Puls Dnia telewizji WTK. Wypowied\u017a dotyczy\u0142a konsekwencji ci\u0105g\u0142ych wzrost\u00f3w cen paliw.<\/p>\n\n\n\n<p span=\"\" style=\"color: black\">Ca\u0142e wydanie programu z tego dnia mo\u017cna obejrze\u0107 <a href=\"https:\/\/www.youtube.com\/watch?v=YwU9RN-6IgM&#038;t=42s\"><span style=\"color: blue\"><strong>[TUTAJ]<\/strong><\/a>.<\/p>\n\n\n\n<hr class=\"wp-block-separator has-css-opacity\"\/>\n\n\n\n<h4 class=\"wp-block-heading\">Nowo\u015b\u0107 na ksi\u0119garskich p\u00f3\u0142kach<\/h4>\n\n\n\n<p span=\"\" style=\"color: black\">Nowo\u015b\u0107 na ksi\u0119garskich p\u00f3\u0142kach. Ksi\u0105\u017cka, kt\u00f3ra porusza zagadnienia z obszaru jednolitego rynku europejskiego.<\/p>\n\n\n<div class=\"wp-block-image\">\n<figure class=\"aligncenter is-resized\"><img loading=\"lazy\" decoding=\"async\" width=\"464\" height=\"757\" src=\"https:\/\/mariangorynia.pl\/wp-content\/uploads\/Polskie_przedsiebiorstwo_okladka_2022.jpg\" alt=\"\" class=\"wp-image-4305\" style=\"width:254px;height:414px\" srcset=\"https:\/\/mariangorynia.pl\/wp-content\/uploads\/Polskie_przedsiebiorstwo_okladka_2022.jpg 464w, https:\/\/mariangorynia.pl\/wp-content\/uploads\/Polskie_przedsiebiorstwo_okladka_2022-184x300.jpg 184w, https:\/\/mariangorynia.pl\/wp-content\/uploads\/Polskie_przedsiebiorstwo_okladka_2022-165x270.jpg 165w\" sizes=\"(max-width: 464px) 100vw, 464px\" \/><\/figure><\/div>\n\n\n<p span=\"\" style=\"color: black\">Przedmiotem docieka\u0144 w niniejszej ksi\u0105\u017cce s\u0105 wsp\u00f3\u0142czesne wyzwania, jakie stoj\u0105 przed przedsi\u0119biorstwami funkcjonuj\u0105cymi w ramach jednolitego rynku europejskiego. W intencji redaktor\u00f3w i autor\u00f3w praca ma by\u0107 swego rodzaju \u201eho\u0142dem naukowym\u201d z\u0142o\u017conym prekursorowi bada\u0144 nad strategiami firm dzia\u0142aj\u0105cych na jednolitym rynku europejskim, przedwcze\u015bnie zmar\u0142emu Profesorowi Andrzejowi St\u0119pniakowi . Zamieszczone tutaj rozwa\u017cania mog\u0105 stanowi\u0107 swoist\u0105 kontynuacj\u0119 docieka\u0144 prowadzonych przez Profesora. Uwzgl\u0119dniaj\u0105c powy\u017cszy kontekst celem pracy jest po pierwsze okre\u015blenie kluczowych uwarunkowa\u0144 prowadzenia dzia\u0142alno\u015bci biznesowej na jednolitym rynku europejskim. Po drugie celem pracy jest identyfikacja i ocena wsp\u00f3\u0142czesnych wyzwa\u0144, z jakimi zmierzaj\u0105 si\u0119 przedsi\u0119biorstwa europejskie. Chodzi tutaj w szczeg\u00f3lno\u015bci o konsekwencje globalnych przeobra\u017ce\u0144 gospodarczych wywo\u0142anych pandemi\u0105 Covid-19, zmiany strategii zwi\u0105zane z Brexitem oraz realizacj\u0105 czwartej rewolucji przemys\u0142owej. Ksi\u0105\u017cka sk\u0142ada si\u0119 z trzech cz\u0119\u015bci. Pierwsza cz\u0119\u015b\u0107 zosta\u0142a po\u015bwi\u0119cona zagadnieniom zwi\u0105zanym z implementacj\u0105 kluczowych etap\u00f3w integracji tj. rynku wewn\u0119trznego oraz unii gospodarczej i walutowej, wp\u0142ywaj\u0105cych na kszta\u0142towanie otoczenia biznesowego przedsi\u0119biorstw w UE. W drugiej cz\u0119\u015bci zosta\u0142y zaprezentowane kluczowe kwestie szeroko rozumianej polityki przedsi\u0119biorczo\u015bci w UE. W trzeciej cz\u0119\u015bci wyodr\u0119bniono g\u0142\u00f3wne obszary refleksji zwi\u0105zanych z okre\u015bleniem wsp\u00f3\u0142czesnych wyzwa\u0144 staj\u0105cych przed przedsi\u0119biorstwami europejskimi. [OPIS WYDAWCY]<\/p>\n\n\n\n<p span=\"\" style=\"color: black\">Fragment publikacji dost\u0119pny <a href=\"https:\/\/mariangorynia.pl\/wp-content\/uploads\/Gorynia_Kuczewska_Nowak_Polskie_przedsiebiorstwo_2022_PWE_short.pdf\"><span style=\"color: blue\"><strong>[TUTAJ]<\/strong><\/a>.<\/p>\n\n\n\n<p span=\"\" style=\"color: black\">Wi\u0119cej informacji na temat ksi\u0105\u017cki znajdziesz <a href=\"https:\/\/www.pwe.com.pl\/ksiazki\/ekonomia\/polskie-przedsiebiorstwo-na-jednolitym-rynku-europejskim-wyzwania-wspolczesnosci,p2009700036\"><span style=\"color: blue\"><strong>[TUTAJ]<\/strong><\/a>.<\/p\n\n\n\n<hr class=\"wp-block-separator has-css-opacity\"\/>\n\n\n\n<h6 class=\"wp-block-heading\">10.05.2022 r.<\/h6>\n\n\n\n<h4 class=\"wp-block-heading\">Prof. dr hab. Marian Gorynia wyr\u00f3\u017cniony medalem Towarzystwa im. Hipolita Cegielskiego <\/h4>\n\n\n\n<p span=\"\" style=\"color: black\">W dniu 10 maja 2022 roku trzech pracownik\u00f3w naukowych Uniwersyteu Ekonomicznego w Poznaniu otrzyma\u0142o medale przyznawane przez Towarzystwo im. Hipolita Cegielskiego w Poznaniu. W\u015br\u00f3d os\u00f3b wyr\u00f3\u017cnionych znalaz\u0142 si\u0119 prof. Marian Gorynia.<\/p>\n\n\n<div class=\"wp-block-image\">\n<figure class=\"aligncenter\"><img loading=\"lazy\" decoding=\"async\" width=\"206\" height=\"202\" src=\"https:\/\/mariangorynia.pl\/wp-content\/uploads\/Hipolit_logo.jpg\" alt=\"\" class=\"wp-image-2953\"\/><\/figure><\/div>\n\n\n<p span=\"\" style=\"color: black\">Prof. Marian Gorynia zosta\u0142 wyr\u00f3\u017cniony Z\u0142otym Medalem Verba Docent &#8211; Exempla Trahunt (&#8222;S\u0142owa ucz\u0105 &#8211; przyk\u0142ady poci\u0105gaj\u0105&#8221;) Towarzystwa im. Hipolita Cegielskiego za krzewienie idei pracy organicznej.<br> Medal jest wyrazem uznania dla dzia\u0142alno\u015bci naukowej, dydaktycznej, charytatywnej i spo\u0142ecznej Pana Profesora.<\/p>\n\n\n\n<figure class=\"wp-block-gallery has-nested-images columns-0 wp-block-gallery-13 is-layout-flex wp-block-gallery-is-layout-flex\">\n<figure class=\"wp-block-image\"><img loading=\"lazy\" decoding=\"async\" width=\"718\" height=\"1024\" data-id=\"4302\" src=\"https:\/\/mariangorynia.pl\/wp-content\/uploads\/CCI_000007-718x1024.jpg\" alt=\"\" class=\"wp-image-4302\" srcset=\"https:\/\/mariangorynia.pl\/wp-content\/uploads\/CCI_000007-718x1024.jpg 718w, https:\/\/mariangorynia.pl\/wp-content\/uploads\/CCI_000007-210x300.jpg 210w, https:\/\/mariangorynia.pl\/wp-content\/uploads\/CCI_000007-768x1096.jpg 768w, https:\/\/mariangorynia.pl\/wp-content\/uploads\/CCI_000007-189x270.jpg 189w\" sizes=\"(max-width: 718px) 100vw, 718px\" \/><\/figure>\n\n\n\n<figure class=\"wp-block-image\"><img loading=\"lazy\" decoding=\"async\" width=\"718\" height=\"1024\" data-id=\"4303\" src=\"https:\/\/mariangorynia.pl\/wp-content\/uploads\/CCI_000008-718x1024.jpg\" alt=\"\" class=\"wp-image-4303\" srcset=\"https:\/\/mariangorynia.pl\/wp-content\/uploads\/CCI_000008-718x1024.jpg 718w, https:\/\/mariangorynia.pl\/wp-content\/uploads\/CCI_000008-210x300.jpg 210w, https:\/\/mariangorynia.pl\/wp-content\/uploads\/CCI_000008-768x1096.jpg 768w, https:\/\/mariangorynia.pl\/wp-content\/uploads\/CCI_000008-189x270.jpg 189w\" sizes=\"(max-width: 718px) 100vw, 718px\" \/><\/figure>\n<\/figure>\n\n\n\n<p span=\"\" style=\"color: black\">Towarzystwo im. Hipolita Cegielskiego od chwili zaistnienia na polskiej scenie obywatelskich organizacji spo\u0142ecznych w\u015br\u00f3d swoich g\u0142\u00f3wnych zada\u0144 ma wskazywanie i promowanie wzorcowych Osobisto\u015bci, szczeg\u00f3lnie zas\u0142u\u017conych dla rozwoju r\u00f3\u017cnych dziedzin \u017cycia  w naszym kraju. Do realizacji tego zadania s\u0142u\u017c\u0105: wskazywanie i honorowanie <b>\u201eLider\u00f3w Pracy Organicznej\u201d<\/b>, wskazywanie i honorowanie <b>\u201eWybitnych Osobisto\u015bci Pracy Organicznej \u201eZ\u0142otych Hipolit\u00f3w\u201d<\/b>, przyznawanie wzorowym organicznikom i pozytywistom upowszechniaj\u0105cym etos pracy\u2013 Srebrnego i Z\u0142otego &#8211; <b>Medali \u201eLabor Omnia Vincit\u201d<\/b>, przyznawanie <b>\u201eStatuetki Ignacego Jana Paderewskiego\u201d<\/b>, b\u0119d\u0105cej symbolem polskiego patriotyzmu. Ten bogaty, urozmaicony projekt Towarzystwa im. Hipolita Cegielskiego  dla wskazywania i upowszechniania obywatelskich wzorc\u00f3w osobowych, dope\u0142ni\u0142o utworzenia systemu zwracania uwagi spo\u0142ecze\u0144stwa na obywateli wyr\u00f3\u017cniaj\u0105cych si\u0119 wyj\u0105tkowym patriotyzmem i wyj\u0105tkow\u0105 dzia\u0142alno\u015bci\u0105 propa\u0144stwow\u0105.<\/p>\n\n\n\n<hr class=\"wp-block-separator has-css-opacity\"\/>\n\n\n\n<h6 class=\"wp-block-heading\">25.04.2022 r.<\/h6>\n\n\n\n<h4 class=\"wp-block-heading\">Komentarz prof. Goryni na \u0142amach artyku\u0142u: <em>Mieszkanie prawem czy towarem?<\/em> <\/h4>\n\n\n\n<p span=\"\" style=\"color: black\">Na \u0142amach portalu obserwatorgospodarczy.pl ukaza\u0142 si\u0119 artyku\u0142 autorstwa G. Chrostowskiego p.t.: Mieszkanie prawem czy towarem? [RAPORT OG].<\/p>\n\n\n\n<p span=\"\" style=\"color: black\">Jak pisz\u0119 autor we wst\u0119pie <i>\u201eWzrost cen na rynku nieruchomo\u015bci\u201d. Has\u0142o to przy\u015bwieca polskiemu spo\u0142ecze\u0144stwu od 2013 roku, kiedy to po postkryzysowej stagnacji rozpocz\u0105\u0142 si\u0119 nieprzerwany wzrost cen mieszka\u0144 w polskich miastach obserwowany do dzi\u015b. Trend ten jeszcze bardziej nasili\u0142 si\u0119 w czasie pandemii, a w wyniku wybuchu wojny w Ukrainie silnie wzros\u0142y tak\u017ce stawki najmu. R\u00f3wnocze\u015bnie regulacje Komisji Nadzoru Finansowego (KNF) oraz podwy\u017cki st\u00f3p procentowych Narodowego Banku Polskiego (NBP) os\u0142abi\u0142y zdolno\u015b\u0107 kredytow\u0105 Polak\u00f3w. W konsekwencji tych wydarze\u0144 do \u0142ask powr\u00f3ci\u0142o has\u0142o g\u0142\u00f3wnie propagowane przez \u015brodowiska lewicowe: \u201eMieszkanie prawem, nie towarem\u201d. Uznali\u015bmy to za obowi\u0105zek, aby podda\u0107 analizie sens wy\u017cej wymienionej maksymy z perspektywy nauk ekonomicznych, prowadzonej polityki mieszkaniowej oraz specyfiki rynku nieruchomo\u015bci z uwzgl\u0119dnieniem spectrum prawniczego.<\/i> <\/p>\n\n\n\n<p span=\"\" style=\"color: black\">W raporcie znalaz\u0142y si\u0119 r\u00f3wnie\u017c komentarze badaczy i ludzi ze \u015bwiata nauki, kt\u00f3rzy odnie\u015bli si\u0119 do poruszanego tematu. Jednym z nich by\u0142 prof. Gorynia, kt\u00f3ry skomentowa\u0142:<\/p>\n\n\n\n<figure class=\"wp-block-image is-resized\"><img loading=\"lazy\" decoding=\"async\" width=\"767\" height=\"820\" src=\"https:\/\/mariangorynia.pl\/wp-content\/uploads\/obserwatorgospodarczy_2022.jpg\" alt=\"\" class=\"wp-image-4268\" style=\"width:559px;height:597px\" srcset=\"https:\/\/mariangorynia.pl\/wp-content\/uploads\/obserwatorgospodarczy_2022.jpg 767w, https:\/\/mariangorynia.pl\/wp-content\/uploads\/obserwatorgospodarczy_2022-281x300.jpg 281w, https:\/\/mariangorynia.pl\/wp-content\/uploads\/obserwatorgospodarczy_2022-253x270.jpg 253w\" sizes=\"(max-width: 767px) 100vw, 767px\" \/><\/figure>\n\n\n\n<p span=\"\" style=\"color: black\">Przytoczony wy\u017cej fragment dost\u0119pny <a href=\"https:\/\/mariangorynia.pl\/wp-content\/uploads\/obserwatorgospodarczy_2022.pdf\"><span style=\"color: blue\"><strong>[TUTAJ]<\/strong><\/p>\n\n\n\n<p span=\"\" style=\"color: black\">Ca\u0142a tre\u015b\u0107 artyku\u0142u dost\u0119pna <a href=\"https:\/\/obserwatorgospodarczy.pl\/2022\/04\/25\/mieszkanie-prawem-czy-towarem-raport-og\/\"><span style=\"color: blue\"><strong>[TUTAJ]<\/strong><\/a><\/p>\n\n\n\n<hr class=\"wp-block-separator has-css-opacity\"\/>\n\n\n\n<h4 class=\"wp-block-heading\">Nowa publikacja prof. Goryni <strong>\u2013 rozdzia\u0142 w ksi\u0105\u017cce wydawnictwa Emerald<\/strong><\/h4>\n\n\n\n<p span=\"\" style=\"color: black\">Nowo\u015b\u0107 na ksi\u0119garskich p\u00f3\u0142kach. Ksi\u0105\u017cka, kt\u00f3ra porusza zagadnienia z obszaru biznesu mi\u0119dzynarodowego.<\/p>\n\n\n\n<p span=\"\" style=\"color: black\"> Jednym z rozdzia\u0142\u00f3w jest <em>Globalization in a COVID-19 Afflicted World<\/em> autorstwa Mariana Goryni, Jana Nowaka, Piotra Tr\u0105pczy\u0144skiego oraz Rados\u0142awa Wolniaka. Publikacja jest pr\u00f3b\u0105 oceny wp\u0142ywu, jaki ma pandemia COVID-19 na proces globalizacji.<\/p>\n\n\n\n<p span=\"\" style=\"color: black\">Tekst publikacji dost\u0119pny <a href=\"https:\/\/mariangorynia.pl\/?page_id=1729\"><span style=\"color: blue\"><strong>[TUTAJ]<\/strong><\/a>.<\/p>\n\n\n\n<figure class=\"wp-block-image is-resized\"><img loading=\"lazy\" decoding=\"async\" width=\"599\" height=\"908\" src=\"https:\/\/mariangorynia.pl\/wp-content\/uploads\/International_Business_in_Times_Crisis_2022_okladka.jpg\" alt=\"\" class=\"wp-image-4172\" style=\"width:298px;height:450px\" srcset=\"https:\/\/mariangorynia.pl\/wp-content\/uploads\/International_Business_in_Times_Crisis_2022_okladka.jpg 599w, https:\/\/mariangorynia.pl\/wp-content\/uploads\/International_Business_in_Times_Crisis_2022_okladka-198x300.jpg 198w, https:\/\/mariangorynia.pl\/wp-content\/uploads\/International_Business_in_Times_Crisis_2022_okladka-178x270.jpg 178w\" sizes=\"(max-width: 599px) 100vw, 599px\" \/><\/figure>\n\n\n\n<p span=\"\" style=\"color: black\">Wi\u0119cej informacji na temat ksi\u0105\u017cki znajdziesz <a href=\"https:\/\/www.emerald.com\/insight\/publication\/doi\/10.1108\/S1745-8862202216\"><span style=\"color: blue\"><strong>[TUTAJ]<\/strong><\/a>.<\/p\n\n\n\n<hr class=\"wp-block-separator has-css-opacity\"\/>\n\n\n\n<h6 class=\"wp-block-heading\">7.04.2022 r.<\/h6>\n\n\n\n<h4 class=\"wp-block-heading\">Debata z cyklu: &#8222;Czwartki u Ekonomist\u00f3w&#8221;<\/h4>\n\n\n\n<figure class=\"wp-block-image is-resized\"><img loading=\"lazy\" decoding=\"async\" width=\"564\" height=\"101\" src=\"https:\/\/mariangorynia.pl\/wp-content\/uploads\/pte_logo_24.06.2021.jpg\" alt=\"\" class=\"wp-image-2817\" style=\"width:433px;height:77px\" srcset=\"https:\/\/mariangorynia.pl\/wp-content\/uploads\/pte_logo_24.06.2021.jpg 564w, https:\/\/mariangorynia.pl\/wp-content\/uploads\/pte_logo_24.06.2021-300x54.jpg 300w, https:\/\/mariangorynia.pl\/wp-content\/uploads\/pte_logo_24.06.2021-360x64.jpg 360w\" sizes=\"(max-width: 564px) 100vw, 564px\" \/><\/figure>\n\n\n\n<p span=\"\" style=\"color: black\">W dniu 7.04.2022 r. odby\u0142o si\u0119 spotkanie w ramach cyklu &#8222;Czwartki u Ekonomist\u00f3w&#8221;. Organizatorem debaty by\u0142o Polskie Towarzystwo Ekonomiczne. Przedmiotem spotkania by\u0142a dyskusja dotycz\u0105ca tematyki najnowszej ksi\u0105\u017cki Profesora Grzegorza W. Ko\u0142odko pt. <b>\u015awiat w Matni<\/b>.<\/p>\n\n\n\n<p span=\"\" style=\"color: black\">Go\u015bci powita\u0142 i dyskusj\u0119 otworzy\u0142 prof. dr hab. Marian Gorynia, prezes Polskiego Towarzystwa Ekonomicznego, a poprowadzi\u0142a j\u0105 prof. dr hab. El\u017cbieta M\u0105czy\u0144ska, Honorowy Prezes PTE.<\/p>\n\n\n\n<figure class=\"wp-block-image is-resized\"><img loading=\"lazy\" decoding=\"async\" width=\"200\" height=\"295\" src=\"https:\/\/mariangorynia.pl\/wp-content\/uploads\/okladka_kolodko_swiat_w_matni.jpg\" alt=\"\" class=\"wp-image-4211\" style=\"width:155px;height:221px\" srcset=\"https:\/\/mariangorynia.pl\/wp-content\/uploads\/okladka_kolodko_swiat_w_matni.jpg 200w, https:\/\/mariangorynia.pl\/wp-content\/uploads\/okladka_kolodko_swiat_w_matni-183x270.jpg 183w\" sizes=\"(max-width: 200px) 100vw, 200px\" \/><\/figure>\n\n\n\n<figure class=\"wp-block-image is-resized\"><img loading=\"lazy\" decoding=\"async\" width=\"1024\" height=\"768\" src=\"https:\/\/mariangorynia.pl\/wp-content\/uploads\/IMG-15511-1024x768.jpg\" alt=\"\" class=\"wp-image-4190\" style=\"width:359px;height:269px\" srcset=\"https:\/\/mariangorynia.pl\/wp-content\/uploads\/IMG-15511-1024x768.jpg 1024w, https:\/\/mariangorynia.pl\/wp-content\/uploads\/IMG-15511-300x225.jpg 300w, https:\/\/mariangorynia.pl\/wp-content\/uploads\/IMG-15511-768x576.jpg 768w, https:\/\/mariangorynia.pl\/wp-content\/uploads\/IMG-15511-360x270.jpg 360w\" sizes=\"(max-width: 1024px) 100vw, 1024px\" \/><\/figure>\n\n\n\n<figure class=\"wp-block-image is-resized\"><img loading=\"lazy\" decoding=\"async\" width=\"1024\" height=\"768\" src=\"https:\/\/mariangorynia.pl\/wp-content\/uploads\/IMG-1528-1024x768.jpg\" alt=\"\" class=\"wp-image-4188\" style=\"width:365px;height:274px\" srcset=\"https:\/\/mariangorynia.pl\/wp-content\/uploads\/IMG-1528-1024x768.jpg 1024w, https:\/\/mariangorynia.pl\/wp-content\/uploads\/IMG-1528-300x225.jpg 300w, https:\/\/mariangorynia.pl\/wp-content\/uploads\/IMG-1528-768x576.jpg 768w, https:\/\/mariangorynia.pl\/wp-content\/uploads\/IMG-1528-360x270.jpg 360w\" sizes=\"(max-width: 1024px) 100vw, 1024px\" \/><\/figure>\n\n\n\n<p span=\"\" style=\"color: black\">Wi\u0119cej o wydarzeniu oraz program spotkania dost\u0119pne <a href=\"http:\/\/www.pte.pl\/pliki\/2\/1\/CZuE_7.04.22.pdf\"><span style=\"color: blue\"><strong>[TUTAJ].<\/strong><\/a><\/p>\n\n<p span=\"\" style=\"color: black\">Wi\u0119cej o cyklu &#8222;Czwartki u Ekonomist\u00f3w&#8221; <a href=\"http:\/\/www.pte.pl\/129_czwartki.html\"><span style=\"color: blue\"><strong>[TUTAJ].<\/strong><\/a><\/p>\n\n\n\n<hr class=\"wp-block-separator has-css-opacity\"\/>\n\n\n\n<h6 class=\"wp-block-heading\">6.04.2022 r.<\/h6>\n\n\n\n<h4 class=\"wp-block-heading\">Prof. Gorynia cz\u0142onkiem Rady Ekspert\u00f3w Wielkopolskiego Zwi\u0105zku Pracodawc\u00f3w LEWIATAN<\/h4>\n\n\n\n<figure class=\"wp-block-image\"><img loading=\"lazy\" decoding=\"async\" width=\"271\" height=\"84\" src=\"https:\/\/mariangorynia.pl\/wp-content\/uploads\/logo_lewiatan.jpg\" alt=\"\" class=\"wp-image-4202\"\/><\/figure>\n\n\n\n<p span=\"\" style=\"color: black\">W dniu 6.04.2022 r. odby\u0142o si\u0119 spotkanie cz\u0142onk\u00f3w i przedstawicieli Wielkopolskiego Zwi\u0105zku Pracodawc\u00f3w LEWIATAN. Podczas spotkania wr\u0119czono certyfikaty mianowania przedstawicieli ze \u015bwiata nauki do Rady Ekspert\u00f3w.<\/p>\n\n\n\n<p span=\"\" style=\"color: black\"> Prof. Marian Gorynia zosta\u0142 wybrany na cz\u0142onka Rady Ekspert\u00f3w Wielkopolskiego Zwi\u0105zku Pracodawc\u00f3w LEWIATAN w zakresie biznesu mi\u0119dzynarodowego.<\/p>\n\n\n\n<figure class=\"wp-block-gallery has-nested-images columns-default is-cropped wp-block-gallery-14 is-layout-flex wp-block-gallery-is-layout-flex\">\n<figure class=\"wp-block-image\"><img loading=\"lazy\" decoding=\"async\" width=\"1024\" height=\"768\" data-id=\"4206\" src=\"https:\/\/mariangorynia.pl\/wp-content\/uploads\/3-1-e1649655326213-1024x768.jpg\" alt=\"\" class=\"wp-image-4206\" srcset=\"https:\/\/mariangorynia.pl\/wp-content\/uploads\/3-1-e1649655326213-1024x768.jpg 1024w, https:\/\/mariangorynia.pl\/wp-content\/uploads\/3-1-e1649655326213-300x225.jpg 300w, https:\/\/mariangorynia.pl\/wp-content\/uploads\/3-1-e1649655326213-768x576.jpg 768w, https:\/\/mariangorynia.pl\/wp-content\/uploads\/3-1-e1649655326213-360x270.jpg 360w, https:\/\/mariangorynia.pl\/wp-content\/uploads\/3-1-e1649655326213.jpg 2016w\" sizes=\"(max-width: 1024px) 100vw, 1024px\" \/><\/figure>\n\n\n\n<figure class=\"wp-block-image\"><img loading=\"lazy\" decoding=\"async\" width=\"1024\" height=\"768\" data-id=\"4203\" src=\"https:\/\/mariangorynia.pl\/wp-content\/uploads\/20220408_163115-1024x768.jpg\" alt=\"\" class=\"wp-image-4203\" srcset=\"https:\/\/mariangorynia.pl\/wp-content\/uploads\/20220408_163115-1024x768.jpg 1024w, https:\/\/mariangorynia.pl\/wp-content\/uploads\/20220408_163115-300x225.jpg 300w, https:\/\/mariangorynia.pl\/wp-content\/uploads\/20220408_163115-768x576.jpg 768w, https:\/\/mariangorynia.pl\/wp-content\/uploads\/20220408_163115-360x270.jpg 360w\" sizes=\"(max-width: 1024px) 100vw, 1024px\" \/><\/figure>\n<\/figure>\n\n\n\n<p span=\"\" style=\"color: black\">Lista cz\u0142onk\u00f3w Rady ekspert\u00f3w dost\u0119pna <a href=\"https:\/\/wzp.org.pl\/rada-ekspertow\/\"><span style=\"color: blue\"><strong>[TUTAJ].<\/strong><\/a><\/p>\n\n<p span=\"\" style=\"color: black\">Wi\u0119cej o Wielkopolskim Zwi\u0105zku Pracodawc\u00f3w LEWIATAN <a href=\"https:\/\/wzp.org.pl\/nasze\/aktualnosci\/page\/2\/\"><span style=\"color: blue\"><strong>[TUTAJ].<\/strong><\/a><\/p>\n\n\n\n<hr class=\"wp-block-separator has-css-opacity\"\/>\n\n\n\n<h6 class=\"wp-block-heading\">18.03.2022 r.<\/h6>\n\n\n\n<h4 class=\"wp-block-heading\">Konferencja Jubileuszowa &#8211; Polskie Towarzystwo Ekonomiczne &#8211; wczoraj, dzi\u015b i jutro<\/h4>\n\n\n\n<figure class=\"wp-block-image is-resized\"><img loading=\"lazy\" decoding=\"async\" width=\"564\" height=\"101\" src=\"https:\/\/mariangorynia.pl\/wp-content\/uploads\/pte_logo_24.06.2021.jpg\" alt=\"\" class=\"wp-image-2817\" style=\"width:405px;height:72px\" srcset=\"https:\/\/mariangorynia.pl\/wp-content\/uploads\/pte_logo_24.06.2021.jpg 564w, https:\/\/mariangorynia.pl\/wp-content\/uploads\/pte_logo_24.06.2021-300x54.jpg 300w, https:\/\/mariangorynia.pl\/wp-content\/uploads\/pte_logo_24.06.2021-360x64.jpg 360w\" sizes=\"(max-width: 564px) 100vw, 564px\" \/><\/figure>\n\n\n\n<p span=\"\" style=\"color: black\">W dniu 18.03.2022 r. odby\u0142a si\u0119 Jubileuszowa Konferencja Polskiego Towarzystwa Ekonomicznego z okazji 75-lecia istnienia Oddzia\u0142u PTE w Krakowie oraz 100 lat istnienia Towarzystwa Ekonomicznego w Krakowie. Tematem przewodnim by\u0142o: &#8222;Polskie Towarzystwo Ekonomiczne &#8211; wczoraj, dzi\u015b i jutro&#8221;.<\/p>\n\n\n\n<p span=\"\" style=\"color: black\">Celem Konferencji Jubileuszowej z okazji 75-lecia istnienia Oddzia\u0142u Polskiego Towarzystwa Ekonomicznego w Krakowie, kt\u00f3rego korzenie si\u0119gaj\u0105 za\u0142o\u017conego 100 lat temu Towarzystwa Ekonomicznego w Krakowie, by\u0142o podsumowanie bogatej historii ruchu ekonomicznego w Polsce, ale tak\u017ce przeprowadzanie debaty naukowej na temat wyzwa\u0144 stoj\u0105cych przed takimi organizacjami jak PTE we wsp\u00f3\u0142czesnym, dynamicznie zmieniaj\u0105cym si\u0119 \u015bwiecie.<\/p>\n\n\n\n<p span=\"\" style=\"color: black\">Podczas konferencji prof. Gorynia wyg\u0142osi\u0142 referat na temat: \u201ePrzysz\u0142o\u015b\u0107 nauk ekonomicznych po pandemii &#8211; mo\u017cliwe scenariusze\u201d.<\/p>\n\n\n\n<p span=\"\" style=\"color: black\">Prezentacja dost\u0119pna <a href=\"https:\/\/mariangorynia.pl\/wp-content\/uploads\/Gorynia_Przyszlosc_nauk_ekon_PTE_Krakow_18.03.2022.pdf\"><span style=\"color: blue\"><strong>[TUTAJ],<\/strong><\/a>.<\/p>\n\n\n\n<figure class=\"wp-block-gallery has-nested-images columns-default is-cropped wp-block-gallery-15 is-layout-flex wp-block-gallery-is-layout-flex\">\n<figure class=\"wp-block-image\"><img loading=\"lazy\" decoding=\"async\" width=\"1024\" height=\"683\" data-id=\"4144\" src=\"https:\/\/mariangorynia.pl\/wp-content\/uploads\/DSC_0564-1024x683.jpg\" alt=\"\" class=\"wp-image-4144\" srcset=\"https:\/\/mariangorynia.pl\/wp-content\/uploads\/DSC_0564-1024x683.jpg 1024w, https:\/\/mariangorynia.pl\/wp-content\/uploads\/DSC_0564-300x200.jpg 300w, https:\/\/mariangorynia.pl\/wp-content\/uploads\/DSC_0564-768x512.jpg 768w, https:\/\/mariangorynia.pl\/wp-content\/uploads\/DSC_0564-360x240.jpg 360w\" sizes=\"(max-width: 1024px) 100vw, 1024px\" \/><\/figure>\n\n\n\n<figure class=\"wp-block-image\"><img loading=\"lazy\" decoding=\"async\" width=\"1024\" height=\"683\" data-id=\"4145\" src=\"https:\/\/mariangorynia.pl\/wp-content\/uploads\/DSC_0553-1024x683.jpg\" alt=\"\" class=\"wp-image-4145\" srcset=\"https:\/\/mariangorynia.pl\/wp-content\/uploads\/DSC_0553-1024x683.jpg 1024w, https:\/\/mariangorynia.pl\/wp-content\/uploads\/DSC_0553-300x200.jpg 300w, https:\/\/mariangorynia.pl\/wp-content\/uploads\/DSC_0553-768x512.jpg 768w, https:\/\/mariangorynia.pl\/wp-content\/uploads\/DSC_0553-360x240.jpg 360w\" sizes=\"(max-width: 1024px) 100vw, 1024px\" \/><\/figure>\n\n\n\n<figure class=\"wp-block-image\"><img loading=\"lazy\" decoding=\"async\" width=\"1024\" height=\"683\" data-id=\"4146\" src=\"https:\/\/mariangorynia.pl\/wp-content\/uploads\/DSC_0654-1024x683.jpg\" alt=\"\" class=\"wp-image-4146\" srcset=\"https:\/\/mariangorynia.pl\/wp-content\/uploads\/DSC_0654-1024x683.jpg 1024w, https:\/\/mariangorynia.pl\/wp-content\/uploads\/DSC_0654-300x200.jpg 300w, https:\/\/mariangorynia.pl\/wp-content\/uploads\/DSC_0654-768x512.jpg 768w, https:\/\/mariangorynia.pl\/wp-content\/uploads\/DSC_0654-360x240.jpg 360w\" sizes=\"(max-width: 1024px) 100vw, 1024px\" \/><\/figure>\n\n\n\n<figure class=\"wp-block-image\"><img loading=\"lazy\" decoding=\"async\" width=\"1024\" height=\"683\" data-id=\"4147\" src=\"https:\/\/mariangorynia.pl\/wp-content\/uploads\/DSC_0709-1024x683.jpg\" alt=\"\" class=\"wp-image-4147\" srcset=\"https:\/\/mariangorynia.pl\/wp-content\/uploads\/DSC_0709-1024x683.jpg 1024w, https:\/\/mariangorynia.pl\/wp-content\/uploads\/DSC_0709-300x200.jpg 300w, https:\/\/mariangorynia.pl\/wp-content\/uploads\/DSC_0709-768x512.jpg 768w, https:\/\/mariangorynia.pl\/wp-content\/uploads\/DSC_0709-360x240.jpg 360w\" sizes=\"(max-width: 1024px) 100vw, 1024px\" \/><\/figure>\n\n\n\n<figure class=\"wp-block-image\"><img loading=\"lazy\" decoding=\"async\" width=\"1024\" height=\"683\" data-id=\"4148\" src=\"https:\/\/mariangorynia.pl\/wp-content\/uploads\/DSC_0735-1024x683.jpg\" alt=\"\" class=\"wp-image-4148\" srcset=\"https:\/\/mariangorynia.pl\/wp-content\/uploads\/DSC_0735-1024x683.jpg 1024w, https:\/\/mariangorynia.pl\/wp-content\/uploads\/DSC_0735-300x200.jpg 300w, https:\/\/mariangorynia.pl\/wp-content\/uploads\/DSC_0735-768x512.jpg 768w, https:\/\/mariangorynia.pl\/wp-content\/uploads\/DSC_0735-360x240.jpg 360w\" sizes=\"(max-width: 1024px) 100vw, 1024px\" \/><\/figure>\n<\/figure>\n\n\n\n<p span=\"\" style=\"color: black\">Wi\u0119cej o wydarzeniu oraz program seminarium dost\u0119pne <a href=\"http:\/\/www.krakow.pte.pl\/konferencja-jubileuszowa\/cel-konferencji.html\"><span style=\"color: blue\"><strong>[TUTAJ],<\/strong><\/a>.<\/p>\n\n\n\n<hr class=\"wp-block-separator has-css-opacity\"\/>\n\n\n\n<h6 class=\"wp-block-heading\">10.03.2022 r.<\/h6>\n\n\n\n<h4 class=\"wp-block-heading\">Forum Bankowe 2022 <\/h4>\n\n\n\n<figure class=\"wp-block-image is-resized\"><img loading=\"lazy\" decoding=\"async\" width=\"384\" height=\"145\" src=\"https:\/\/mariangorynia.pl\/wp-content\/uploads\/logo_zbp.jpg\" alt=\"\" class=\"wp-image-4139\" style=\"width:339px;height:128px\" srcset=\"https:\/\/mariangorynia.pl\/wp-content\/uploads\/logo_zbp.jpg 384w, https:\/\/mariangorynia.pl\/wp-content\/uploads\/logo_zbp-300x113.jpg 300w, https:\/\/mariangorynia.pl\/wp-content\/uploads\/logo_zbp-360x136.jpg 360w\" sizes=\"(max-width: 384px) 100vw, 384px\" \/><\/figure>\n\n\n\n<p span=\"\" style=\"color: black\">W dniu 10.03.2022 r. odby\u0142o si\u0119 Forum Bankowe w formie online. Temat przewodni Konferencji to: Wyzwania polskiego sektora bankowego w dobie aktualnych zagro\u017ce\u0144 i nowych paradygmat\u00f3w rozwoju gospodarki. Spotkanie zosta\u0142o zorganizowane przez Zwi\u0105zek Bank\u00f3w Polskich.<\/p>\n\n\n\n<p span=\"\" style=\"color: black\">Podczas Forum Bankowego 2022, b\u0119d\u0105cego jednym z najwi\u0119kszych i najwa\u017cniejszych dorocznych spotka\u0144 przedstawicieli sektora bankowego, uczestnicy d\u0105\u017cyli do odpowiedzi na pytania, w jaki spos\u00f3b banki powinny sprosta\u0107 nowej sytuacji, aby m\u00f3c dalej wspiera\u0107 bezpieczny i zr\u00f3wnowa\u017cony rozw\u00f3j gospodarczy Polski i jej obywateli, a tak\u017ce jakie s\u0105 wzajemne oczekiwania sektora bankowego i kluczowych instytucji reguluj\u0105cych, \u017ceby wsp\u00f3lnie, efektywnie m\u00f3c realizowa\u0107 ten cel.<\/p>\n\n\n\n<p span=\"\" style=\"color: black\">Jednym z prelegent\u00f3w by\u0142: prof. Marian Gorynia.<\/p>\n\n\n\n<figure class=\"wp-block-image is-resized\"><img loading=\"lazy\" decoding=\"async\" width=\"1024\" height=\"580\" src=\"https:\/\/mariangorynia.pl\/wp-content\/uploads\/forum_bankowe_10.03.2022-1024x580.png\" alt=\"\" class=\"wp-image-4140\" style=\"width:510px;height:288px\" srcset=\"https:\/\/mariangorynia.pl\/wp-content\/uploads\/forum_bankowe_10.03.2022-1024x580.png 1024w, https:\/\/mariangorynia.pl\/wp-content\/uploads\/forum_bankowe_10.03.2022-300x170.png 300w, https:\/\/mariangorynia.pl\/wp-content\/uploads\/forum_bankowe_10.03.2022-768x435.png 768w, https:\/\/mariangorynia.pl\/wp-content\/uploads\/forum_bankowe_10.03.2022-360x204.png 360w, https:\/\/mariangorynia.pl\/wp-content\/uploads\/forum_bankowe_10.03.2022.png 1557w\" sizes=\"(max-width: 1024px) 100vw, 1024px\" \/><\/figure>\n\n\n\n<p span=\"\" style=\"color: black\">Wi\u0119cej o wydarzeniu oraz program Konferencji dost\u0119pny <a href=\"https:\/\/konferencje.alebank.pl\/konferencje\/forum-bankowe-2022\/\"><span style=\"color: blue\"><strong>[TUTAJ]<\/strong><\/a>.<\/p>\n\n\n\n<hr class=\"wp-block-separator has-css-opacity\"\/>\n\n\n\n<h6 class=\"wp-block-heading\">10.03.2022 r. <\/h6>\n\n\n\n<h4 class=\"wp-block-heading\">XII Og\u00f3lnopolska Konferencja z cyklu \u201ePrzedsi\u0119biorstwo w globalnej gospodarce\u201d <\/h4>\n\n\n\n<figure class=\"wp-block-image is-resized\"><img loading=\"lazy\" decoding=\"async\" width=\"531\" height=\"104\" src=\"https:\/\/mariangorynia.pl\/wp-content\/uploads\/logo_sgh.jpg\" alt=\"\" class=\"wp-image-4129\" style=\"width:416px;height:81px\" srcset=\"https:\/\/mariangorynia.pl\/wp-content\/uploads\/logo_sgh.jpg 531w, https:\/\/mariangorynia.pl\/wp-content\/uploads\/logo_sgh-300x59.jpg 300w, https:\/\/mariangorynia.pl\/wp-content\/uploads\/logo_sgh-360x71.jpg 360w\" sizes=\"(max-width: 531px) 100vw, 531px\" \/><\/figure>\n\n\n\n<p span=\"\" style=\"color: black\">W dniu 10.03.2022 r. odby\u0142a si\u0119 XII Og\u00f3lnopolska Konferencja z cyklu \u201ePrzedsi\u0119biorstwo w globalnej gospodarce\u201d pt. Inwestycyjne wybory przedsi\u0119biorstw w warunkach nowej transformacji gospodarczej w trybie online. Spotkanie zosta\u0142o zorganizowane przez Instytut Rynk\u00f3w i Konkurencji, Kolegium Nauk o Przedsi\u0119biorstwie, Szko\u0142a G\u0142\u00f3wna Handlowa w Warszawie.<\/p>\n\n\n\n<p span=\"\" style=\"color: black\">Celem Konferencji by\u0142o pog\u0142\u0119bione rozpoznanie wyzwa\u0144 stoj\u0105cych przed przedsi\u0119biorstwami w warunkach przyspieszonych zmian gospodarczych i spo\u0142ecznych wywo\u0142anych nowymi formami konkurencji, upowszechnianiem cyfryzacji, zastosowaniem potencjalnie prze\u0142omowych technologii na r\u00f3\u017cnych obszarach globalnej gospodarki, implementacj\u0105 zasad zr\u00f3wnowa\u017conego rozwoju. Szczeg\u00f3lna uwaga zosta\u0142a po\u015bwi\u0119cona analizie nast\u0119pstw pandemii COVID-19.<\/p>\n\n\n\n<p span=\"\" style=\"color: black\">Podczas konferencji prof. Gorynia wraz z dr Magdalen\u0105 \u015aliwi\u0144sk\u0105 wyg\u0142osili prezentacj\u0119 na temat: \u201eUmi\u0119dzynarodowienie biznesu a wymogi zr\u00f3wnowa\u017conego rozwoju\u201d.<\/p>\n\n\n\n<p span=\"\" style=\"color: black\">Prezentacja dost\u0119pna <a href=\"https:\/\/mariangorynia.pl\/wp-content\/uploads\/Gorynia_Sliwinska_Umi\u0119dzynarodowienie_biznesu_SGH_10.03.2022.pdf\"><span style=\"color: blue\"><strong>[TUTAJ],<\/strong><\/a>.<\/p>\n\n\n\n<figure class=\"wp-block-image is-resized\"><img loading=\"lazy\" decoding=\"async\" width=\"899\" height=\"819\" src=\"https:\/\/mariangorynia.pl\/wp-content\/uploads\/Zrzut-ekranu-33.png\" alt=\"\" class=\"wp-image-4135\" style=\"width:428px;height:390px\" srcset=\"https:\/\/mariangorynia.pl\/wp-content\/uploads\/Zrzut-ekranu-33.png 899w, https:\/\/mariangorynia.pl\/wp-content\/uploads\/Zrzut-ekranu-33-300x273.png 300w, https:\/\/mariangorynia.pl\/wp-content\/uploads\/Zrzut-ekranu-33-768x700.png 768w, https:\/\/mariangorynia.pl\/wp-content\/uploads\/Zrzut-ekranu-33-296x270.png 296w\" sizes=\"(max-width: 899px) 100vw, 899px\" \/><\/figure>\n\n\n\n<p span=\"\" style=\"color: black\">Wi\u0119cej o wydarzeniu oraz program seminarium dost\u0119pne <a href=\"https:\/\/ssl-kolegia.sgh.waw.pl\/pl\/KNoP\/struktura\/IRiK\/konferencje\/Strony\/Inwestycyjne_wybory_przedsiebiorstw_w_warunkach_nowej_transformacji_gospodarczej.aspx\"><span style=\"color: blue\"><strong>[TUTAJ]<\/strong><\/a>.<\/p>\n\n\n\n<hr class=\"wp-block-separator has-css-opacity\"\/>\n\n\n\n<h6 class=\"wp-block-heading\">6.03.2022 r. <\/h6>\n\n\n\n<h4 class=\"wp-block-heading\">Apel grupy akademik\u00f3w do Prezydenta RP <\/h4>\n\n\n\n<p span=\"\" style=\"color: black\">Na \u0142amach dziennika Rzeczpospolita ukaza\u0142 si\u0119 Apel grupy akademik\u00f3w do Prezydenta RP.<\/p>\n\n\n\n<p span=\"\" style=\"color: black\">Apel dotyczy dramatycznych wydarze\u0144 na Ukrainie i wybuchu za nasz\u0105 granic\u0105 pierwszego od czasu wojny \u015bwiatowej pe\u0142nowymiarowego konfliktu zbrojnego w Europie. Te wydarzenia ka\u017c\u0105 na nowo zada\u0107 sobie pytanie o bezpiecze\u0144stwo polityczne, militarne i gospodarcze Polski. Autorzy apelu zwracaj\u0105 si\u0119 z apelem, by Pan Prezydent wykorzysta\u0142 wszelkie narz\u0119dzia, kt\u00f3re daje Konstytucja RP i podj\u0105\u0142 niezb\u0119dne kroki w celu utrzymania i zacie\u015bnienia zwi\u0105zk\u00f3w Polski z najwa\u017cniejszymi instytucjami \u015bwiata zachodniego.<\/p>\n\n\n\n<p span=\"\" style=\"color: black\">Ca\u0142a tre\u015b\u0107 apelu dost\u0119pna <a href=\"https:\/\/mariangorynia.pl\/wp-content\/uploads\/20220306_RZECZPOSPOLITA_APEL_GRUPY_AKADEMIKO_5504396345_2d201-1-1.pdf\"><span style=\"color: blue\"><strong>[TUTAJ]<\/strong><\/a><\/p>\n\n\n\n<hr class=\"wp-block-separator has-css-opacity\"\/>\n\n\n\n<h6 class=\"wp-block-heading\">04.03.2022 r. <\/h6>\n\n\n\n<h4 class=\"wp-block-heading\">Wypowied\u017a prof. Goryni w programie Lustra<\/h4>\n\n\n\n<figure class=\"wp-block-image is-resized\"><img loading=\"lazy\" decoding=\"async\" width=\"744\" height=\"416\" src=\"https:\/\/mariangorynia.pl\/wp-content\/uploads\/lustra_4.03.2022.jpg\" alt=\"\" class=\"wp-image-4120\" style=\"width:479px;height:268px\" srcset=\"https:\/\/mariangorynia.pl\/wp-content\/uploads\/lustra_4.03.2022.jpg 744w, https:\/\/mariangorynia.pl\/wp-content\/uploads\/lustra_4.03.2022-300x168.jpg 300w, https:\/\/mariangorynia.pl\/wp-content\/uploads\/lustra_4.03.2022-360x201.jpg 360w\" sizes=\"(max-width: 744px) 100vw, 744px\" \/><\/figure>\n\n\n\n<p span=\"\" style=\"color: black\">Prof. Marian Gorynia by\u0142 go\u015bciem w programie Lustra. Wypowied\u017a dotyczy\u0142a wojny na Ukrainie oraz sankcji na\u0142o\u017conych na Rosj\u0119.<\/p>\n\n\n\n<p span=\"\" style=\"color: black\">Ca\u0142e wydanie programu z tego dnia mo\u017cna obejrze\u0107 <a href=\"https:\/\/poznan.tvp.pl\/58868822\/co-z-sankcjami-04032022\"><span style=\"color: blue\"><strong>[TUTAJ]<\/strong><\/a>.<\/p>\n\n\n\n<hr class=\"wp-block-separator has-css-opacity\"\/>\n\n\n\n<h6 class=\"wp-block-heading\">03.03.2022 r.<\/h6>\n\n\n\n<h4 class=\"wp-block-heading\">Wypowied\u017a prof. Goryni w programie Otwarta Antena WTK<\/h4>\n\n\n\n<figure class=\"wp-block-image is-resized\"><img loading=\"lazy\" decoding=\"async\" width=\"1024\" height=\"509\" src=\"https:\/\/mariangorynia.pl\/wp-content\/uploads\/WTK_otwarta_antena_3.03.2022-1024x509.jpg\" alt=\"\" class=\"wp-image-4097\" style=\"width:459px;height:228px\" srcset=\"https:\/\/mariangorynia.pl\/wp-content\/uploads\/WTK_otwarta_antena_3.03.2022-1024x509.jpg 1024w, https:\/\/mariangorynia.pl\/wp-content\/uploads\/WTK_otwarta_antena_3.03.2022-300x149.jpg 300w, https:\/\/mariangorynia.pl\/wp-content\/uploads\/WTK_otwarta_antena_3.03.2022-768x382.jpg 768w, https:\/\/mariangorynia.pl\/wp-content\/uploads\/WTK_otwarta_antena_3.03.2022-360x179.jpg 360w, https:\/\/mariangorynia.pl\/wp-content\/uploads\/WTK_otwarta_antena_3.03.2022.jpg 1279w\" sizes=\"(max-width: 1024px) 100vw, 1024px\" \/><\/figure>\n\n\n\n<p span=\"\" style=\"color: black\">Prof. Marian Gorynia by\u0142 go\u015bciem w programie Otwarta Antena telewizji WTK. Otwarta Antena to program dla widz\u00f3w. Od poniedzia\u0142ku do pi\u0105tku od godz. 20.30 mo\u017cna uczestniczy\u0107 w rozmowach z zaproszonymi do studia go\u015b\u0107mi.<\/p>\n\n\n\n<p span=\"\" style=\"color: black\">Ca\u0142e wydanie programu z tego dnia mo\u017cna obejrze\u0107 <a href=\"https:\/\/www.youtube.com\/watch?v=6DkFXiT8DB8\"><span style=\"color: blue\"><strong>[TUTAJ]<\/strong><\/a>.<\/p>\n\n\n\n<hr class=\"wp-block-separator has-css-opacity\"\/>\n\n\n\n<h6 class=\"wp-block-heading\">03.03.2022 r. <\/h6>\n\n\n\n<h4 class=\"wp-block-heading\">Wypowied\u017a prof. Goryni w programie Puls Dnia WTK<\/h4>\n\n\n\n<figure class=\"wp-block-image is-resized\"><img loading=\"lazy\" decoding=\"async\" width=\"765\" height=\"384\" src=\"https:\/\/mariangorynia.pl\/wp-content\/uploads\/puls_dnia_tv.jpg\" alt=\"\" class=\"wp-image-4110\" style=\"width:473px;height:237px\" srcset=\"https:\/\/mariangorynia.pl\/wp-content\/uploads\/puls_dnia_tv.jpg 765w, https:\/\/mariangorynia.pl\/wp-content\/uploads\/puls_dnia_tv-300x151.jpg 300w, https:\/\/mariangorynia.pl\/wp-content\/uploads\/puls_dnia_tv-360x181.jpg 360w\" sizes=\"(max-width: 765px) 100vw, 765px\" \/><\/figure>\n\n\n\n<p span=\"\" style=\"color: black\">Prof. Marian Gorynia by\u0142 go\u015bciem w programie Puls Dnia telewizji WTK. Wypowied\u017a dotyczy\u0142a wojny na Ukrainie oraz skutk\u00f3w tego konfliktu dla gospodarki.<\/p>\n\n\n\n<p span=\"\" style=\"color: black\">Ca\u0142e wydanie programu z tego dnia mo\u017cna obejrze\u0107 <a href=\"https:\/\/www.youtube.com\/watch?v=qccegJBLS-c&#038;t=1013s\"><span style=\"color: blue\"><strong>[TUTAJ]<\/strong><\/a>.<\/p>\n\n\n\n<hr class=\"wp-block-separator has-css-opacity\"\/>\n\n\n\n<h6 class=\"wp-block-heading\">02.03.2022 r.<\/h6>\n\n\n\n<h4 class=\"wp-block-heading\">Wypowied\u017a prof. Goryni w programie Teleskop<\/h4>\n\n\n\n<figure class=\"wp-block-image is-resized\"><img loading=\"lazy\" decoding=\"async\" width=\"739\" height=\"415\" src=\"https:\/\/mariangorynia.pl\/wp-content\/uploads\/teleskop_2.03.2022.jpg\" alt=\"\" class=\"wp-image-4112\" style=\"width:471px;height:263px\" srcset=\"https:\/\/mariangorynia.pl\/wp-content\/uploads\/teleskop_2.03.2022.jpg 739w, https:\/\/mariangorynia.pl\/wp-content\/uploads\/teleskop_2.03.2022-300x168.jpg 300w, https:\/\/mariangorynia.pl\/wp-content\/uploads\/teleskop_2.03.2022-360x202.jpg 360w\" sizes=\"(max-width: 739px) 100vw, 739px\" \/><\/figure>\n\n\n\n<p span=\"\" style=\"color: black\">Prof. Marian Gorynia by\u0142 go\u015bciem w programie Teleskop. Wypowied\u017a dotyczy\u0142a wojny na Ukrainie.<\/p>\n\n\n\n<p span=\"\" style=\"color: black\">Ca\u0142e wydanie programu z tego dnia mo\u017cna obejrze\u0107 <a href=\"https:\/\/poznan.tvp.pl\/58814329\/02.03.2022-godz.9:30\"><span style=\"color: blue\"><strong>[TUTAJ]<\/strong><\/a>.<\/p>\n\n\n\n<hr class=\"wp-block-separator has-css-opacity\"\/>\n\n\n\n<h6 class=\"wp-block-heading\">1.03.2022 r.<\/h6>\n\n\n\n<h4 class=\"wp-block-heading\">Podcastu Forum Dialog Plus &#8211; #12 Wojna to straszne marnowanie zasob\u00f3w gospodarczych pa\u0144stwa<\/h4>\n\n\n\n<figure class=\"wp-block-image\"><img loading=\"lazy\" decoding=\"async\" width=\"184\" height=\"65\" src=\"https:\/\/mariangorynia.pl\/wp-content\/uploads\/spotify_logo.jpg\" alt=\"\" class=\"wp-image-4076\"\/><\/figure>\n\n\n\n<figure class=\"wp-block-image\"><img loading=\"lazy\" decoding=\"async\" width=\"248\" height=\"249\" src=\"https:\/\/mariangorynia.pl\/wp-content\/uploads\/spotify_obrazek.jpg\" alt=\"\" class=\"wp-image-4075\" srcset=\"https:\/\/mariangorynia.pl\/wp-content\/uploads\/spotify_obrazek.jpg 248w, https:\/\/mariangorynia.pl\/wp-content\/uploads\/spotify_obrazek-150x150.jpg 150w\" sizes=\"(max-width: 248px) 100vw, 248px\" \/><\/figure>\n\n\n\n<p span=\"\" style=\"color: black\">W dniu 1.03.2022 r., prof. Marian Gorynia by\u0142 go\u015bciem w 12 odcinku podcastu Forum Dialog Plus im. Andrzeja Godlewskiego. Wypowied\u017a dotyczy\u0142a skuteczno\u015bci na\u0142o\u017conych przez Europ\u0119 sankcji na Rosj\u0119 i ich nast\u0119pstw dla europejskiej i \u015bwiatowej gospodarki. Profesor Gorynia uwa\u017ca, \u017ce w tym momencie wprowadzone sankcje s\u0105 wystarczaj\u0105ce.<\/p>\n\n\n\n<p span=\"\" style=\"color: black\">Ca\u0142y podcast mo\u017cna pos\u0142ucha\u0107 <a href=\"https:\/\/open.spotify.com\/episode\/653iFtlXJXANlyHUYHCiNn\"><span style=\"color: blue\"><strong>[TUTAJ]<\/strong><\/a>.<\/p>\n\n\n\n<hr class=\"wp-block-separator has-css-opacity\"\/>\n\n\n\n<h6 class=\"wp-block-heading\">01.03.2022 r. <\/h6>\n\n\n\n<h4 class=\"wp-block-heading\">Wypowied\u017a prof. Goryni w programie Teleskop<\/h4>\n\n\n\n<figure class=\"wp-block-image is-resized\"><img loading=\"lazy\" decoding=\"async\" width=\"736\" height=\"413\" src=\"https:\/\/mariangorynia.pl\/wp-content\/uploads\/teleskop_1.03.2022.jpg\" alt=\"\" class=\"wp-image-4067\" style=\"width:463px;height:259px\" srcset=\"https:\/\/mariangorynia.pl\/wp-content\/uploads\/teleskop_1.03.2022.jpg 736w, https:\/\/mariangorynia.pl\/wp-content\/uploads\/teleskop_1.03.2022-300x168.jpg 300w, https:\/\/mariangorynia.pl\/wp-content\/uploads\/teleskop_1.03.2022-360x202.jpg 360w\" sizes=\"(max-width: 736px) 100vw, 736px\" \/><\/figure>\n\n\n\n<p span=\"\" style=\"color: black\">Prof. Marian Gorynia by\u0142 go\u015bciem w programie Teleskop. Wypowied\u017a dotyczy\u0142a wojny na Ukrainie.<\/p>\n\n\n\n<p span=\"\" style=\"color: black\">Ca\u0142e wydanie programu z tego dnia mo\u017cna obejrze\u0107 <a href=\"https:\/\/poznan.tvp.pl\/58800962\/01.03.2022-godz.18:30\"><span style=\"color: blue\"><strong>[TUTAJ]<\/strong><\/a>.<\/p>\n\n\n\n<hr class=\"wp-block-separator has-css-opacity\"\/>\n\n\n\n<h6 class=\"wp-block-heading\">28.02.2022 r.<\/h6>\n\n\n\n<h4 class=\"wp-block-heading\"><strong>Obrona rozprawy doktorskiej w trybie zdalnym mgra Paw\u0142a Bogacza<\/strong><\/h4>\n\n\n\n<figure class=\"wp-block-image is-resized\"><img loading=\"lazy\" decoding=\"async\" width=\"555\" height=\"143\" src=\"https:\/\/mariangorynia.pl\/wp-content\/uploads\/logo_UW_wydzial_zarz.jpg\" alt=\"\" class=\"wp-image-4063\" style=\"width:424px;height:109px\" srcset=\"https:\/\/mariangorynia.pl\/wp-content\/uploads\/logo_UW_wydzial_zarz.jpg 555w, https:\/\/mariangorynia.pl\/wp-content\/uploads\/logo_UW_wydzial_zarz-300x77.jpg 300w, https:\/\/mariangorynia.pl\/wp-content\/uploads\/logo_UW_wydzial_zarz-360x93.jpg 360w\" sizes=\"(max-width: 555px) 100vw, 555px\" \/><\/figure>\n\n\n\n<p span=\"\" style=\"color: black\">Dnia 28.02.2022 r. odby\u0142a si\u0119 publiczna obrona rozprawy doktorskiej w trybie zdalnym mgr. Paw\u0142a Bogacza. <br>Tytu\u0142 rozprawy: \u201eZarz\u0105dzanie bezpiecze\u0144stwem narodowym Polski. Studium na przyk\u0142adzie zastosowa\u0144 metod wielokryterialnych\u201d.<br>Promotor: dr hab., prof. ucz. Wiktor Adamus<\/p>\n\n\n\n<p span=\"\" style=\"color: black\">Recenzenci:\n<br> &#8211; Prof. dr hab. Marian Gorynia \u2013 Uniwersytet Ekonomiczny w Poznaniu, \n<br> &#8211; Prof. dr hab. Tadeusz Grabi\u0144ski \u2013 Uniwersytet Ekonomiczny w Krakowie.\n<br>Dyscyplina naukowa: nauki o zarz\u0105dzaniu i jako\u015bci.<\/p>\n\n\n\n<hr class=\"wp-block-separator has-css-opacity\"\/>\n\n\n\n<h6 class=\"wp-block-heading\">24.02.2022 r.<\/h6>\n\n\n\n<h4 class=\"wp-block-heading\">Posiedzenie Zarz\u0105du Krajowego Polskiego Towarzystwa Ekonomicznego <\/h4>\n\n\n\n<figure class=\"wp-block-image is-resized\"><img loading=\"lazy\" decoding=\"async\" width=\"564\" height=\"101\" src=\"https:\/\/mariangorynia.pl\/wp-content\/uploads\/pte_logo_24.06.2021.jpg\" alt=\"\" class=\"wp-image-2817\" style=\"width:405px;height:72px\" srcset=\"https:\/\/mariangorynia.pl\/wp-content\/uploads\/pte_logo_24.06.2021.jpg 564w, https:\/\/mariangorynia.pl\/wp-content\/uploads\/pte_logo_24.06.2021-300x54.jpg 300w, https:\/\/mariangorynia.pl\/wp-content\/uploads\/pte_logo_24.06.2021-360x64.jpg 360w\" sizes=\"(max-width: 564px) 100vw, 564px\" \/><\/figure>\n\n\n\n<p span=\"\" style=\"color: black\">W dniu 24.02.2022 r. odby\u0142o si\u0119 posiedzenie Zarz\u0105du Krajowego Polskiego Towarzystwa Ekonomicznego. Posiedzeniu przewodniczy\u0142 prof. Marian Gorynia.<\/p>\n\n\n\n<p span=\"\" style=\"color: black\">W\u015br\u00f3d dyskutowanych spraw by\u0142o mi\u0119dzy innymi przej\u0119cie sprawozda\u0144 merytorycznego, finansowego i sprawozda\u0144 oddzia\u0142\u00f3w PTE za 2022 rok. Sprawozdania zosta\u0142y przyj\u0119te.<\/p>\n\n\n\n<figure class=\"wp-block-image is-resized\"><img loading=\"lazy\" decoding=\"async\" width=\"1024\" height=\"576\" src=\"https:\/\/mariangorynia.pl\/wp-content\/uploads\/Zrzut-ekranu-31-1024x576.png\" alt=\"\" class=\"wp-image-4055\" style=\"width:509px;height:286px\" srcset=\"https:\/\/mariangorynia.pl\/wp-content\/uploads\/Zrzut-ekranu-31-1024x576.png 1024w, https:\/\/mariangorynia.pl\/wp-content\/uploads\/Zrzut-ekranu-31-300x169.png 300w, https:\/\/mariangorynia.pl\/wp-content\/uploads\/Zrzut-ekranu-31-768x432.png 768w, https:\/\/mariangorynia.pl\/wp-content\/uploads\/Zrzut-ekranu-31-360x203.png 360w, https:\/\/mariangorynia.pl\/wp-content\/uploads\/Zrzut-ekranu-31.png 1920w\" sizes=\"(max-width: 1024px) 100vw, 1024px\" \/><\/figure>\n\n\n\n<hr class=\"wp-block-separator has-css-opacity\"\/>\n\n\n\n<h6 class=\"wp-block-heading\">23.02.2022 r.<\/h6>\n\n\n\n<h4 class=\"wp-block-heading\">Spotkanie Rady Absolwent\u00f3w przy Rektorze Uniwersytetu Ekonomicznego we Wroc\u0142awiu<\/h4>\n\n\n\n<figure class=\"wp-block-image is-resized\"><img loading=\"lazy\" decoding=\"async\" width=\"306\" height=\"93\" src=\"https:\/\/mariangorynia.pl\/wp-content\/uploads\/ue_wroc_logo.jpg\" alt=\"\" class=\"wp-image-4052\" style=\"width:337px;height:102px\" srcset=\"https:\/\/mariangorynia.pl\/wp-content\/uploads\/ue_wroc_logo.jpg 306w, https:\/\/mariangorynia.pl\/wp-content\/uploads\/ue_wroc_logo-300x91.jpg 300w\" sizes=\"(max-width: 306px) 100vw, 306px\" \/><\/figure>\n\n\n\n<p span=\"\" style=\"color: black\">W dniu 23.02.2022 r. odby\u0142o si\u0119 spotkanie Rady Absolwent\u00f3w przy Rektorze Uniwersytetu Ekonomicznego we Wroc\u0142awiu.<\/p>\n\n\n\n<p span=\"\" style=\"color: black\">Go\u015bciem spotkania by\u0142: prof. Marian Gorynia, kt\u00f3ry wyg\u0142osi\u0142 prezentacj\u0119 na temat: \u201ePandemia COVID-19 &#8211; pr\u00f3ba spojrzenia przed siebie\u201d. Prezentacj\u0119 mo\u017cna zobaczy\u0107 <a href=\"https:\/\/mariangorynia.pl\/wp-content\/uploads\/Gorynia_pandemia_spotkanie_rady_absolwentow_23.02.2022.pdf\"><span style=\"color: blue\"><strong>[TUTAJ]<\/strong><\/a><\/p>\n\n\n\n<p span=\"\" style=\"color: black\">Wy\u017cej wspomniana Rada zosta\u0142a powo\u0142ana 8.05.2018 r., przez Rektora UE na wniosek Stowarzyszenia Absolwent\u00f3w WSH, WSE, AE i UE we Wroc\u0142awiu.<br>Rada Absolwent\u00f3w przy Rektorze Uniwersytetu Ekonomicznego we Wroc\u0142awiu stawia sobie nast\u0119puj\u0105ce cele:\n<br>1.    Tworzenie i wzmacnianie wi\u0119zi pomi\u0119dzy uczelni\u0105 a absolwentami.\n<br>2.    W\u0142\u0105czanie si\u0119 cz\u0142onk\u00f3w Rady w organizacj\u0119 wydarze\u0144 integracyjnych i promuj\u0105cych uczelni\u0119.\n<br>3.    Wspomaganie uczelni w zakresie kierunk\u00f3w kszta\u0142cenia i rozwoju.\n<br>4.    Doradztwo w sprawach zawodowych.\n<br>5.    Wzbogacanie oferty dydaktycznej uczelni.\n<br>6.    Promowanie wizerunku uczelni.\n<br>7.    Sygnalizowanie Rektorowi potrzeb programowych i kadrowych pojawiaj\u0105cych si\u0119 w zwi\u0105zku ze zmianami w otoczeniu gospodarczym.<\/p>\n\n\n\n<hr class=\"wp-block-separator has-css-opacity\"\/>\n\n\n\n<h6 class=\"wp-block-heading\">18.02.2022 r.<\/h6>\n\n\n\n<h4 class=\"wp-block-heading\">Wypowied\u017a prof. Goryni w programie Rodzina bezpieczna finansowo<\/h4>\n\n\n\n<figure class=\"wp-block-image is-resized\"><img loading=\"lazy\" decoding=\"async\" width=\"566\" height=\"392\" src=\"https:\/\/mariangorynia.pl\/wp-content\/uploads\/tvp3_18.02.2022.jpg\" alt=\"\" class=\"wp-image-4047\" style=\"width:460px;height:319px\" srcset=\"https:\/\/mariangorynia.pl\/wp-content\/uploads\/tvp3_18.02.2022.jpg 566w, https:\/\/mariangorynia.pl\/wp-content\/uploads\/tvp3_18.02.2022-300x208.jpg 300w, https:\/\/mariangorynia.pl\/wp-content\/uploads\/tvp3_18.02.2022-360x249.jpg 360w\" sizes=\"(max-width: 566px) 100vw, 566px\" \/><\/figure>\n\n\n\n<p span=\"\" style=\"color: black\">Prof. Marian Gorynia by\u0142 go\u015bciem w programie Rodzina bezpieczna finansowo. Wypowied\u017a dotyczy\u0142a oszcz\u0119dzaniu i inwestowaniu.<\/p>\n\n\n\n<p span=\"\" style=\"color: black\">Ca\u0142e wydanie programu z tego dnia mo\u017cna obejrze\u0107 <a href=\"https:\/\/poznan.tvp.pl\/58605605\/18022022\"><span style=\"color: blue\"><strong>[TUTAJ]<\/strong><\/a>.<\/p>\n\n\n\n<hr class=\"wp-block-separator has-css-opacity\"\/>\n\n\n\n<h6 class=\"wp-block-heading\">16.02.2022 r.<\/h6>\n\n\n\n<h4 class=\"wp-block-heading\">Uroczysto\u015b\u0107 nadania tytu\u0142u <br>DOKTORA HONORIS CAUSA UNIWERSYTETU WARSZAWSKIEGO<br>Profesorowi Andrzejowi Ko\u017ami\u0144skiemu <\/h4>\n\n\n<div class=\"wp-block-image\">\n<figure class=\"alignleft\"><img loading=\"lazy\" decoding=\"async\" width=\"437\" height=\"122\" src=\"https:\/\/mariangorynia.pl\/wp-content\/uploads\/logo_uw.jpg\" alt=\"\" class=\"wp-image-4045\" srcset=\"https:\/\/mariangorynia.pl\/wp-content\/uploads\/logo_uw.jpg 437w, https:\/\/mariangorynia.pl\/wp-content\/uploads\/logo_uw-300x84.jpg 300w, https:\/\/mariangorynia.pl\/wp-content\/uploads\/logo_uw-360x101.jpg 360w\" sizes=\"(max-width: 437px) 100vw, 437px\" \/><\/figure><\/div>\n\n\n<p span=\"\" style=\"color: black\">W dniu 19 stycznia 2022 roku Senat UW przyj\u0105\u0142 uchwa\u0142\u0119 w sprawie nadania prof. Andrzejowi Ko\u017ami\u0144skiemu tytu\u0142u doktora honoris causa Uniwersytetu Warszawskiego na wniosek Wydzia\u0142u Zarz\u0105dzania. Promotorem doktoratu jest prof. Beata Glinka. Dorobek prof. Andrzeja Ko\u017ami\u0144skiego recenzowali: prof. Marian Gorynia z Uniwersytetu Ekonomicznego w Poznaniu, prof. Andrzej Rychard z Instytutu Filozofii i Socjologii Polskiej Akademii Nauk oraz prof. Eric Cornuel z HEC Graduate School of Management.<\/p>\n\n\n\n<figure class=\"wp-block-image\"><img loading=\"lazy\" decoding=\"async\" width=\"879\" height=\"300\" src=\"https:\/\/mariangorynia.pl\/wp-content\/uploads\/DHC-kozminski_16.02.2022.jpg\" alt=\"\" class=\"wp-image-4044\" srcset=\"https:\/\/mariangorynia.pl\/wp-content\/uploads\/DHC-kozminski_16.02.2022.jpg 879w, https:\/\/mariangorynia.pl\/wp-content\/uploads\/DHC-kozminski_16.02.2022-300x102.jpg 300w, https:\/\/mariangorynia.pl\/wp-content\/uploads\/DHC-kozminski_16.02.2022-768x262.jpg 768w, https:\/\/mariangorynia.pl\/wp-content\/uploads\/DHC-kozminski_16.02.2022-360x123.jpg 360w\" sizes=\"(max-width: 879px) 100vw, 879px\" \/><\/figure>\n\n\n\n<p span=\"\" style=\"color: black\">Uroczysto\u015b\u0107 nadania tytu\u0142u odby\u0142a si\u0119 z zachowaniem wymog\u00f3w sanitarnych 16 lutego w Pa\u0142acu Kazimierzowskim na kampusie UW przy Krakowskim Przedmie\u015bciu. Wzi\u0119\u0142o w niej udzia\u0142 blisko 150 os\u00f3b, w tym rektorzy i prorektorzy wi\u0119kszo\u015bci warszawskich uczelni, a tak\u017ce przedstawiciele \u015bwiata nauki z kraju i zagranicy.<\/p>\n\n\n\n<p span=\"\" style=\"color: black\"><em>Wzmianki o uroczysto\u015bci:  <\/em><br><strong>Ca\u0142a transmisja:&nbsp;&nbsp;&nbsp; <\/strong><a href=\"https:\/\/www.youtube.com\/watch?v=Ts2b-UTSgXc\">Kana\u0142 UW na Youtube<\/a><br><strong>Informacja na stronie internetowej UW <\/strong><a href=\"https:\/\/www.uw.edu.pl\/dhc-dla-prof-andrzeja-kozminskiego\/#lightbox[galleryid-98603-1]\/4\/\">LINK<\/a>\n<br><strong> <\/strong><a href=\"https:\/\/www.uw.edu.pl\/dhc-dla-prof-andrzeja-kozminskiego\/#lightbox[galleryid-98603-1]\/4\/\">LINK<\/a><\/p>\n\n\n\n<p span=\"\" style=\"color: black\">M. Gorynia, <strong><em>Recenzja dorobku Profesora Andrzeja K. Ko\u017ami\u0144skiego<\/em><\/strong> w zwi\u0105zku z procedur\u0105 nadania Mu tytu\u0142u doktora honoris causa przez Uniwersytet Warszawski <strong><a href=\"https:\/\/mariangorynia.pl\/wp-content\/uploads\/Gorynia_Recenzja_DHC_Kozminski_2022.pdf\"><span style=\"color: blue\"> [pobierz]<\/a><\/strong><\/p>\n\n\n\n<hr class=\"wp-block-separator has-css-opacity\"\/>\n\n\n\n<h6 class=\"wp-block-heading\">11.02.2022 r. <\/h6>\n\n\n\n<h4 class=\"wp-block-heading\">Wypowied\u017a prof. Goryni w programie Wielkopolska Warta Poznania<\/h4>\n\n\n\n<figure class=\"wp-block-image is-resized\"><img loading=\"lazy\" decoding=\"async\" width=\"724\" height=\"370\" src=\"https:\/\/mariangorynia.pl\/wp-content\/uploads\/wielkopolska_warta_poznania_11.02.2022.jpg\" alt=\"\" class=\"wp-image-4039\" style=\"width:512px;height:261px\" srcset=\"https:\/\/mariangorynia.pl\/wp-content\/uploads\/wielkopolska_warta_poznania_11.02.2022.jpg 724w, https:\/\/mariangorynia.pl\/wp-content\/uploads\/wielkopolska_warta_poznania_11.02.2022-300x153.jpg 300w, https:\/\/mariangorynia.pl\/wp-content\/uploads\/wielkopolska_warta_poznania_11.02.2022-360x184.jpg 360w\" sizes=\"(max-width: 724px) 100vw, 724px\" \/><\/figure>\n\n\n\n<p span=\"\" style=\"color: black\">Prof. Marian Gorynia z Uniwersytetu Ekonomicznego w Poznaniu by\u0142 go\u015bciem w programie Wielkopolska Warta Poznania. Wypowied\u017a dotyczy\u0142a rosn\u0105cej inflacji oraz dzia\u0142a\u0144 Rady Polityki Pieni\u0119\u017cnej, kt\u00f3ra podnios\u0142a stopy procentowe.<\/p>\n\n\n\n<p span=\"\" style=\"color: black\">Ca\u0142e wydanie programu z tego dnia mo\u017cna obejrze\u0107 <a href=\"https:\/\/poznan.tvp.pl\/58461628\/stopy-w-gore-11022022\"><span style=\"color: blue\"><strong>[TUTAJ]<\/strong><\/a>.<\/p>\n\n\n\n<hr class=\"wp-block-separator has-css-opacity\"\/>\n\n\n\n<h6 class=\"wp-block-heading\">18.02.2022 r.<\/h6>\n\n\n\n<h4 class=\"wp-block-heading\">Prof. M. Gorynia nowym redaktorem naczelnym &#8222;Ekonomisty&#8221;<\/h4>\n\n\n\n<figure class=\"wp-block-image is-resized\"><img loading=\"lazy\" decoding=\"async\" width=\"820\" height=\"355\" src=\"https:\/\/mariangorynia.pl\/wp-content\/uploads\/pan-logo-2021.jpg\" alt=\"\" class=\"wp-image-3954\" style=\"width:392px;height:170px\" srcset=\"https:\/\/mariangorynia.pl\/wp-content\/uploads\/pan-logo-2021.jpg 820w, https:\/\/mariangorynia.pl\/wp-content\/uploads\/pan-logo-2021-300x130.jpg 300w, https:\/\/mariangorynia.pl\/wp-content\/uploads\/pan-logo-2021-768x332.jpg 768w, https:\/\/mariangorynia.pl\/wp-content\/uploads\/pan-logo-2021-360x156.jpg 360w\" sizes=\"(max-width: 820px) 100vw, 820px\" \/><\/figure>\n\n\n\n<p span=\"\" style=\"color: black\">W dniu 18 pa\u017adziernika 2021 r. odby\u0142 si\u0119 XXII Zjazd Krajowy Polskiego Towarzystwa Ekonomicznego, gdzie zosta\u0142y wybrane nowe w\u0142adze PTE. W zwi\u0105zku z zasad\u0105 kadencyjno\u015bci obowi\u0105zuj\u0105cej w PTE, w wyniku wybor\u00f3w prezesem na kadencj\u0119 2021-2026 zosta\u0142 prof. Marian Gorynia.<\/p>\n\n\n\n<p span=\"\" style=\"color: black\">Zgodnie z tradycj\u0105 z funkcj\u0105 prezesa PTE wi\u0105\u017ce si\u0119 obsada stanowiska redaktora naczelnego czasopisma naukowego &#8222;Ekonomista&#8221;. W zwi\u0105zku z tym funkcj\u0119 redaktora naczelnego czasopisma &#8222;Ekonomista&#8221; powierzono prof. Marianowi Goryni &#8211; obecnemu prezesowi Polskiego Towarzystwa Ekonomicznego. Prof. Gorynia od lat jest zwi\u0105zany z &#8222;Ekonomist\u0105&#8221;, poniewa\u017c jest cz\u0142onkiem Komitetu Redakcyjnego Czasopisma.<\/p>\n\n\n\n<p span=\"\" style=\"color: black\">&#8222;Ekonomista&#8221; to czasopismo naukowe po\u015bwi\u0119cone nauce i potrzebom \u017cycia za\u0142o\u017cone w 1900 roku. Wydawane jest wsp\u00f3lnie przez Polskie Towarzystwo Ekonomiczne i Komitet Nauk Ekonomicznych PAN (z udzia\u0142em wydawnictwa Key Text).<\/p>\n\n\n\n<p span=\"\" style=\"color: black\">List od Dziekana Wydzia\u0142u I Nauk Humanistycznych i Spo\u0142ecznych PAN <a href=\"https:\/\/mariangorynia.pl\/wp-content\/uploads\/Skan__2022_01_25_11_16_37_904.pdf\"><span style=\"color: blue\"><strong>[TUTAJ]<\/strong><\/a><br> Wzmianka na \u0142amach Biuletynu PTE <a href=\"https:\/\/mariangorynia.pl\/wp-content\/uploads\/Nominacja_Ekonomista_Biuletyn_PTE_2022_s.160.pdf\"><span style=\"color: blue\"><strong>[TUTAJ]<\/strong><\/a><\/p>\n\n\n<div class=\"wp-block-image\">\n<figure class=\"aligncenter is-resized\"><img loading=\"lazy\" decoding=\"async\" width=\"191\" height=\"283\" src=\"https:\/\/mariangorynia.pl\/wp-content\/uploads\/okladka_ekonomista_logo.jpg\" alt=\"\" class=\"wp-image-4006\" style=\"width:162px;height:240px\" srcset=\"https:\/\/mariangorynia.pl\/wp-content\/uploads\/okladka_ekonomista_logo.jpg 191w, https:\/\/mariangorynia.pl\/wp-content\/uploads\/okladka_ekonomista_logo-182x270.jpg 182w\" sizes=\"(max-width: 191px) 100vw, 191px\" \/><\/figure><\/div>\n\n\n<hr class=\"wp-block-separator has-css-opacity\"\/>\n\n\n\n<h6 class=\"wp-block-heading\">21.01.2022 r. <\/h6>\n\n\n\n<h4 class=\"wp-block-heading\">Seminarium  INFLACJA W POLSCE \u2013 PRZYCZYNY I PERSPEKTYWY <\/h4>\n\n\n\n<figure class=\"wp-block-image is-resized\"><img loading=\"lazy\" decoding=\"async\" width=\"770\" height=\"146\" src=\"https:\/\/mariangorynia.pl\/wp-content\/uploads\/logo_15.06.2021.jpg\" alt=\"\" class=\"wp-image-2799\" style=\"width:418px;height:78px\" srcset=\"https:\/\/mariangorynia.pl\/wp-content\/uploads\/logo_15.06.2021.jpg 770w, https:\/\/mariangorynia.pl\/wp-content\/uploads\/logo_15.06.2021-300x57.jpg 300w, https:\/\/mariangorynia.pl\/wp-content\/uploads\/logo_15.06.2021-768x146.jpg 768w, https:\/\/mariangorynia.pl\/wp-content\/uploads\/logo_15.06.2021-360x68.jpg 360w\" sizes=\"(max-width: 770px) 100vw, 770px\" \/><\/figure>\n\n\n\n<p span=\"\" style=\"color: black\">W dniu 25.01.2022 r. odby\u0142o si\u0119 seminarium naukowe w trybie online. Tematem przewodnim seminarium by\u0142o: &#8222;Inflacja w Polsce &#8211; przyczyny i perspektywy&#8221;. Spotkanie zosta\u0142o zorganizowane przez Rad\u0119 Naukow\u0105 Polskiego Towarzystwa Ekonomicznego, Komitet Nauk Ekonomicznych PAN oraz Instytut Nauk Ekonomicznych PAN.<\/p>\n\n\n\n<p span=\"\" style=\"color: black\"><i>Rada Polityki Pieni\u0119\u017cnej d\u0142ugo powstrzymywa\u0142a si\u0119 od podwy\u017cszania st\u00f3p procentowych. Uzasadnieniem\ndla tej decyzji by\u0142o uznanie wzrost\u00f3w cen za zjawisko przej\u015bciowe, wynikaj\u0105ce z przyczyn zewn\u0119trznych, le\u017c\u0105cych poza Polsk\u0105. Podczas seminarium prelegenci podejm\u0105 pr\u00f3b\u0119 odpowiedzi na pytanie, na ile to\nuzasadnienie znajduje oparcie w przebiegu proces\u00f3w inflacyjnych w Polsce. Podejm\u0105 tak\u017ce w\u0105tek uwarunkowa\u0144 i dzia\u0142a\u0144 wygaszaj\u0105cych wysok\u0105 dynamik\u0119 inflacji w kierunku zgodnym ze strategi\u0105 bezpo\u015bredniego celu inflacyjnego.<\/i><\/p>\n\n\n\n<p span=\"\" style=\"color: black\">Uczestnik\u00f3w seminarium przywita\u0142 m.in. prof. Gorynia z Uniwersytetu Ekonomicznego w Poznaniu, Prezes Polskiego Towarzystwa Ekonomicznego.<\/p>\n\n\n\n<p span=\"\" style=\"color: black\">Wi\u0119cej o wydarzeniu oraz program seminarium dost\u0119pne <a href=\"http:\/\/www.pte.pl\/pliki\/2\/1\/Seminarium_RN_KNE_PAN-INE_PAN-25.01.2022_zaproszenie.pdf\"><span style=\"color: blue\"><strong>[TUTAJ],<\/strong><\/a>.<\/p>\n\n\n\n<hr class=\"wp-block-separator has-css-opacity\"\/>\n","protected":false},"excerpt":{"rendered":"<p>20.12.2022 r. Prof. Gorynia laureatem Nagrody Premiera W dniu 20.12.2022 r. zosta\u0142a og\u0142oszona lista Laureat\u00f3w Prezesa Rady Ministr\u00f3w w roku 2022 &#8211; XXIX edycja. W\u015br\u00f3d nagrodzonych znalaz\u0142 si\u0119 prof. Marian Gorynia z Uniwersytetu Ekonomicznego w Poznaniu. Doceniono cykl publikacji po\u015bwi\u0119conych&hellip;&nbsp;<a href=\"https:\/\/mariangorynia.pl\/?page_id=8210\" class=\"more-link\">Read More<\/a><\/p>\n","protected":false},"author":1,"featured_media":0,"parent":0,"menu_order":0,"comment_status":"closed","ping_status":"closed","template":"","meta":{"footnotes":""},"class_list":["post-8210","page","type-page","status-publish","hentry"],"_links":{"self":[{"href":"https:\/\/mariangorynia.pl\/index.php?rest_route=\/wp\/v2\/pages\/8210"}],"collection":[{"href":"https:\/\/mariangorynia.pl\/index.php?rest_route=\/wp\/v2\/pages"}],"about":[{"href":"https:\/\/mariangorynia.pl\/index.php?rest_route=\/wp\/v2\/types\/page"}],"author":[{"embeddable":true,"href":"https:\/\/mariangorynia.pl\/index.php?rest_route=\/wp\/v2\/users\/1"}],"replies":[{"embeddable":true,"href":"https:\/\/mariangorynia.pl\/index.php?rest_route=%2Fwp%2Fv2%2Fcomments&post=8210"}],"version-history":[{"count":8,"href":"https:\/\/mariangorynia.pl\/index.php?rest_route=\/wp\/v2\/pages\/8210\/revisions"}],"predecessor-version":[{"id":8229,"href":"https:\/\/mariangorynia.pl\/index.php?rest_route=\/wp\/v2\/pages\/8210\/revisions\/8229"}],"wp:attachment":[{"href":"https:\/\/mariangorynia.pl\/index.php?rest_route=%2Fwp%2Fv2%2Fmedia&parent=8210"}],"curies":[{"name":"wp","href":"https:\/\/api.w.org\/{rel}","templated":true}]}}