{"id":8606,"date":"2025-01-06T14:44:31","date_gmt":"2025-01-06T13:44:31","guid":{"rendered":"https:\/\/mariangorynia.pl\/?page_id=8606"},"modified":"2026-04-09T11:11:16","modified_gmt":"2026-04-09T09:11:16","slug":"wystapienia-w-mediach","status":"publish","type":"page","link":"https:\/\/mariangorynia.pl\/?page_id=8606","title":{"rendered":"Wyst\u0105pienia w mediach"},"content":{"rendered":"\n<ul span style=\"color: black\"><li>Udzia\u0142 w podca\u015bcie &#8222;POZcast \u2013 porozmawiajmy o Poznaniu&#8221; Fundacja Rozwoju Miasta Poznania (9.04.2026) <a href=\"https:\/\/www.youtube.com\/watch?v=6tNcrI_v45k\"><span style=\"color: blue\"><strong>[obejrzyj] <a href=\"https:\/\/open.spotify.com\/episode\/1ims8u8Bq7lION7ymfF79R\"><span style=\"color: blue\"><strong>[pos\u0142uchaj] <\/strong><\/a><\/strong><\/a><\/li><li>Wypowied\u017a w programie &#8222;Europejskie Or\u0119dzie Noworoczne 2026: Diagnoza i kierunek (13.01.2026) <a href=\"https:\/\/www.youtube.com\/watch?v=I-gS697MuSk\"><span style=\"color: blue\"><strong>[obejrzyj ca\u0142y program]<\/strong><\/a><\/li><li>Wypowied\u017a w programie &#8222;Teleskop&#8221; dla TVP3 Pozna\u0144 (4.12.2025) <a href=\"https:\/\/poznan.tvp.pl\/90377037\/04122025-godz1830\"><span style=\"color: blue\"><strong>[obejrzyj ca\u0142y program]<\/strong><\/a><\/li><li>Wypowied\u017a w programie &#8222;Wsp\u00f3lne popo\u0142udnie&#8221; dla TVP3 Pozna\u0144 (2.12.2025) <a href=\"https:\/\/poznan.tvp.pl\/86300992\/wspolne-popoludnie\"><span style=\"color: blue\"><strong>[obejrzyj ca\u0142y program]<\/strong><\/a><\/li><li>Udzia\u0142 w audycji: M\u0119ski profil w Radio Pozna\u0144 (2.11.2025)<\/em>, <a href=\"https:\/\/radiopoznan.fm\/audycja\/meski-profil\/meski-profil-02-11-2025\"><strong><span style=\"color: blue\">[pos\u0142uchaj]<\/strong><\/a><\/li><li>Udzia\u0142 w audycji: Portfel w Radio Pozna\u0144 (20.10.2025)<\/em>, <a href=\"https:\/\/radiopoznan.fm\/audycja\/poortfel\/portfel-20-10-2025\"><strong><span style=\"color: blue\">[pos\u0142uchaj]<\/strong><\/a><\/li><li>Wypowied\u017a w programie &#8222;Biznes to biznes&#8221; dla TVP3 Bydgoszcz dot. Kujawsko-Pomorskie Forum Innowacji, Nauki, Biznesu i Samorz\u0105du (7.11.2024) <a href=\"https:\/\/bydgoszcz.tvp.pl\/76531535\/biznes-to-biznes\"><span style=\"color: blue\"><strong>[obejrzyj ca\u0142y program]<\/strong><\/a>, <a href=\"https:\/\/www.youtube.com\/watch?v=gHtwLS8oEOM\"><span style=\"color: blue\"><strong>[obejrzyj fragment &#8211; wypowied\u017a prof. Goryni]<\/strong><\/a><\/li><li>Rozmowa na kanale Youtube Obserwatora Finansowego TV nt. &#8222;Zmiana trend\u00f3w. Co to znaczy \u201egospodarka umiarkowana\u201d?&#8221; (24.10.2024) <a href=\"https:\/\/www.youtube.com\/watch?v=Amvpe_XH5xU\"><span style=\"color: blue\"><strong>[obejrzyj]<\/strong><\/a> <a href=\"https:\/\/www.obserwatorfinansowy.pl\/multimedia\/video\/zmiana-trendow-gospodarczych-poszukiwanie-rownowagi-w-dynamicznym-swiecie\/\"><span style=\"color: blue\"><strong>[obserwatorfinansowy.pl]<\/strong><\/a><\/li><li>Udzia\u0142 w podca\u015bcie WA\u017bNA SPRAWA: Prognozy ekonomiczne dla Polskiego Radia Bia\u0142ystok (15.02.2024)<\/em>, <a href=\"https:\/\/open.spotify.com\/episode\/3S16nUtZmvCmoGkZ1yAKG4?go=1&#038;sp_cid=bb&#038;nd=1&#038;dlsi=bf657bf478c14bee\"><strong><span style=\"color: blue\">[pos\u0142uchaj]<\/strong><\/a> lub <a href=\"https:\/\/www.radio.bialystok.pl\/podcasty\/index\/id\/217784\"><strong><span style=\"color: blue\">[pos\u0142uchaj]<\/strong><\/a><\/li><li>Rozmowa dla Obserwatora Gospodarczego na kanale YT nt.: <em>&#8222;Odbudowa Ukrainy b\u0119dzie kosztowa\u0107 setki miliard\u00f3w dolar\u00f3w&#8221; (18.11.2022)<\/em>, <a href=\"https:\/\/www.youtube.com\/watch?v=iPTO6w95doI&#038;t=3s\"><strong><span style=\"color: blue\">[obejrzyj]<\/strong><\/a><\/li><li>Rozmowa w programie Lustra na antenie TVP3 Pozna\u0144 nt.: <em>&#8222;Koronawirus zmieni\u0142 \u015bwiat&#8221; (25.10.2022)<\/em>, <a href=\"https:\/\/poznan.tvp.pl\/64147715\/koronawirus-zmienil-swiat-25102022\"><strong><span style=\"color: blue\">[obejrzyj]<\/strong><\/a><\/li><li>Wypowied\u017a prof. Goryni w cyklu wywiad\u00f3w &#8222;Pandemia czas pr\u00f3by &#8211; pomnik dla 200 tysi\u0119cy ofiar koronawirusa w Polsce&#8221; IBOMA.media z dn. 06.08.2022 r., <a href=\"https:\/\/www.iboma.media\/#?wix-vod-video-id=d8b97601a42b491b9e147982258ab250&#038;wix-vod-comp-id=comp-l6qcj71f\"><strong><span style=\"color: blue\">[obejrzyj skr\u00f3t wywiadu]<\/strong><\/a> <a href=\"https:\/\/www.youtube.com\/watch?v=tjAsGpwNEfw&#038;t=1s\"><strong><span style=\"color: blue\">[obejrzyj ca\u0142y wywiad]<\/strong><\/a><\/li><li>Wypowied\u017a prof. Goryni w programie Puls Dnia w telewizji WTK z dn. 25.05.2022 r., <a href=\"https:\/\/www.youtube.com\/watch?v=YwU9RN-6IgM&#038;t=42s\"><strong><span style=\"color: blue\">[obejrzyj]<\/strong><\/a><\/li><li>Wypowied\u017a prof. Goryni w programie Lustra z dn. 04.03.2022 r., <a href=\"https:\/\/poznan.tvp.pl\/58868822\/co-z-sankcjami-04032022\"><strong><span style=\"color: blue\">[obejrzyj]<\/strong><\/a><\/li><li>Udzia\u0142 prof. Goryni w programie Otwarta Antena w telewizji WTK z dn. 03.03.2022 r., <a href=\"https:\/\/www.youtube.com\/watch?v=6DkFXiT8DB8\"><strong><span style=\"color: blue\">[obejrzyj]<\/strong><\/a><\/li><li>Wypowied\u017a prof. Goryni w programie Puls Dnia w telewizji WTK z dn. 03.03.2022 r., <a href=\"https:\/\/www.youtube.com\/watch?v=qccegJBLS-c&#038;t=1013s\"><strong><span style=\"color: blue\">[obejrzyj]<\/strong><\/a><\/li><li>Wypowied\u017a prof. Goryni w programie Teleskop z dn. 02.03.2022 r., <a href=\"https:\/\/poznan.tvp.pl\/58814329\/02.03.2022-godz.9:30\"><strong><span style=\"color: blue\">[obejrzyj]<\/strong><\/a><\/li><li>Podcast Forum Dialog Plus &#8211; #12 Wojna to straszne marnowanie zasob\u00f3w gospodarczych pa\u0144stwa, <a href=\"https:\/\/open.spotify.com\/episode\/653iFtlXJXANlyHUYHCiNn\"><strong><span style=\"color: blue\">[obejrzyj]<\/strong><\/a><\/li><li>Wypowied\u017a prof. Goryni w programie Teleskop z dn. 01.03.2022 r., <a href=\"https:\/\/poznan.tvp.pl\/58800962\/01.03.2022-godz.18:30\"><strong><span style=\"color: blue\">[obejrzyj]<\/strong><\/a><\/li><li>Wypowied\u017a prof. Goryni w programie Wielkopolska Warta Poznania z dn. 11.02.2022 r., <a href=\"https:\/\/poznan.tvp.pl\/58461628\/stopy-w-gore-11022022\"><strong><span style=\"color: blue\">[obejrzyj]<\/strong><\/a><\/li><li>Udzia\u0142 w podca\u015bcie RZECZ O INNOWACJACH PODCAST #20 na rzeczo.pl (17.09.2021)<\/em>, <a href=\"https:\/\/rzeczo.pl\/rzecz-o-innowacjach-podcast-20\/\"><strong><span style=\"color: blue\">[obejrzyj]<\/strong><\/a><\/li><li>Wypowied\u017a w programie Pokolenie Postpandemiczne na antenie TVP3 Pozna\u0144 (06.08.2021)<\/em>, <a href=\"https:\/\/poznan.tvp.pl\/55241290\/pokolenie-postpandemiczne\"><strong><span style=\"color: blue\">[obejrzyj]<\/strong><\/a><\/li><li>Wypowied\u017a prof. Goryni w programie Wielkopolska Warta Poznania z dn. 10.05.2021 r., <a href=\"https:\/\/poznan.tvp.pl\/53741822\/10052021\"><strong><span style=\"color: blue\">[obejrzyj]<\/strong><\/a><\/li><li>Wypowied\u017a prof. Goryni w wieczornym wydaniu Teleskopu z dn. 28.04.2021 r., <a href=\"https:\/\/poznan.tvp.pl\/53540330\/28042021-godz2130\"><strong><span style=\"color: blue\">[obejrzyj]<\/strong><\/a><\/li><li>Wypowied\u017a prof. Goryni w wieczornym wydaniu Teleskopu z dn. 21.04.2021 r., <a href=\"https:\/\/poznan.tvp.pl\/53423684\/21042021-godz2130\"><strong><span style=\"color: blue\">[obejrzyj]<\/strong><\/a><\/li><li>Klub Obywatelski w Wielkopolsce: <em>Gospodarka w dobie COVID<\/em>, go\u015bcie: Dagmara Nickel i prof. Dr hab. Marian Gorynia, dn. 01.03.2021 r., <a href=\"https:\/\/fb.watch\/3YS8c5NKXV\/\"><strong><span style=\"color: blue\">[obejrzyj]<\/strong><\/a> <a href=\"https:\/\/klubobywatelski.info\/idea\"><strong><span style=\"color: blue\">[o Klubie Obywatelskim]<\/strong><\/a><\/li><li>Wywiad dla Wojciecha Kruka w Wielkopolskiej Izbie Przemys\u0142owo-Handlowej, 18.02.2021 r., <a href=\"https:\/\/www.youtube.com\/watch?v=CUIwpdjK3_s&#038;feature=youtu.be\"><strong><span style=\"color: blue\">[obejrzyj]<\/strong><\/a><\/li><li>Rozmowa w programie Lustra na antenie TVP3 Pozna\u0144 nt.: <em>&#8222;Gospodarka wci\u0105\u017c cierpi z powodu koronawirusa&#8221; (16.02.2021)<\/em>, <a href=\"https:\/\/www.tvp.pl\/regiony-tvp\/regiony\/poznan\/publicystyka\/lustra\/wideo\/gospodarka-wciaz-cierpi-z-powodu-koronawirusa-16022021\/52327679\"><strong><span style=\"color: blue\">[obejrzyj]<\/strong><\/a><\/li><li>Artyku\u0142 autorstwa M. Goryni, K. Mroczek-D\u0105browskiej oraz A. Matysek-J\u0119drych p.t.: <em>&#8222;Ekonomiczne wyzwania Polski wobec Brexitu&#8221;<\/em>, opublikowanego w Biuletynie Polskiego Towarzystwa Ekonomicznego w nr 4(91) 2020, udost\u0119pniono w portalu EuroPartner. <a href=\"http:\/\/www.europartner.com.pl\/unia-europejska\"><strong><span style=\"color: blue\">[przeczytaj wi\u0119cej na stronie portalu]<\/strong><\/a><\/li><li>Rozmowa w programie Lustra na antenie TVP3 Pozna\u0144 nt.: <em>&#8222;Jak koronawirus zmienia polsk\u0105 i \u015bwiatow\u0105 gospodark\u0119?&#8221; (19.10.2020)<\/em>, <a href=\"https:\/\/poznan.tvp.pl\/50410247\/jak-koronawirus-zmienia-polska-i-swiatowa-gospodarke-19102020\"><strong><span style=\"color: blue\">[obejrzyj]<\/strong><\/a><\/li><li>Rozmowa prof. Piotra Banaszyka oraz prof. Mariana Goryni nt.: <em>&#8222;Konkurencyjno\u015b\u0107 przedsi\u0119biorstw w czasach pandemii&#8221;<\/em>, ICAN Management Review, <a href=\"https:\/\/www.ican.pl\/b\/konkurencyjnosc-przedsiebiorstw-w-czasach-pandemii\/P4RbbKxCm\"><strong><span style=\"color: blue\">[dowiedz si\u0119 wi\u0119cej na stronie magazynu ICAN]<\/strong><\/a><a href=\"https:\/\/kaltura.hbrp.pl\/index.php\/extwidget\/preview\/partner_id\/106\/uiconf_id\/23448796\/entry_id\/0_nqwwxk4h\/embed\/dynamic\"><strong><span style=\"color: blue\">[obejrzyj]<\/strong><\/a><li>Wywiad dla Radia Pozna\u0144 nt. pandemii koronawirusa, 18.03.2020 r., cz\u0119\u015b\u0107 I i II <a href=\"https:\/\/mariangorynia.pl\/wp-content\/uploads\/Wywiad_radio_poznan_18.03.2020.zip\"><strong><span style=\"color: blue\">[pobierz]<\/strong><\/a><\/li><\/ul>\n","protected":false},"excerpt":{"rendered":"<p>Udzia\u0142 w podca\u015bcie &#8222;POZcast \u2013 porozmawiajmy o Poznaniu&#8221; Fundacja Rozwoju Miasta Poznania (9.04.2026) [obejrzyj] [pos\u0142uchaj] Wypowied\u017a w programie &#8222;Europejskie Or\u0119dzie Noworoczne 2026: Diagnoza i kierunek (13.01.2026) [obejrzyj ca\u0142y program] Wypowied\u017a w programie &#8222;Teleskop&#8221; dla TVP3 Pozna\u0144 (4.12.2025) [obejrzyj ca\u0142y program]&hellip;&nbsp;<a href=\"https:\/\/mariangorynia.pl\/?page_id=8606\" class=\"more-link\">Read More<\/a><\/p>\n","protected":false},"author":1,"featured_media":0,"parent":0,"menu_order":0,"comment_status":"closed","ping_status":"closed","template":"","meta":{"footnotes":""},"class_list":["post-8606","page","type-page","status-publish","hentry"],"_links":{"self":[{"href":"https:\/\/mariangorynia.pl\/index.php?rest_route=\/wp\/v2\/pages\/8606"}],"collection":[{"href":"https:\/\/mariangorynia.pl\/index.php?rest_route=\/wp\/v2\/pages"}],"about":[{"href":"https:\/\/mariangorynia.pl\/index.php?rest_route=\/wp\/v2\/types\/page"}],"author":[{"embeddable":true,"href":"https:\/\/mariangorynia.pl\/index.php?rest_route=\/wp\/v2\/users\/1"}],"replies":[{"embeddable":true,"href":"https:\/\/mariangorynia.pl\/index.php?rest_route=%2Fwp%2Fv2%2Fcomments&post=8606"}],"version-history":[{"count":9,"href":"https:\/\/mariangorynia.pl\/index.php?rest_route=\/wp\/v2\/pages\/8606\/revisions"}],"predecessor-version":[{"id":9297,"href":"https:\/\/mariangorynia.pl\/index.php?rest_route=\/wp\/v2\/pages\/8606\/revisions\/9297"}],"wp:attachment":[{"href":"https:\/\/mariangorynia.pl\/index.php?rest_route=%2Fwp%2Fv2%2Fmedia&parent=8606"}],"curies":[{"name":"wp","href":"https:\/\/api.w.org\/{rel}","templated":true}]}}