{"id":8953,"date":"2025-11-02T14:56:28","date_gmt":"2025-11-02T13:56:28","guid":{"rendered":"https:\/\/mariangorynia.pl\/?page_id=8953"},"modified":"2026-03-03T11:29:40","modified_gmt":"2026-03-03T10:29:40","slug":"archiwum-aktualnosci-z-2025-roku","status":"publish","type":"page","link":"https:\/\/mariangorynia.pl\/?page_id=8953","title":{"rendered":"Archiwum aktualno\u015bci z 2025 roku"},"content":{"rendered":"\n<hr class=\"wp-block-separator has-alpha-channel-opacity\"\/>\n\n\n\n<h6 class=\"wp-block-heading\">31.10.2025<\/h6>\n\n\n\n<h4 class=\"wp-block-heading\">Artyku\u0142 w najnowszym wydaniu <em>Baltic Rim Economies<\/em><\/h4>\n\n\n\n<figure class=\"wp-block-image size-full is-resized\"><img loading=\"lazy\" decoding=\"async\" width=\"721\" height=\"355\" src=\"https:\/\/mariangorynia.pl\/wp-content\/uploads\/Zrzut-ekranu-2025-11-02-152708.png\" alt=\"\" class=\"wp-image-8959\" style=\"width:296px;height:auto\" srcset=\"https:\/\/mariangorynia.pl\/wp-content\/uploads\/Zrzut-ekranu-2025-11-02-152708.png 721w, https:\/\/mariangorynia.pl\/wp-content\/uploads\/Zrzut-ekranu-2025-11-02-152708-300x148.png 300w, https:\/\/mariangorynia.pl\/wp-content\/uploads\/Zrzut-ekranu-2025-11-02-152708-360x177.png 360w\" sizes=\"(max-width: 721px) 100vw, 721px\" \/><\/figure>\n\n\n\n<p span=\"\" style=\"color: black\">W najnowszym wydaniu przegl\u0105du Baltic Rim Economies ukaza\u0142 si\u0119 artyku\u0142 autorstwa prof. Mariana Goryni, prof. Jana Nowaka, prof. Piotra Tr\u0105pczy\u0144skiego oraz prof. Rados\u0142awa Wolniaka pt. \u201ePoland\u2019s Next Leap: From Investment Magnet to Global Investor\u201d.<br>\nAutorzy analizuj\u0105 potencja\u0142 Polski do przej\u015bcia z roli kraju przyci\u0105gaj\u0105cego inwestycje zagraniczne do aktywnego uczestnika globalnego rynku kapita\u0142owego. W publikacji poruszono m.in. kwestie barier rozwojowych, roli regionu Morza Ba\u0142tyckiego oraz konieczno\u015bci wsparcia ekspansji polskich firm za granic\u0105.<\/p>\n\n\n\n<p span=\"\" style=\"color: black\">Artyku\u0142 jest dost\u0119pny na stronie wydawcy: <a href=\"https:\/\/www.centrumbalticum.org\/en\/publications\/baltic_rim_economies\/baltic_rim_economies_3_2025_-_poland\"><span style=\"color: blue\"><strong>[TUTAJ]<\/strong><\/a><br> lub <a href=\"https:\/\/mariangorynia.pl\/wp-content\/uploads\/Gorynia_Nowak_Trapczynski_Wolniak_Polands_Next_Leap_BRE_3_2025.pdf\"><span style=\"color: blue\"><strong>[TUTAJ]<\/strong><\/a>\n<\/p>\n\n\n\n<hr class=\"wp-block-separator has-alpha-channel-opacity\"\/>\n\n\n\n<h6 class=\"wp-block-heading\">28-29.10.2025<\/h6>\n\n\n\n<h4 class=\"wp-block-heading\">Pozna\u0144ski Kongres Gospodarczy<\/h4>\n\n\n\n<figure class=\"wp-block-image size-full is-resized\"><img loading=\"lazy\" decoding=\"async\" width=\"492\" height=\"112\" src=\"https:\/\/mariangorynia.pl\/wp-content\/uploads\/Zrzut-ekranu-2025-11-01-165942.png\" alt=\"\" class=\"wp-image-8945\" style=\"width:296px;height:auto\" srcset=\"https:\/\/mariangorynia.pl\/wp-content\/uploads\/Zrzut-ekranu-2025-11-01-165942.png 492w, https:\/\/mariangorynia.pl\/wp-content\/uploads\/Zrzut-ekranu-2025-11-01-165942-300x68.png 300w, https:\/\/mariangorynia.pl\/wp-content\/uploads\/Zrzut-ekranu-2025-11-01-165942-360x82.png 360w\" sizes=\"(max-width: 492px) 100vw, 492px\" \/><\/figure>\n\n\n\n<p span=\"\" style=\"color: black\">W dniach 28-29.10.2025 r. odby\u0142 si\u0119 Pozna\u0144ski Kongres Gospodarczy, organizowany przez Instytut Pozna\u0144ski. Wydarzenie zgromadzi\u0142o szerokie grono przedstawicieli \u015bwiata nauki, biznesu, administracji publicznej oraz organizacji bran\u017cowych, zar\u00f3wno w formule stacjonarnej, jak i online.<br>\nW ramach panelu dyskusyjnego pt. \u201eProjekcje przysz\u0142o\u015bci gospodarczej i wnioski dla biznesu\u201d, wraz z ekspertami Polskiego Towarzystwa Ekonomicznego oraz przedstawicielami sektora finansowego, prof. Marian Gorynia podj\u0105\u0142 refleksj\u0119 nad kluczowymi wyzwaniami stoj\u0105cymi przed polsk\u0105 gospodark\u0105. Dyskusja dotyczy\u0142a m.in. wp\u0142ywu geopolityki na warunki prowadzenia dzia\u0142alno\u015bci gospodarczej, skutk\u00f3w zapa\u015bci demograficznej i kurcz\u0105cej si\u0119 poda\u017cy pracy, roli nowoczesnych technologii (Przemys\u0142 4.0, sztuczna inteligencja), a tak\u017ce konsekwencji narastaj\u0105cego deficytu finans\u00f3w publicznych.<br>\nPaneli\u015bci sformu\u0142owali szereg rekomendacji skierowanych do przedsi\u0119biorc\u00f3w, sektora bankowego oraz decydent\u00f3w politycznych. <\/p>\n\n\n\n<figure class=\"wp-block-gallery has-nested-images columns-default is-cropped wp-block-gallery-1 is-layout-flex wp-block-gallery-is-layout-flex\">\n<figure class=\"wp-block-image size-large\"><img loading=\"lazy\" decoding=\"async\" width=\"1024\" height=\"684\" data-id=\"8983\" src=\"https:\/\/mariangorynia.pl\/wp-content\/uploads\/Kopia-JAK_3765.jpeg\" alt=\"\" class=\"wp-image-8983\" srcset=\"https:\/\/mariangorynia.pl\/wp-content\/uploads\/Kopia-JAK_3765.jpeg 1024w, https:\/\/mariangorynia.pl\/wp-content\/uploads\/Kopia-JAK_3765-300x200.jpeg 300w, https:\/\/mariangorynia.pl\/wp-content\/uploads\/Kopia-JAK_3765-768x513.jpeg 768w, https:\/\/mariangorynia.pl\/wp-content\/uploads\/Kopia-JAK_3765-360x240.jpeg 360w\" sizes=\"(max-width: 1024px) 100vw, 1024px\" \/><\/figure>\n\n\n\n<figure class=\"wp-block-image size-large\"><img loading=\"lazy\" decoding=\"async\" width=\"1024\" height=\"684\" data-id=\"8984\" src=\"https:\/\/mariangorynia.pl\/wp-content\/uploads\/Kopia-JAK_3744.jpeg\" alt=\"\" class=\"wp-image-8984\" srcset=\"https:\/\/mariangorynia.pl\/wp-content\/uploads\/Kopia-JAK_3744.jpeg 1024w, https:\/\/mariangorynia.pl\/wp-content\/uploads\/Kopia-JAK_3744-300x200.jpeg 300w, https:\/\/mariangorynia.pl\/wp-content\/uploads\/Kopia-JAK_3744-768x513.jpeg 768w, https:\/\/mariangorynia.pl\/wp-content\/uploads\/Kopia-JAK_3744-360x240.jpeg 360w\" sizes=\"(max-width: 1024px) 100vw, 1024px\" \/><\/figure>\n\n\n\n<figure class=\"wp-block-image size-large\"><img loading=\"lazy\" decoding=\"async\" width=\"1024\" height=\"684\" data-id=\"8985\" src=\"https:\/\/mariangorynia.pl\/wp-content\/uploads\/Kopia-JAK_3747.jpeg\" alt=\"\" class=\"wp-image-8985\" srcset=\"https:\/\/mariangorynia.pl\/wp-content\/uploads\/Kopia-JAK_3747.jpeg 1024w, https:\/\/mariangorynia.pl\/wp-content\/uploads\/Kopia-JAK_3747-300x200.jpeg 300w, https:\/\/mariangorynia.pl\/wp-content\/uploads\/Kopia-JAK_3747-768x513.jpeg 768w, https:\/\/mariangorynia.pl\/wp-content\/uploads\/Kopia-JAK_3747-360x240.jpeg 360w\" sizes=\"(max-width: 1024px) 100vw, 1024px\" \/><\/figure>\n\n\n\n<figure class=\"wp-block-image size-large\"><img loading=\"lazy\" decoding=\"async\" width=\"1024\" height=\"768\" data-id=\"8946\" src=\"https:\/\/mariangorynia.pl\/wp-content\/uploads\/IMG_3672-min-1024x768.jpg\" alt=\"\" class=\"wp-image-8946\" srcset=\"https:\/\/mariangorynia.pl\/wp-content\/uploads\/IMG_3672-min-1024x768.jpg 1024w, https:\/\/mariangorynia.pl\/wp-content\/uploads\/IMG_3672-min-300x225.jpg 300w, https:\/\/mariangorynia.pl\/wp-content\/uploads\/IMG_3672-min-768x576.jpg 768w, https:\/\/mariangorynia.pl\/wp-content\/uploads\/IMG_3672-min-1536x1152.jpg 1536w, https:\/\/mariangorynia.pl\/wp-content\/uploads\/IMG_3672-min-2048x1536.jpg 2048w, https:\/\/mariangorynia.pl\/wp-content\/uploads\/IMG_3672-min-360x270.jpg 360w\" sizes=\"(max-width: 1024px) 100vw, 1024px\" \/><\/figure>\n<\/figure>\n\n\n\n<p span=\"\" style=\"color: black\">Wi\u0119cej o wydarzeniu: <a href=\"https:\/\/kongres.poznanski.org\/pkg2025\/program\/\"><span style=\"color: blue\"><strong>[TUTAJ]<\/strong><\/a><br>\n<\/p>\n\n\n\n<hr class=\"wp-block-separator has-alpha-channel-opacity\"\/>\n\n\n\n<h6 class=\"wp-block-heading\">28.10.2025<\/h6>\n\n\n\n<h4 class=\"wp-block-heading\">Wypowied\u017a dla programu Wiadomo\u015bci w Polsacie<\/h4>\n\n\n\n<figure class=\"wp-block-image size-full is-resized\"><img loading=\"lazy\" decoding=\"async\" width=\"307\" height=\"93\" src=\"https:\/\/mariangorynia.pl\/wp-content\/uploads\/Zrzut-ekranu-2025-11-01-164555.png\" alt=\"\" class=\"wp-image-8942\" style=\"width:230px;height:auto\" srcset=\"https:\/\/mariangorynia.pl\/wp-content\/uploads\/Zrzut-ekranu-2025-11-01-164555.png 307w, https:\/\/mariangorynia.pl\/wp-content\/uploads\/Zrzut-ekranu-2025-11-01-164555-300x91.png 300w\" sizes=\"(max-width: 307px) 100vw, 307px\" \/><\/figure>\n\n\n\n<p span=\"\" style=\"color: black\">W dniu 28.10.2025 r. prof. Marian Gorynia kr\u00f3tko skomentowa\u0142 aktualne wyzwania gospodarcze Polski dla programu Wiadomo\u015bci w Polsacie. Wypowied\u017a dotyczy\u0142a skuteczno\u015bci sankcji nak\u0142adanych na Rosj\u0119 przez kraje tzw. Zachodu.<\/p>\n\n\n\n<figure class=\"wp-block-image size-large is-resized\"><img loading=\"lazy\" decoding=\"async\" width=\"1024\" height=\"582\" src=\"https:\/\/mariangorynia.pl\/wp-content\/uploads\/wydarzenia-1024x582.png\" alt=\"\" class=\"wp-image-8943\" style=\"width:385px;height:auto\" srcset=\"https:\/\/mariangorynia.pl\/wp-content\/uploads\/wydarzenia-1024x582.png 1024w, https:\/\/mariangorynia.pl\/wp-content\/uploads\/wydarzenia-300x171.png 300w, https:\/\/mariangorynia.pl\/wp-content\/uploads\/wydarzenia-768x436.png 768w, https:\/\/mariangorynia.pl\/wp-content\/uploads\/wydarzenia-1536x873.png 1536w, https:\/\/mariangorynia.pl\/wp-content\/uploads\/wydarzenia-360x205.png 360w, https:\/\/mariangorynia.pl\/wp-content\/uploads\/wydarzenia.png 1719w\" sizes=\"(max-width: 1024px) 100vw, 1024px\" \/><\/figure>\n\n\n\n<p span=\"\" style=\"color: black\">Link do wydania wiadomo\u015bci: <a href=\"https:\/\/www.polsatnews.pl\/wideo-program\/wydarzenia-1850-28102025_6854026\/\"><span style=\"color: blue\"><strong>[TUTAJ]<\/strong><\/a><br>\n<\/p>\n\n\n\n<hr class=\"wp-block-separator has-alpha-channel-opacity\"\/>\n\n\n\n<h6 class=\"wp-block-heading\">24.10.2025<\/h6>\n\n\n\n<h4 class=\"wp-block-heading\">Konferencja \u201eZmiany geopolityczne i ich wp\u0142yw na rozw\u00f3j gospodarczy\u201d &#8211; <strong>Akademia Leona Ko\u017ami\u0144skiego<\/strong><\/h4>\n\n\n\n<figure class=\"wp-block-image size-large is-resized\"><img loading=\"lazy\" decoding=\"async\" width=\"1024\" height=\"1024\" src=\"https:\/\/mariangorynia.pl\/wp-content\/uploads\/K_38_plakat_2-min-1024x1024.png\" alt=\"\" class=\"wp-image-8920\" style=\"width:230px;height:auto\" srcset=\"https:\/\/mariangorynia.pl\/wp-content\/uploads\/K_38_plakat_2-min-1024x1024.png 1024w, https:\/\/mariangorynia.pl\/wp-content\/uploads\/K_38_plakat_2-min-300x300.png 300w, https:\/\/mariangorynia.pl\/wp-content\/uploads\/K_38_plakat_2-min-150x150.png 150w, https:\/\/mariangorynia.pl\/wp-content\/uploads\/K_38_plakat_2-min-768x768.png 768w, https:\/\/mariangorynia.pl\/wp-content\/uploads\/K_38_plakat_2-min-1536x1536.png 1536w, https:\/\/mariangorynia.pl\/wp-content\/uploads\/K_38_plakat_2-min-270x270.png 270w, https:\/\/mariangorynia.pl\/wp-content\/uploads\/K_38_plakat_2-min.png 1700w\" sizes=\"(max-width: 1024px) 100vw, 1024px\" \/><\/figure>\n\n\n\n<p span=\"\" style=\"color: black\">W dniu 24.10.2025 r. odby\u0142a si\u0119 konferencja naukowa zorganizowana przez Akademi\u0119 Leona Ko\u017ami\u0144skiego z okazji 25-lecia Centrum TIGER. Wydarzenie pod has\u0142em \u201eZmiany geopolityczne i ich wp\u0142yw na rozw\u00f3j gospodarczy\u201d zgromadzi\u0142o wybitnych przedstawicieli \u015bwiata nauki, biznesu i instytucji publicznych, w tym laureata Nagrody Nobla prof. Erica Maskina.<br>\nProf. Marian Gorynia wyst\u0105pi\u0142 jako jeden z panelist\u00f3w w debacie pt. \u201ePolska \u2013 Europa \u2013 \u015bwiat: polityka i gospodarka\u201d, moderowanej przez dr. Grzegorza Malinowskiego. W gronie znakomitych ekspert\u00f3w \u2013 prof. Dariusza Rosatiego, dr hab. Elizy Prze\u017adzieckiej oraz dr hab. Marcina Pi\u0105tkowskiego \u2013 dyskutowano o wp\u0142ywie globalnych napi\u0119\u0107 politycznych na strategie rozwoju gospodarczego, roli Polski w europejskiej architekturze ekonomicznej oraz wyzwaniach stoj\u0105cych przed krajami rozwijaj\u0105cymi si\u0119 w kontek\u015bcie transformacji energetycznej i cyfrowej.\n<\/p>\n\n\n\n<p span=\"\" style=\"color: black\">Wi\u0119cej informacji o wydarzeniu: <a href=\"https:\/\/www.kozminski.edu.pl\/pl\/wydarzenia\/zmiany-geopolityczne-i-ich-wplyw-na-rozwoj-gospodarczyl\"><span style=\"color: blue\"><strong>[TUTAJ]<\/strong><\/a><br>\n<\/p>\n\n\n\n<figure class=\"wp-block-image size-full is-resized\"><img loading=\"lazy\" decoding=\"async\" width=\"576\" height=\"768\" src=\"https:\/\/mariangorynia.pl\/wp-content\/uploads\/IMG-20251024-WA0022.jpg\" alt=\"\" class=\"wp-image-8930\" style=\"width:264px;height:auto\" srcset=\"https:\/\/mariangorynia.pl\/wp-content\/uploads\/IMG-20251024-WA0022.jpg 576w, https:\/\/mariangorynia.pl\/wp-content\/uploads\/IMG-20251024-WA0022-225x300.jpg 225w, https:\/\/mariangorynia.pl\/wp-content\/uploads\/IMG-20251024-WA0022-203x270.jpg 203w\" sizes=\"(max-width: 576px) 100vw, 576px\" \/><\/figure>\n\n\n\n<hr class=\"wp-block-separator has-alpha-channel-opacity\"\/>\n\n\n\n<h6 class=\"wp-block-heading\">23.10.2025<\/h6>\n\n\n\n<h4 class=\"wp-block-heading\">Konferencja The World Economy Research Institute\u2019s 20th Conference on Innovation and Competitiveness &#8211; SGH<\/h4>\n\n\n\n<figure class=\"wp-block-image size-large is-resized\"><img loading=\"lazy\" decoding=\"async\" width=\"1024\" height=\"240\" src=\"https:\/\/mariangorynia.pl\/wp-content\/uploads\/WERI2025_hero_image-1024x240.jpg\" alt=\"\" class=\"wp-image-8927\" style=\"width:292px;height:auto\" srcset=\"https:\/\/mariangorynia.pl\/wp-content\/uploads\/WERI2025_hero_image-1024x240.jpg 1024w, https:\/\/mariangorynia.pl\/wp-content\/uploads\/WERI2025_hero_image-300x70.jpg 300w, https:\/\/mariangorynia.pl\/wp-content\/uploads\/WERI2025_hero_image-768x180.jpg 768w, https:\/\/mariangorynia.pl\/wp-content\/uploads\/WERI2025_hero_image-360x84.jpg 360w, https:\/\/mariangorynia.pl\/wp-content\/uploads\/WERI2025_hero_image.jpg 1366w\" sizes=\"(max-width: 1024px) 100vw, 1024px\" \/><\/figure>\n\n\n\n<p span=\"\" style=\"color: black\">W dniach 24-25.10.2025 r. odby\u0142a si\u0119 konferencja naukowa zorganizowana przez SGH. Wydarzenie pod has\u0142em \u201eReconfiguring Global Value Chains for Competitive Edge in Europe and Beyond\u201d.<br>\nProf. Marian Gorynia wzi\u0105\u0142 udzia\u0142 jako Keynote Speaker, a w swoim wyst\u0105pieniu pt. \u201eCompetitiveness \u2013 is productivity the only thing that matters?\u201d podj\u0105\u0142 pr\u00f3b\u0119 redefinicji poj\u0119cia konkurencyjno\u015bci w kontek\u015bcie wsp\u00f3\u0142czesnych wyzwa\u0144 gospodarki globalnej. Zwr\u00f3ci\u0142 uwag\u0119 na konieczno\u015b\u0107 wyj\u015bcia poza tradycyjne mierniki produktywno\u015bci i uwzgl\u0119dnienia takich aspekt\u00f3w jak innowacyjno\u015b\u0107, odporno\u015b\u0107 systemowa, zr\u00f3wnowa\u017cony rozw\u00f3j oraz jako\u015b\u0107 instytucji.<br>\nKonferencja zgromadzi\u0142a mi\u0119dzynarodowe grono naukowc\u00f3w, ekspert\u00f3w i praktyk\u00f3w, kt\u00f3rzy wsp\u00f3lnie analizowali zmieniaj\u0105ce si\u0119 uwarunkowania funkcjonowania globalnych \u0142a\u0144cuch\u00f3w warto\u015bci oraz ich wp\u0142yw na konkurencyjno\u015b\u0107 Europy i innych region\u00f3w \u015bwiata. Szczeg\u00f3lne miejsce w programie zaj\u0119\u0142a sesja po\u015bwi\u0119cona regionom MENA i Europy \u015arodkowo-Wschodniej, prezentuj\u0105ca wyniki bada\u0144 realizowanych w ramach projektu NAWA.\n<\/p>\n\n\n\n<p span=\"\" style=\"color: black\">Wi\u0119cej informacji o wydarzeniu: <a href=\"https:\/\/www.sgh.waw.pl\/kgs\/en\/weri-conference\"><span style=\"color: blue\"><strong>[TUTAJ]<\/strong><\/a><br>\nPrezentacja prof. M. Goryni &#8211; Competitiveness \u2013 is productivity the only thing that matters? <a href=\"https:\/\/mariangorynia.pl\/wp-content\/uploads\/Gorynia-prezentacja_12102025.pdf\"><span style=\"color: blue\"><strong>[TUTAJ]<\/strong><\/a>\n<\/p>\n\n\n\n<figure class=\"wp-block-gallery has-nested-images columns-default is-cropped wp-block-gallery-2 is-layout-flex wp-block-gallery-is-layout-flex\">\n<figure class=\"wp-block-image size-large\"><img loading=\"lazy\" decoding=\"async\" width=\"1024\" height=\"575\" data-id=\"8922\" src=\"https:\/\/mariangorynia.pl\/wp-content\/uploads\/Zrzut-ekranu-2025-10-24-225012-1024x575.png\" alt=\"\" class=\"wp-image-8922\" srcset=\"https:\/\/mariangorynia.pl\/wp-content\/uploads\/Zrzut-ekranu-2025-10-24-225012-1024x575.png 1024w, https:\/\/mariangorynia.pl\/wp-content\/uploads\/Zrzut-ekranu-2025-10-24-225012-300x169.png 300w, https:\/\/mariangorynia.pl\/wp-content\/uploads\/Zrzut-ekranu-2025-10-24-225012-768x432.png 768w, https:\/\/mariangorynia.pl\/wp-content\/uploads\/Zrzut-ekranu-2025-10-24-225012-360x202.png 360w, https:\/\/mariangorynia.pl\/wp-content\/uploads\/Zrzut-ekranu-2025-10-24-225012.png 1091w\" sizes=\"(max-width: 1024px) 100vw, 1024px\" \/><\/figure>\n\n\n\n<figure class=\"wp-block-image size-large\"><img loading=\"lazy\" decoding=\"async\" width=\"951\" height=\"1024\" data-id=\"8923\" src=\"https:\/\/mariangorynia.pl\/wp-content\/uploads\/IMG-20251024-WA0007-951x1024.jpg\" alt=\"\" class=\"wp-image-8923\" srcset=\"https:\/\/mariangorynia.pl\/wp-content\/uploads\/IMG-20251024-WA0007-951x1024.jpg 951w, https:\/\/mariangorynia.pl\/wp-content\/uploads\/IMG-20251024-WA0007-279x300.jpg 279w, https:\/\/mariangorynia.pl\/wp-content\/uploads\/IMG-20251024-WA0007-768x827.jpg 768w, https:\/\/mariangorynia.pl\/wp-content\/uploads\/IMG-20251024-WA0007-1427x1536.jpg 1427w, https:\/\/mariangorynia.pl\/wp-content\/uploads\/IMG-20251024-WA0007-251x270.jpg 251w, https:\/\/mariangorynia.pl\/wp-content\/uploads\/IMG-20251024-WA0007.jpg 1486w\" sizes=\"(max-width: 951px) 100vw, 951px\" \/><\/figure>\n\n\n\n<figure class=\"wp-block-image size-large\"><img loading=\"lazy\" decoding=\"async\" width=\"1024\" height=\"768\" data-id=\"8924\" src=\"https:\/\/mariangorynia.pl\/wp-content\/uploads\/IMG-20251024-WA0000-1024x768.jpg\" alt=\"\" class=\"wp-image-8924\" srcset=\"https:\/\/mariangorynia.pl\/wp-content\/uploads\/IMG-20251024-WA0000-1024x768.jpg 1024w, https:\/\/mariangorynia.pl\/wp-content\/uploads\/IMG-20251024-WA0000-300x225.jpg 300w, https:\/\/mariangorynia.pl\/wp-content\/uploads\/IMG-20251024-WA0000-768x576.jpg 768w, https:\/\/mariangorynia.pl\/wp-content\/uploads\/IMG-20251024-WA0000-1536x1152.jpg 1536w, https:\/\/mariangorynia.pl\/wp-content\/uploads\/IMG-20251024-WA0000-360x270.jpg 360w, https:\/\/mariangorynia.pl\/wp-content\/uploads\/IMG-20251024-WA0000.jpg 1600w\" sizes=\"(max-width: 1024px) 100vw, 1024px\" \/><\/figure>\n<\/figure>\n\n\n\n<hr class=\"wp-block-separator has-alpha-channel-opacity\"\/>\n\n\n\n<h6 class=\"wp-block-heading\">22.10.2025<\/h6>\n\n\n\n<h4 class=\"wp-block-heading\">Nowa publikacja nt. fascynacji naukami ekonomicznymi<\/h4>\n\n\n\n<figure class=\"wp-block-image size-full is-resized\"><img loading=\"lazy\" decoding=\"async\" width=\"538\" height=\"765\" src=\"https:\/\/mariangorynia.pl\/wp-content\/uploads\/Zrzut-ekranu-2025-11-02-152050.png\" alt=\"\" class=\"wp-image-8958\" style=\"width:169px;height:auto\" srcset=\"https:\/\/mariangorynia.pl\/wp-content\/uploads\/Zrzut-ekranu-2025-11-02-152050.png 538w, https:\/\/mariangorynia.pl\/wp-content\/uploads\/Zrzut-ekranu-2025-11-02-152050-211x300.png 211w, https:\/\/mariangorynia.pl\/wp-content\/uploads\/Zrzut-ekranu-2025-11-02-152050-190x270.png 190w\" sizes=\"(max-width: 538px) 100vw, 538px\" \/><\/figure>\n\n\n\n<p span=\"\" style=\"color: black\">Publikacja jest dost\u0119pna: <a href=\"https:\/\/online.fliphtml5.com\/uniwersytetekonomicznywpoznaniu\/hgue\/?fbclid=IwY2xjawN0RyRleHRuA2FlbQIxMQBicmlkETBIZERMdjVreDJFU2VyQTlGAR4Q7lV3tZVuGTF-Rw9PUcfz0DpKHSxQIQH8fEU6TO12YTO7T6NhMChQNJi_Gw_aem_ekPgezliNSEpjk4uhhlzzA#p=1\"><span style=\"color: blue\"><strong>[TUTAJ]<\/strong><\/a><br>\n<\/p>\n\n\n\n<hr class=\"wp-block-separator has-alpha-channel-opacity\"\/>\n\n\n\n<h6 class=\"wp-block-heading\">22.10.2025<\/h6>\n\n\n\n<h4 class=\"wp-block-heading\">Uroczysto\u015b\u0107 wr\u0119czenia stypendi\u00f3w Miasta Poznania dla laureat\u00f3w i finalist\u00f3w olimpiad przedmiotowych<\/h4>\n\n\n\n<p span=\"\" style=\"color: black\">W dniu 22.10.2025 odby\u0142o si\u0119 uroczyste wr\u0119czenie stypendi\u00f3w Miasta Poznania \u2013 laureat\u00f3w i finalist\u00f3w og\u00f3lnopolskich olimpiad przedmiotowych, kt\u00f3rzy zdecydowali si\u0119 rozpocz\u0105\u0107 studia na pozna\u0144skich uczelniach.<br>\nProf. Marian Gorynia jako przewodnicz\u0105cy Rady Akademickiego i Naukowego Poznania, by\u0142 jedn\u0105 z os\u00f3b wr\u0119czaj\u0105cych wyr\u00f3\u017cnienia stypendystom.<br>\nProgram stypendialny, realizowany ju\u017c po raz osiemnasty i stanowi wa\u017cny element polityki Miasta Poznania, maj\u0105cej na celu przyci\u0105ganie i zatrzymywanie m\u0142odych talent\u00f3w. Wsparcie finansowe wyp\u0142acane b\u0119dzie od pa\u017adziernika do czerwca. Tegoroczni stypendy\u015bci pochodz\u0105 z sze\u015bciu wojew\u00f3dztw, a najwi\u0119cej z nich wybra\u0142o Uniwersytet im. Adama Mickiewicza.<br>\nPozna\u0144, jako silny o\u015brodek akademicki, oferuje m\u0142odym ludziom nie tylko wysokiej jako\u015bci edukacj\u0119, ale tak\u017ce mo\u017cliwo\u015bci rozwoju zawodowego i osobistego. Mam nadziej\u0119, \u017ce stypendy\u015bci Miasta Poznania zwi\u0105\u017c\u0105 swoje losy z naszym miastem na d\u0142u\u017cej, przyczyniaj\u0105c si\u0119 do jego dalszego rozwoju.\n<\/p>\n\n\n\n<p span=\"\" style=\"color: black\">Wi\u0119cej informacji o wydarzeniu: <a href=\"https:\/\/www.poznan.pl\/mim\/studia\/news\/stypendia-dla-studentow-laureatow-i-finalistow-olimpiad,265071.html\"><span style=\"color: blue\"><strong>[TUTAJ]<\/strong><\/a><br>\n<\/p>\n\n\n\n<figure class=\"wp-block-gallery has-nested-images columns-default is-cropped wp-block-gallery-3 is-layout-flex wp-block-gallery-is-layout-flex\">\n<figure class=\"wp-block-image size-large\"><img loading=\"lazy\" decoding=\"async\" width=\"1024\" height=\"624\" data-id=\"8914\" src=\"https:\/\/mariangorynia.pl\/wp-content\/uploads\/picture-464775-1024x624.jpg\" alt=\"\" class=\"wp-image-8914\" srcset=\"https:\/\/mariangorynia.pl\/wp-content\/uploads\/picture-464775-1024x624.jpg 1024w, https:\/\/mariangorynia.pl\/wp-content\/uploads\/picture-464775-300x183.jpg 300w, https:\/\/mariangorynia.pl\/wp-content\/uploads\/picture-464775-768x468.jpg 768w, https:\/\/mariangorynia.pl\/wp-content\/uploads\/picture-464775-1536x936.jpg 1536w, https:\/\/mariangorynia.pl\/wp-content\/uploads\/picture-464775-360x219.jpg 360w, https:\/\/mariangorynia.pl\/wp-content\/uploads\/picture-464775.jpg 1920w\" sizes=\"(max-width: 1024px) 100vw, 1024px\" \/><\/figure>\n\n\n\n<figure class=\"wp-block-image size-large\"><img loading=\"lazy\" decoding=\"async\" width=\"1024\" height=\"683\" data-id=\"8916\" src=\"https:\/\/mariangorynia.pl\/wp-content\/uploads\/picture-464778-1024x683.jpg\" alt=\"\" class=\"wp-image-8916\" srcset=\"https:\/\/mariangorynia.pl\/wp-content\/uploads\/picture-464778-1024x683.jpg 1024w, https:\/\/mariangorynia.pl\/wp-content\/uploads\/picture-464778-300x200.jpg 300w, https:\/\/mariangorynia.pl\/wp-content\/uploads\/picture-464778-768x512.jpg 768w, https:\/\/mariangorynia.pl\/wp-content\/uploads\/picture-464778-1536x1025.jpg 1536w, https:\/\/mariangorynia.pl\/wp-content\/uploads\/picture-464778-360x240.jpg 360w, https:\/\/mariangorynia.pl\/wp-content\/uploads\/picture-464778.jpg 1799w\" sizes=\"(max-width: 1024px) 100vw, 1024px\" \/><\/figure>\n\n\n\n<figure class=\"wp-block-image size-large\"><img loading=\"lazy\" decoding=\"async\" width=\"1024\" height=\"683\" data-id=\"8917\" src=\"https:\/\/mariangorynia.pl\/wp-content\/uploads\/picture-464782-1024x683.jpg\" alt=\"\" class=\"wp-image-8917\" srcset=\"https:\/\/mariangorynia.pl\/wp-content\/uploads\/picture-464782-1024x683.jpg 1024w, https:\/\/mariangorynia.pl\/wp-content\/uploads\/picture-464782-300x200.jpg 300w, https:\/\/mariangorynia.pl\/wp-content\/uploads\/picture-464782-768x512.jpg 768w, https:\/\/mariangorynia.pl\/wp-content\/uploads\/picture-464782-1536x1024.jpg 1536w, https:\/\/mariangorynia.pl\/wp-content\/uploads\/picture-464782-360x240.jpg 360w, https:\/\/mariangorynia.pl\/wp-content\/uploads\/picture-464782.jpg 1800w\" sizes=\"(max-width: 1024px) 100vw, 1024px\" \/><\/figure>\n<\/figure>\n\n\n\n<hr class=\"wp-block-separator has-alpha-channel-opacity\"\/>\n\n\n\n<h6 class=\"wp-block-heading\">20.10.2025<\/h6>\n\n\n\n<h4 class=\"wp-block-heading\">Audycja w Radio Pozna\u0144<\/h4>\n\n\n\n<figure class=\"wp-block-image size-full is-resized\"><img loading=\"lazy\" decoding=\"async\" width=\"1116\" height=\"797\" src=\"https:\/\/mariangorynia.pl\/wp-content\/uploads\/Zrzut-ekranu-2025-10-23-173148.png\" alt=\"\" class=\"wp-image-8910\" style=\"width:209px;height:auto\" srcset=\"https:\/\/mariangorynia.pl\/wp-content\/uploads\/Zrzut-ekranu-2025-10-23-173148.png 1116w, https:\/\/mariangorynia.pl\/wp-content\/uploads\/Zrzut-ekranu-2025-10-23-173148-300x214.png 300w, https:\/\/mariangorynia.pl\/wp-content\/uploads\/Zrzut-ekranu-2025-10-23-173148-1024x731.png 1024w, https:\/\/mariangorynia.pl\/wp-content\/uploads\/Zrzut-ekranu-2025-10-23-173148-768x548.png 768w, https:\/\/mariangorynia.pl\/wp-content\/uploads\/Zrzut-ekranu-2025-10-23-173148-360x257.png 360w\" sizes=\"(max-width: 1116px) 100vw, 1116px\" \/><\/figure>\n\n\n\n<p span=\"\" style=\"color: black\">W audycji \u201ePortfel\u201d z dnia 20 pa\u017adziernika 2025 roku na antenie Radia Pozna\u0144 go\u015bciem \u0141ukasza Ka\u017amierczaka by\u0142 prof. Marian Gorynia z Uniwersytetu Ekonomicznego w Poznaniu.<\/p>\n\n\n\n<p span=\"\" style=\"color: black\">Ca\u0142ej audycji mo\u017cna wys\u0142ucha\u0107 pod tym linkiem: <a href=\"https:\/\/radiopoznan.fm\/audycja\/poortfel\/portfel-20-10-2025\"><span style=\"color: blue\"><strong>[TUTAJ]<\/strong><\/a><br>\n<\/p>\n\n\n\n<hr class=\"wp-block-separator has-alpha-channel-opacity\"\/>\n\n\n\n<h6 class=\"wp-block-heading\">20.10.2025<\/h6>\n\n\n\n<h4 class=\"wp-block-heading\">Konferencja RDN<\/h4>\n\n\n\n<figure class=\"wp-block-image size-full is-resized\"><img loading=\"lazy\" decoding=\"async\" width=\"405\" height=\"110\" src=\"https:\/\/mariangorynia.pl\/wp-content\/uploads\/rdn_logo.jpg\" alt=\"\" class=\"wp-image-8633\" style=\"width:317px;height:auto\" srcset=\"https:\/\/mariangorynia.pl\/wp-content\/uploads\/rdn_logo.jpg 405w, https:\/\/mariangorynia.pl\/wp-content\/uploads\/rdn_logo-300x81.jpg 300w, https:\/\/mariangorynia.pl\/wp-content\/uploads\/rdn_logo-360x98.jpg 360w\" sizes=\"(max-width: 405px) 100vw, 405px\" \/><\/figure>\n\n\n\n<p span=\"\" style=\"color: black\">W dniu 20 pa\u017adziernika 2025 r odby\u0142a si\u0119 konferencja naukowa pt. \u201ePost\u0119powania awansowe w \u015bwietle dotychczasowych do\u015bwiadcze\u0144. Praktyka organ\u00f3w I i II instancji\u201d, zorganizowana przez Rad\u0119 Doskona\u0142o\u015bci Naukowej we wsp\u00f3\u0142pracy z Uniwersytetem Gda\u0144skim.<\/p>\n\n\n\n<p span=\"\" style=\"color: black\">Wydarzenie zgromadzi\u0142o przedstawicieli \u015brodowiska akademickiego oraz cz\u0142onk\u00f3w organ\u00f3w odpowiedzialnych za prowadzenie post\u0119powa\u0144 awansowych w nauce. Celem konferencji by\u0142a wymiana do\u015bwiadcze\u0144 oraz om\u00f3wienie wyzwa\u0144 i dobrych praktyk zwi\u0105zanych z procedurami awansowymi w polskim systemie szkolnictwa wy\u017cszego i nauki.<br>\nW ramach konferencji wyg\u0142oszono szereg referat\u00f3w dotycz\u0105cych m.in. funkcjonowania Rad Dyscyplin Naukowych, roli Centralnej Komisji i Rady Doskona\u0142o\u015bci Naukowej, a tak\u017ce praktycznych aspekt\u00f3w oceny dorobku naukowego kandydat\u00f3w.<br>\nProf. dr hab. Marian Gorynia uczestniczy\u0142 w wydarzeniu jako zast\u0119pca Przewodnicz\u0105cego RDN.<\/p>\n\n\n\n<p span=\"\" style=\"color: black\">Wi\u0119cej o wydarzeniu <a href=\"https:\/\/ug.edu.pl\/news\/pl\/event\/9184\/procedury-zwiazane-z-awansami-zawodowymi-konferencja-szkoleniowa\"><span style=\"color: blue\"><strong>[TUTAJ]<\/strong><\/a><br>\n<\/p>\n\n\n\n<figure class=\"wp-block-gallery has-nested-images columns-default is-cropped wp-block-gallery-4 is-layout-flex wp-block-gallery-is-layout-flex\">\n<figure class=\"wp-block-image size-large\"><img loading=\"lazy\" decoding=\"async\" width=\"1024\" height=\"542\" data-id=\"8902\" src=\"https:\/\/mariangorynia.pl\/wp-content\/uploads\/Zrzut-ekranu-2025-10-22-075911-1024x542.png\" alt=\"\" class=\"wp-image-8902\" srcset=\"https:\/\/mariangorynia.pl\/wp-content\/uploads\/Zrzut-ekranu-2025-10-22-075911-1024x542.png 1024w, https:\/\/mariangorynia.pl\/wp-content\/uploads\/Zrzut-ekranu-2025-10-22-075911-300x159.png 300w, https:\/\/mariangorynia.pl\/wp-content\/uploads\/Zrzut-ekranu-2025-10-22-075911-768x406.png 768w, https:\/\/mariangorynia.pl\/wp-content\/uploads\/Zrzut-ekranu-2025-10-22-075911-360x190.png 360w, https:\/\/mariangorynia.pl\/wp-content\/uploads\/Zrzut-ekranu-2025-10-22-075911.png 1431w\" sizes=\"(max-width: 1024px) 100vw, 1024px\" \/><\/figure>\n\n\n\n<figure class=\"wp-block-image size-large\"><img loading=\"lazy\" decoding=\"async\" width=\"1024\" height=\"707\" data-id=\"8903\" src=\"https:\/\/mariangorynia.pl\/wp-content\/uploads\/DSC09109-1024x707.jpg\" alt=\"\" class=\"wp-image-8903\" srcset=\"https:\/\/mariangorynia.pl\/wp-content\/uploads\/DSC09109-1024x707.jpg 1024w, https:\/\/mariangorynia.pl\/wp-content\/uploads\/DSC09109-300x207.jpg 300w, https:\/\/mariangorynia.pl\/wp-content\/uploads\/DSC09109-768x531.jpg 768w, https:\/\/mariangorynia.pl\/wp-content\/uploads\/DSC09109-1536x1061.jpg 1536w, https:\/\/mariangorynia.pl\/wp-content\/uploads\/DSC09109-2048x1415.jpg 2048w, https:\/\/mariangorynia.pl\/wp-content\/uploads\/DSC09109-360x249.jpg 360w\" sizes=\"(max-width: 1024px) 100vw, 1024px\" \/><\/figure>\n<\/figure>\n\n\n\n<hr class=\"wp-block-separator has-alpha-channel-opacity\"\/>\n\n\n\n<h6 class=\"wp-block-heading\">14.10.2025 r.<\/h6>\n\n\n\n<h4 class=\"wp-block-heading\">Wyk\u0142ad prof. Mariana Goryni w ramach cyklu: Wyk\u0142ady Polskiej Akademii Umiej\u0119tno\u015bci w Poznaniu<\/h4>\n\n\n\n<figure class=\"wp-block-image size-full is-resized\"><img loading=\"lazy\" decoding=\"async\" width=\"457\" height=\"106\" src=\"https:\/\/mariangorynia.pl\/wp-content\/uploads\/Zrzut-ekranu-2025-10-16-080505.png\" alt=\"\" class=\"wp-image-8895\" style=\"width:424px;height:auto\" srcset=\"https:\/\/mariangorynia.pl\/wp-content\/uploads\/Zrzut-ekranu-2025-10-16-080505.png 457w, https:\/\/mariangorynia.pl\/wp-content\/uploads\/Zrzut-ekranu-2025-10-16-080505-300x70.png 300w, https:\/\/mariangorynia.pl\/wp-content\/uploads\/Zrzut-ekranu-2025-10-16-080505-360x84.png 360w\" sizes=\"(max-width: 457px) 100vw, 457px\" \/><\/figure>\n\n\n\n<p span=\"\" style=\"color: black\">W dniu 14 pa\u017adziernika 2025 roku prof. Marian Gorynia wyg\u0142osi\u0142 wyk\u0142ad pt. Dlaczego nauki ekonomiczne s\u0105 fascynuj\u0105ce?, zorganizowany przez Polsk\u0105 Akademi\u0119 Umiej\u0119tno\u015bci w Poznaniu. Spotkanie odby\u0142o si\u0119 w Collegium Maius przy ul. Fredry 10.<br>\nPodczas wyk\u0142adu przedstawiono wybrane aspekty wsp\u00f3\u0142czesnej ekonomii, ukazuj\u0105c jej interdyscyplinarny charakter, znaczenie dla rozwoju spo\u0142eczno-gospodarczego oraz aktualne wyzwania badawcze. Spotkanie by\u0142o wspania\u0142\u0105 okazj\u0105 do inspiruj\u0105cych dyskusji.\n<\/p>\n\n\n\n<figure class=\"wp-block-gallery has-nested-images columns-default is-cropped wp-block-gallery-5 is-layout-flex wp-block-gallery-is-layout-flex\">\n<figure class=\"wp-block-image size-large\"><img loading=\"lazy\" decoding=\"async\" width=\"449\" height=\"610\" data-id=\"8896\" src=\"https:\/\/mariangorynia.pl\/wp-content\/uploads\/Zrzut-ekranu-2025-10-16-080219.png\" alt=\"\" class=\"wp-image-8896\" srcset=\"https:\/\/mariangorynia.pl\/wp-content\/uploads\/Zrzut-ekranu-2025-10-16-080219.png 449w, https:\/\/mariangorynia.pl\/wp-content\/uploads\/Zrzut-ekranu-2025-10-16-080219-221x300.png 221w, https:\/\/mariangorynia.pl\/wp-content\/uploads\/Zrzut-ekranu-2025-10-16-080219-199x270.png 199w\" sizes=\"(max-width: 449px) 100vw, 449px\" \/><\/figure>\n\n\n\n<figure class=\"wp-block-image size-large\"><img loading=\"lazy\" decoding=\"async\" width=\"1024\" height=\"662\" data-id=\"8897\" src=\"https:\/\/mariangorynia.pl\/wp-content\/uploads\/123-1024x662.jpg\" alt=\"\" class=\"wp-image-8897\" srcset=\"https:\/\/mariangorynia.pl\/wp-content\/uploads\/123-1024x662.jpg 1024w, https:\/\/mariangorynia.pl\/wp-content\/uploads\/123-300x194.jpg 300w, https:\/\/mariangorynia.pl\/wp-content\/uploads\/123-768x496.jpg 768w, https:\/\/mariangorynia.pl\/wp-content\/uploads\/123-1536x992.jpg 1536w, https:\/\/mariangorynia.pl\/wp-content\/uploads\/123-360x233.jpg 360w, https:\/\/mariangorynia.pl\/wp-content\/uploads\/123.jpg 2048w\" sizes=\"(max-width: 1024px) 100vw, 1024px\" \/><\/figure>\n\n\n\n<figure class=\"wp-block-image size-large\"><img loading=\"lazy\" decoding=\"async\" width=\"768\" height=\"1024\" data-id=\"8898\" src=\"https:\/\/mariangorynia.pl\/wp-content\/uploads\/123456-768x1024.jpg\" alt=\"\" class=\"wp-image-8898\" srcset=\"https:\/\/mariangorynia.pl\/wp-content\/uploads\/123456-768x1024.jpg 768w, https:\/\/mariangorynia.pl\/wp-content\/uploads\/123456-225x300.jpg 225w, https:\/\/mariangorynia.pl\/wp-content\/uploads\/123456-1152x1536.jpg 1152w, https:\/\/mariangorynia.pl\/wp-content\/uploads\/123456-203x270.jpg 203w, https:\/\/mariangorynia.pl\/wp-content\/uploads\/123456.jpg 1536w\" sizes=\"(max-width: 768px) 100vw, 768px\" \/><\/figure>\n<\/figure>\n\n\n\n<p span=\"\" style=\"color: black\">Wi\u0119cej o PAU: <a href=\"https:\/\/pau.krakow.pl\/index.php\/pl\/\"><span style=\"color: blue\"><strong>[TUTAJ]<\/strong><\/a><br>\n<\/p>\n\n\n\n<hr class=\"wp-block-separator has-alpha-channel-opacity\"\/>\n\n\n\n<h6 class=\"wp-block-heading\">2.10.2025 r.<\/h6>\n\n\n\n<h4 class=\"wp-block-heading\">Prof. dr hab. Marian Gorynia z tytu\u0142em Honorowego Profesora Uniwersytetu Radomskiego im. Kazimierza Pu\u0142askiego<\/h4>\n\n\n\n<figure class=\"wp-block-image size-full is-resized\"><img loading=\"lazy\" decoding=\"async\" width=\"532\" height=\"116\" src=\"https:\/\/mariangorynia.pl\/wp-content\/uploads\/Zrzut-ekranu-2025-10-05-154540.png\" alt=\"\" class=\"wp-image-8886\" style=\"width:424px;height:auto\" srcset=\"https:\/\/mariangorynia.pl\/wp-content\/uploads\/Zrzut-ekranu-2025-10-05-154540.png 532w, https:\/\/mariangorynia.pl\/wp-content\/uploads\/Zrzut-ekranu-2025-10-05-154540-300x65.png 300w, https:\/\/mariangorynia.pl\/wp-content\/uploads\/Zrzut-ekranu-2025-10-05-154540-360x78.png 360w\" sizes=\"(max-width: 532px) 100vw, 532px\" \/><\/figure>\n\n\n\n<p span=\"\" style=\"color: black\">W Auli G\u0142\u00f3wnej Uniwersytetu Radomskiego im. Kazimierza Pu\u0142askiego w niezwykle uroczystej oprawie odby\u0142a si\u0119 inauguracja roku akademickiego 2025\/2026. Tegoroczna uroczysto\u015b\u0107 Inauguracji roku akademickiego zosta\u0142a po\u0142\u0105czona z nadaniem tytu\u0142u doktora honoris causa Uniwersytetu Radomskiego im. Kazimierza Pu\u0142askiego Panu profesorowi Marianowi Goryni \u2013 Zast\u0119pcy Przewodnicz\u0105cego Rady Doskona\u0142o\u015bci Naukowej.<br>\nProf. Marian Gorynia wyg\u0142osi\u0142 wyk\u0142ad inauguracyjny na uroczysto\u015bci pt. \u201eCzy nauki ekonomiczne mog\u0105 by\u0107 fascynuj\u0105ce?\u201d.<br>\nDoktor honoris causa to akademicki tytu\u0142 honorowy nadawany przez uczelnie osobom szczeg\u00f3lnie zas\u0142u\u017conym dla nauki i kultury.<\/p>\n\n\n\n<figure class=\"wp-block-gallery has-nested-images columns-default is-cropped wp-block-gallery-6 is-layout-flex wp-block-gallery-is-layout-flex\">\n<figure class=\"wp-block-image size-large\"><img loading=\"lazy\" decoding=\"async\" width=\"1024\" height=\"769\" data-id=\"8887\" src=\"https:\/\/mariangorynia.pl\/wp-content\/uploads\/IMG-20251003-WA0080-1024x769.jpg\" alt=\"\" class=\"wp-image-8887\" srcset=\"https:\/\/mariangorynia.pl\/wp-content\/uploads\/IMG-20251003-WA0080-1024x769.jpg 1024w, https:\/\/mariangorynia.pl\/wp-content\/uploads\/IMG-20251003-WA0080-300x225.jpg 300w, https:\/\/mariangorynia.pl\/wp-content\/uploads\/IMG-20251003-WA0080-768x576.jpg 768w, https:\/\/mariangorynia.pl\/wp-content\/uploads\/IMG-20251003-WA0080-1536x1153.jpg 1536w, https:\/\/mariangorynia.pl\/wp-content\/uploads\/IMG-20251003-WA0080-360x270.jpg 360w, https:\/\/mariangorynia.pl\/wp-content\/uploads\/IMG-20251003-WA0080.jpg 2048w\" sizes=\"(max-width: 1024px) 100vw, 1024px\" \/><\/figure>\n\n\n\n<figure class=\"wp-block-image size-large\"><img loading=\"lazy\" decoding=\"async\" width=\"768\" height=\"1024\" data-id=\"8889\" src=\"https:\/\/mariangorynia.pl\/wp-content\/uploads\/IMG-20251002-WA0020-768x1024.jpg\" alt=\"\" class=\"wp-image-8889\" srcset=\"https:\/\/mariangorynia.pl\/wp-content\/uploads\/IMG-20251002-WA0020-768x1024.jpg 768w, https:\/\/mariangorynia.pl\/wp-content\/uploads\/IMG-20251002-WA0020-225x300.jpg 225w, https:\/\/mariangorynia.pl\/wp-content\/uploads\/IMG-20251002-WA0020-1152x1536.jpg 1152w, https:\/\/mariangorynia.pl\/wp-content\/uploads\/IMG-20251002-WA0020-203x270.jpg 203w, https:\/\/mariangorynia.pl\/wp-content\/uploads\/IMG-20251002-WA0020.jpg 1200w\" sizes=\"(max-width: 768px) 100vw, 768px\" \/><\/figure>\n\n\n\n<figure class=\"wp-block-image size-large\"><img loading=\"lazy\" decoding=\"async\" width=\"768\" height=\"1024\" data-id=\"8888\" src=\"https:\/\/mariangorynia.pl\/wp-content\/uploads\/IMG-20251002-WA0025-768x1024.jpg\" alt=\"\" class=\"wp-image-8888\" srcset=\"https:\/\/mariangorynia.pl\/wp-content\/uploads\/IMG-20251002-WA0025-768x1024.jpg 768w, https:\/\/mariangorynia.pl\/wp-content\/uploads\/IMG-20251002-WA0025-225x300.jpg 225w, https:\/\/mariangorynia.pl\/wp-content\/uploads\/IMG-20251002-WA0025-1152x1536.jpg 1152w, https:\/\/mariangorynia.pl\/wp-content\/uploads\/IMG-20251002-WA0025-203x270.jpg 203w, https:\/\/mariangorynia.pl\/wp-content\/uploads\/IMG-20251002-WA0025.jpg 1200w\" sizes=\"(max-width: 768px) 100vw, 768px\" \/><\/figure>\n\n\n\n<figure class=\"wp-block-image size-large\"><img loading=\"lazy\" decoding=\"async\" width=\"1024\" height=\"768\" data-id=\"8891\" src=\"https:\/\/mariangorynia.pl\/wp-content\/uploads\/IMG-20251002-WA0029-1024x768.jpg\" alt=\"\" class=\"wp-image-8891\" srcset=\"https:\/\/mariangorynia.pl\/wp-content\/uploads\/IMG-20251002-WA0029-1024x768.jpg 1024w, https:\/\/mariangorynia.pl\/wp-content\/uploads\/IMG-20251002-WA0029-300x225.jpg 300w, https:\/\/mariangorynia.pl\/wp-content\/uploads\/IMG-20251002-WA0029-768x576.jpg 768w, https:\/\/mariangorynia.pl\/wp-content\/uploads\/IMG-20251002-WA0029-1536x1152.jpg 1536w, https:\/\/mariangorynia.pl\/wp-content\/uploads\/IMG-20251002-WA0029-360x270.jpg 360w, https:\/\/mariangorynia.pl\/wp-content\/uploads\/IMG-20251002-WA0029.jpg 1600w\" sizes=\"(max-width: 1024px) 100vw, 1024px\" \/><\/figure>\n\n\n\n<figure class=\"wp-block-image size-large\"><img loading=\"lazy\" decoding=\"async\" width=\"1024\" height=\"768\" data-id=\"8890\" src=\"https:\/\/mariangorynia.pl\/wp-content\/uploads\/IMG-20251002-WA0034-1024x768.jpg\" alt=\"\" class=\"wp-image-8890\" srcset=\"https:\/\/mariangorynia.pl\/wp-content\/uploads\/IMG-20251002-WA0034-1024x768.jpg 1024w, https:\/\/mariangorynia.pl\/wp-content\/uploads\/IMG-20251002-WA0034-300x225.jpg 300w, https:\/\/mariangorynia.pl\/wp-content\/uploads\/IMG-20251002-WA0034-768x576.jpg 768w, https:\/\/mariangorynia.pl\/wp-content\/uploads\/IMG-20251002-WA0034-1536x1152.jpg 1536w, https:\/\/mariangorynia.pl\/wp-content\/uploads\/IMG-20251002-WA0034-360x270.jpg 360w, https:\/\/mariangorynia.pl\/wp-content\/uploads\/IMG-20251002-WA0034.jpg 1600w\" sizes=\"(max-width: 1024px) 100vw, 1024px\" \/><\/figure>\n<\/figure>\n\n\n\n<p span=\"\" style=\"color: black\">Wi\u0119cej o wydarzeniu na stronie PTE: <a href=\"https:\/\/pte.pl\/aktualnosci\/posty\/prezes-pte-prof-dr-hab-marian-gorynia-otrzymal-tytul-doktora-honoris-causa-uniwersytetu-radomskiego\"><span style=\"color: blue\"><strong>[TUTAJ]<\/strong><\/a><br>\nWi\u0119cej o wydarzeniu na stronie UEP: <a href=\"https:\/\/ue.poznan.pl\/aktualnosci\/prof-marian-gorynia-otrzymal-tytul-doktora-honoris-causa-uniwersytetu-radomskiego-im-kazimierza-pulaskiego\/\"><span style=\"color: blue\"><strong>[TUTAJ]<\/strong><\/a><br>\nWi\u0119cej o wydarzeniu na stronie UR: <a href=\"https:\/\/uniwersytetradom.pl\/2025\/10\/03\/uroczysta-inauguracja-roku-akademickiego-2025-2026\/\"><span style=\"color: blue\"><strong>[TUTAJ]<\/strong><\/a><br>\n<\/p>\n\n\n\n<hr class=\"wp-block-separator has-alpha-channel-opacity\"\/>\n\n\n\n<h6 class=\"wp-block-heading\">24.09.2025 r.<\/h6>\n\n\n\n<h4 class=\"wp-block-heading\">V Og\u00f3lnopolska konferencja naukowa \u201ePolska w Unii Europejskiej. Raport 2025\u201d<\/h4>\n\n\n\n<figure class=\"wp-block-image size-full is-resized\"><img loading=\"lazy\" decoding=\"async\" width=\"602\" height=\"131\" src=\"https:\/\/mariangorynia.pl\/wp-content\/uploads\/Zrzut-ekranu-2025-09-26-104619.png\" alt=\"\" class=\"wp-image-8880\" style=\"width:424px;height:auto\" srcset=\"https:\/\/mariangorynia.pl\/wp-content\/uploads\/Zrzut-ekranu-2025-09-26-104619.png 602w, https:\/\/mariangorynia.pl\/wp-content\/uploads\/Zrzut-ekranu-2025-09-26-104619-300x65.png 300w, https:\/\/mariangorynia.pl\/wp-content\/uploads\/Zrzut-ekranu-2025-09-26-104619-360x78.png 360w\" sizes=\"(max-width: 602px) 100vw, 602px\" \/><\/figure>\n\n\n\n<p span=\"\" style=\"color: black\">W dniu 24 wrze\u015bnia 2025 r odby\u0142a si\u0119 V Og\u00f3lnopolska konferencja naukowa \u201ePolska w Unii Europejskiej. Raport 2025\u201d. Wydarzenie zosta\u0142o zorganizowane przez Katedr\u0119 Integracji i Prawa Europejskiego SGH we wsp\u00f3\u0142pracy z: Katedr\u0105 Mi\u0119dzynarodowych Stosunk\u00f3w Gospodarczych Uniwersytetu Ekonomicznego we Wroc\u0142awiu, Katedr\u0105 Biznesu Mi\u0119dzynarodowego Uniwersytetu Gda\u0144skiego oraz Katedr\u0105 Finans\u00f3w i Inwestycji Mi\u0119dzynarodowych Uniwersytetu \u0141\u00f3dzkiego.<\/p>\n\n\n\n<figure class=\"wp-block-image size-large is-resized\"><img loading=\"lazy\" decoding=\"async\" width=\"1024\" height=\"536\" src=\"https:\/\/mariangorynia.pl\/wp-content\/uploads\/1758631013112-1024x536.jpg\" alt=\"\" class=\"wp-image-8882\" style=\"width:382px;height:auto\" srcset=\"https:\/\/mariangorynia.pl\/wp-content\/uploads\/1758631013112-1024x536.jpg 1024w, https:\/\/mariangorynia.pl\/wp-content\/uploads\/1758631013112-300x157.jpg 300w, https:\/\/mariangorynia.pl\/wp-content\/uploads\/1758631013112-768x402.jpg 768w, https:\/\/mariangorynia.pl\/wp-content\/uploads\/1758631013112-360x188.jpg 360w, https:\/\/mariangorynia.pl\/wp-content\/uploads\/1758631013112.jpg 1200w\" sizes=\"(max-width: 1024px) 100vw, 1024px\" \/><\/figure>\n\n\n\n<p span=\"\" style=\"color: black\">Konferencja zgromadzi\u0142a wybitnych przedstawicieli \u015brodowiska akademickiego z Polski reprezentuj\u0105cych r\u00f3\u017cne o\u015brodki naukowe oraz dziedziny ekonomii, historii gospodarczej i nauk spo\u0142ecznych. Podczas wydarzenia zaprezentowano efekty bada\u0144 Katedry IiPE SGH w postaci monografii naukowej \u201ePoland in the European Union. Report 2025\u201d, co by\u0142o pocz\u0105tkiem dyskusji uczestnik\u00f3w o problemach ekonomicznych i prawnych oraz o przysz\u0142o\u015bci Polski w Unii Europejskiej.\n<br>\nProf. dr hab. Marian Gorynia by\u0142 uczestnikiem z ramienia Polskiego Towarzystwa Ekonomicznego, kt\u00f3re to obj\u0119\u0142o patronatem honorowym konferencj\u0119.<br>\nKonferencja by\u0142a wspania\u0142\u0105 okazj\u0105 do pog\u0142\u0119bienia wiedzy i wymiany do\u015bwiadcze\u0144.<\/p>\n\n\n\n<figure class=\"wp-block-image size-full is-resized\"><img loading=\"lazy\" decoding=\"async\" width=\"814\" height=\"799\" src=\"https:\/\/mariangorynia.pl\/wp-content\/uploads\/1752692214144.jpg\" alt=\"\" class=\"wp-image-8881\" style=\"width:333px;height:auto\" srcset=\"https:\/\/mariangorynia.pl\/wp-content\/uploads\/1752692214144.jpg 814w, https:\/\/mariangorynia.pl\/wp-content\/uploads\/1752692214144-300x294.jpg 300w, https:\/\/mariangorynia.pl\/wp-content\/uploads\/1752692214144-768x754.jpg 768w, https:\/\/mariangorynia.pl\/wp-content\/uploads\/1752692214144-275x270.jpg 275w\" sizes=\"(max-width: 814px) 100vw, 814px\" \/><\/figure>\n\n\n\n<p span=\"\" style=\"color: black\">Wi\u0119cej o wydarzeniu <a href=\"https:\/\/www.sgh.waw.pl\/wydarzenia\/polska-w-unii-europejskiej-raport-2025\"><span style=\"color: blue\"><strong>[TUTAJ]<\/strong><\/a><br>\n<\/p>\n\n\n\n<hr class=\"wp-block-separator has-alpha-channel-opacity\"\/>\n\n\n\n<h6 class=\"wp-block-heading\">28.06.2025 r.<\/h6>\n\n\n\n<h4 class=\"wp-block-heading\"><strong>Nowa siedziba Teatru Muzycznego w Poznaniu coraz bli\u017cej realizacji<\/strong><\/h4>\n\n\n\n<figure class=\"wp-block-image size-full is-resized\"><img loading=\"lazy\" decoding=\"async\" width=\"524\" height=\"156\" src=\"https:\/\/mariangorynia.pl\/wp-content\/uploads\/Przechwytywanie-10.jpg\" alt=\"\" class=\"wp-image-8835\" style=\"width:335px;height:auto\" srcset=\"https:\/\/mariangorynia.pl\/wp-content\/uploads\/Przechwytywanie-10.jpg 524w, https:\/\/mariangorynia.pl\/wp-content\/uploads\/Przechwytywanie-10-300x89.jpg 300w, https:\/\/mariangorynia.pl\/wp-content\/uploads\/Przechwytywanie-10-360x107.jpg 360w\" sizes=\"(max-width: 524px) 100vw, 524px\" \/><\/figure>\n\n\n\n<p span=\"\" style=\"color: black\">W dniu 28 czerwca 2025 r odby\u0142o si\u0119 oficjalne przekazanie placu budowy pod now\u0105 siedzib\u0119 Teatru Muzycznego. Za realizacj\u0119 odpowiada firma Dekpol Budownictwo, kt\u00f3ra przyst\u0119puje do prac przygotowawczych i projektowych. Zako\u0144czenie budowy planowane jest na grudzie\u0144 2028 roku.<\/p>\n\n\n\n<p span=\"\" style=\"color: black\">Nowy gmach teatru, kt\u00f3ry powstanie przy ul. \u015aw. Marcin, b\u0119dzie pierwszym tego typu obiektem wybudowanym od podstaw w powojennej historii Poznania. Projekt zak\u0142ada stworzenie nowoczesnej, funkcjonalnej i dost\u0119pnej przestrzeni, kt\u00f3ra umo\u017cliwi realizacj\u0119 ambitnych przedsi\u0119wzi\u0119\u0107 artystycznych oraz jeszcze szersze otwarcie si\u0119 na publiczno\u015b\u0107.<br>\nInwestycja jest efektem wsp\u00f3\u0142pracy Miasta Pozna\u0144, Powiatu Pozna\u0144skiego oraz licznych partner\u00f3w instytucjonalnych i spo\u0142ecznych. To dow\u00f3d na to, \u017ce wsp\u00f3lnym wysi\u0142kiem mo\u017cemy tworzy\u0107 trwa\u0142e fundamenty dla rozwoju kultury i sztuki w naszym regionie.<br>\nProf. Marian Gorynia jako przewodnicz\u0105cy Rady Teatru Muzycznego mia\u0142 zaszczyt uczestniczy\u0107 w tym prze\u0142omowym momencie dla kultury naszego miasta.<\/p>\n\n\n\n<figure class=\"wp-block-gallery has-nested-images columns-default is-cropped wp-block-gallery-7 is-layout-flex wp-block-gallery-is-layout-flex\">\n<figure class=\"wp-block-image size-large\"><img loading=\"lazy\" decoding=\"async\" width=\"1024\" height=\"683\" data-id=\"8836\" src=\"https:\/\/mariangorynia.pl\/wp-content\/uploads\/obrazekpic11016257495451032show2-1024x683.jpg\" alt=\"\" class=\"wp-image-8836\" srcset=\"https:\/\/mariangorynia.pl\/wp-content\/uploads\/obrazekpic11016257495451032show2-1024x683.jpg 1024w, https:\/\/mariangorynia.pl\/wp-content\/uploads\/obrazekpic11016257495451032show2-300x200.jpg 300w, https:\/\/mariangorynia.pl\/wp-content\/uploads\/obrazekpic11016257495451032show2-768x512.jpg 768w, https:\/\/mariangorynia.pl\/wp-content\/uploads\/obrazekpic11016257495451032show2-1536x1024.jpg 1536w, https:\/\/mariangorynia.pl\/wp-content\/uploads\/obrazekpic11016257495451032show2-360x240.jpg 360w, https:\/\/mariangorynia.pl\/wp-content\/uploads\/obrazekpic11016257495451032show2.jpg 1800w\" sizes=\"(max-width: 1024px) 100vw, 1024px\" \/><\/figure>\n\n\n\n<figure class=\"wp-block-image size-large\"><img loading=\"lazy\" decoding=\"async\" width=\"1024\" height=\"576\" data-id=\"8837\" src=\"https:\/\/mariangorynia.pl\/wp-content\/uploads\/IMG-20250629-WA0001-1024x576.jpg\" alt=\"\" class=\"wp-image-8837\" srcset=\"https:\/\/mariangorynia.pl\/wp-content\/uploads\/IMG-20250629-WA0001-1024x576.jpg 1024w, https:\/\/mariangorynia.pl\/wp-content\/uploads\/IMG-20250629-WA0001-300x169.jpg 300w, https:\/\/mariangorynia.pl\/wp-content\/uploads\/IMG-20250629-WA0001-768x432.jpg 768w, https:\/\/mariangorynia.pl\/wp-content\/uploads\/IMG-20250629-WA0001-1536x864.jpg 1536w, https:\/\/mariangorynia.pl\/wp-content\/uploads\/IMG-20250629-WA0001-360x203.jpg 360w, https:\/\/mariangorynia.pl\/wp-content\/uploads\/IMG-20250629-WA0001.jpg 1600w\" sizes=\"(max-width: 1024px) 100vw, 1024px\" \/><\/figure>\n\n\n\n<figure class=\"wp-block-image size-large\"><img loading=\"lazy\" decoding=\"async\" width=\"1024\" height=\"576\" data-id=\"8838\" src=\"https:\/\/mariangorynia.pl\/wp-content\/uploads\/IMG-20250629-WA0000-1024x576.jpg\" alt=\"\" class=\"wp-image-8838\" srcset=\"https:\/\/mariangorynia.pl\/wp-content\/uploads\/IMG-20250629-WA0000-1024x576.jpg 1024w, https:\/\/mariangorynia.pl\/wp-content\/uploads\/IMG-20250629-WA0000-300x169.jpg 300w, https:\/\/mariangorynia.pl\/wp-content\/uploads\/IMG-20250629-WA0000-768x432.jpg 768w, https:\/\/mariangorynia.pl\/wp-content\/uploads\/IMG-20250629-WA0000-1536x864.jpg 1536w, https:\/\/mariangorynia.pl\/wp-content\/uploads\/IMG-20250629-WA0000-360x203.jpg 360w, https:\/\/mariangorynia.pl\/wp-content\/uploads\/IMG-20250629-WA0000.jpg 1600w\" sizes=\"(max-width: 1024px) 100vw, 1024px\" \/><\/figure>\n<\/figure>\n\n\n\n<p span=\"\" style=\"color: black\">Wi\u0119cej o wydarzeniu <a href=\"https:\/\/codziennypoznan.pl\/artykul\/2025-06-29\/575200\/\"><span style=\"color: blue\"><strong>[TUTAJ]<\/strong><\/a> oraz \n<a href=\"https:\/\/www.poznan.pl\/mim\/info\/news\/nowa-siedziba-teatru-muzycznego-coraz-blizej,257495.html\/\"><span style=\"color: blue\"><strong>[TUTAJ]<\/strong><\/a>\n\n<\/p>\n\n\n\n<hr class=\"wp-block-separator has-alpha-channel-opacity\"\/>\n\n\n\n<h6 class=\"wp-block-heading\">26.06.2025 r.<\/h6>\n\n\n\n<h4 class=\"wp-block-heading\">Uroczyste ods\u0142oni\u0119cie portretu prof. El\u017cbiety M\u0105czy\u0144skiej<\/h4>\n\n\n\n<figure class=\"wp-block-image size-full is-resized\"><img loading=\"lazy\" decoding=\"async\" width=\"440\" height=\"195\" src=\"https:\/\/mariangorynia.pl\/wp-content\/uploads\/pte_logo.jpg\" alt=\"\" class=\"wp-image-8826\" style=\"width:317px;height:auto\" srcset=\"https:\/\/mariangorynia.pl\/wp-content\/uploads\/pte_logo.jpg 440w, https:\/\/mariangorynia.pl\/wp-content\/uploads\/pte_logo-300x133.jpg 300w, https:\/\/mariangorynia.pl\/wp-content\/uploads\/pte_logo-360x160.jpg 360w\" sizes=\"(max-width: 440px) 100vw, 440px\" \/><\/figure>\n\n\n\n<p span=\"\" style=\"color: black\">W dniu 26 czerwca 2025 r odby\u0142o si\u0119 uroczyste ods\u0142oni\u0119cie portretu prof. El\u017cbiety M\u0105czy\u0144skiej, honorowej prezes Polskiego Towarzystwa Ekonomicznego w siedzibie PTE.<\/p>\n\n\n\n<p span=\"\" style=\"color: black\">Prof. Marian Gorynia, prezes Polskiego Towarzystwa Ekonomicznego, podkre\u015bli\u0142 znaczenie wybitnego dorobku naukowego pani profesor dla rozwoju ekonomii oraz jej zas\u0142ugi na rzecz PTE. Za niezwyk\u0142e zaanga\u017cowanie oraz wspania\u0142e dokonania pani profesor dzi\u0119kowali r\u00f3wnie\u017c inni uczestnicy spotkania \u2013 cz\u0142onkowie Zarz\u0105du PTE i pozostali zaproszeni go\u015bcie. Wzruszona prof. M\u0105czy\u0144ska wspomnia\u0142a o kilku wa\u017cnych wydarzeniach ze swojej 16-letniej prezesury.<\/p>\n\n\n\n<figure class=\"wp-block-gallery has-nested-images columns-default is-cropped wp-block-gallery-8 is-layout-flex wp-block-gallery-is-layout-flex\">\n<figure class=\"wp-block-image size-large\"><img loading=\"lazy\" decoding=\"async\" width=\"1024\" height=\"768\" data-id=\"8832\" src=\"https:\/\/mariangorynia.pl\/wp-content\/uploads\/100_0946_dab5e5368c-1024x768.jpg\" alt=\"\" class=\"wp-image-8832\" srcset=\"https:\/\/mariangorynia.pl\/wp-content\/uploads\/100_0946_dab5e5368c-1024x768.jpg 1024w, https:\/\/mariangorynia.pl\/wp-content\/uploads\/100_0946_dab5e5368c-300x225.jpg 300w, https:\/\/mariangorynia.pl\/wp-content\/uploads\/100_0946_dab5e5368c-768x576.jpg 768w, https:\/\/mariangorynia.pl\/wp-content\/uploads\/100_0946_dab5e5368c-1536x1152.jpg 1536w, https:\/\/mariangorynia.pl\/wp-content\/uploads\/100_0946_dab5e5368c-2048x1536.jpg 2048w, https:\/\/mariangorynia.pl\/wp-content\/uploads\/100_0946_dab5e5368c-360x270.jpg 360w\" sizes=\"(max-width: 1024px) 100vw, 1024px\" \/><\/figure>\n\n\n\n<figure class=\"wp-block-image size-large\"><img loading=\"lazy\" decoding=\"async\" width=\"579\" height=\"759\" data-id=\"8831\" src=\"https:\/\/mariangorynia.pl\/wp-content\/uploads\/111_1_e4ab4f0a52.jpg\" alt=\"\" class=\"wp-image-8831\" srcset=\"https:\/\/mariangorynia.pl\/wp-content\/uploads\/111_1_e4ab4f0a52.jpg 579w, https:\/\/mariangorynia.pl\/wp-content\/uploads\/111_1_e4ab4f0a52-229x300.jpg 229w, https:\/\/mariangorynia.pl\/wp-content\/uploads\/111_1_e4ab4f0a52-206x270.jpg 206w\" sizes=\"(max-width: 579px) 100vw, 579px\" \/><\/figure>\n<\/figure>\n\n\n\n<hr class=\"wp-block-separator has-alpha-channel-opacity\"\/>\n\n\n\n<h6 class=\"wp-block-heading\">26.06.2025 r.<\/h6>\n\n\n\n<h4 class=\"wp-block-heading\">Posiedzenie Zarz\u0105du Krajowego Polskiego Towarzystwa Ekonomicznego<\/h4>\n\n\n\n<figure class=\"wp-block-image size-full is-resized\"><img loading=\"lazy\" decoding=\"async\" width=\"440\" height=\"195\" src=\"https:\/\/mariangorynia.pl\/wp-content\/uploads\/pte_logo.jpg\" alt=\"\" class=\"wp-image-8826\" style=\"width:317px;height:auto\" srcset=\"https:\/\/mariangorynia.pl\/wp-content\/uploads\/pte_logo.jpg 440w, https:\/\/mariangorynia.pl\/wp-content\/uploads\/pte_logo-300x133.jpg 300w, https:\/\/mariangorynia.pl\/wp-content\/uploads\/pte_logo-360x160.jpg 360w\" sizes=\"(max-width: 440px) 100vw, 440px\" \/><\/figure>\n\n\n\n<p span=\"\" style=\"color: black\">W dniu 26 czerwca 2025 r odby\u0142o si\u0119 posiedzenie Zarz\u0105du Krajowego Polskiego Towarzystwa Ekonomicznego w Warszawie.<\/p>\n\n\n\n<p span=\"\" style=\"color: black\">Spotkanie po\u015bwi\u0119cono zatwierdzeniu sprawozdania finansowego i merytorycznego za 2024 r., podsumowaniu XXXVIII edycji Olimpiady Wiedzy Ekonomicznej, nowemu konkursowi PTE Ekonomia w praktyce, zbli\u017caj\u0105cemu si\u0119 XI Kongresowi Ekonomist\u00f3w Polskich oraz pozosta\u0142ej dzia\u0142alno\u015bci Zarz\u0105du Krajowego i poszczeg\u00f3lnych Oddzia\u0142\u00f3w PTE.<\/p>\n\n\n\n<figure class=\"wp-block-gallery has-nested-images columns-default is-cropped wp-block-gallery-9 is-layout-flex wp-block-gallery-is-layout-flex\">\n<figure class=\"wp-block-image size-large\"><img loading=\"lazy\" decoding=\"async\" width=\"1024\" height=\"529\" data-id=\"8827\" src=\"https:\/\/mariangorynia.pl\/wp-content\/uploads\/2_3_2cc8c26ed1-1024x529.jpg\" alt=\"\" class=\"wp-image-8827\" srcset=\"https:\/\/mariangorynia.pl\/wp-content\/uploads\/2_3_2cc8c26ed1-1024x529.jpg 1024w, https:\/\/mariangorynia.pl\/wp-content\/uploads\/2_3_2cc8c26ed1-300x155.jpg 300w, https:\/\/mariangorynia.pl\/wp-content\/uploads\/2_3_2cc8c26ed1-768x396.jpg 768w, https:\/\/mariangorynia.pl\/wp-content\/uploads\/2_3_2cc8c26ed1-1536x793.jpg 1536w, https:\/\/mariangorynia.pl\/wp-content\/uploads\/2_3_2cc8c26ed1-2048x1057.jpg 2048w, https:\/\/mariangorynia.pl\/wp-content\/uploads\/2_3_2cc8c26ed1-360x186.jpg 360w\" sizes=\"(max-width: 1024px) 100vw, 1024px\" \/><\/figure>\n\n\n\n<figure class=\"wp-block-image size-large\"><img loading=\"lazy\" decoding=\"async\" width=\"1024\" height=\"768\" data-id=\"8829\" src=\"https:\/\/mariangorynia.pl\/wp-content\/uploads\/100_0928_1ff9bdc189-1024x768.jpg\" alt=\"\" class=\"wp-image-8829\" srcset=\"https:\/\/mariangorynia.pl\/wp-content\/uploads\/100_0928_1ff9bdc189-1024x768.jpg 1024w, https:\/\/mariangorynia.pl\/wp-content\/uploads\/100_0928_1ff9bdc189-300x225.jpg 300w, https:\/\/mariangorynia.pl\/wp-content\/uploads\/100_0928_1ff9bdc189-768x576.jpg 768w, https:\/\/mariangorynia.pl\/wp-content\/uploads\/100_0928_1ff9bdc189-1536x1152.jpg 1536w, https:\/\/mariangorynia.pl\/wp-content\/uploads\/100_0928_1ff9bdc189-2048x1536.jpg 2048w, https:\/\/mariangorynia.pl\/wp-content\/uploads\/100_0928_1ff9bdc189-360x270.jpg 360w\" sizes=\"(max-width: 1024px) 100vw, 1024px\" \/><\/figure>\n\n\n\n<figure class=\"wp-block-image size-large\"><img loading=\"lazy\" decoding=\"async\" width=\"1024\" height=\"768\" data-id=\"8828\" src=\"https:\/\/mariangorynia.pl\/wp-content\/uploads\/100_0904_97fb379d5d-1024x768.jpg\" alt=\"\" class=\"wp-image-8828\" srcset=\"https:\/\/mariangorynia.pl\/wp-content\/uploads\/100_0904_97fb379d5d-1024x768.jpg 1024w, https:\/\/mariangorynia.pl\/wp-content\/uploads\/100_0904_97fb379d5d-300x225.jpg 300w, https:\/\/mariangorynia.pl\/wp-content\/uploads\/100_0904_97fb379d5d-768x576.jpg 768w, https:\/\/mariangorynia.pl\/wp-content\/uploads\/100_0904_97fb379d5d-1536x1152.jpg 1536w, https:\/\/mariangorynia.pl\/wp-content\/uploads\/100_0904_97fb379d5d-2048x1536.jpg 2048w, https:\/\/mariangorynia.pl\/wp-content\/uploads\/100_0904_97fb379d5d-360x270.jpg 360w\" sizes=\"(max-width: 1024px) 100vw, 1024px\" \/><\/figure>\n<\/figure>\n\n\n\n<hr class=\"wp-block-separator has-alpha-channel-opacity\"\/>\n\n\n\n<h6 class=\"wp-block-heading\">26.06.2025 r.<\/h6>\n\n\n\n<h4 class=\"wp-block-heading\">Zgromadzenie Og\u00f3lne PAN 2025<\/h4>\n\n\n\n<figure class=\"wp-block-image size-full is-resized\"><img loading=\"lazy\" decoding=\"async\" width=\"1447\" height=\"746\" src=\"https:\/\/mariangorynia.pl\/wp-content\/uploads\/Zrzut-ekranu-2025-06-26-111100.jpg\" alt=\"\" class=\"wp-image-8817\" style=\"width:317px;height:auto\" srcset=\"https:\/\/mariangorynia.pl\/wp-content\/uploads\/Zrzut-ekranu-2025-06-26-111100.jpg 1447w, https:\/\/mariangorynia.pl\/wp-content\/uploads\/Zrzut-ekranu-2025-06-26-111100-300x155.jpg 300w, https:\/\/mariangorynia.pl\/wp-content\/uploads\/Zrzut-ekranu-2025-06-26-111100-1024x528.jpg 1024w, https:\/\/mariangorynia.pl\/wp-content\/uploads\/Zrzut-ekranu-2025-06-26-111100-768x396.jpg 768w, https:\/\/mariangorynia.pl\/wp-content\/uploads\/Zrzut-ekranu-2025-06-26-111100-360x186.jpg 360w\" sizes=\"(max-width: 1447px) 100vw, 1447px\" \/><\/figure>\n\n\n\n<p span=\"\" style=\"color: black\">W dniach 25-26 czerwca 2025 r odby\u0142o si\u0119 Zgromadzenie Og\u00f3lne Polskiej Akademii Nauk w przestrzeniach konferencyjnych PGE Narodowego w Warszawie.<\/p>\n\n\n\n<p span=\"\" style=\"color: black\">Wydarzenie zgromadzi\u0142o przedstawicieli \u015brodowiska naukowego z ca\u0142ej Polski, stwarzaj\u0105c wyj\u0105tkow\u0105 okazj\u0119 do wymiany do\u015bwiadcze\u0144, prezentacji aktualnych kierunk\u00f3w bada\u0144 oraz om\u00f3wienia wyzwa\u0144 stoj\u0105cych przed wsp\u00f3\u0142czesn\u0105 nauk\u0105. Spotkania odbywa\u0142y si\u0119 w nowoczesnym centrum konferencyjnym w Modu\u0142ach Wschodnich stadionu, zapewniaj\u0105c komfortowe warunki do obrad i dyskusji.<br>\nG\u0142\u00f3wne punkty obrad dotyczy\u0142y informacji na temat Ustawy o Polskiej Akademii Nauk oraz wybor\u00f3w nowych cz\u0142onk\u00f3w Akademii.<\/p>\n\n\n\n<figure class=\"wp-block-gallery has-nested-images columns-default is-cropped wp-block-gallery-10 is-layout-flex wp-block-gallery-is-layout-flex\">\n<figure class=\"wp-block-image size-large\"><img loading=\"lazy\" decoding=\"async\" width=\"1024\" height=\"577\" data-id=\"8820\" src=\"https:\/\/mariangorynia.pl\/wp-content\/uploads\/20250625_125744-min-1024x577.jpg\" alt=\"\" class=\"wp-image-8820\" srcset=\"https:\/\/mariangorynia.pl\/wp-content\/uploads\/20250625_125744-min-1024x577.jpg 1024w, https:\/\/mariangorynia.pl\/wp-content\/uploads\/20250625_125744-min-300x169.jpg 300w, https:\/\/mariangorynia.pl\/wp-content\/uploads\/20250625_125744-min-768x432.jpg 768w, https:\/\/mariangorynia.pl\/wp-content\/uploads\/20250625_125744-min-1536x865.jpg 1536w, https:\/\/mariangorynia.pl\/wp-content\/uploads\/20250625_125744-min-2048x1153.jpg 2048w, https:\/\/mariangorynia.pl\/wp-content\/uploads\/20250625_125744-min-360x203.jpg 360w\" sizes=\"(max-width: 1024px) 100vw, 1024px\" \/><\/figure>\n\n\n\n<figure class=\"wp-block-image size-large\"><img loading=\"lazy\" decoding=\"async\" width=\"1024\" height=\"577\" data-id=\"8819\" src=\"https:\/\/mariangorynia.pl\/wp-content\/uploads\/20250625_141756-min-1024x577.jpg\" alt=\"\" class=\"wp-image-8819\" srcset=\"https:\/\/mariangorynia.pl\/wp-content\/uploads\/20250625_141756-min-1024x577.jpg 1024w, https:\/\/mariangorynia.pl\/wp-content\/uploads\/20250625_141756-min-300x169.jpg 300w, https:\/\/mariangorynia.pl\/wp-content\/uploads\/20250625_141756-min-768x432.jpg 768w, https:\/\/mariangorynia.pl\/wp-content\/uploads\/20250625_141756-min-1536x865.jpg 1536w, https:\/\/mariangorynia.pl\/wp-content\/uploads\/20250625_141756-min-2048x1153.jpg 2048w, https:\/\/mariangorynia.pl\/wp-content\/uploads\/20250625_141756-min-360x203.jpg 360w\" sizes=\"(max-width: 1024px) 100vw, 1024px\" \/><\/figure>\n\n\n\n<figure class=\"wp-block-image size-large\"><img loading=\"lazy\" decoding=\"async\" width=\"1024\" height=\"577\" data-id=\"8818\" src=\"https:\/\/mariangorynia.pl\/wp-content\/uploads\/20250625_141747-min-1024x577.jpg\" alt=\"\" class=\"wp-image-8818\" srcset=\"https:\/\/mariangorynia.pl\/wp-content\/uploads\/20250625_141747-min-1024x577.jpg 1024w, https:\/\/mariangorynia.pl\/wp-content\/uploads\/20250625_141747-min-300x169.jpg 300w, https:\/\/mariangorynia.pl\/wp-content\/uploads\/20250625_141747-min-768x432.jpg 768w, https:\/\/mariangorynia.pl\/wp-content\/uploads\/20250625_141747-min-1536x865.jpg 1536w, https:\/\/mariangorynia.pl\/wp-content\/uploads\/20250625_141747-min-2048x1153.jpg 2048w, https:\/\/mariangorynia.pl\/wp-content\/uploads\/20250625_141747-min-360x203.jpg 360w\" sizes=\"(max-width: 1024px) 100vw, 1024px\" \/><\/figure>\n<\/figure>\n\n\n\n<hr class=\"wp-block-separator has-alpha-channel-opacity\"\/>\n\n\n\n<h6 class=\"wp-block-heading\">23.06.2025 r.<\/h6>\n\n\n\n<h4 class=\"wp-block-heading\">VII Mi\u0119dzynarodowa Konferencja Naukowa z cyklu: Rozw\u00f3j spo\u0142eczno-gospodarczy w teoriach ekonomicznych<\/h4>\n\n\n\n<figure class=\"wp-block-image size-full is-resized\"><img loading=\"lazy\" decoding=\"async\" width=\"286\" height=\"143\" src=\"https:\/\/mariangorynia.pl\/wp-content\/uploads\/Zrzut-ekranu-2025-06-24-103213.jpg\" alt=\"\" class=\"wp-image-8809\" style=\"width:317px;height:auto\"\/><\/figure>\n\n\n\n<p span=\"\" style=\"color: black\">W dniach 23-24 czerwca 2025 r odby\u0142a si\u0119 VII Mi\u0119dzynarodowa Konferencja Naukowa z cyklu: Rozw\u00f3j spo\u0142eczno-gospodarczy w teoriach ekonomicznych. Tegoroczna edycja odbywa\u0142a si\u0119 pod has\u0142em: &#8222;Od planu do rynku. 80 lat \u0142adu spo\u0142eczno-gospodarczego w Polsce&#8221;. Wydarzenie zosta\u0142o zorganizowane przez Wydzia\u0142 Ekonomii i Finans\u00f3w oraz Katedry Ekonomii Politycznej Uniwersytetu w Bia\u0142ymstoku.<\/p>\n\n\n\n<p span=\"\" style=\"color: black\">Konferencja zgromadzi\u0142a wybitnych przedstawicieli \u015brodowiska akademickiego z Polski i zagranicy, reprezentuj\u0105cych r\u00f3\u017cne o\u015brodki naukowe oraz dziedziny ekonomii, historii gospodarczej i nauk spo\u0142ecznych. Wydarzenie stanowi\u0142o platform\u0119 do interdyscyplinarnej refleksji nad przemianami ustrojowymi i gospodarczymi, jakie zasz\u0142y w Polsce od zako\u0144czenia II wojny \u015bwiatowej.<br>\nW ramach programu konferencji odby\u0142y si\u0119:<br>\n&#8211; dwie sesje plenarne, po\u015bwi\u0119cone ekonomicznym podstawom kszta\u0142towania \u0142adu spo\u0142eczno-gospodarczego oraz ewolucji systemu gospodarczego w Polsce,<br>\n&#8211; dziewi\u0119\u0107 sesji tematycznych, w tym m.in. dotycz\u0105cych bezpiecze\u0144stwa gospodarczego, instytucjonalnych \u017ar\u00f3de\u0142 przeobra\u017ce\u0144, finansowych fundament\u00f3w \u0142adu, rynku pracy oraz wyzwa\u0144 wsp\u00f3\u0142czesnej ekonomii,<br>\n&#8211; mi\u0119dzynarodowa sesja angloj\u0119zyczna, w kt\u00f3rej zaprezentowano do\u015bwiadczenia i analizy badaczy z r\u00f3\u017cnych kraj\u00f3w.<br>\nProf. dr hab. Marian Gorynia z Uniwersytetu Ekonomicznego w Poznaniu, w ramach sesji plenarnej przedstawi\u0142 referat wsp\u00f3\u0142tworzony z prof. Bogus\u0142awem Fiedorem pt. \u201ePrzyczynek do koncepcji globalnie zr\u00f3wnowa\u017conego rozwoju\u201d. Wyst\u0105pienie by\u0142o g\u0142osem w dyskusji nad rol\u0105 Polski w kontek\u015bcie globalnych wyzwa\u0144 rozwojowych i potrzeb\u0105 zintegrowanego podej\u015bcia do polityki gospodarczej.<br>\nKonferencja by\u0142a nie tylko okazj\u0105 do pog\u0142\u0119bienia wiedzy i wymiany do\u015bwiadcze\u0144, ale r\u00f3wnie\u017c do nawi\u0105zania warto\u015bciowych kontakt\u00f3w naukowych. <\/p>\n\n\n\n<p span=\"\" style=\"color: black\">Wi\u0119cej o wydarzeniu <a href=\"https:\/\/konferencjarsg.uwb.edu.pl\/\"><span style=\"color: blue\"><strong>[TUTAJ]<\/strong><\/a><br>\n<\/p>\n\n\n\n<figure class=\"wp-block-gallery has-nested-images columns-default is-cropped wp-block-gallery-11 is-layout-flex wp-block-gallery-is-layout-flex\">\n<figure class=\"wp-block-image size-large\"><img loading=\"lazy\" decoding=\"async\" width=\"675\" height=\"880\" data-id=\"8810\" src=\"https:\/\/mariangorynia.pl\/wp-content\/uploads\/Zrzut-ekranu-2025-06-24-102922.jpg\" alt=\"\" class=\"wp-image-8810\" srcset=\"https:\/\/mariangorynia.pl\/wp-content\/uploads\/Zrzut-ekranu-2025-06-24-102922.jpg 675w, https:\/\/mariangorynia.pl\/wp-content\/uploads\/Zrzut-ekranu-2025-06-24-102922-230x300.jpg 230w, https:\/\/mariangorynia.pl\/wp-content\/uploads\/Zrzut-ekranu-2025-06-24-102922-207x270.jpg 207w\" sizes=\"(max-width: 675px) 100vw, 675px\" \/><\/figure>\n\n\n\n<figure class=\"wp-block-image size-large\"><img loading=\"lazy\" decoding=\"async\" width=\"1024\" height=\"682\" data-id=\"8811\" src=\"https:\/\/mariangorynia.pl\/wp-content\/uploads\/DSC_7556-1024x682.jpg\" alt=\"\" class=\"wp-image-8811\" srcset=\"https:\/\/mariangorynia.pl\/wp-content\/uploads\/DSC_7556-1024x682.jpg 1024w, https:\/\/mariangorynia.pl\/wp-content\/uploads\/DSC_7556-300x200.jpg 300w, https:\/\/mariangorynia.pl\/wp-content\/uploads\/DSC_7556-768x511.jpg 768w, https:\/\/mariangorynia.pl\/wp-content\/uploads\/DSC_7556-1536x1022.jpg 1536w, https:\/\/mariangorynia.pl\/wp-content\/uploads\/DSC_7556-360x240.jpg 360w, https:\/\/mariangorynia.pl\/wp-content\/uploads\/DSC_7556.jpg 2048w\" sizes=\"(max-width: 1024px) 100vw, 1024px\" \/><\/figure>\n\n\n\n<figure class=\"wp-block-image size-large\"><img loading=\"lazy\" decoding=\"async\" width=\"1024\" height=\"682\" data-id=\"8813\" src=\"https:\/\/mariangorynia.pl\/wp-content\/uploads\/DSC_6678-1024x682.jpg\" alt=\"\" class=\"wp-image-8813\" srcset=\"https:\/\/mariangorynia.pl\/wp-content\/uploads\/DSC_6678-1024x682.jpg 1024w, https:\/\/mariangorynia.pl\/wp-content\/uploads\/DSC_6678-300x200.jpg 300w, https:\/\/mariangorynia.pl\/wp-content\/uploads\/DSC_6678-768x511.jpg 768w, https:\/\/mariangorynia.pl\/wp-content\/uploads\/DSC_6678-1536x1022.jpg 1536w, https:\/\/mariangorynia.pl\/wp-content\/uploads\/DSC_6678-360x240.jpg 360w, https:\/\/mariangorynia.pl\/wp-content\/uploads\/DSC_6678.jpg 2048w\" sizes=\"(max-width: 1024px) 100vw, 1024px\" \/><\/figure>\n\n\n\n<figure class=\"wp-block-image size-large\"><img loading=\"lazy\" decoding=\"async\" width=\"1024\" height=\"682\" data-id=\"8812\" src=\"https:\/\/mariangorynia.pl\/wp-content\/uploads\/DSC_6425-1024x682.jpg\" alt=\"\" class=\"wp-image-8812\" srcset=\"https:\/\/mariangorynia.pl\/wp-content\/uploads\/DSC_6425-1024x682.jpg 1024w, https:\/\/mariangorynia.pl\/wp-content\/uploads\/DSC_6425-300x200.jpg 300w, https:\/\/mariangorynia.pl\/wp-content\/uploads\/DSC_6425-768x511.jpg 768w, https:\/\/mariangorynia.pl\/wp-content\/uploads\/DSC_6425-1536x1022.jpg 1536w, https:\/\/mariangorynia.pl\/wp-content\/uploads\/DSC_6425-360x240.jpg 360w, https:\/\/mariangorynia.pl\/wp-content\/uploads\/DSC_6425.jpg 2048w\" sizes=\"(max-width: 1024px) 100vw, 1024px\" \/><\/figure>\n\n\n\n<figure class=\"wp-block-image size-large\"><img loading=\"lazy\" decoding=\"async\" width=\"1024\" height=\"681\" data-id=\"8822\" src=\"https:\/\/mariangorynia.pl\/wp-content\/uploads\/vii_edycja_konferencji_rsg_204.jpg\" alt=\"\" class=\"wp-image-8822\" srcset=\"https:\/\/mariangorynia.pl\/wp-content\/uploads\/vii_edycja_konferencji_rsg_204.jpg 1024w, https:\/\/mariangorynia.pl\/wp-content\/uploads\/vii_edycja_konferencji_rsg_204-300x200.jpg 300w, https:\/\/mariangorynia.pl\/wp-content\/uploads\/vii_edycja_konferencji_rsg_204-768x511.jpg 768w, https:\/\/mariangorynia.pl\/wp-content\/uploads\/vii_edycja_konferencji_rsg_204-360x239.jpg 360w\" sizes=\"(max-width: 1024px) 100vw, 1024px\" \/><\/figure>\n<\/figure>\n\n\n\n<hr class=\"wp-block-separator has-alpha-channel-opacity\"\/>\n\n\n\n<h6 class=\"wp-block-heading\">16.06.2025 r.<\/h6>\n\n\n\n<h4 class=\"wp-block-heading\">Konferencja RDN oraz SGH<\/h4>\n\n\n\n<figure class=\"wp-block-image size-full is-resized\"><img loading=\"lazy\" decoding=\"async\" width=\"405\" height=\"110\" src=\"https:\/\/mariangorynia.pl\/wp-content\/uploads\/rdn_logo.jpg\" alt=\"\" class=\"wp-image-8633\" style=\"width:317px;height:auto\" srcset=\"https:\/\/mariangorynia.pl\/wp-content\/uploads\/rdn_logo.jpg 405w, https:\/\/mariangorynia.pl\/wp-content\/uploads\/rdn_logo-300x81.jpg 300w, https:\/\/mariangorynia.pl\/wp-content\/uploads\/rdn_logo-360x98.jpg 360w\" sizes=\"(max-width: 405px) 100vw, 405px\" \/><\/figure>\n\n\n\n<figure class=\"wp-block-image size-full is-resized\"><img loading=\"lazy\" decoding=\"async\" width=\"193\" height=\"79\" src=\"https:\/\/mariangorynia.pl\/wp-content\/uploads\/Zrzut-ekranu-2025-06-18-104144.jpg\" alt=\"\" class=\"wp-image-8803\" style=\"width:163px;height:auto\"\/><\/figure>\n\n\n\n<p span=\"\" style=\"color: black\">W dniu 16 czerwca 2025 r odby\u0142a si\u0119 konferencja naukowa pt. \u201ePost\u0119powania awansowe w \u015bwietle dotychczasowych do\u015bwiadcze\u0144. Praktyka organ\u00f3w I i II instancji\u201d, zorganizowana przez Rad\u0119 Doskona\u0142o\u015bci Naukowej we wsp\u00f3\u0142pracy ze Szko\u0142\u0105 G\u0142\u00f3wn\u0105 Handlow\u0105 w Warszawie.<\/p>\n\n\n\n<p span=\"\" style=\"color: black\">Wydarzenie zgromadzi\u0142o przedstawicieli \u015brodowiska akademickiego oraz cz\u0142onk\u00f3w organ\u00f3w odpowiedzialnych za prowadzenie post\u0119powa\u0144 awansowych w nauce. Celem konferencji by\u0142a wymiana do\u015bwiadcze\u0144 oraz om\u00f3wienie wyzwa\u0144 i dobrych praktyk zwi\u0105zanych z procedurami awansowymi w polskim systemie szkolnictwa wy\u017cszego i nauki.<br>\nW ramach konferencji wyg\u0142oszono szereg referat\u00f3w dotycz\u0105cych m.in. funkcjonowania Rad Dyscyplin Naukowych, roli Centralnej Komisji i Rady Doskona\u0142o\u015bci Naukowej, a tak\u017ce praktycznych aspekt\u00f3w oceny dorobku naukowego kandydat\u00f3w.<br>\nKonferencj\u0119 otworzy\u0142 Rektor Szko\u0142y G\u0142\u00f3wnej Handlowej w Warszawie, Pan dr hab. Piotr Wachowiak, prof. SGH. Prelegentami byli: Pan prof. dr hab. Bronis\u0142aw Sitek \u2013 Przewodnicz\u0105cy RDN, Pan prof. dr hab. Marian Gorynia &#8211; Zast\u0119pca Przewodnicz\u0105cego RDN, Pan prof. dr hab. Grzegorz W\u0119grzyn \u2013 Zast\u0119pca Przewodnicz\u0105cego RDN, Pan prof. dr hab. Mansur Rahnama-Hezavah &#8211; Sekretarz RDN, Pan dr Jerzy Deneka \u2013 Dyrektor Biura RDN oraz Pan Artur Wo\u017aniak \u2013 Kierownik Dzia\u0142u Prawnego i Rozwoju Kadr Naukowych Biura RDN.<\/p>\n\n\n\n<p span=\"\" style=\"color: black\">Wi\u0119cej o wydarzeniu <a href=\"https:\/\/gazeta.sgh.waw.pl\/relacje-z-konferencji\/postepowania-awansowe-w-swietle-dotychczasowych-doswiadczen-praktyka-organow\"><span style=\"color: blue\"><strong>[TUTAJ]<\/strong><\/a><br>\n<\/p>\n\n\n\n<figure class=\"wp-block-gallery has-nested-images columns-default is-cropped wp-block-gallery-12 is-layout-flex wp-block-gallery-is-layout-flex\">\n<figure class=\"wp-block-image size-large\"><img loading=\"lazy\" decoding=\"async\" width=\"1024\" height=\"768\" data-id=\"8804\" src=\"https:\/\/mariangorynia.pl\/wp-content\/uploads\/504209463_122174812658542221_7985066404483430274_n-1024x768.jpg\" alt=\"\" class=\"wp-image-8804\" srcset=\"https:\/\/mariangorynia.pl\/wp-content\/uploads\/504209463_122174812658542221_7985066404483430274_n-1024x768.jpg 1024w, https:\/\/mariangorynia.pl\/wp-content\/uploads\/504209463_122174812658542221_7985066404483430274_n-300x225.jpg 300w, https:\/\/mariangorynia.pl\/wp-content\/uploads\/504209463_122174812658542221_7985066404483430274_n-768x576.jpg 768w, https:\/\/mariangorynia.pl\/wp-content\/uploads\/504209463_122174812658542221_7985066404483430274_n-1536x1152.jpg 1536w, https:\/\/mariangorynia.pl\/wp-content\/uploads\/504209463_122174812658542221_7985066404483430274_n-360x270.jpg 360w, https:\/\/mariangorynia.pl\/wp-content\/uploads\/504209463_122174812658542221_7985066404483430274_n.jpg 2048w\" sizes=\"(max-width: 1024px) 100vw, 1024px\" \/><\/figure>\n\n\n\n<figure class=\"wp-block-image size-large\"><img loading=\"lazy\" decoding=\"async\" width=\"1024\" height=\"768\" data-id=\"8805\" src=\"https:\/\/mariangorynia.pl\/wp-content\/uploads\/IMG-20250616-WA0007-1024x768.jpg\" alt=\"\" class=\"wp-image-8805\" srcset=\"https:\/\/mariangorynia.pl\/wp-content\/uploads\/IMG-20250616-WA0007-1024x768.jpg 1024w, https:\/\/mariangorynia.pl\/wp-content\/uploads\/IMG-20250616-WA0007-300x225.jpg 300w, https:\/\/mariangorynia.pl\/wp-content\/uploads\/IMG-20250616-WA0007-768x576.jpg 768w, https:\/\/mariangorynia.pl\/wp-content\/uploads\/IMG-20250616-WA0007-1536x1152.jpg 1536w, https:\/\/mariangorynia.pl\/wp-content\/uploads\/IMG-20250616-WA0007-360x270.jpg 360w, https:\/\/mariangorynia.pl\/wp-content\/uploads\/IMG-20250616-WA0007.jpg 1600w\" sizes=\"(max-width: 1024px) 100vw, 1024px\" \/><\/figure>\n\n\n\n<figure class=\"wp-block-image size-large\"><img loading=\"lazy\" decoding=\"async\" width=\"1024\" height=\"768\" data-id=\"8806\" src=\"https:\/\/mariangorynia.pl\/wp-content\/uploads\/IMG-20250616-WA0021-1024x768.jpg\" alt=\"\" class=\"wp-image-8806\" srcset=\"https:\/\/mariangorynia.pl\/wp-content\/uploads\/IMG-20250616-WA0021-1024x768.jpg 1024w, https:\/\/mariangorynia.pl\/wp-content\/uploads\/IMG-20250616-WA0021-300x225.jpg 300w, https:\/\/mariangorynia.pl\/wp-content\/uploads\/IMG-20250616-WA0021-768x576.jpg 768w, https:\/\/mariangorynia.pl\/wp-content\/uploads\/IMG-20250616-WA0021-1536x1152.jpg 1536w, https:\/\/mariangorynia.pl\/wp-content\/uploads\/IMG-20250616-WA0021-360x270.jpg 360w, https:\/\/mariangorynia.pl\/wp-content\/uploads\/IMG-20250616-WA0021.jpg 2000w\" sizes=\"(max-width: 1024px) 100vw, 1024px\" \/><\/figure>\n<\/figure>\n\n\n\n<hr class=\"wp-block-separator has-alpha-channel-opacity\"\/>\n\n\n\n<h6 class=\"wp-block-heading\">11.06.2025 r.<\/h6>\n\n\n\n<h4 class=\"wp-block-heading\">107. Sesja Zgromadzenia Og\u00f3lnego Oddzia\u0142u PAN<\/h4>\n\n\n\n<figure class=\"wp-block-image size-full is-resized\"><img loading=\"lazy\" decoding=\"async\" width=\"328\" height=\"141\" src=\"https:\/\/mariangorynia.pl\/wp-content\/uploads\/Zrzut-ekranu-2025-06-17-133437.jpg\" alt=\"\" class=\"wp-image-8798\" style=\"width:317px;height:auto\" srcset=\"https:\/\/mariangorynia.pl\/wp-content\/uploads\/Zrzut-ekranu-2025-06-17-133437.jpg 328w, https:\/\/mariangorynia.pl\/wp-content\/uploads\/Zrzut-ekranu-2025-06-17-133437-300x129.jpg 300w\" sizes=\"(max-width: 328px) 100vw, 328px\" \/><\/figure>\n\n\n\n<p span=\"\" style=\"color: black\">W dniu 11 czerwca 2025 r odby\u0142a si\u0119 107. Sesja Zgromadzenia Og\u00f3lnego Oddzia\u0142u PAN. Jest to wydarzenie, kt\u00f3re od lat stanowi wa\u017cny punkt odniesienia dla \u015brodowiska naukowego regionu. W\u015br\u00f3d uczestnik\u00f3w by\u0142 prof. Marian Gorynia.<\/p>\n\n\n\n<p span=\"\" style=\"color: black\">Pierwsza, otwarta cz\u0119\u015b\u0107 sesji po\u015bwi\u0119cona by\u0142a laureatom XIII edycji konkursu na najlepsz\u0105 oryginaln\u0105 prac\u0119 tw\u00f3rcz\u0105 doktoranta, opublikowan\u0105 w roku poprzednim. Konkurs ten, organizowany cyklicznie przez PAN, ma na celu promowanie wybitnych osi\u0105gni\u0119\u0107 m\u0142odych badaczy oraz wspieranie ich dalszego rozwoju naukowego.<br>Po uroczystym wr\u0119czeniu dyplom\u00f3w, laureaci mieli okazj\u0119 zaprezentowa\u0107 swoje prace w formie kr\u00f3tkich, pi\u0119ciominutowych wyst\u0105pie\u0144. Szczeg\u00f3lne uznanie nale\u017c\u0105 si\u0119 m.in.:<br>\n&#8211; Dr hab. Ewie B\u0105czyk-Ba\u0142dydze za monografi\u0119 pt. \u201eWielowymiarowa analiza danych z wykorzystaniem metod statystycznych i sztucznej inteligencji\u201d,<br>\n&#8211; Dr hab. Piotrowi Banaszykowi za cykl publikacji dotycz\u0105cych zarz\u0105dzania ryzykiem operacyjnym,<br>\n&#8211; Mgr in\u017c. Hannie Cholewi\u0144skiej za prac\u0119 nt. wp\u0142ywu warunk\u00f3w atmosferycznych na jako\u015b\u0107 powietrza.<br>\nW kategorii m\u0142odych badaczy wyr\u00f3\u017cniono m.in. Mgr Ann\u0119 Kowalsk\u0105 i Mgr Jana Nowaka za nowoczesne podej\u015bcia do analizy danych biologicznych i innowacje w przemy\u015ble chemicznym.<br>\nW drugiej cz\u0119\u015bci sesji prof. Jerzy Kaczorowski, Prezes Oddzia\u0142u PAN w Poznaniu, przedstawi\u0142 szczeg\u00f3\u0142owe sprawozdanie z dzia\u0142alno\u015bci Oddzia\u0142u w pierwszym p\u00f3\u0142roczu 2025 roku. Om\u00f3wi\u0142 najwa\u017cniejsze inicjatywy, projekty badawcze oraz dzia\u0142ania popularyzuj\u0105ce nauk\u0119. Zaprezentowany zosta\u0142 r\u00f3wnie\u017c plan pracy na drug\u0105 po\u0142ow\u0119 roku, obejmuj\u0105cy m.in. kolejne sesje naukowe, wsp\u00f3\u0142prac\u0119 z instytucjami edukacyjnymi oraz wsparcie dla m\u0142odych naukowc\u00f3w.<\/p>\n\n\n\n<p span=\"\" style=\"color: black\">Wi\u0119cej o wydarzeniu <a href=\"https:\/\/poznan.pan.pl\/\"><span style=\"color: blue\"><strong>[TUTAJ]<\/strong><\/a><br>\n<\/p>\n\n\n\n<figure class=\"wp-block-gallery has-nested-images columns-default is-cropped wp-block-gallery-13 is-layout-flex wp-block-gallery-is-layout-flex\">\n<figure class=\"wp-block-image size-large\"><img loading=\"lazy\" decoding=\"async\" width=\"1024\" height=\"577\" data-id=\"8799\" src=\"https:\/\/mariangorynia.pl\/wp-content\/uploads\/20250611_110559-1024x577.jpg\" alt=\"\" class=\"wp-image-8799\" srcset=\"https:\/\/mariangorynia.pl\/wp-content\/uploads\/20250611_110559-1024x577.jpg 1024w, https:\/\/mariangorynia.pl\/wp-content\/uploads\/20250611_110559-300x169.jpg 300w, https:\/\/mariangorynia.pl\/wp-content\/uploads\/20250611_110559-768x432.jpg 768w, https:\/\/mariangorynia.pl\/wp-content\/uploads\/20250611_110559-1536x865.jpg 1536w, https:\/\/mariangorynia.pl\/wp-content\/uploads\/20250611_110559-2048x1153.jpg 2048w, https:\/\/mariangorynia.pl\/wp-content\/uploads\/20250611_110559-360x203.jpg 360w\" sizes=\"(max-width: 1024px) 100vw, 1024px\" \/><\/figure>\n\n\n\n<figure class=\"wp-block-image size-large\"><img loading=\"lazy\" decoding=\"async\" width=\"724\" height=\"1024\" data-id=\"8800\" src=\"https:\/\/mariangorynia.pl\/wp-content\/uploads\/plakat25-A4-724x1024-1.jpg\" alt=\"\" class=\"wp-image-8800\" srcset=\"https:\/\/mariangorynia.pl\/wp-content\/uploads\/plakat25-A4-724x1024-1.jpg 724w, https:\/\/mariangorynia.pl\/wp-content\/uploads\/plakat25-A4-724x1024-1-212x300.jpg 212w, https:\/\/mariangorynia.pl\/wp-content\/uploads\/plakat25-A4-724x1024-1-191x270.jpg 191w\" sizes=\"(max-width: 724px) 100vw, 724px\" \/><\/figure>\n<\/figure>\n\n\n\n<hr class=\"wp-block-separator has-alpha-channel-opacity\"\/>\n\n\n\n<h6 class=\"wp-block-heading\">9.06.2025 r.<\/h6>\n\n\n\n<h4 class=\"wp-block-heading\">32 lata Wielkopolskiego Klubu Kapita\u0142u<\/h4>\n\n\n\n<figure class=\"wp-block-image size-full is-resized\"><img loading=\"lazy\" decoding=\"async\" width=\"355\" height=\"115\" src=\"https:\/\/mariangorynia.pl\/wp-content\/uploads\/Zrzut-ekranu-2025-06-12-083338.jpg\" alt=\"\" class=\"wp-image-8782\" style=\"width:388px;height:auto\" srcset=\"https:\/\/mariangorynia.pl\/wp-content\/uploads\/Zrzut-ekranu-2025-06-12-083338.jpg 355w, https:\/\/mariangorynia.pl\/wp-content\/uploads\/Zrzut-ekranu-2025-06-12-083338-300x97.jpg 300w\" sizes=\"(max-width: 355px) 100vw, 355px\" \/><\/figure>\n\n\n\n<p span=\"\" style=\"color: black\">W dniu 9 czerwca 2025 r odby\u0142 si\u0119 jubileusz 32-lecia Wielkopolskiego Klubu Kapita\u0142u. Uroczysto\u015b\u0107 odby\u0142a si\u0119 w Restauracji Port So\u0142acz w Poznaniu i zgromadzi\u0142a wielu znakomitych przedstawicieli \u015bwiata biznesu, nauki i samorz\u0105du. W\u015br\u00f3d zaproszonych go\u015bci by\u0142 prof. Marian Gorynia.<\/p>\n\n\n\n<p span=\"\" style=\"color: black\">Wielkopolski Klub Kapita\u0142u to presti\u017cowe stowarzyszenie, kt\u00f3re od ponad trzech dekad integruje \u015brodowisko przedsi\u0119biorc\u00f3w, promuj\u0105c warto\u015bci takie jak etyka w biznesie, odpowiedzialno\u015b\u0107 spo\u0142eczna oraz rozw\u00f3j regionalny. Jubileusz by\u0142 nie tylko okazj\u0105 do \u015bwi\u0119towania, ale r\u00f3wnie\u017c do refleksji nad drog\u0105, jak\u0105 Klub przeszed\u0142 od momentu powstania, oraz nad jego wp\u0142ywem na rozw\u00f3j gospodarczy Wielkopolski.<br>\nPodczas wydarzenia nie zabrak\u0142o przem\u00f3wie\u0144, wspomnie\u0144 z minionych lat, a tak\u017ce okazji do nawi\u0105zania nowych kontakt\u00f3w i wymiany do\u015bwiadcze\u0144. Szczeg\u00f3lne podzi\u0119kowania nale\u017c\u0105 si\u0119 organizatorom za stworzenie atmosfery sprzyjaj\u0105cej dialogowi i wsp\u00f3\u0142pracy.<\/p>\n\n\n\n<p span=\"\" style=\"color: black\">Wi\u0119cej o wydarzeniu <a href=\"https:\/\/pl.linkedin.com\/posts\/wielkopolski-klub-kapita%C5%82u_%C5%9Bwi%C4%99tujemy-32-lata-wielkopolskiego-klubu-activity-7338547667150516224-TC6s\"><span style=\"color: blue\"><strong>[TUTAJ]<\/strong><\/a><br>\n<p span=\"\" style=\"color: black\">Strona Wielkopolskiego Klubu Kapita\u0142u <a href=\"https:\/\/wkk.poznan.pl\/\"><span style=\"color: blue\"><strong>[TUTAJ]<\/strong><\/a><br>\n<\/p>\n\n\n\n<figure class=\"wp-block-gallery has-nested-images columns-default is-cropped wp-block-gallery-14 is-layout-flex wp-block-gallery-is-layout-flex\">\n<figure class=\"wp-block-image size-large\"><img loading=\"lazy\" decoding=\"async\" width=\"1024\" height=\"577\" data-id=\"8784\" src=\"https:\/\/mariangorynia.pl\/wp-content\/uploads\/20250609_184210-min-1024x577.jpg\" alt=\"\" class=\"wp-image-8784\" srcset=\"https:\/\/mariangorynia.pl\/wp-content\/uploads\/20250609_184210-min-1024x577.jpg 1024w, https:\/\/mariangorynia.pl\/wp-content\/uploads\/20250609_184210-min-300x169.jpg 300w, https:\/\/mariangorynia.pl\/wp-content\/uploads\/20250609_184210-min-768x432.jpg 768w, https:\/\/mariangorynia.pl\/wp-content\/uploads\/20250609_184210-min-1536x865.jpg 1536w, https:\/\/mariangorynia.pl\/wp-content\/uploads\/20250609_184210-min-2048x1153.jpg 2048w, https:\/\/mariangorynia.pl\/wp-content\/uploads\/20250609_184210-min-360x203.jpg 360w\" sizes=\"(max-width: 1024px) 100vw, 1024px\" \/><\/figure>\n\n\n\n<figure class=\"wp-block-image size-large\"><img loading=\"lazy\" decoding=\"async\" width=\"1024\" height=\"577\" data-id=\"8783\" src=\"https:\/\/mariangorynia.pl\/wp-content\/uploads\/20250609_184204-min-1024x577.jpg\" alt=\"\" class=\"wp-image-8783\" srcset=\"https:\/\/mariangorynia.pl\/wp-content\/uploads\/20250609_184204-min-1024x577.jpg 1024w, https:\/\/mariangorynia.pl\/wp-content\/uploads\/20250609_184204-min-300x169.jpg 300w, https:\/\/mariangorynia.pl\/wp-content\/uploads\/20250609_184204-min-768x432.jpg 768w, https:\/\/mariangorynia.pl\/wp-content\/uploads\/20250609_184204-min-1536x865.jpg 1536w, https:\/\/mariangorynia.pl\/wp-content\/uploads\/20250609_184204-min-2048x1153.jpg 2048w, https:\/\/mariangorynia.pl\/wp-content\/uploads\/20250609_184204-min-360x203.jpg 360w\" sizes=\"(max-width: 1024px) 100vw, 1024px\" \/><\/figure>\n\n\n\n<figure class=\"wp-block-image size-large\"><img loading=\"lazy\" decoding=\"async\" width=\"1024\" height=\"577\" data-id=\"8787\" src=\"https:\/\/mariangorynia.pl\/wp-content\/uploads\/20250609_192911-min-1024x577.jpg\" alt=\"\" class=\"wp-image-8787\" srcset=\"https:\/\/mariangorynia.pl\/wp-content\/uploads\/20250609_192911-min-1024x577.jpg 1024w, https:\/\/mariangorynia.pl\/wp-content\/uploads\/20250609_192911-min-300x169.jpg 300w, https:\/\/mariangorynia.pl\/wp-content\/uploads\/20250609_192911-min-768x432.jpg 768w, https:\/\/mariangorynia.pl\/wp-content\/uploads\/20250609_192911-min-1536x865.jpg 1536w, https:\/\/mariangorynia.pl\/wp-content\/uploads\/20250609_192911-min-2048x1153.jpg 2048w, https:\/\/mariangorynia.pl\/wp-content\/uploads\/20250609_192911-min-360x203.jpg 360w\" sizes=\"(max-width: 1024px) 100vw, 1024px\" \/><\/figure>\n\n\n\n<figure class=\"wp-block-image size-large\"><img loading=\"lazy\" decoding=\"async\" width=\"1024\" height=\"577\" data-id=\"8785\" src=\"https:\/\/mariangorynia.pl\/wp-content\/uploads\/20250609_184630-min-1024x577.jpg\" alt=\"\" class=\"wp-image-8785\" srcset=\"https:\/\/mariangorynia.pl\/wp-content\/uploads\/20250609_184630-min-1024x577.jpg 1024w, https:\/\/mariangorynia.pl\/wp-content\/uploads\/20250609_184630-min-300x169.jpg 300w, https:\/\/mariangorynia.pl\/wp-content\/uploads\/20250609_184630-min-768x432.jpg 768w, https:\/\/mariangorynia.pl\/wp-content\/uploads\/20250609_184630-min-1536x865.jpg 1536w, https:\/\/mariangorynia.pl\/wp-content\/uploads\/20250609_184630-min-2048x1153.jpg 2048w, https:\/\/mariangorynia.pl\/wp-content\/uploads\/20250609_184630-min-360x203.jpg 360w\" sizes=\"(max-width: 1024px) 100vw, 1024px\" \/><\/figure>\n\n\n\n<figure class=\"wp-block-image size-large\"><img loading=\"lazy\" decoding=\"async\" width=\"577\" height=\"1024\" data-id=\"8786\" src=\"https:\/\/mariangorynia.pl\/wp-content\/uploads\/20250609_184618-min-577x1024.jpg\" alt=\"\" class=\"wp-image-8786\" srcset=\"https:\/\/mariangorynia.pl\/wp-content\/uploads\/20250609_184618-min-577x1024.jpg 577w, https:\/\/mariangorynia.pl\/wp-content\/uploads\/20250609_184618-min-169x300.jpg 169w, https:\/\/mariangorynia.pl\/wp-content\/uploads\/20250609_184618-min-768x1364.jpg 768w, https:\/\/mariangorynia.pl\/wp-content\/uploads\/20250609_184618-min-865x1536.jpg 865w, https:\/\/mariangorynia.pl\/wp-content\/uploads\/20250609_184618-min-1153x2048.jpg 1153w, https:\/\/mariangorynia.pl\/wp-content\/uploads\/20250609_184618-min-152x270.jpg 152w, https:\/\/mariangorynia.pl\/wp-content\/uploads\/20250609_184618-min-scaled.jpg 1441w\" sizes=\"(max-width: 577px) 100vw, 577px\" \/><\/figure>\n<\/figure>\n\n\n\n<hr class=\"wp-block-separator has-alpha-channel-opacity\"\/>\n\n\n\n<h6 class=\"wp-block-heading\">5.06.2025 r.<\/h6>\n\n\n\n<h4 class=\"wp-block-heading\">Fina\u0142 konkursu \u201eEkonomia w praktyce \u2013 Tw\u00f3j pomys\u0142 na sukces!\u201d<\/h4>\n\n\n\n<figure class=\"wp-block-image size-full is-resized\"><img loading=\"lazy\" decoding=\"async\" width=\"402\" height=\"124\" src=\"https:\/\/mariangorynia.pl\/wp-content\/uploads\/Przechwytywanie-9.jpg\" alt=\"\" class=\"wp-image-8765\" style=\"width:388px;height:auto\" srcset=\"https:\/\/mariangorynia.pl\/wp-content\/uploads\/Przechwytywanie-9.jpg 402w, https:\/\/mariangorynia.pl\/wp-content\/uploads\/Przechwytywanie-9-300x93.jpg 300w, https:\/\/mariangorynia.pl\/wp-content\/uploads\/Przechwytywanie-9-360x111.jpg 360w\" sizes=\"(max-width: 402px) 100vw, 402px\" \/><\/figure>\n\n\n\n<p span=\"\" style=\"color: black\">W dniu 5 czerwca 2025 r. w siedzibie Polskiego Towarzystwa Ekonomicznego w Warszawie odby\u0142 si\u0119 fina\u0142 og\u00f3lnopolski konkursu \u201eEkonomia w praktyce \u2013 Tw\u00f3j pomys\u0142 na sukces!\u201d. Wydarzenie to by\u0142o zwie\u0144czeniem kilkuetapowego procesu selekcji, w kt\u00f3rym udzia\u0142 wzi\u0119\u0142o ponad 80 uczni\u00f3w szk\u00f3\u0142 ponadpodstawowych z ca\u0142ej Polski.<\/p>\n\n\n\n<p span=\"\" style=\"color: black\">Do \u015bcis\u0142ego fina\u0142u zakwalifikowa\u0142o si\u0119 dziesi\u0119cioro uczestnik\u00f3w, kt\u00f3rych projekty wyr\u00f3\u017cnia\u0142y si\u0119 innowacyjno\u015bci\u0105, dojrza\u0142o\u015bci\u0105 ekonomiczn\u0105 oraz praktycznym podej\u015bciem do rozwi\u0105zywania realnych problem\u00f3w spo\u0142eczno-gospodarczych. Finali\u015bci zaprezentowali swoje pomys\u0142y przed Kapitu\u0142\u0105 Konkursow\u0105, sk\u0142adaj\u0105c\u0105 si\u0119 z przedstawicieli \u015brodowiska akademickiego, praktyk\u00f3w biznesu oraz ekspert\u00f3w PTE.<br>\nLaureaci konkursu:<br>\n\ud83e\udd47 I miejsce \u2013 Agata Kolanowska (Zesp\u00f3\u0142 Szk\u00f3\u0142 Ekonomicznych w Radomiu)<br>\nProjekt: Innowacyjne studio ta\u0144ca jako przestrze\u0144 rozwoju lokalnej spo\u0142eczno\u015bci<br>\n\ud83e\udd48 II miejsce \u2013 Wiktoria Miszewska (Technikum nr 2 w Chojnicach)<br>\nProjekt: Platforma ESG wspierana przez sztuczn\u0105 inteligencj\u0119<br>\n\ud83e\udd49 III miejsce \u2013 Blanka Hardek (II Liceum Og\u00f3lnokszta\u0142c\u0105ce w Koninie)<br>\nProjekt: Nowy model finansowania klub\u00f3w sportowych<br>\nWszyscy finali\u015bci otrzymali pami\u0105tkowe dyplomy, nagrody rzeczowe oraz publikacje Polskiego Towarzystwa Ekonomicznego z r\u0105k prezesa PTE prof. Mariana Goryni oraz przedstawiciela firmy Biofarm, kt\u00f3ry by\u0142 partnerem konkursu. Uroczysto\u015b\u0107 wr\u0119czenia nagr\u00f3d by\u0142a r\u00f3wnie\u017c okazj\u0105 do wymiany do\u015bwiadcze\u0144, nawi\u0105zania kontakt\u00f3w oraz inspiruj\u0105cych rozm\u00f3w o przysz\u0142o\u015bci ekonomii i przedsi\u0119biorczo\u015bci w Polsce.<\/p>\n\n\n\n<p span=\"\" style=\"color: black\">Wi\u0119cej o wydarzeniu <a href=\"https:\/\/pte.pl\/aktualnosci\/posty\/final-konkursu-ekonomia-w-praktyce-twoj-pomysl-na-sukces-rozstrzygniety\"><span style=\"color: blue\"><strong>[TUTAJ]<\/strong><\/a><br>\n<p span=\"\" style=\"color: black\">Strona konkursu <a href=\"https:\/\/konkurs.pte.pl\/2025\/06\/06\/znamy-zwyciezcow-finalu-konkursu-ekonomia-w-praktyce\/\"><span style=\"color: blue\"><strong>[TUTAJ]<\/strong><\/a><br>\n<\/p>\n\n\n\n<figure class=\"wp-block-gallery has-nested-images columns-default is-cropped wp-block-gallery-15 is-layout-flex wp-block-gallery-is-layout-flex\">\n<figure class=\"wp-block-image size-large\"><img loading=\"lazy\" decoding=\"async\" width=\"1024\" height=\"768\" data-id=\"8768\" src=\"https:\/\/mariangorynia.pl\/wp-content\/uploads\/1_6_73472397d0-1024x768.jpg\" alt=\"\" class=\"wp-image-8768\" srcset=\"https:\/\/mariangorynia.pl\/wp-content\/uploads\/1_6_73472397d0-1024x768.jpg 1024w, https:\/\/mariangorynia.pl\/wp-content\/uploads\/1_6_73472397d0-300x225.jpg 300w, https:\/\/mariangorynia.pl\/wp-content\/uploads\/1_6_73472397d0-768x576.jpg 768w, https:\/\/mariangorynia.pl\/wp-content\/uploads\/1_6_73472397d0-1536x1152.jpg 1536w, https:\/\/mariangorynia.pl\/wp-content\/uploads\/1_6_73472397d0-2048x1536.jpg 2048w, https:\/\/mariangorynia.pl\/wp-content\/uploads\/1_6_73472397d0-360x270.jpg 360w\" sizes=\"(max-width: 1024px) 100vw, 1024px\" \/><\/figure>\n\n\n\n<figure class=\"wp-block-image size-large\"><img loading=\"lazy\" decoding=\"async\" width=\"1024\" height=\"768\" data-id=\"8767\" src=\"https:\/\/mariangorynia.pl\/wp-content\/uploads\/IMG_6109_febf9a77e2-1024x768.jpg\" alt=\"\" class=\"wp-image-8767\" srcset=\"https:\/\/mariangorynia.pl\/wp-content\/uploads\/IMG_6109_febf9a77e2-1024x768.jpg 1024w, https:\/\/mariangorynia.pl\/wp-content\/uploads\/IMG_6109_febf9a77e2-300x225.jpg 300w, https:\/\/mariangorynia.pl\/wp-content\/uploads\/IMG_6109_febf9a77e2-768x576.jpg 768w, https:\/\/mariangorynia.pl\/wp-content\/uploads\/IMG_6109_febf9a77e2-1536x1152.jpg 1536w, https:\/\/mariangorynia.pl\/wp-content\/uploads\/IMG_6109_febf9a77e2-2048x1536.jpg 2048w, https:\/\/mariangorynia.pl\/wp-content\/uploads\/IMG_6109_febf9a77e2-360x270.jpg 360w\" sizes=\"(max-width: 1024px) 100vw, 1024px\" \/><\/figure>\n\n\n\n<figure class=\"wp-block-image size-large\"><img loading=\"lazy\" decoding=\"async\" width=\"1024\" height=\"768\" data-id=\"8771\" src=\"https:\/\/mariangorynia.pl\/wp-content\/uploads\/1_2_29d62f3264-1024x768.jpg\" alt=\"\" class=\"wp-image-8771\" srcset=\"https:\/\/mariangorynia.pl\/wp-content\/uploads\/1_2_29d62f3264-1024x768.jpg 1024w, https:\/\/mariangorynia.pl\/wp-content\/uploads\/1_2_29d62f3264-300x225.jpg 300w, https:\/\/mariangorynia.pl\/wp-content\/uploads\/1_2_29d62f3264-768x576.jpg 768w, https:\/\/mariangorynia.pl\/wp-content\/uploads\/1_2_29d62f3264-1536x1152.jpg 1536w, https:\/\/mariangorynia.pl\/wp-content\/uploads\/1_2_29d62f3264-2048x1536.jpg 2048w, https:\/\/mariangorynia.pl\/wp-content\/uploads\/1_2_29d62f3264-360x270.jpg 360w\" sizes=\"(max-width: 1024px) 100vw, 1024px\" \/><\/figure>\n\n\n\n<figure class=\"wp-block-image size-large\"><img loading=\"lazy\" decoding=\"async\" width=\"1024\" height=\"768\" data-id=\"8766\" src=\"https:\/\/mariangorynia.pl\/wp-content\/uploads\/IMG_6206_879136cd0f-1024x768.jpg\" alt=\"\" class=\"wp-image-8766\" srcset=\"https:\/\/mariangorynia.pl\/wp-content\/uploads\/IMG_6206_879136cd0f-1024x768.jpg 1024w, https:\/\/mariangorynia.pl\/wp-content\/uploads\/IMG_6206_879136cd0f-300x225.jpg 300w, https:\/\/mariangorynia.pl\/wp-content\/uploads\/IMG_6206_879136cd0f-768x576.jpg 768w, https:\/\/mariangorynia.pl\/wp-content\/uploads\/IMG_6206_879136cd0f-1536x1152.jpg 1536w, https:\/\/mariangorynia.pl\/wp-content\/uploads\/IMG_6206_879136cd0f-2048x1536.jpg 2048w, https:\/\/mariangorynia.pl\/wp-content\/uploads\/IMG_6206_879136cd0f-360x270.jpg 360w\" sizes=\"(max-width: 1024px) 100vw, 1024px\" \/><\/figure>\n\n\n\n<figure class=\"wp-block-image size-large\"><img loading=\"lazy\" decoding=\"async\" width=\"1024\" height=\"768\" data-id=\"8770\" src=\"https:\/\/mariangorynia.pl\/wp-content\/uploads\/IMG_6159_19caf7063b-1024x768.jpg\" alt=\"\" class=\"wp-image-8770\" srcset=\"https:\/\/mariangorynia.pl\/wp-content\/uploads\/IMG_6159_19caf7063b-1024x768.jpg 1024w, https:\/\/mariangorynia.pl\/wp-content\/uploads\/IMG_6159_19caf7063b-300x225.jpg 300w, https:\/\/mariangorynia.pl\/wp-content\/uploads\/IMG_6159_19caf7063b-768x576.jpg 768w, https:\/\/mariangorynia.pl\/wp-content\/uploads\/IMG_6159_19caf7063b-1536x1152.jpg 1536w, https:\/\/mariangorynia.pl\/wp-content\/uploads\/IMG_6159_19caf7063b-2048x1536.jpg 2048w, https:\/\/mariangorynia.pl\/wp-content\/uploads\/IMG_6159_19caf7063b-360x270.jpg 360w\" sizes=\"(max-width: 1024px) 100vw, 1024px\" \/><\/figure>\n\n\n\n<figure class=\"wp-block-image size-large\"><img loading=\"lazy\" decoding=\"async\" width=\"768\" height=\"1024\" data-id=\"8769\" src=\"https:\/\/mariangorynia.pl\/wp-content\/uploads\/IMG_6133_cf2f648806-768x1024.jpg\" alt=\"\" class=\"wp-image-8769\" srcset=\"https:\/\/mariangorynia.pl\/wp-content\/uploads\/IMG_6133_cf2f648806-768x1024.jpg 768w, https:\/\/mariangorynia.pl\/wp-content\/uploads\/IMG_6133_cf2f648806-225x300.jpg 225w, https:\/\/mariangorynia.pl\/wp-content\/uploads\/IMG_6133_cf2f648806-1152x1536.jpg 1152w, https:\/\/mariangorynia.pl\/wp-content\/uploads\/IMG_6133_cf2f648806-1536x2048.jpg 1536w, https:\/\/mariangorynia.pl\/wp-content\/uploads\/IMG_6133_cf2f648806-203x270.jpg 203w, https:\/\/mariangorynia.pl\/wp-content\/uploads\/IMG_6133_cf2f648806-scaled.jpg 1920w\" sizes=\"(max-width: 768px) 100vw, 768px\" \/><\/figure>\n<\/figure>\n\n\n\n<hr class=\"wp-block-separator has-alpha-channel-opacity\"\/>\n\n\n\n<h6 class=\"wp-block-heading\">3.06.2025 r.<\/h6>\n\n\n\n<h4 class=\"wp-block-heading\">XXXVIII Olimpiada Wiedzy Ekonomicznej<\/h4>\n\n\n\n<figure class=\"wp-block-image size-full is-resized\"><img loading=\"lazy\" decoding=\"async\" width=\"405\" height=\"84\" src=\"https:\/\/mariangorynia.pl\/wp-content\/uploads\/OWE.jpg\" alt=\"\" class=\"wp-image-8749\" style=\"width:331px;height:auto\" srcset=\"https:\/\/mariangorynia.pl\/wp-content\/uploads\/OWE.jpg 405w, https:\/\/mariangorynia.pl\/wp-content\/uploads\/OWE-300x62.jpg 300w, https:\/\/mariangorynia.pl\/wp-content\/uploads\/OWE-360x75.jpg 360w\" sizes=\"(max-width: 405px) 100vw, 405px\" \/><\/figure>\n\n\n\n<p span=\"\" style=\"color: black\">W dniu 3 czerwca 2025 r. odby\u0142a si\u0119 uroczysta gala zako\u0144czenia XXXVIII Olimpiady Wiedzy Ekonomicznej. Organizatorem Olimpiady Wiedzy Ekonomicznej jest Polskie Towarzystwo Ekonomiczne. Wydarzenie odby\u0142o si\u0119 w siedzibie Gie\u0142dy Papier\u00f3w Warto\u015bciowych w Warszawie.<\/p>\n\n\n\n<p span=\"\" style=\"color: black\">Tegoroczna edycja Olimpiady, przebiegaj\u0105ca pod has\u0142em \u201eKapita\u0142 spo\u0142eczny w procesie gospodarowania\u201d, zgromadzi\u0142a wybitnych uczni\u00f3w szk\u00f3\u0142 \u015brednich z ca\u0142ego kraju. Z najwy\u017cszym uznaniem nale\u017cy podkre\u015bli\u0107 ich imponuj\u0105cy poziom merytoryczny, dojrza\u0142o\u015b\u0107 intelektualn\u0105 oraz g\u0142\u0119bokie zaanga\u017cowanie w analiz\u0119 z\u0142o\u017conych zagadnie\u0144 ekonomicznych. <br>\nW trakcie gali Prezes PTE prof. Marian Gorynia, Wiceprezes PTE prof. Bogdan \u015alusarz, Honorowa Prezes PTE prof. El\u017cbieta M\u0105czy\u0144ska oraz Prezes Fundacji XTB Sylwia Kozo\u0144 wr\u0119czyli pami\u0105tkowe dyplomy medalistom Mi\u0119dzynarodowej Olimpiady Ekonomicznej (MOE) 2025<\/p>\n\n\n\n<p span=\"\" style=\"color: black\">Wi\u0119cej o wydarzeniu <a href=\"https:\/\/owe.pte.pl\/aktualnosci,520.html\"><span style=\"color: blue\"><strong>[TUTAJ]<\/strong><\/a><br>\n<p span=\"\" style=\"color: black\">Galeria zdj\u0119\u0107 <a href=\"https:\/\/owe.pte.pl\/galeria-zdjec,182.html\"><span style=\"color: blue\"><strong>[TUTAJ]<\/strong><\/a><br>\n<\/p>\n\n\n\n<figure class=\"wp-block-gallery has-nested-images columns-default is-cropped wp-block-gallery-16 is-layout-flex wp-block-gallery-is-layout-flex\">\n<figure class=\"wp-block-image size-large\"><img loading=\"lazy\" decoding=\"async\" width=\"800\" height=\"533\" data-id=\"8752\" src=\"https:\/\/mariangorynia.pl\/wp-content\/uploads\/8790.jpg\" alt=\"\" class=\"wp-image-8752\" srcset=\"https:\/\/mariangorynia.pl\/wp-content\/uploads\/8790.jpg 800w, https:\/\/mariangorynia.pl\/wp-content\/uploads\/8790-300x200.jpg 300w, https:\/\/mariangorynia.pl\/wp-content\/uploads\/8790-768x512.jpg 768w, https:\/\/mariangorynia.pl\/wp-content\/uploads\/8790-360x240.jpg 360w\" sizes=\"(max-width: 800px) 100vw, 800px\" \/><\/figure>\n\n\n\n<figure class=\"wp-block-image size-large\"><img loading=\"lazy\" decoding=\"async\" width=\"546\" height=\"800\" data-id=\"8750\" src=\"https:\/\/mariangorynia.pl\/wp-content\/uploads\/8693.jpg\" alt=\"\" class=\"wp-image-8750\" srcset=\"https:\/\/mariangorynia.pl\/wp-content\/uploads\/8693.jpg 546w, https:\/\/mariangorynia.pl\/wp-content\/uploads\/8693-205x300.jpg 205w, https:\/\/mariangorynia.pl\/wp-content\/uploads\/8693-184x270.jpg 184w\" sizes=\"(max-width: 546px) 100vw, 546px\" \/><\/figure>\n\n\n\n<figure class=\"wp-block-image size-large\"><img loading=\"lazy\" decoding=\"async\" width=\"800\" height=\"533\" data-id=\"8751\" src=\"https:\/\/mariangorynia.pl\/wp-content\/uploads\/8873.jpg\" alt=\"\" class=\"wp-image-8751\" srcset=\"https:\/\/mariangorynia.pl\/wp-content\/uploads\/8873.jpg 800w, https:\/\/mariangorynia.pl\/wp-content\/uploads\/8873-300x200.jpg 300w, https:\/\/mariangorynia.pl\/wp-content\/uploads\/8873-768x512.jpg 768w, https:\/\/mariangorynia.pl\/wp-content\/uploads\/8873-360x240.jpg 360w\" sizes=\"(max-width: 800px) 100vw, 800px\" \/><\/figure>\n\n\n\n<figure class=\"wp-block-image size-large\"><img loading=\"lazy\" decoding=\"async\" width=\"800\" height=\"533\" data-id=\"8756\" src=\"https:\/\/mariangorynia.pl\/wp-content\/uploads\/8842.jpg\" alt=\"\" class=\"wp-image-8756\" srcset=\"https:\/\/mariangorynia.pl\/wp-content\/uploads\/8842.jpg 800w, https:\/\/mariangorynia.pl\/wp-content\/uploads\/8842-300x200.jpg 300w, https:\/\/mariangorynia.pl\/wp-content\/uploads\/8842-768x512.jpg 768w, https:\/\/mariangorynia.pl\/wp-content\/uploads\/8842-360x240.jpg 360w\" sizes=\"(max-width: 800px) 100vw, 800px\" \/><\/figure>\n\n\n\n<figure class=\"wp-block-image size-large\"><img loading=\"lazy\" decoding=\"async\" width=\"800\" height=\"533\" data-id=\"8757\" src=\"https:\/\/mariangorynia.pl\/wp-content\/uploads\/8818.jpg\" alt=\"\" class=\"wp-image-8757\" srcset=\"https:\/\/mariangorynia.pl\/wp-content\/uploads\/8818.jpg 800w, https:\/\/mariangorynia.pl\/wp-content\/uploads\/8818-300x200.jpg 300w, https:\/\/mariangorynia.pl\/wp-content\/uploads\/8818-768x512.jpg 768w, https:\/\/mariangorynia.pl\/wp-content\/uploads\/8818-360x240.jpg 360w\" sizes=\"(max-width: 800px) 100vw, 800px\" \/><\/figure>\n\n\n\n<figure class=\"wp-block-image size-large\"><img loading=\"lazy\" decoding=\"async\" width=\"800\" height=\"423\" data-id=\"8758\" src=\"https:\/\/mariangorynia.pl\/wp-content\/uploads\/8707.jpg\" alt=\"\" class=\"wp-image-8758\" srcset=\"https:\/\/mariangorynia.pl\/wp-content\/uploads\/8707.jpg 800w, https:\/\/mariangorynia.pl\/wp-content\/uploads\/8707-300x159.jpg 300w, https:\/\/mariangorynia.pl\/wp-content\/uploads\/8707-768x406.jpg 768w, https:\/\/mariangorynia.pl\/wp-content\/uploads\/8707-360x190.jpg 360w\" sizes=\"(max-width: 800px) 100vw, 800px\" \/><\/figure>\n\n\n\n<figure class=\"wp-block-image size-large\"><img loading=\"lazy\" decoding=\"async\" width=\"800\" height=\"533\" data-id=\"8760\" src=\"https:\/\/mariangorynia.pl\/wp-content\/uploads\/8751.jpg\" alt=\"\" class=\"wp-image-8760\" srcset=\"https:\/\/mariangorynia.pl\/wp-content\/uploads\/8751.jpg 800w, https:\/\/mariangorynia.pl\/wp-content\/uploads\/8751-300x200.jpg 300w, https:\/\/mariangorynia.pl\/wp-content\/uploads\/8751-768x512.jpg 768w, https:\/\/mariangorynia.pl\/wp-content\/uploads\/8751-360x240.jpg 360w\" sizes=\"(max-width: 800px) 100vw, 800px\" \/><\/figure>\n\n\n\n<figure class=\"wp-block-image size-large\"><img loading=\"lazy\" decoding=\"async\" width=\"800\" height=\"533\" data-id=\"8761\" src=\"https:\/\/mariangorynia.pl\/wp-content\/uploads\/8774.jpg\" alt=\"\" class=\"wp-image-8761\" srcset=\"https:\/\/mariangorynia.pl\/wp-content\/uploads\/8774.jpg 800w, https:\/\/mariangorynia.pl\/wp-content\/uploads\/8774-300x200.jpg 300w, https:\/\/mariangorynia.pl\/wp-content\/uploads\/8774-768x512.jpg 768w, https:\/\/mariangorynia.pl\/wp-content\/uploads\/8774-360x240.jpg 360w\" sizes=\"(max-width: 800px) 100vw, 800px\" \/><\/figure>\n\n\n\n<figure class=\"wp-block-image size-large\"><img loading=\"lazy\" decoding=\"async\" width=\"800\" height=\"533\" data-id=\"8762\" src=\"https:\/\/mariangorynia.pl\/wp-content\/uploads\/8795.jpg\" alt=\"\" class=\"wp-image-8762\" srcset=\"https:\/\/mariangorynia.pl\/wp-content\/uploads\/8795.jpg 800w, https:\/\/mariangorynia.pl\/wp-content\/uploads\/8795-300x200.jpg 300w, https:\/\/mariangorynia.pl\/wp-content\/uploads\/8795-768x512.jpg 768w, https:\/\/mariangorynia.pl\/wp-content\/uploads\/8795-360x240.jpg 360w\" sizes=\"(max-width: 800px) 100vw, 800px\" \/><\/figure>\n<\/figure>\n\n\n\n<hr class=\"wp-block-separator has-alpha-channel-opacity\"\/>\n\n\n\n<h6 class=\"wp-block-heading\">30.05.2025 r.<\/h6>\n\n\n\n<h4 class=\"wp-block-heading\">Seminarium pt.&nbsp;<strong>Zbigniew Czerwi\u0144ski<\/strong> w ramach cyklu seminari\u00f3w pn. &#8222;Polska ekonomia w postaciach zapisana&#8221;<\/h4>\n\n\n\n<figure class=\"wp-block-image size-full is-resized\"><img loading=\"lazy\" decoding=\"async\" width=\"667\" height=\"196\" src=\"https:\/\/mariangorynia.pl\/wp-content\/uploads\/Przechwytywanie-8.jpg\" alt=\"\" class=\"wp-image-8741\" style=\"width:313px;height:auto\" srcset=\"https:\/\/mariangorynia.pl\/wp-content\/uploads\/Przechwytywanie-8.jpg 667w, https:\/\/mariangorynia.pl\/wp-content\/uploads\/Przechwytywanie-8-300x88.jpg 300w, https:\/\/mariangorynia.pl\/wp-content\/uploads\/Przechwytywanie-8-360x106.jpg 360w\" sizes=\"(max-width: 667px) 100vw, 667px\" \/><\/figure>\n\n\n\n<p span=\"\" style=\"color: black\">W dniu 30 maja 2025 r. odby\u0142o si\u0119 Seminarium naukowe pt.\u00a0Zbigniew Czerwi\u0144ski w ramach cyklu seminari\u00f3w pn. &#8222;Polska ekonomia w postaciach zapisana&#8221;. Organizowanego przez Polskie Towarzystwo Ekonomiczne w ramach przygotowa\u0144 do\u00a0XI Kongresu Ekonomist\u00f3w Polskich<\/p>\n\n\n\n<p span=\"\" style=\"color: black\">Tematem spotkania by\u0142a posta\u0107\u00a0prof. Zbigniewa Czerwi\u0144skiego\u00a0\u2013 wybitnego ekonomisty, nauczyciela akademickiego i dzia\u0142acza gospodarczego, kt\u00f3rego dorobek naukowy i praktyczny wywar\u0142 istotny wp\u0142yw na rozw\u00f3j polskiej my\u015bli ekonomicznej.<br>\nWydarzenie odby\u0142o si\u0119 w formule online, a jego moderatorem by\u0142 prof. Marian Gorynia.<\/p>\n\n\n\n<p span=\"\" style=\"color: black\">Wi\u0119cej o wydarzeniu <a href=\"https:\/\/pte.pl\/aktualnosci\/wydarzenia\/seminarium-naukowe-pt-1\"><span style=\"color: blue\"><strong>[TUTAJ]<\/strong><\/a><br>\n<p span=\"\" style=\"color: black\">Nagranie seminarium <a href=\"https:\/\/www.youtube.com\/watch?v=nQ29k96P3I0&#038;list=PLAjTIJThYhEVBYxCMQea-3IoMd8zCSaiS&#038;index=15\"><span style=\"color: blue\"><strong>[TUTAJ]<\/strong><\/a><br>\n<p span=\"\" style=\"color: black\">Prezentacja towarzysz\u0105ca wydarzeniu <a href=\"https:\/\/mariangorynia.pl\/wp-content\/uploads\/MG_prof.-Czerwinski_seminarium_30.05.2025.pdf\"><span style=\"color: blue\"><strong>[TUTAJ]<\/strong><\/a><br>\n<\/p>\n\n\n\n<figure class=\"wp-block-gallery has-nested-images columns-default is-cropped wp-block-gallery-17 is-layout-flex wp-block-gallery-is-layout-flex\">\n<figure class=\"wp-block-image size-large\"><img loading=\"lazy\" decoding=\"async\" width=\"956\" height=\"956\" data-id=\"8746\" src=\"https:\/\/mariangorynia.pl\/wp-content\/uploads\/2_3_3efb872c62.png\" alt=\"\" class=\"wp-image-8746\" srcset=\"https:\/\/mariangorynia.pl\/wp-content\/uploads\/2_3_3efb872c62.png 956w, https:\/\/mariangorynia.pl\/wp-content\/uploads\/2_3_3efb872c62-300x300.png 300w, https:\/\/mariangorynia.pl\/wp-content\/uploads\/2_3_3efb872c62-150x150.png 150w, https:\/\/mariangorynia.pl\/wp-content\/uploads\/2_3_3efb872c62-768x768.png 768w, https:\/\/mariangorynia.pl\/wp-content\/uploads\/2_3_3efb872c62-270x270.png 270w\" sizes=\"(max-width: 956px) 100vw, 956px\" \/><\/figure>\n\n\n\n<figure class=\"wp-block-image size-large\"><img loading=\"lazy\" decoding=\"async\" width=\"423\" height=\"317\" data-id=\"8744\" src=\"https:\/\/mariangorynia.pl\/wp-content\/uploads\/image000005.jpg\" alt=\"\" class=\"wp-image-8744\" srcset=\"https:\/\/mariangorynia.pl\/wp-content\/uploads\/image000005.jpg 423w, https:\/\/mariangorynia.pl\/wp-content\/uploads\/image000005-300x225.jpg 300w, https:\/\/mariangorynia.pl\/wp-content\/uploads\/image000005-360x270.jpg 360w\" sizes=\"(max-width: 423px) 100vw, 423px\" \/><\/figure>\n\n\n\n<figure class=\"wp-block-image size-large\"><img loading=\"lazy\" decoding=\"async\" width=\"423\" height=\"317\" data-id=\"8743\" src=\"https:\/\/mariangorynia.pl\/wp-content\/uploads\/image000007.jpg\" alt=\"\" class=\"wp-image-8743\" srcset=\"https:\/\/mariangorynia.pl\/wp-content\/uploads\/image000007.jpg 423w, https:\/\/mariangorynia.pl\/wp-content\/uploads\/image000007-300x225.jpg 300w, https:\/\/mariangorynia.pl\/wp-content\/uploads\/image000007-360x270.jpg 360w\" sizes=\"(max-width: 423px) 100vw, 423px\" \/><\/figure>\n\n\n\n<figure class=\"wp-block-image size-large\"><img loading=\"lazy\" decoding=\"async\" width=\"423\" height=\"317\" data-id=\"8745\" src=\"https:\/\/mariangorynia.pl\/wp-content\/uploads\/image000003.jpg\" alt=\"\" class=\"wp-image-8745\" srcset=\"https:\/\/mariangorynia.pl\/wp-content\/uploads\/image000003.jpg 423w, https:\/\/mariangorynia.pl\/wp-content\/uploads\/image000003-300x225.jpg 300w, https:\/\/mariangorynia.pl\/wp-content\/uploads\/image000003-360x270.jpg 360w\" sizes=\"(max-width: 423px) 100vw, 423px\" \/><\/figure>\n<\/figure>\n\n\n\n<hr class=\"wp-block-separator has-alpha-channel-opacity\"\/>\n\n\n\n<h6 class=\"wp-block-heading\">19.05.2025 r.<\/h6>\n\n\n\n<h4 class=\"wp-block-heading\">Konferencja szkoleniowa &#8222;Post\u0119powania awansowe w \u015bwietle dotychczasowych do\u015bwiadcze\u0144. Praktyka organ\u00f3w I i II instancji&#8221;<\/h4>\n\n\n\n<figure class=\"wp-block-image size-full is-resized\"><img loading=\"lazy\" decoding=\"async\" width=\"631\" height=\"125\" src=\"https:\/\/mariangorynia.pl\/wp-content\/uploads\/Zrzut-ekranu-2025-05-20-101039.jpg\" alt=\"\" class=\"wp-image-8724\" style=\"width:465px;height:auto\" srcset=\"https:\/\/mariangorynia.pl\/wp-content\/uploads\/Zrzut-ekranu-2025-05-20-101039.jpg 631w, https:\/\/mariangorynia.pl\/wp-content\/uploads\/Zrzut-ekranu-2025-05-20-101039-300x59.jpg 300w, https:\/\/mariangorynia.pl\/wp-content\/uploads\/Zrzut-ekranu-2025-05-20-101039-360x71.jpg 360w\" sizes=\"(max-width: 631px) 100vw, 631px\" \/><\/figure>\n\n\n\n<p span=\"\" style=\"color: black\">W dniu 19 maja 2025 r. odby\u0142a si\u0119 Konferencja dotycz\u0105ca post\u0119powa\u0144 awansowych oraz praktyki organ\u00f3w I i II instancji. Organizatorami byli: Uniwersytet Jagiello\u0144ski oraz Rada Doskona\u0142o\u015bci Naukowej<\/p>\n\n\n\n<p span=\"\" style=\"color: black\">Jednym z prelegent\u00f3w by\u0142 prof. Marian Gorynia, kt\u00f3ry zaprezentowa\u0142 jakie przes\u0142anki warunkuj\u0105 nadanie tytu\u0142u profesora.<br>\nPonadto poruszano takie tematy jak:<\/p>\n\n\n\n<figure class=\"wp-block-image size-full is-resized\"><img loading=\"lazy\" decoding=\"async\" width=\"633\" height=\"717\" src=\"https:\/\/mariangorynia.pl\/wp-content\/uploads\/Zrzut-ekranu-2025-05-20-101501.jpg\" alt=\"\" class=\"wp-image-8725\" style=\"width:539px;height:auto\" srcset=\"https:\/\/mariangorynia.pl\/wp-content\/uploads\/Zrzut-ekranu-2025-05-20-101501.jpg 633w, https:\/\/mariangorynia.pl\/wp-content\/uploads\/Zrzut-ekranu-2025-05-20-101501-265x300.jpg 265w, https:\/\/mariangorynia.pl\/wp-content\/uploads\/Zrzut-ekranu-2025-05-20-101501-238x270.jpg 238w\" sizes=\"(max-width: 633px) 100vw, 633px\" \/><\/figure>\n\n\n\n<figure class=\"wp-block-gallery has-nested-images columns-default is-cropped wp-block-gallery-18 is-layout-flex wp-block-gallery-is-layout-flex\">\n<figure class=\"wp-block-image size-large\"><img loading=\"lazy\" decoding=\"async\" width=\"1024\" height=\"577\" data-id=\"8728\" src=\"https:\/\/mariangorynia.pl\/wp-content\/uploads\/20250519_132734-min-1024x577.jpg\" alt=\"\" class=\"wp-image-8728\" srcset=\"https:\/\/mariangorynia.pl\/wp-content\/uploads\/20250519_132734-min-1024x577.jpg 1024w, https:\/\/mariangorynia.pl\/wp-content\/uploads\/20250519_132734-min-300x169.jpg 300w, https:\/\/mariangorynia.pl\/wp-content\/uploads\/20250519_132734-min-768x432.jpg 768w, https:\/\/mariangorynia.pl\/wp-content\/uploads\/20250519_132734-min-1536x865.jpg 1536w, https:\/\/mariangorynia.pl\/wp-content\/uploads\/20250519_132734-min-2048x1153.jpg 2048w, https:\/\/mariangorynia.pl\/wp-content\/uploads\/20250519_132734-min-360x203.jpg 360w\" sizes=\"(max-width: 1024px) 100vw, 1024px\" \/><\/figure>\n\n\n\n<figure class=\"wp-block-image size-large\"><img loading=\"lazy\" decoding=\"async\" width=\"1024\" height=\"577\" data-id=\"8729\" src=\"https:\/\/mariangorynia.pl\/wp-content\/uploads\/20250519_132730-min-1024x577.jpg\" alt=\"\" class=\"wp-image-8729\" srcset=\"https:\/\/mariangorynia.pl\/wp-content\/uploads\/20250519_132730-min-1024x577.jpg 1024w, https:\/\/mariangorynia.pl\/wp-content\/uploads\/20250519_132730-min-300x169.jpg 300w, https:\/\/mariangorynia.pl\/wp-content\/uploads\/20250519_132730-min-768x432.jpg 768w, https:\/\/mariangorynia.pl\/wp-content\/uploads\/20250519_132730-min-1536x865.jpg 1536w, https:\/\/mariangorynia.pl\/wp-content\/uploads\/20250519_132730-min-2048x1153.jpg 2048w, https:\/\/mariangorynia.pl\/wp-content\/uploads\/20250519_132730-min-360x203.jpg 360w\" sizes=\"(max-width: 1024px) 100vw, 1024px\" \/><\/figure>\n<\/figure>\n\n\n\n<hr class=\"wp-block-separator has-alpha-channel-opacity\"\/>\n\n\n\n<h6 class=\"wp-block-heading\">26.03.2025 r.<\/h6>\n\n\n\n<h4 class=\"wp-block-heading\">Spotkanie w PTE po\u015bwi\u0119cone przygotowaniom do&nbsp;<strong>XI Kongresu Ekonomist\u00f3w Polskich<\/strong>&nbsp;oraz obchodom&nbsp;<strong>80-lecia PTE<\/strong><\/h4>\n\n\n\n<figure class=\"wp-block-image size-full is-resized\"><img loading=\"lazy\" decoding=\"async\" width=\"564\" height=\"101\" src=\"https:\/\/mariangorynia.pl\/wp-content\/uploads\/pte_logo_24.06.2021.jpg\" alt=\"\" class=\"wp-image-2817\" style=\"width:366px;height:auto\" srcset=\"https:\/\/mariangorynia.pl\/wp-content\/uploads\/pte_logo_24.06.2021.jpg 564w, https:\/\/mariangorynia.pl\/wp-content\/uploads\/pte_logo_24.06.2021-300x54.jpg 300w, https:\/\/mariangorynia.pl\/wp-content\/uploads\/pte_logo_24.06.2021-360x64.jpg 360w\" sizes=\"(max-width: 564px) 100vw, 564px\" \/><\/figure>\n\n\n\n<p span=\"\" style=\"color: black\">W dniu 26 marca 2025 r. w siedzibie Polskiego Towarzystwa Ekonomicznego Oddzia\u0142u w Poznaniu odby\u0142o si\u0119 spotkanie z Profesorem Marianem Goryni\u0105, Prezesem Polskiego Towarzystwa Ekonomicznego, po\u015bwi\u0119cone przygotowaniom do XI Kongresu Ekonomist\u00f3w Polskich oraz obchodom 80-lecia PTE. Podczas spotkania om\u00f3wiono kluczowe kwestie organizacyjne oraz znaczenie nadchodz\u0105cego wydarzenia dla \u015brodowiska ekonomist\u00f3w w Polsce.<\/p>\n\n\n\n<p span=\"\" style=\"color: black\">Dlaczego organizujemy XI Kongres Ekonomist\u00f3w Polskich?<br>\n&#8222;Najprostsza odpowied\u017a mog\u0142aby brzmie\u0107 \u2013 bo taka jest tradycja. Kongres organizowany jest w odst\u0119pach kilkuletnich pocz\u0105wszy od 1945 roku, kiedy na Kongresie Za\u0142o\u017cycielskim w \u0141odzi powo\u0142ano Polskie Towarzystwo Ekonomiczne. W tym roku obchodzimy wi\u0119c 80 rocznic\u0119 powstania PTE.\nPodstawow\u0105 racj\u0105 istnienia PTE, jego misj\u0105 jest krzewienie wiedzy ekonomicznej. W uproszczeniu wiedza ta ma dwa wymiary: naukowy, akademicki i teoretyczny zorientowany na badanie i wyja\u015bnianie zjawisk i proces\u00f3w gospodarczych (tworzenie wiedzy ekonomicznej) oraz praktyczny, zwr\u00f3cony w stron\u0119 implementacji zalece\u0144, rekomendacji i zasad  ekonomii w realnym \u017cyciu gospodarczym z my\u015bl\u0105 o podniesieniu jego efektywno\u015bci czyli uzyskania wi\u0119kszej u\u017cyteczno\u015bci z pozostaj\u0105cych do naszej dyspozycji ograniczonych zasob\u00f3w albo minimalizacji zu\u017cywanych zasob\u00f3w dla zapewnienia okre\u015blonego poziomu u\u017cyteczno\u015bci (wykorzystanie wiedzy ekonomicznej).\nBardziej rozbudowana odpowied\u017a na zadane wy\u017cej pytanie ka\u017ce nam zauwa\u017cy\u0107, \u017ce Kongres jest jednym z najwa\u017cniejszych narz\u0119dzi s\u0142u\u017c\u0105cych do szczeg\u00f3lnie intensywnego rozprzestrzeniania wiedzy ekonomicznej w spo\u0142ecze\u0144stwie. W zwi\u0105zku z Kongresem mamy do czynienia zar\u00f3wno z \u201eprodukcj\u0105\u201d wiedzy ekonomicznej (przygotowanie referat\u00f3w, sesji, wyst\u0105pie\u0144 kongresowych, identyfikacja i porz\u0105dkowanie wiedzy), jak i z okazj\u0105 do nag\u0142o\u015bnienia tej wiedzy poprzez okre\u015blanie implikacji prowadzonych bada\u0144 dla szeroko rozumianej sfery praktycznego dzia\u0142ania. \nKongres winien te\u017c stanowi\u0107 okazj\u0119 do pokazania roli ekonomii i ekonomist\u00f3w w \u017cyciu spo\u0142ecznym, w szczeg\u00f3lno\u015bci do zaprezentowania utylitarnego charakteru wiedzy ekonomicznej i jej wp\u0142ywu na poziom dobrobytu i dobrostanu spo\u0142ecze\u0144stwa.\nXI Kongres Ekonomist\u00f3w Polskich odb\u0119dzie si\u0119 w Poznaniu w dniach 4-5 grudnia. Te dwa dni s\u0105 najwa\u017cniejsze, ale tak naprawd\u0119 chodzi o to, by ca\u0142y rok kongresowy przepe\u0142niony by\u0142 dyskusj\u0105 nad najwa\u017cniejszymi problemami gospodarczymi naszych czas\u00f3w, ze szczeg\u00f3lnym uwzgl\u0119dnieniem roli ekonomist\u00f3w. Przed wszystkimi cz\u0142onkami Polskiego Towarzystwa Ekonomicznego stoi wiec w tym roku szczeg\u00f3lne zadanie \u2013 zadanie mo\u017cliwie najszerszego i najaktywniejszego zaanga\u017cowana w przygotowaniach do Kongresu, a tak\u017ce do osobistego i bezpo\u015bredniego udzia\u0142u w obradach. Poka\u017cmy spo\u0142ecze\u0144stwu nasze osi\u0105gni\u0119cia i ich praktyczne konsekwencje, zapro\u015bmy te\u017c nie-ekonomist\u00f3w do szerszej dyskusji na temat gospodarczych fundament\u00f3w naszego dobrobytu.&#8221; &#8211; odpowiedzia\u0142 prof. Gorynia <\/p>\n\n\n\n<figure class=\"wp-block-gallery has-nested-images columns-default is-cropped wp-block-gallery-19 is-layout-flex wp-block-gallery-is-layout-flex\">\n<figure class=\"wp-block-image size-large\"><img loading=\"lazy\" decoding=\"async\" width=\"768\" height=\"1024\" data-id=\"8706\" src=\"https:\/\/mariangorynia.pl\/wp-content\/uploads\/Zdjecie_4m_1e7cba9002-768x1024.jpg\" alt=\"\" class=\"wp-image-8706\" srcset=\"https:\/\/mariangorynia.pl\/wp-content\/uploads\/Zdjecie_4m_1e7cba9002-768x1024.jpg 768w, https:\/\/mariangorynia.pl\/wp-content\/uploads\/Zdjecie_4m_1e7cba9002-225x300.jpg 225w, https:\/\/mariangorynia.pl\/wp-content\/uploads\/Zdjecie_4m_1e7cba9002-1152x1536.jpg 1152w, https:\/\/mariangorynia.pl\/wp-content\/uploads\/Zdjecie_4m_1e7cba9002-1536x2048.jpg 1536w, https:\/\/mariangorynia.pl\/wp-content\/uploads\/Zdjecie_4m_1e7cba9002-203x270.jpg 203w, https:\/\/mariangorynia.pl\/wp-content\/uploads\/Zdjecie_4m_1e7cba9002-scaled.jpg 1920w\" sizes=\"(max-width: 768px) 100vw, 768px\" \/><\/figure>\n\n\n\n<figure class=\"wp-block-image size-large\"><img loading=\"lazy\" decoding=\"async\" width=\"768\" height=\"1024\" data-id=\"8704\" src=\"https:\/\/mariangorynia.pl\/wp-content\/uploads\/Zdjecie_3m_d8244c260a-768x1024.jpg\" alt=\"\" class=\"wp-image-8704\" srcset=\"https:\/\/mariangorynia.pl\/wp-content\/uploads\/Zdjecie_3m_d8244c260a-768x1024.jpg 768w, https:\/\/mariangorynia.pl\/wp-content\/uploads\/Zdjecie_3m_d8244c260a-225x300.jpg 225w, https:\/\/mariangorynia.pl\/wp-content\/uploads\/Zdjecie_3m_d8244c260a-1152x1536.jpg 1152w, https:\/\/mariangorynia.pl\/wp-content\/uploads\/Zdjecie_3m_d8244c260a-1536x2048.jpg 1536w, https:\/\/mariangorynia.pl\/wp-content\/uploads\/Zdjecie_3m_d8244c260a-203x270.jpg 203w, https:\/\/mariangorynia.pl\/wp-content\/uploads\/Zdjecie_3m_d8244c260a-scaled.jpg 1920w\" sizes=\"(max-width: 768px) 100vw, 768px\" \/><\/figure>\n\n\n\n<figure class=\"wp-block-image size-large\"><img loading=\"lazy\" decoding=\"async\" width=\"768\" height=\"1024\" data-id=\"8707\" src=\"https:\/\/mariangorynia.pl\/wp-content\/uploads\/Zdjecie_2m_acfe0af8c4-768x1024.jpg\" alt=\"\" class=\"wp-image-8707\" srcset=\"https:\/\/mariangorynia.pl\/wp-content\/uploads\/Zdjecie_2m_acfe0af8c4-768x1024.jpg 768w, https:\/\/mariangorynia.pl\/wp-content\/uploads\/Zdjecie_2m_acfe0af8c4-225x300.jpg 225w, https:\/\/mariangorynia.pl\/wp-content\/uploads\/Zdjecie_2m_acfe0af8c4-1152x1536.jpg 1152w, https:\/\/mariangorynia.pl\/wp-content\/uploads\/Zdjecie_2m_acfe0af8c4-1536x2048.jpg 1536w, https:\/\/mariangorynia.pl\/wp-content\/uploads\/Zdjecie_2m_acfe0af8c4-203x270.jpg 203w, https:\/\/mariangorynia.pl\/wp-content\/uploads\/Zdjecie_2m_acfe0af8c4-scaled.jpg 1920w\" sizes=\"(max-width: 768px) 100vw, 768px\" \/><\/figure>\n<\/figure>\n\n\n\n<hr class=\"wp-block-separator has-alpha-channel-opacity\"\/>\n\n\n\n<h6 class=\"wp-block-heading\">07.03.2025 r.<\/h6>\n\n\n\n<h4 class=\"wp-block-heading\">Uroczysto\u015b\u0107 wr\u0119czenia nagr\u00f3d w Konkursie na najlepsze prace dyplomowe obronione na Uniwersytecie Ekonomicznym w Poznaniu<\/h4>\n\n\n\n<figure class=\"wp-block-image size-full\"><img loading=\"lazy\" decoding=\"async\" width=\"200\" height=\"108\" src=\"https:\/\/mariangorynia.pl\/wp-content\/uploads\/Przechwytywanie-5.jpg\" alt=\"\" class=\"wp-image-8319\"\/><\/figure>\n\n\n\n<p span=\"\" style=\"color: black\">W dniu 7.03.2025 r. Prezes Polskiego Towarzystwa Ekonomicznego, prof. dr hab. Marian Gorynia, wzi\u0105\u0142 udzia\u0142 w uroczysto\u015bci wr\u0119czenia nagr\u00f3d w XXIX edycji Konkursu na najlepsz\u0105 prac\u0119 magistersk\u0105 obronion\u0105 na Uniwersytecie Ekonomicznym w Poznaniu w latach akademickich 2023\/2024 pod patronatem firmy Grant Thornton oraz na najlepsz\u0105 prac\u0119 licencjack\u0105 i in\u017cyniersk\u0105 obronion\u0105 na Uniwersytecie Ekonomicznym w Poznaniu w latach akademickich 2023\/2024 pod patronatem firmy Biofarm Sp. z o.o. Do konkurs\u00f3w zakwalifikowano \u0142\u0105cznie 98 prac dyplomowych. Organizatorem konkurs\u00f3w jest Fundacja UEP.<\/p>\n\n\n\n<p span=\"\" style=\"color: black\">Polskie Towarzystwo Ekonomiczne od lat wspiera konkursy na najlepsze prace licencjackie i in\u017cynierskie oraz magisterskie.<\/p>\n\n\n\n<p span=\"\" style=\"color: black\">Wi\u0119cej o uroczysto\u015bci wraz z list\u0105 laureat\u00f3w dost\u0119pne <a href=\"https:\/\/pte.pl\/aktualnosci\/posty\/wyniki-konkursow-na-najlepsze-prace-dyplomowe-obronione-na-uniwersytecie-ekonomicznym-w-poznaniu\"><span style=\"color: blue\"><strong>[TUTAJ]<\/strong><\/a><\/p>\n\n\n\n<figure class=\"wp-block-gallery has-nested-images columns-default is-cropped wp-block-gallery-20 is-layout-flex wp-block-gallery-is-layout-flex\">\n<figure class=\"wp-block-image size-large\"><img loading=\"lazy\" decoding=\"async\" width=\"1024\" height=\"683\" data-id=\"8664\" src=\"https:\/\/mariangorynia.pl\/wp-content\/uploads\/XXIX_7_2968245b73-1024x683.jpg\" alt=\"\" class=\"wp-image-8664\" srcset=\"https:\/\/mariangorynia.pl\/wp-content\/uploads\/XXIX_7_2968245b73-1024x683.jpg 1024w, https:\/\/mariangorynia.pl\/wp-content\/uploads\/XXIX_7_2968245b73-300x200.jpg 300w, https:\/\/mariangorynia.pl\/wp-content\/uploads\/XXIX_7_2968245b73-768x512.jpg 768w, https:\/\/mariangorynia.pl\/wp-content\/uploads\/XXIX_7_2968245b73-360x240.jpg 360w, https:\/\/mariangorynia.pl\/wp-content\/uploads\/XXIX_7_2968245b73.jpg 1500w\" sizes=\"(max-width: 1024px) 100vw, 1024px\" \/><\/figure>\n\n\n\n<figure class=\"wp-block-image size-large\"><img loading=\"lazy\" decoding=\"async\" width=\"1024\" height=\"683\" data-id=\"8667\" src=\"https:\/\/mariangorynia.pl\/wp-content\/uploads\/XXIX_12_8739100f0d-1024x683.jpg\" alt=\"\" class=\"wp-image-8667\" srcset=\"https:\/\/mariangorynia.pl\/wp-content\/uploads\/XXIX_12_8739100f0d-1024x683.jpg 1024w, https:\/\/mariangorynia.pl\/wp-content\/uploads\/XXIX_12_8739100f0d-300x200.jpg 300w, https:\/\/mariangorynia.pl\/wp-content\/uploads\/XXIX_12_8739100f0d-768x512.jpg 768w, https:\/\/mariangorynia.pl\/wp-content\/uploads\/XXIX_12_8739100f0d-360x240.jpg 360w, https:\/\/mariangorynia.pl\/wp-content\/uploads\/XXIX_12_8739100f0d.jpg 1500w\" sizes=\"(max-width: 1024px) 100vw, 1024px\" \/><\/figure>\n\n\n\n<figure class=\"wp-block-image size-large\"><img loading=\"lazy\" decoding=\"async\" width=\"1024\" height=\"683\" data-id=\"8666\" src=\"https:\/\/mariangorynia.pl\/wp-content\/uploads\/XXIX_2_cd630b9422-1024x683.jpg\" alt=\"\" class=\"wp-image-8666\" srcset=\"https:\/\/mariangorynia.pl\/wp-content\/uploads\/XXIX_2_cd630b9422-1024x683.jpg 1024w, https:\/\/mariangorynia.pl\/wp-content\/uploads\/XXIX_2_cd630b9422-300x200.jpg 300w, https:\/\/mariangorynia.pl\/wp-content\/uploads\/XXIX_2_cd630b9422-768x512.jpg 768w, https:\/\/mariangorynia.pl\/wp-content\/uploads\/XXIX_2_cd630b9422-360x240.jpg 360w, https:\/\/mariangorynia.pl\/wp-content\/uploads\/XXIX_2_cd630b9422.jpg 1500w\" sizes=\"(max-width: 1024px) 100vw, 1024px\" \/><\/figure>\n\n\n\n<figure class=\"wp-block-image size-large\"><img loading=\"lazy\" decoding=\"async\" width=\"1024\" height=\"683\" data-id=\"8665\" src=\"https:\/\/mariangorynia.pl\/wp-content\/uploads\/XXIX_6_d7d5c6f61d-1024x683.jpg\" alt=\"\" class=\"wp-image-8665\" srcset=\"https:\/\/mariangorynia.pl\/wp-content\/uploads\/XXIX_6_d7d5c6f61d-1024x683.jpg 1024w, https:\/\/mariangorynia.pl\/wp-content\/uploads\/XXIX_6_d7d5c6f61d-300x200.jpg 300w, https:\/\/mariangorynia.pl\/wp-content\/uploads\/XXIX_6_d7d5c6f61d-768x512.jpg 768w, https:\/\/mariangorynia.pl\/wp-content\/uploads\/XXIX_6_d7d5c6f61d-360x240.jpg 360w, https:\/\/mariangorynia.pl\/wp-content\/uploads\/XXIX_6_d7d5c6f61d.jpg 1500w\" sizes=\"(max-width: 1024px) 100vw, 1024px\" \/><\/figure>\n<\/figure>\n\n\n\n<hr class=\"wp-block-separator has-alpha-channel-opacity\"\/>\n\n\n\n<h6 class=\"wp-block-heading\">21.01.2025 r.<\/h6>\n\n\n\n<h4 class=\"wp-block-heading\">Plenarne Posiedzenie Rady Doskona\u0142o\u015bci Naukowej<\/h4>\n\n\n\n<figure class=\"wp-block-image size-full\"><img loading=\"lazy\" decoding=\"async\" width=\"405\" height=\"110\" src=\"https:\/\/mariangorynia.pl\/wp-content\/uploads\/rdn_logo.jpg\" alt=\"\" class=\"wp-image-8633\" srcset=\"https:\/\/mariangorynia.pl\/wp-content\/uploads\/rdn_logo.jpg 405w, https:\/\/mariangorynia.pl\/wp-content\/uploads\/rdn_logo-300x81.jpg 300w, https:\/\/mariangorynia.pl\/wp-content\/uploads\/rdn_logo-360x98.jpg 360w\" sizes=\"(max-width: 405px) 100vw, 405px\" \/><\/figure>\n\n\n\n<p span=\"\" style=\"color: black\">W dniu 20.01.2025 r. odby\u0142o si\u0119 posiedzenie plenarne Rady Doskona\u0142o\u015bci Naukowej. W spotkaniu udzia\u0142 wzi\u0119li przedstawiciele Ministerstwa Nauki i Szkolnictwa Wy\u017cszego: prof. dr hab. in\u017c. Maria Mr\u00f3wczy\u0144ska &#8211; Wiceminister Nauki, dr hab. in\u017c. Krzysztof Baku\u0142a &#8211; Dyrektor Departamentu Nauki, Tomasz Piotrowski \u2013 Zast\u0119pca Dyrektora Departamentu Nauki oraz przedstawiciele najwa\u017cniejszych instytucji tworz\u0105cych system nauki i szkolnictwa wy\u017cszego: dr hab. Marcin Pa\u0142ys \u2013 Przewodnicz\u0105cy Rady G\u0142\u00f3wnej Nauki i Szkolnictwa Wy\u017cszego, prof. dr hab. in\u017c.  Adam Wo\u017aniak \u2013 Cz\u0142onek Komisji Ewaluacji Nauki, dr hab. in\u017c. Janusz Uriasz \u2013 Przewodnicz\u0105cy Polskiej Komisji Akredytacyjnej. Posiedzenie odbywa\u0142o si\u0119 r\u00f3wnolegle r\u00f3wnie\u017c w formie on-line. W tej formie wzi\u0119li udzia\u0142: prof. dr hab. Kazimierz Wiatr \u2013 Przewodnicz\u0105cy Senackiej Komisji Nauki, prof. dr hab. Bogumi\u0142a Kaniewska &#8211; Przewodnicz\u0105ca Konferencji Rektor\u00f3w Akademickich Szk\u00f3\u0142 Polskich, prof. dr hab. Filip Szyma\u0144ski \u2013 Przewodnicz\u0105cy Komisji Ewaluacji Nauki.<br>\nW trakcie wydarzenia om\u00f3wiono podsumowanie dzia\u0142alno\u015bci tego organu po pierwszym roku II kadencji, om\u00f3wiono zar\u00f3wno szczeg\u00f3\u0142owe dane statystyczne dotycz\u0105ce rozpatrzonych spraw na przestrzeni poszczeg\u00f3lnych lat, jak r\u00f3wnie\u017c wyzwania, przed kt\u00f3rymi stoi szeroko rozumiany system awans\u00f3w naukowych. <\/p>\n\n\n\n<p span=\"\" style=\"color: black\">W trakcie posiedzenia wyst\u0105pili tak\u017ce: prof. dr hab. Marian Gorynia &#8211; Zast\u0119pca Przewodnicz\u0105cego Rady Doskona\u0142o\u015bci Naukowej, kt\u00f3ry om\u00f3wi\u0142 postulaty dotycz\u0105ce reformy systemu post\u0119powa\u0144 awansowych, prof. dr hab. Grzegorz W\u0119grzyn &#8211; Zast\u0119pca Przewodnicz\u0105cego Rady Doskona\u0142o\u015bci Naukowej, kt\u00f3ry przedstawi\u0142 informacje o kierunkach interpretacji prawa w zakresie dzia\u0142alno\u015bci RDN oraz dr Jerzy Deneka &#8211; Dyrektor Biura Rady Doskona\u0142o\u015bci Naukowej, kt\u00f3ry om\u00f3wi\u0142 zagadnienia dotycz\u0105ce kultury organizacyjnej Biura RDN.<\/p>\n\n\n\n<figure class=\"wp-block-gallery has-nested-images columns-default is-cropped wp-block-gallery-21 is-layout-flex wp-block-gallery-is-layout-flex\">\n<figure class=\"wp-block-image size-large\"><img loading=\"lazy\" decoding=\"async\" width=\"1024\" height=\"768\" data-id=\"8634\" src=\"https:\/\/mariangorynia.pl\/wp-content\/uploads\/20250120_114112.jpg\" alt=\"\" class=\"wp-image-8634\" srcset=\"https:\/\/mariangorynia.pl\/wp-content\/uploads\/20250120_114112.jpg 1024w, https:\/\/mariangorynia.pl\/wp-content\/uploads\/20250120_114112-300x225.jpg 300w, https:\/\/mariangorynia.pl\/wp-content\/uploads\/20250120_114112-768x576.jpg 768w, https:\/\/mariangorynia.pl\/wp-content\/uploads\/20250120_114112-360x270.jpg 360w\" sizes=\"(max-width: 1024px) 100vw, 1024px\" \/><\/figure>\n\n\n\n<figure class=\"wp-block-image size-large\"><img loading=\"lazy\" decoding=\"async\" width=\"1024\" height=\"768\" data-id=\"8635\" src=\"https:\/\/mariangorynia.pl\/wp-content\/uploads\/20250120_114118.jpg\" alt=\"\" class=\"wp-image-8635\" srcset=\"https:\/\/mariangorynia.pl\/wp-content\/uploads\/20250120_114118.jpg 1024w, https:\/\/mariangorynia.pl\/wp-content\/uploads\/20250120_114118-300x225.jpg 300w, https:\/\/mariangorynia.pl\/wp-content\/uploads\/20250120_114118-768x576.jpg 768w, https:\/\/mariangorynia.pl\/wp-content\/uploads\/20250120_114118-360x270.jpg 360w\" sizes=\"(max-width: 1024px) 100vw, 1024px\" \/><\/figure>\n<\/figure>\n\n\n\n<p span=\"\" style=\"color: black\">Prezentacja prof. Gorynia dost\u0119pna <a href=\"https:\/\/mariangorynia.pl\/wp-content\/uploads\/Gorynia_M._Posiedzenie_RDN_20.01.2025.pdf\"><span style=\"color: blue\"><strong>[TUTAJ]<\/strong><\/a><\/p>\n\n\n\n<hr class=\"wp-block-separator has-alpha-channel-opacity\"\/>\n\n\n\n<h6 class=\"wp-block-heading\">16.01.2025 r.<\/h6>\n\n\n\n<h4 class=\"wp-block-heading\">Podsumowanie Roku Edukacji Ekonomicznej<\/h4>\n\n\n\n<figure class=\"wp-block-image size-large is-resized\"><img loading=\"lazy\" decoding=\"async\" width=\"1024\" height=\"576\" src=\"https:\/\/mariangorynia.pl\/wp-content\/uploads\/Konferencja_REE_EWR_2025_01_14-1024x576.jpg\" alt=\"\" class=\"wp-image-8623\" style=\"width:411px;height:auto\" srcset=\"https:\/\/mariangorynia.pl\/wp-content\/uploads\/Konferencja_REE_EWR_2025_01_14-1024x576.jpg 1024w, https:\/\/mariangorynia.pl\/wp-content\/uploads\/Konferencja_REE_EWR_2025_01_14-300x169.jpg 300w, https:\/\/mariangorynia.pl\/wp-content\/uploads\/Konferencja_REE_EWR_2025_01_14-768x432.jpg 768w, https:\/\/mariangorynia.pl\/wp-content\/uploads\/Konferencja_REE_EWR_2025_01_14-360x203.jpg 360w, https:\/\/mariangorynia.pl\/wp-content\/uploads\/Konferencja_REE_EWR_2025_01_14.jpg 1176w\" sizes=\"(max-width: 1024px) 100vw, 1024px\" \/><\/figure>\n\n\n\n<p span=\"\" style=\"color: black\">W dniu 14.01.2025 r. odby\u0142o si\u0119 konferencja \u201eRok Edukacji Ekonomicznej 2024: efekty \u2013 wyzwania \u2013 rekomendacje\u201d, kt\u00f3ra by\u0142a oficjalnym podsumowaniem i zako\u0144czeniem Roku Edukacji Ekonomicznej. Wydarzenie zosta\u0142o zorganizowane przez Senat RP, Szko\u0142\u0119 G\u0142\u00f3wn\u0105 Handlow\u0105 i Komitet Organizacyjny Roku Edukacji Ekonomicznej.<\/p>\n\n\n\n<p span=\"\" style=\"color: black\">W obecno\u015bci Marsza\u0142ka Senatu, ministr\u00f3w oraz przedstawicieli instytucji publicznych i organizacji pozarz\u0105dowych przedstawiono najwa\u017cniejsze wnioski, kt\u00f3re p\u0142yn\u0105 ze zrealizowanych w ostatnich 12 miesi\u0105cach inicjatyw. Okre\u015blono tak\u017ce dalsze kierunki i rekomendacje w zakresie edukacji ekonomicznej w naszym kraju. W\u015br\u00f3d zaproszonych go\u015bci by\u0142 tak\u017ce prof. Marian Gorynia, Prezes Polskiego Towarzystwa Ekonomicznego.<br>\nOrganizatorzy Roku Edukacji Ekonomicznej i przedstawiciele organizacji pozarz\u0105dowych anga\u017cuj\u0105cych si\u0119 w edukacj\u0119 ekonomiczn\u0105 m.in. PTE podpisali porozumienie powo\u0142uj\u0105ce Krajowe Centrum Edukacji Ekonomicznej (KCEE), kt\u00f3re ma by\u0107 kontynuatorem idei i dzia\u0142a\u0144 podejmowanych w ramach Roku Edukacji Ekonomicznej 2024.<\/p>\n\n\n\n<figure class=\"wp-block-gallery has-nested-images columns-default is-cropped wp-block-gallery-22 is-layout-flex wp-block-gallery-is-layout-flex\">\n<figure class=\"wp-block-image size-large\"><img loading=\"lazy\" decoding=\"async\" width=\"1024\" height=\"622\" data-id=\"8624\" src=\"https:\/\/mariangorynia.pl\/wp-content\/uploads\/REE_2025_web_143_464cff6979-1024x622.jpg\" alt=\"\" class=\"wp-image-8624\" srcset=\"https:\/\/mariangorynia.pl\/wp-content\/uploads\/REE_2025_web_143_464cff6979-1024x622.jpg 1024w, https:\/\/mariangorynia.pl\/wp-content\/uploads\/REE_2025_web_143_464cff6979-300x182.jpg 300w, https:\/\/mariangorynia.pl\/wp-content\/uploads\/REE_2025_web_143_464cff6979-768x467.jpg 768w, https:\/\/mariangorynia.pl\/wp-content\/uploads\/REE_2025_web_143_464cff6979-1536x933.jpg 1536w, https:\/\/mariangorynia.pl\/wp-content\/uploads\/REE_2025_web_143_464cff6979-2048x1244.jpg 2048w, https:\/\/mariangorynia.pl\/wp-content\/uploads\/REE_2025_web_143_464cff6979-360x219.jpg 360w\" sizes=\"(max-width: 1024px) 100vw, 1024px\" \/><\/figure>\n\n\n\n<figure class=\"wp-block-image size-large\"><img loading=\"lazy\" decoding=\"async\" width=\"1024\" height=\"711\" data-id=\"8626\" src=\"https:\/\/mariangorynia.pl\/wp-content\/uploads\/REE_2025_web_122_da5b076bf9-1024x711.jpg\" alt=\"\" class=\"wp-image-8626\" srcset=\"https:\/\/mariangorynia.pl\/wp-content\/uploads\/REE_2025_web_122_da5b076bf9-1024x711.jpg 1024w, https:\/\/mariangorynia.pl\/wp-content\/uploads\/REE_2025_web_122_da5b076bf9-300x208.jpg 300w, https:\/\/mariangorynia.pl\/wp-content\/uploads\/REE_2025_web_122_da5b076bf9-768x533.jpg 768w, https:\/\/mariangorynia.pl\/wp-content\/uploads\/REE_2025_web_122_da5b076bf9-1536x1067.jpg 1536w, https:\/\/mariangorynia.pl\/wp-content\/uploads\/REE_2025_web_122_da5b076bf9-2048x1423.jpg 2048w, https:\/\/mariangorynia.pl\/wp-content\/uploads\/REE_2025_web_122_da5b076bf9-360x250.jpg 360w\" sizes=\"(max-width: 1024px) 100vw, 1024px\" \/><\/figure>\n\n\n\n<figure class=\"wp-block-image size-large\"><img loading=\"lazy\" decoding=\"async\" width=\"1024\" height=\"676\" data-id=\"8625\" src=\"https:\/\/mariangorynia.pl\/wp-content\/uploads\/REE_2025_web_125_bd12b7529c-1024x676.jpg\" alt=\"\" class=\"wp-image-8625\" srcset=\"https:\/\/mariangorynia.pl\/wp-content\/uploads\/REE_2025_web_125_bd12b7529c-1024x676.jpg 1024w, https:\/\/mariangorynia.pl\/wp-content\/uploads\/REE_2025_web_125_bd12b7529c-300x198.jpg 300w, https:\/\/mariangorynia.pl\/wp-content\/uploads\/REE_2025_web_125_bd12b7529c-768x507.jpg 768w, https:\/\/mariangorynia.pl\/wp-content\/uploads\/REE_2025_web_125_bd12b7529c-1536x1014.jpg 1536w, https:\/\/mariangorynia.pl\/wp-content\/uploads\/REE_2025_web_125_bd12b7529c-2048x1352.jpg 2048w, https:\/\/mariangorynia.pl\/wp-content\/uploads\/REE_2025_web_125_bd12b7529c-360x238.jpg 360w\" sizes=\"(max-width: 1024px) 100vw, 1024px\" \/><\/figure>\n<\/figure>\n\n\n\n<p span=\"\" style=\"color: black\">Wi\u0119cej <a href=\"https:\/\/www.senat.gov.pl\/aktualnoscilista\/art,16642,podsumowanie-roku-edukacji-ekonomicznej-ogloszonego-przez-senat.html\"><span style=\"color: blue\"><strong>[TUTAJ]<\/strong><\/a><br>\n<a href=\"https:\/\/www.pte.pl\/aktualnosci\/posty\/uroczyste-1\"><span style=\"color: blue\"><strong>[TUTAJ]<\/strong><\/a><\/p>\n\n\n\n<hr class=\"wp-block-separator has-alpha-channel-opacity\"\/>\n","protected":false},"excerpt":{"rendered":"<p>31.10.2025 Artyku\u0142 w najnowszym wydaniu Baltic Rim Economies W najnowszym wydaniu przegl\u0105du Baltic Rim Economies ukaza\u0142 si\u0119 artyku\u0142 autorstwa prof. Mariana Goryni, prof. Jana Nowaka, prof. Piotra Tr\u0105pczy\u0144skiego oraz prof. Rados\u0142awa Wolniaka pt. \u201ePoland\u2019s Next Leap: From Investment Magnet to&hellip;&nbsp;<a href=\"https:\/\/mariangorynia.pl\/?page_id=8953\" class=\"more-link\">Read More<\/a><\/p>\n","protected":false},"author":1,"featured_media":0,"parent":0,"menu_order":0,"comment_status":"closed","ping_status":"closed","template":"","meta":{"footnotes":""},"class_list":["post-8953","page","type-page","status-publish","hentry"],"_links":{"self":[{"href":"https:\/\/mariangorynia.pl\/index.php?rest_route=\/wp\/v2\/pages\/8953"}],"collection":[{"href":"https:\/\/mariangorynia.pl\/index.php?rest_route=\/wp\/v2\/pages"}],"about":[{"href":"https:\/\/mariangorynia.pl\/index.php?rest_route=\/wp\/v2\/types\/page"}],"author":[{"embeddable":true,"href":"https:\/\/mariangorynia.pl\/index.php?rest_route=\/wp\/v2\/users\/1"}],"replies":[{"embeddable":true,"href":"https:\/\/mariangorynia.pl\/index.php?rest_route=%2Fwp%2Fv2%2Fcomments&post=8953"}],"version-history":[{"count":2,"href":"https:\/\/mariangorynia.pl\/index.php?rest_route=\/wp\/v2\/pages\/8953\/revisions"}],"predecessor-version":[{"id":9213,"href":"https:\/\/mariangorynia.pl\/index.php?rest_route=\/wp\/v2\/pages\/8953\/revisions\/9213"}],"wp:attachment":[{"href":"https:\/\/mariangorynia.pl\/index.php?rest_route=%2Fwp%2Fv2%2Fmedia&parent=8953"}],"curies":[{"name":"wp","href":"https:\/\/api.w.org\/{rel}","templated":true}]}}